{"id":1151,"date":"2020-07-22T12:47:47","date_gmt":"2020-07-22T12:47:47","guid":{"rendered":"https:\/\/saude.ufpr.br\/bdh\/?page_id=1151"},"modified":"2020-11-12T13:10:27","modified_gmt":"2020-11-12T13:10:27","slug":"projetos","status":"publish","type":"page","link":"https:\/\/saude.ufpr.br\/bdh\/projetos\/","title":{"rendered":"Projetos"},"content":{"rendered":"<p><span class=\"TextRun SCXW236756239 BCX0\" lang=\"PT-BR\" xml:lang=\"PT-BR\" data-contrast=\"none\"><span class=\"NormalTextRun SCXW236756239 BCX0\">O Biobanco de Dentes Humanos da UFPR (BDH-UFPR) \u00e9 gerenciado pelo Programa de Extens\u00e3o \u201cBanco de Dentes Humanos da Universidade Federal do Paran\u00e1: educa\u00e7\u00e3o em sa\u00fade&#8221;, coordenado pela <\/span><\/span><span class=\"TextRun SCXW236756239 BCX0\" lang=\"PT-BR\" xml:lang=\"PT-BR\" data-contrast=\"none\"><span class=\"SpellingError SCXW236756239 BCX0\">Prof\u00aa<\/span><\/span><span class=\"TextRun SCXW236756239 BCX0\" lang=\"PT-BR\" xml:lang=\"PT-BR\" data-contrast=\"none\"><span class=\"NormalTextRun SCXW236756239 BCX0\">.\u00a0<\/span><\/span><span class=\"TextRun SCXW236756239 BCX0\" lang=\"PT-BR\" xml:lang=\"PT-BR\" data-contrast=\"none\"><span class=\"SpellingError SCXW236756239 BCX0\">Dr<\/span><\/span><span class=\"TextRun SCXW236756239 BCX0\" lang=\"PT-BR\" xml:lang=\"PT-BR\" data-contrast=\"none\"><span class=\"NormalTextRun SCXW236756239 BCX0\">\u00aa.<\/span><\/span><span class=\"TextRun SCXW236756239 BCX0\" lang=\"PT-BR\" xml:lang=\"PT-BR\" data-contrast=\"none\"><span class=\"NormalTextRun SCXW236756239 BCX0\">\u00a0Yasmine Mendes\u00a0<\/span><\/span><span class=\"TextRun SCXW236756239 BCX0\" lang=\"PT-BR\" xml:lang=\"PT-BR\" data-contrast=\"none\"><span class=\"SpellingError SCXW236756239 BCX0\">Pupo<\/span><\/span><span class=\"TextRun SCXW236756239 BCX0\" lang=\"PT-BR\" xml:lang=\"PT-BR\" data-contrast=\"none\"><span class=\"NormalTextRun SCXW236756239 BCX0\">. Al\u00e9m disso, abrange os Projetos de Extens\u00e3o \u201cCapta\u00e7\u00e3o, limpeza e armazenamento de dentes humanos\u201d e \u201cDente Presente: um olhar para a ci\u00eancia\u201d, bem como \u00e0 diversos cursos e Eventos de Extens\u00e3o.<\/span><\/span><span class=\"EOP SCXW236756239 BCX0\" data-ccp-props=\"{&quot;201341983&quot;:0,&quot;335551550&quot;:6,&quot;335551620&quot;:6,&quot;335559739&quot;:160,&quot;335559740&quot;:259}\">\u00a0<\/span><\/p>\n<p>&nbsp;<\/p>\n<p style=\"text-align: center;padding-left: 0px\"><img fetchpriority=\"high\" decoding=\"async\" class=\"aligncenter wp-image-1380 size-medium\" src=\"https:\/\/saude.ufpr.br\/bdh\/wp-content\/uploads\/sites\/49\/2020\/11\/Logo-captacao-300x300.png\" alt=\"\" width=\"300\" height=\"300\" srcset=\"https:\/\/saude.ufpr.br\/bdh\/wp-content\/uploads\/sites\/49\/2020\/11\/Logo-captacao-300x300.png 300w, https:\/\/saude.ufpr.br\/bdh\/wp-content\/uploads\/sites\/49\/2020\/11\/Logo-captacao-1024x1024.png 1024w, https:\/\/saude.ufpr.br\/bdh\/wp-content\/uploads\/sites\/49\/2020\/11\/Logo-captacao-150x150.png 150w, https:\/\/saude.ufpr.br\/bdh\/wp-content\/uploads\/sites\/49\/2020\/11\/Logo-captacao-768x768.png 768w, https:\/\/saude.ufpr.br\/bdh\/wp-content\/uploads\/sites\/49\/2020\/11\/Logo-captacao-1536x1536.png 1536w, https:\/\/saude.ufpr.br\/bdh\/wp-content\/uploads\/sites\/49\/2020\/11\/Logo-captacao-2048x2048.png 2048w\" sizes=\"(max-width: 300px) 100vw, 300px\" \/><\/p>\n<ul>\n<li><strong>Capta\u00e7\u00e3o, limpeza e armazenamento de dentes humanos<\/strong><\/li>\n<\/ul>\n<p><span data-contrast=\"none\">O Projeto de Extens\u00e3o \u201cCapta\u00e7\u00e3o, limpeza e armazenamento de dentes humanos\u201d, coordenado pela\u00a0<\/span><span data-contrast=\"none\">Prof\u00aa<\/span><span data-contrast=\"none\">.\u00a0<\/span><span data-contrast=\"none\">Dr<\/span><span data-contrast=\"none\">\u00aa. Ivana\u00a0<\/span><span data-contrast=\"none\">Froede<\/span><span data-contrast=\"none\">\u00a0Neiva, \u00e9 respons\u00e1vel por conscientizar a popula\u00e7\u00e3o sobre a import\u00e2ncia e necessidade da doa\u00e7\u00e3o de \u00f3rg\u00e3os dent\u00e1rios.\u00a0<\/span><span data-contrast=\"none\">Ademais, o projeto tamb\u00e9m possui a incumb\u00eancia de arrecadar dentes extra\u00eddos, evitando assim o descarte indevido de material biol\u00f3gico e, consequentemente, minimizando o risco de contamina\u00e7\u00e3o cruzada. Ap\u00f3s captados, os dentes s\u00e3o limpos, esterilizados, classificados e armazenados no BDH-UFPR.\u00a0<\/span><span data-ccp-props=\"{&quot;201341983&quot;:0,&quot;335551550&quot;:6,&quot;335551620&quot;:6,&quot;335559739&quot;:160,&quot;335559740&quot;:259}\">\u00a0<\/span><\/p>\n<p><span data-contrast=\"none\">A capta\u00e7\u00e3o dos dentes ocorre nas cl\u00ednicas, centro cir\u00fargico e pronto atendimento do curso de Odontologia da UFPR, em Unidades B\u00e1sicas de Sa\u00fade de Curitiba e Regi\u00e3o Metropolitana e atrav\u00e9s de doa\u00e7\u00f5es de cl\u00ednicas externas e cirurgi\u00f5es-dentistas. Todos os dentes coletados s\u00e3o registrados<\/span><span data-contrast=\"none\">\u00a0e\u00a0<\/span><span data-contrast=\"none\">seus<\/span><span data-contrast=\"none\">\u00a0termo<\/span><span data-contrast=\"none\">s<\/span><span data-contrast=\"none\">\u00a0de cess\u00e3o\u00a0<\/span><span data-contrast=\"none\">correspondentes<\/span><span data-contrast=\"none\">\u00a0arquivado<\/span><span data-contrast=\"none\">s<\/span><span data-contrast=\"none\">.<\/span><span data-ccp-props=\"{&quot;201341983&quot;:0,&quot;335551550&quot;:6,&quot;335551620&quot;:6,&quot;335559739&quot;:160,&quot;335559740&quot;:259}\">\u00a0<\/span><\/p>\n<p><span data-contrast=\"none\">Os dentes recebidos, depois\u00a0<\/span><span data-contrast=\"none\">de registrados e<\/span><span data-contrast=\"none\">\u00a0esterilizados, s\u00e3o limpos. Essa limpeza consiste na remo\u00e7\u00e3o de poss\u00edveis c\u00e1ries, restaura\u00e7\u00f5es e c\u00e1lculos dent\u00e1rios. Em seguida, os dentes s\u00e3o classificados conforme o grupo anat\u00f4mico e armazenados em arm\u00e1rios espec\u00edficos. A execu\u00e7\u00e3o dessas atividades \u00e9 feita pelos alunos part\u00edcipes do projeto que, atrav\u00e9s do desempenho de todas as fun\u00e7\u00f5es anteriormente\u00a0<\/span><span data-contrast=\"none\">citadas, aprimoram seus conhecimentos anat\u00f4micos, habilidades manuais e dom\u00ednio t\u00e9cnico das abordagens cl\u00ednicas ensinadas durante a gradua\u00e7\u00e3o.<\/span><span data-contrast=\"auto\">\u00a0<\/span><span data-ccp-props=\"{&quot;201341983&quot;:0,&quot;335551550&quot;:6,&quot;335551620&quot;:6,&quot;335559739&quot;:160,&quot;335559740&quot;:259}\">\u00a0<\/span><\/p>\n<p>&nbsp;<\/p>\n<p style=\"text-align: center;padding-left: 0px\"><img decoding=\"async\" class=\"alignnone size-medium wp-image-1379\" src=\"https:\/\/saude.ufpr.br\/bdh\/wp-content\/uploads\/sites\/49\/2020\/11\/Logo-Dente-Presente-Completa-300x300.png\" alt=\"\" width=\"300\" height=\"300\" srcset=\"https:\/\/saude.ufpr.br\/bdh\/wp-content\/uploads\/sites\/49\/2020\/11\/Logo-Dente-Presente-Completa-300x300.png 300w, https:\/\/saude.ufpr.br\/bdh\/wp-content\/uploads\/sites\/49\/2020\/11\/Logo-Dente-Presente-Completa-1024x1024.png 1024w, https:\/\/saude.ufpr.br\/bdh\/wp-content\/uploads\/sites\/49\/2020\/11\/Logo-Dente-Presente-Completa-150x150.png 150w, https:\/\/saude.ufpr.br\/bdh\/wp-content\/uploads\/sites\/49\/2020\/11\/Logo-Dente-Presente-Completa-768x768.png 768w, https:\/\/saude.ufpr.br\/bdh\/wp-content\/uploads\/sites\/49\/2020\/11\/Logo-Dente-Presente-Completa-1536x1536.png 1536w, https:\/\/saude.ufpr.br\/bdh\/wp-content\/uploads\/sites\/49\/2020\/11\/Logo-Dente-Presente-Completa-2048x2048.png 2048w\" sizes=\"(max-width: 300px) 100vw, 300px\" \/><\/p>\n<ul>\n<li><strong>Dente Presente: um olhar para a ci\u00eancia<\/strong><\/li>\n<\/ul>\n<p><span data-contrast=\"none\">O objetivo do Projeto de Extens\u00e3o \u201cDente Presente: um olhar para a ci\u00eancia\u201d, coordenado pela <\/span><span data-contrast=\"none\">Prof\u00aa.\u00a0Dr\u00aa.<\/span> <span data-contrast=\"none\">Andresa Carla\u00a0<\/span><span data-contrast=\"none\">Obici<\/span><span data-contrast=\"none\">, \u00e9 incentivar e receber a doa\u00e7\u00e3o de dentes dec\u00edduos e conscientizar pais\/respons\u00e1veis e crian\u00e7as de que o dente \u00e9 um \u00f3rg\u00e3o e que, por esse motivo, necessita de um correto armazenamento ou descarte, tal como \u00e9 realizado\u00a0<\/span><span data-contrast=\"none\">pelo<\/span><span data-contrast=\"none\">\u00a0BDH-UFPR. Gra\u00e7as \u00e0s atividades deste projeto o BDH-UFPR \u00e9 capaz de fornecer dentes dec\u00edduos para atividades de ensino, extens\u00e3o e pesquisa que promovem o aprendizado da anatomia dos \u00f3rg\u00e3os dent\u00e1rios da primeira denti\u00e7\u00e3o.\u00a0<\/span><span data-ccp-props=\"{&quot;201341983&quot;:0,&quot;335559739&quot;:160,&quot;335559740&quot;:259}\">\u00a0<\/span><\/p>\n<p><span data-contrast=\"none\">O projeto \u00e9 desenvolvido atrav\u00e9s de visitas em Escolas Municipais<\/span><span data-contrast=\"none\">\u00a0de Curitiba em parceria com a disciplina de Odontopediatria da UFPR.\u00a0<\/span><span data-contrast=\"none\">Durante as visitas s<\/span><span data-contrast=\"none\">\u00e3o realizadas atividades interativas e educativas com as crian\u00e7as<\/span><span data-contrast=\"none\">\u00a0com o objetivo de enfatizar<\/span><span data-contrast=\"none\">\u00a0a import\u00e2ncia da doa\u00e7\u00e3o do \u00f3rg\u00e3o dent\u00e1rio.\u00a0<\/span><span data-ccp-props=\"{&quot;201341983&quot;:0,&quot;335551550&quot;:6,&quot;335551620&quot;:6,&quot;335559739&quot;:160,&quot;335559740&quot;:259}\">\u00a0<\/span><\/p>\n<p>&nbsp;<\/p>\n","protected":false},"excerpt":{"rendered":"<p>O Biobanco de Dentes Humanos da UFPR (BDH-UFPR) \u00e9 gerenciado pelo Programa de Extens\u00e3o \u201cBanco de Dentes Humanos da Universidade Federal do Paran\u00e1: educa\u00e7\u00e3o em sa\u00fade&#8221;, coordenado pela Prof\u00aa.\u00a0Dr\u00aa.\u00a0Yasmine Mendes\u00a0Pupo. Al\u00e9m disso, abrange os Projetos de Extens\u00e3o \u201cCapta\u00e7\u00e3o, limpeza e armazenamento de dentes humanos\u201d e \u201cDente Presente: um olhar para a ci\u00eancia\u201d, bem como \u00e0<br \/> <a href=\"https:\/\/saude.ufpr.br\/bdh\/projetos\/\" class=\"button success small readmore\">Leia mais<\/a><\/p>\n","protected":false},"author":15,"featured_media":0,"parent":0,"menu_order":0,"comment_status":"closed","ping_status":"closed","template":"","meta":{"_acf_changed":false,"_uag_custom_page_level_css":"","footnotes":""},"class_list":["post-1151","page","type-page","status-publish","hentry"],"acf":[],"featured_image_src":null,"uagb_featured_image_src":{"full":false,"thumbnail":false,"medium":false,"medium_large":false,"large":false,"1536x1536":false,"2048x2048":false,"noticias-thumb":false,"banners-thumb":false,"maisnoticias-thumb":false,"post-thumbnail":false},"uagb_author_info":{"display_name":"Andrea Jankoski","author_link":"https:\/\/saude.ufpr.br\/bdh\/author\/andrea\/"},"uagb_comment_info":0,"uagb_excerpt":"O Biobanco de Dentes Humanos da UFPR (BDH-UFPR) \u00e9 gerenciado pelo Programa de Extens\u00e3o \u201cBanco de Dentes Humanos da Universidade Federal do Paran\u00e1: educa\u00e7\u00e3o em sa\u00fade&#8221;, coordenado pela Prof\u00aa.\u00a0Dr\u00aa.\u00a0Yasmine Mendes\u00a0Pupo. Al\u00e9m disso, abrange os Projetos de Extens\u00e3o \u201cCapta\u00e7\u00e3o, limpeza e armazenamento de dentes humanos\u201d e \u201cDente Presente: um olhar para a ci\u00eancia\u201d, bem como \u00e0&hellip;","publishpress_future_action":{"enabled":false,"date":"2026-05-02 08:05:21","action":"change-status","newStatus":"draft","terms":[],"taxonomy":"","extraData":[]},"publishpress_future_workflow_manual_trigger":{"enabledWorkflows":[]},"_links":{"self":[{"href":"https:\/\/saude.ufpr.br\/bdh\/wp-json\/wp\/v2\/pages\/1151","targetHints":{"allow":["GET"]}}],"collection":[{"href":"https:\/\/saude.ufpr.br\/bdh\/wp-json\/wp\/v2\/pages"}],"about":[{"href":"https:\/\/saude.ufpr.br\/bdh\/wp-json\/wp\/v2\/types\/page"}],"author":[{"embeddable":true,"href":"https:\/\/saude.ufpr.br\/bdh\/wp-json\/wp\/v2\/users\/15"}],"replies":[{"embeddable":true,"href":"https:\/\/saude.ufpr.br\/bdh\/wp-json\/wp\/v2\/comments?post=1151"}],"version-history":[{"count":17,"href":"https:\/\/saude.ufpr.br\/bdh\/wp-json\/wp\/v2\/pages\/1151\/revisions"}],"predecessor-version":[{"id":1387,"href":"https:\/\/saude.ufpr.br\/bdh\/wp-json\/wp\/v2\/pages\/1151\/revisions\/1387"}],"wp:attachment":[{"href":"https:\/\/saude.ufpr.br\/bdh\/wp-json\/wp\/v2\/media?parent=1151"}],"curies":[{"name":"wp","href":"https:\/\/api.w.org\/{rel}","templated":true}]}}