{"id":1072,"date":"2019-06-28T19:30:59","date_gmt":"2019-06-28T19:30:59","guid":{"rendered":"https:\/\/saude.ufpr.br\/cirurgia-e-traumatologia-buco-maxilo-faciais\/?page_id=1072"},"modified":"2024-06-13T19:44:44","modified_gmt":"2024-06-13T19:44:44","slug":"professores","status":"publish","type":"page","link":"https:\/\/saude.ufpr.br\/cirurgia\/professores\/","title":{"rendered":"Professores"},"content":{"rendered":"<h5><\/h5>\n<h5><strong>RELA\u00c7\u00c3O DOS PROFESSORES DA RESID\u00caNCIA CTBMF &#8211; UFPR<\/strong><\/h5>\n<p><strong>Coordenador<\/strong> : Delson Jo\u00e3o da Costa \u00a0<a href=\"mailto:delsoncosta@ufpr.br\">delsoncosta@ufpr.br<\/a><\/p>\n<p><strong>Vice coordenador<\/strong>: Aline Monise Sebastiani <a href=\"mailto:sebastiani.aline@gmail.com\">sebastiani.aline@gmail.com<\/a><\/p>\n<p>Aline Monise Sebastiani\u00a0(DOUTORA)<\/p>\n<p>Cassius Carvalho Torres Pereira\u00a0(DOUTOR)<\/p>\n<p>Christian Mendez Alcantara\u00a0(DOUTOR)<\/p>\n<p>Daniel Bonotto\u00a0(DOUTOR)<\/p>\n<p>Delson Jo\u00e3o da Costa (DOUTOR)<\/p>\n<p>Jos\u00e9 Miguel Amen\u00e1bar C\u00e9spedes\u00a0(DOUTOR)<\/p>\n<p>Jos\u00e9 Vinicius Maciel (DOUTOR)<\/p>\n<p>Leandro Eduardo Kl\u00fcppel\u00a0(DOUTOR)<\/p>\n<p>Nelson Luis Barbosa Rebellato\u00a0(DOUTOR)<\/p>\n<p>Rafaela Scariot (DOUTORA)<\/p>\n<p>Ricardo Pasquini Filho\u00a0(DOUTOR)<\/p>\n","protected":false},"excerpt":{"rendered":"<p>RELA\u00c7\u00c3O DOS PROFESSORES DA RESID\u00caNCIA CTBMF &#8211; UFPR Coordenador : Delson Jo\u00e3o da Costa \u00a0delsoncosta@ufpr.br Vice coordenador: Aline Monise Sebastiani sebastiani.aline@gmail.com Aline Monise Sebastiani\u00a0(DOUTORA) Cassius Carvalho Torres Pereira\u00a0(DOUTOR) Christian Mendez Alcantara\u00a0(DOUTOR) Daniel Bonotto\u00a0(DOUTOR) Delson Jo\u00e3o da Costa (DOUTOR) Jos\u00e9 Miguel Amen\u00e1bar C\u00e9spedes\u00a0(DOUTOR) Jos\u00e9 Vinicius Maciel (DOUTOR) Leandro Eduardo Kl\u00fcppel\u00a0(DOUTOR) Nelson Luis Barbosa Rebellato\u00a0(DOUTOR) Rafaela Scariot<br \/> <a href=\"https:\/\/saude.ufpr.br\/cirurgia\/professores\/\" class=\"button success small readmore\">Leia mais<\/a><\/p>\n","protected":false},"author":1615,"featured_media":0,"parent":0,"menu_order":0,"comment_status":"closed","ping_status":"closed","template":"","meta":{"_acf_changed":false,"_uag_custom_page_level_css":"","footnotes":""},"class_list":["post-1072","page","type-page","status-publish","hentry"],"acf":[],"featured_image_src":null,"uagb_featured_image_src":{"full":false,"thumbnail":false,"medium":false,"medium_large":false,"large":false,"1536x1536":false,"2048x2048":false,"noticias-thumb":false,"banners-thumb":false,"maisnoticias-thumb":false,"post-thumbnail":false},"uagb_author_info":{"display_name":"Guilherme","author_link":"https:\/\/saude.ufpr.br\/cirurgia\/author\/guilhermematos\/"},"uagb_comment_info":0,"uagb_excerpt":"RELA\u00c7\u00c3O DOS PROFESSORES DA RESID\u00caNCIA CTBMF &#8211; UFPR Coordenador : Delson Jo\u00e3o da Costa \u00a0delsoncosta@ufpr.br Vice coordenador: Aline Monise Sebastiani sebastiani.aline@gmail.com Aline Monise Sebastiani\u00a0(DOUTORA) Cassius Carvalho Torres Pereira\u00a0(DOUTOR) Christian Mendez Alcantara\u00a0(DOUTOR) Daniel Bonotto\u00a0(DOUTOR) Delson Jo\u00e3o da Costa (DOUTOR) Jos\u00e9 Miguel Amen\u00e1bar C\u00e9spedes\u00a0(DOUTOR) Jos\u00e9 Vinicius Maciel (DOUTOR) Leandro Eduardo Kl\u00fcppel\u00a0(DOUTOR) Nelson Luis Barbosa Rebellato\u00a0(DOUTOR) Rafaela Scariot&hellip;","publishpress_future_action":{"enabled":false,"date":"2026-05-02 07:05:42","action":"change-status","newStatus":"draft","terms":[],"taxonomy":"","extraData":[]},"publishpress_future_workflow_manual_trigger":{"enabledWorkflows":[]},"_links":{"self":[{"href":"https:\/\/saude.ufpr.br\/cirurgia\/wp-json\/wp\/v2\/pages\/1072","targetHints":{"allow":["GET"]}}],"collection":[{"href":"https:\/\/saude.ufpr.br\/cirurgia\/wp-json\/wp\/v2\/pages"}],"about":[{"href":"https:\/\/saude.ufpr.br\/cirurgia\/wp-json\/wp\/v2\/types\/page"}],"author":[{"embeddable":true,"href":"https:\/\/saude.ufpr.br\/cirurgia\/wp-json\/wp\/v2\/users\/1615"}],"replies":[{"embeddable":true,"href":"https:\/\/saude.ufpr.br\/cirurgia\/wp-json\/wp\/v2\/comments?post=1072"}],"version-history":[{"count":12,"href":"https:\/\/saude.ufpr.br\/cirurgia\/wp-json\/wp\/v2\/pages\/1072\/revisions"}],"predecessor-version":[{"id":1349,"href":"https:\/\/saude.ufpr.br\/cirurgia\/wp-json\/wp\/v2\/pages\/1072\/revisions\/1349"}],"wp:attachment":[{"href":"https:\/\/saude.ufpr.br\/cirurgia\/wp-json\/wp\/v2\/media?parent=1072"}],"curies":[{"name":"wp","href":"https:\/\/api.w.org\/{rel}","templated":true}]}}