{"id":1093,"date":"2019-08-21T11:24:27","date_gmt":"2019-08-21T11:24:27","guid":{"rendered":"http:\/\/200.17.196.19\/dac\/?page_id=1084"},"modified":"2020-09-18T00:23:08","modified_gmt":"2020-09-18T00:23:08","slug":"corpo-docente","status":"publish","type":"page","link":"https:\/\/saude.ufpr.br\/dac\/corpo-docente\/","title":{"rendered":"Corpo Docente"},"content":{"rendered":"<p><span style=\"color: #ff0000\">Clique na foto para acessar o Curr\u00edculo lattes do docente<\/span><\/p>\n\n<table id=\"tablepress-2\" class=\"tablepress tablepress-id-2\">\n<thead>\n<tr class=\"row-1\">\n\t<th class=\"column-1\">Professores do DAC<\/th><th class=\"column-2\">Contato<\/th><th class=\"column-3\">Titula\u00e7\u00e3o<\/th><th class=\"column-4\">Regime de Trabalho<\/th><td class=\"column-5\"><\/td><td class=\"column-6\"><\/td><td class=\"column-7\"><\/td><td class=\"column-8\"><\/td><td class=\"column-9\"><\/td><td class=\"column-10\"><\/td><td class=\"column-11\"><\/td><td class=\"column-12\"><\/td><td class=\"column-13\"><\/td><td class=\"column-14\"><\/td><td class=\"column-15\"><\/td>\n<\/tr>\n<\/thead>\n<tbody class=\"row-striping row-hover\">\n<tr class=\"row-2\">\n\t<td class=\"column-1\">Aline Borsato Hauser<\/td><td class=\"column-2\">LEAC - Laborat\u00f3rio Escola de An\u00e1lises Cl\u00ednicas<br \/>\n3360-4084<br \/>\nalinehauser@ufpr.br<\/td><td class=\"column-3\">Doutora<\/td><td class=\"column-4\">DE<\/td><td class=\"column-5\"><a href=\"http:\/\/lattes.cnpq.br\/7834327258340015\" rel=\"noopener noreferrer\" target=\"blank\"><img decoding=\"async\" src=\"https:\/\/saude.ufpr.br\/dac\/wp-content\/uploads\/sites\/52\/2025\/06\/foto-Aline-Hauser.png\" alt=\"\" width=\"120\" height=\"200\" class=\"alignnone size-full wp-image-1300\" \/><\/a><\/td><td class=\"column-6\"><\/td><td class=\"column-7\"><\/td><td class=\"column-8\"><\/td><td class=\"column-9\"><\/td><td class=\"column-10\"><\/td><td class=\"column-11\"><\/td><td class=\"column-12\"><\/td><td class=\"column-13\"><\/td><td class=\"column-14\"><\/td><td class=\"column-15\"><\/td>\n<\/tr>\n<tr class=\"row-3\">\n\t<td class=\"column-1\">Amanda Rabello Crisma<\/td><td class=\"column-2\">Hematologia<br \/>\n3360-4087<br \/>\namandacrisma@ufpr.br<\/td><td class=\"column-3\">Doutora<\/td><td class=\"column-4\">DE<\/td><td class=\"column-5\"><a href=\"http:\/\/lattes.cnpq.br\/1860733072842803\" rel=\"noopener noreferrer\" target=\"_blank\"><img decoding=\"async\" src=\"https:\/\/saude.ufpr.br\/dac\/wp-content\/uploads\/sites\/52\/2019\/08\/amanda.png\" alt=\"\" width=\"120\" height=\"200\" class=\"alignnone size-full wp-image-1282\" \/><\/a><\/td><td class=\"column-6\"><\/td><td class=\"column-7\"><\/td><td class=\"column-8\"><\/td><td class=\"column-9\"><\/td><td class=\"column-10\"><\/td><td class=\"column-11\"><\/td><td class=\"column-12\"><\/td><td class=\"column-13\"><\/td><td class=\"column-14\"><\/td><td class=\"column-15\"><\/td>\n<\/tr>\n<tr class=\"row-4\">\n\t<td class=\"column-1\">Dayane Alberton<\/td><td class=\"column-2\">Bioqu\u00edmica Cl\u00ednica<br \/>\n3360-4068<br \/>\ndayanealberton@ufpr.br<\/td><td class=\"column-3\">Doutora<\/td><td class=\"column-4\">DE<\/td><td class=\"column-5\"><a href=\"http:\/\/lattes.cnpq.br\/9920652228852091\" rel=\"noopener noreferrer\" target=\"_blank\"><img decoding=\"async\" src=\"https:\/\/saude.ufpr.br\/dac\/wp-content\/uploads\/sites\/52\/2019\/08\/dayane-2.jpg\" alt=\"\" width=\"120\" height=\"200\" class=\"alignnone size-full wp-image-1303\" \/><\/a><\/td><td class=\"column-6\"><\/td><td class=\"column-7\"><\/td><td class=\"column-8\"><\/td><td class=\"column-9\"><\/td><td class=\"column-10\"><\/td><td class=\"column-11\"><\/td><td class=\"column-12\"><\/td><td class=\"column-13\"><\/td><td class=\"column-14\"><\/td><td class=\"column-15\"><\/td>\n<\/tr>\n<tr class=\"row-5\">\n\t<td class=\"column-1\">Fabiane Gomes de Moraes Rego<\/td><td class=\"column-2\">Bioqu\u00edmica Cl\u00ednica<br \/>\n3360-4068<br \/>\nrego@ufpr.br<\/td><td class=\"column-3\">Doutora<\/td><td class=\"column-4\">DE<\/td><td class=\"column-5\"><a href=\"http:\/\/lattes.cnpq.br\/2041345461058971\" rel=\"noopener noreferrer\" target=\"_blank\"><img loading=\"lazy\" decoding=\"async\" src=\"https:\/\/saude.ufpr.br\/dac\/wp-content\/uploads\/sites\/52\/2019\/08\/fabiane-2.jpg\" alt=\"\" width=\"120\" height=\"200\" class=\"alignnone size-full wp-image-1321\" \/><\/a><\/td><td class=\"column-6\"><\/td><td class=\"column-7\"><\/td><td class=\"column-8\"><\/td><td class=\"column-9\"><\/td><td class=\"column-10\"><\/td><td class=\"column-11\"><\/td><td class=\"column-12\"><\/td><td class=\"column-13\"><\/td><td class=\"column-14\"><\/td><td class=\"column-15\"><\/td>\n<\/tr>\n<tr class=\"row-6\">\n\t<td class=\"column-1\">Giselle Martins Gon\u00e7alves<\/td><td class=\"column-2\">giselle.gon\u00e7alves@ufpr.br<\/td><td class=\"column-3\">Doutora<\/td><td class=\"column-4\">DE<\/td><td class=\"column-5\"><a href=\"http:\/\/lattes.cnpq.br\/9777639107461667\" rel=\"noopener noreferrer\" target=\"blank\"><img loading=\"lazy\" decoding=\"async\" src=\"https:\/\/saude.ufpr.br\/dac\/wp-content\/uploads\/sites\/52\/2025\/06\/FotoGisele.jpg\" alt=\"\" width=\"120\" height=\"200\" class=\"alignnone size-full wp-image-1300\" \/><\/a><\/td><td class=\"column-6\"><\/td><td class=\"column-7\"><\/td><td class=\"column-8\"><\/td><td class=\"column-9\"><\/td><td class=\"column-10\"><\/td><td class=\"column-11\"><\/td><td class=\"column-12\"><\/td><td class=\"column-13\"><\/td><td class=\"column-14\"><\/td><td class=\"column-15\"><\/td>\n<\/tr>\n<tr class=\"row-7\">\n\t<td class=\"column-1\">Glaucio Valdameri<\/td><td class=\"column-2\">Imunologia Cl\u00ednica<br \/>\n3360-4081<br \/>\ngvaldameri@ufpr.br<\/td><td class=\"column-3\">Doutor<\/td><td class=\"column-4\">DE<\/td><td class=\"column-5\"><a href=\"http:\/\/lattes.cnpq.br\/9897630183923653\" rel=\"noopener noreferrer\" target=\"_blank\"><img loading=\"lazy\" decoding=\"async\" src=\"https:\/\/saude.ufpr.br\/dac\/wp-content\/uploads\/sites\/52\/2019\/08\/glaucio.jpg\" alt=\"\" width=\"120\" height=\"200\" class=\"alignnone size-full wp-image-1318\" \/><\/a><\/td><td class=\"column-6\"><\/td><td class=\"column-7\"><\/td><td class=\"column-8\"><\/td><td class=\"column-9\"><\/td><td class=\"column-10\"><\/td><td class=\"column-11\"><\/td><td class=\"column-12\"><\/td><td class=\"column-13\"><\/td><td class=\"column-14\"><\/td><td class=\"column-15\"><\/td>\n<\/tr>\n<tr class=\"row-8\">\n\t<td class=\"column-1\">Izabella Castilhos Ribeiro dos Santos Weiss<\/td><td class=\"column-2\">Micologia Cl\u00ednica<br \/>\nBiologia Molecular<br \/>\n3360-4086<br \/>\nizabellac@ufpr.br<\/td><td class=\"column-3\">Doutora<\/td><td class=\"column-4\">DE<\/td><td class=\"column-5\"><a href=\"http:\/\/lattes.cnpq.br\/2824121047365672\" rel=\"noopener noreferrer\" target=\"_blank\"><img loading=\"lazy\" decoding=\"async\" src=\"https:\/\/saude.ufpr.br\/dac\/wp-content\/uploads\/sites\/52\/2022\/11\/iza.jpeg\" alt=\"\" width=\"120\" height=\"200\" class=\"alignnone size-medium wp-image-1216\" \/><\/a><\/td><td class=\"column-6\"><\/td><td class=\"column-7\"><\/td><td class=\"column-8\"><\/td><td class=\"column-9\"><\/td><td class=\"column-10\"><\/td><td class=\"column-11\"><\/td><td class=\"column-12\"><\/td><td class=\"column-13\"><\/td><td class=\"column-14\"><\/td><td class=\"column-15\"><\/td>\n<\/tr>\n<tr class=\"row-9\">\n\t<td class=\"column-1\">Karina Bettega Felipe<\/td><td class=\"column-2\">Parasitologia Cl\u00ednica<br \/>\n3360-4080<br \/>\nkarinabettega@ufpr.br<\/td><td class=\"column-3\">Doutora<\/td><td class=\"column-4\">DE<\/td><td class=\"column-5\"><a href=\"http:\/\/lattes.cnpq.br\/2803686235436871\" rel=\"noopener noreferrer\" target=\"_blank\"><img loading=\"lazy\" decoding=\"async\" src=\"https:\/\/saude.ufpr.br\/dac\/wp-content\/uploads\/sites\/52\/2019\/08\/karina-2.jpg\" alt=\"\" width=\"120\" height=\"200\" class=\"alignnone size-full wp-image-1315\" \/><\/a><\/td><td class=\"column-6\"><\/td><td class=\"column-7\"><\/td><td class=\"column-8\"><\/td><td class=\"column-9\"><\/td><td class=\"column-10\"><\/td><td class=\"column-11\"><\/td><td class=\"column-12\"><\/td><td class=\"column-13\"><\/td><td class=\"column-14\"><\/td><td class=\"column-15\"><\/td>\n<\/tr>\n<tr class=\"row-10\">\n\t<td class=\"column-1\">Marcel Henrique Marcondes Sari<\/td><td class=\"column-2\">Bioqu\u00edmica Cl\u00ednica<br \/>\n3360-4068<br \/>\nmarcelsari@ufpr.br<\/td><td class=\"column-3\">Doutor<\/td><td class=\"column-4\">DE<\/td><td class=\"column-5\"><a href=\"http:\/\/lattes.cnpq.br\/2698465900773455\" rel=\"noopener noreferrer\" target=\"_blank\"><img loading=\"lazy\" decoding=\"async\" src=\"https:\/\/saude.ufpr.br\/dac\/wp-content\/uploads\/sites\/52\/2025\/06\/Foto-Marcel-e1749499092589.jpeg\" alt=\"\" width=\"120\" height=\"200\" class=\"alignnone size-full wp-image-1315\" \/><\/a><\/td><td class=\"column-6\"><\/td><td class=\"column-7\"><\/td><td class=\"column-8\"><\/td><td class=\"column-9\"><\/td><td class=\"column-10\"><\/td><td class=\"column-11\"><\/td><td class=\"column-12\"><\/td><td class=\"column-13\"><\/td><td class=\"column-14\"><\/td><td class=\"column-15\"><\/td>\n<\/tr>\n<tr class=\"row-11\">\n\t<td class=\"column-1\">Maria Madalena Gabriel<\/td><td class=\"column-2\">Toxicologia Cl\u00ednica<br \/>\n3360-4072<br \/>\nmada@ufpr.br<\/td><td class=\"column-3\">Doutoranda<\/td><td class=\"column-4\">DE<\/td><td class=\"column-5\"><a href=\"http:\/\/lattes.cnpq.br\/0539627368961520\" rel=\"noopener noreferrer\" target=\"_blank\"><\/a><\/td><td class=\"column-6\"><\/td><td class=\"column-7\"><\/td><td class=\"column-8\"><\/td><td class=\"column-9\"><\/td><td class=\"column-10\"><\/td><td class=\"column-11\"><\/td><td class=\"column-12\"><\/td><td class=\"column-13\"><\/td><td class=\"column-14\"><\/td><td class=\"column-15\"><\/td>\n<\/tr>\n<tr class=\"row-12\">\n\t<td class=\"column-1\">Mauren Isfer Anghebem<\/td><td class=\"column-2\">Citologia Cl\u00ednica<br \/>\n3360-4088<br \/>\nmauren.isfer@ufpr.br<\/td><td class=\"column-3\">Doutora<\/td><td class=\"column-4\">40h<\/td><td class=\"column-5\"><a href=\"http:\/\/lattes.cnpq.br\/5787684196767069\" rel=\"noopener noreferrer\" target=\"_blank\"><img loading=\"lazy\" decoding=\"async\" src=\"https:\/\/saude.ufpr.br\/dac\/wp-content\/uploads\/sites\/52\/2019\/08\/mauren-200x300.jpg\" alt=\"\" width=\"120\" height=\"200\" class=\"alignnone size-medium wp-image-1213\" \/><\/a><\/td><td class=\"column-6\"><\/td><td class=\"column-7\"><\/td><td class=\"column-8\"><\/td><td class=\"column-9\"><\/td><td class=\"column-10\"><\/td><td class=\"column-11\"><\/td><td class=\"column-12\"><\/td><td class=\"column-13\"><\/td><td class=\"column-14\"><\/td><td class=\"column-15\"><\/td>\n<\/tr>\n<tr class=\"row-13\">\n\t<td class=\"column-1\">Meri Bordignon Nogueira<\/td><td class=\"column-2\">Virologia Cl\u00ednica<br \/>\n3360-4081<br \/>\nmeribor@ufpr.br<\/td><td class=\"column-3\">Doutora<\/td><td class=\"column-4\">20h<\/td><td class=\"column-5\"><a href=\"http:\/\/lattes.cnpq.br\/2070381535584818\" rel=\"noopener noreferrer\" target=\"_blank\"><img loading=\"lazy\" decoding=\"async\" src=\"https:\/\/saude.ufpr.br\/dac\/wp-content\/uploads\/sites\/52\/2019\/08\/meri-300x300.jpg\" alt=\"\" width=\"120\" height=\"200\" class=\"alignnone size-medium wp-image-1324\" \/><\/a><\/td><td class=\"column-6\"><\/td><td class=\"column-7\"><\/td><td class=\"column-8\"><\/td><td class=\"column-9\"><\/td><td class=\"column-10\"><\/td><td class=\"column-11\"><\/td><td class=\"column-12\"><\/td><td class=\"column-13\"><\/td><td class=\"column-14\"><\/td><td class=\"column-15\"><\/td>\n<\/tr>\n<tr class=\"row-14\">\n\t<td class=\"column-1\">Railson Henneberg<\/td><td class=\"column-2\">LEAC - Laborat\u00f3rio Escola de An\u00e1lises Cl\u00ednicas<br \/>\n3360-4084<br \/>\nrailson@ufpr.br<\/td><td class=\"column-3\">Doutor<\/td><td class=\"column-4\">DE<\/td><td class=\"column-5\"><a href=\"http:\/\/lattes.cnpq.br\/5653674289809398\" rel=\"noopener noreferrer\" target=\"_blank\"><img loading=\"lazy\" decoding=\"async\" src=\"https:\/\/saude.ufpr.br\/dac\/wp-content\/uploads\/sites\/52\/2019\/08\/railson-aline-2.png\" alt=\"\" width=\"120\" height=\"200\" class=\"alignnone size-full wp-image-1309\" \/><\/a><\/td><td class=\"column-6\"><\/td><td class=\"column-7\"><\/td><td class=\"column-8\"><\/td><td class=\"column-9\"><\/td><td class=\"column-10\"><\/td><td class=\"column-11\"><\/td><td class=\"column-12\"><\/td><td class=\"column-13\"><\/td><td class=\"column-14\"><\/td><td class=\"column-15\"><\/td>\n<\/tr>\n<tr class=\"row-15\">\n\t<td class=\"column-1\">Ricardo Wagner<\/td><td class=\"column-2\">Toxicologia Geral<br \/>\n3360-4072<br \/>\nricardo.wagner@ufpr.br<\/td><td class=\"column-3\">Doutor<\/td><td class=\"column-4\">DE<\/td><td class=\"column-5\"><a href=\"http:\/\/lattes.cnpq.br\/5998303268955565\" rel=\"noopener noreferrer\" target=\"_blank\"><img loading=\"lazy\" decoding=\"async\" src=\"https:\/\/saude.ufpr.br\/dac\/wp-content\/uploads\/sites\/52\/2020\/03\/Ricardo-230x300.jpg\" alt=\"\" width=\"120\" height=\"200\" class=\"alignnone size-medium wp-image-2450\" \/><\/td><td class=\"column-6\"><\/td><td class=\"column-7\"><\/td><td class=\"column-8\"><\/td><td class=\"column-9\"><\/td><td class=\"column-10\"><\/td><td class=\"column-11\"><\/td><td class=\"column-12\"><\/td><td class=\"column-13\"><\/td><td class=\"column-14\"><\/td><td class=\"column-15\"><\/td>\n<\/tr>\n<tr class=\"row-16\">\n\t<td class=\"column-1\">Vivian Rotuno Moure Valdameri<\/td><td class=\"column-2\">Imunologia Cl\u00ednica<br \/>\n3360-4081<br \/>\nvivian.moure@ufpr.br<br \/>\n<\/td><td class=\"column-3\">Doutora<\/td><td class=\"column-4\">DE<\/td><td class=\"column-5\"><a href=\"http:\/\/lattes.cnpq.br\/0822340548968412\" rel=\"noopener noreferrer\" target=\"_blank\"><img loading=\"lazy\" decoding=\"async\" src=\"https:\/\/saude.ufpr.br\/dac\/wp-content\/uploads\/sites\/52\/2019\/09\/IMG_3523-202x300.jpg\" alt=\"\" width=\"120\" height=\"200\" class=\"alignnone size-medium wp-image-2242\" \/><\/a><\/td><td class=\"column-6\"><\/td><td class=\"column-7\"><\/td><td class=\"column-8\"><\/td><td class=\"column-9\"><\/td><td class=\"column-10\"><\/td><td class=\"column-11\"><\/td><td class=\"column-12\"><\/td><td class=\"column-13\"><\/td><td class=\"column-14\"><\/td><td class=\"column-15\"><\/td>\n<\/tr>\n<tr class=\"row-17\">\n\t<td class=\"column-1\">Wesley Mauricio de Souza<\/td><td class=\"column-2\">Bacteriologia Cl\u00ednica<br \/>\n3360-4085<br \/>\nwesleysouza@ufpr.br<\/td><td class=\"column-3\">Doutor<\/td><td class=\"column-4\">DE<\/td><td class=\"column-5\"><a href=\"http:\/\/lattes.cnpq.br\/4550015768205145\" rel=\"noopener noreferrer\" target=\"_blank\"><img loading=\"lazy\" decoding=\"async\" src=\"https:\/\/saude.ufpr.br\/dac\/wp-content\/uploads\/sites\/52\/2019\/08\/wesley-2.jpg\" alt=\"\" width=\"120\" height=\"200\" class=\"alignnone size-full wp-image-1306\" \/><\/a><\/td><td class=\"column-6\"><\/td><td class=\"column-7\"><\/td><td class=\"column-8\"><\/td><td class=\"column-9\"><\/td><td class=\"column-10\"><\/td><td class=\"column-11\"><\/td><td class=\"column-12\"><\/td><td class=\"column-13\"><\/td><td class=\"column-14\"><\/td><td class=\"column-15\"><\/td>\n<\/tr>\n<\/tbody>\n<\/table>\n<!-- #tablepress-2 from cache -->\n<p>&nbsp;<\/p>\n<p>&nbsp;<\/p>\n<p>&nbsp;<\/p>\n","protected":false},"excerpt":{"rendered":"<p>Clique na foto para acessar o Curr\u00edculo lattes do docente &nbsp; &nbsp; &nbsp;<\/p>\n","protected":false},"author":1615,"featured_media":0,"parent":0,"menu_order":0,"comment_status":"closed","ping_status":"closed","template":"","meta":{"_acf_changed":false,"_uag_custom_page_level_css":"","footnotes":""},"class_list":["post-1093","page","type-page","status-publish","hentry"],"acf":[],"featured_image_src":null,"uagb_featured_image_src":{"full":false,"thumbnail":false,"medium":false,"medium_large":false,"large":false,"1536x1536":false,"2048x2048":false,"noticias-thumb":false,"banners-thumb":false,"maisnoticias-thumb":false,"post-thumbnail":false},"uagb_author_info":{"display_name":"Guilherme","author_link":"https:\/\/saude.ufpr.br\/dac\/author\/guilhermematos\/"},"uagb_comment_info":0,"uagb_excerpt":"Clique na foto para acessar o Curr\u00edculo lattes do docente &nbsp; &nbsp; &nbsp;","publishpress_future_action":{"enabled":false,"date":"2026-05-03 15:22:54","action":"change-status","newStatus":"draft","terms":[],"taxonomy":"","extraData":[]},"publishpress_future_workflow_manual_trigger":{"enabledWorkflows":[]},"_links":{"self":[{"href":"https:\/\/saude.ufpr.br\/dac\/wp-json\/wp\/v2\/pages\/1093","targetHints":{"allow":["GET"]}}],"collection":[{"href":"https:\/\/saude.ufpr.br\/dac\/wp-json\/wp\/v2\/pages"}],"about":[{"href":"https:\/\/saude.ufpr.br\/dac\/wp-json\/wp\/v2\/types\/page"}],"author":[{"embeddable":true,"href":"https:\/\/saude.ufpr.br\/dac\/wp-json\/wp\/v2\/users\/1615"}],"replies":[{"embeddable":true,"href":"https:\/\/saude.ufpr.br\/dac\/wp-json\/wp\/v2\/comments?post=1093"}],"version-history":[{"count":11,"href":"https:\/\/saude.ufpr.br\/dac\/wp-json\/wp\/v2\/pages\/1093\/revisions"}],"predecessor-version":[{"id":1573,"href":"https:\/\/saude.ufpr.br\/dac\/wp-json\/wp\/v2\/pages\/1093\/revisions\/1573"}],"wp:attachment":[{"href":"https:\/\/saude.ufpr.br\/dac\/wp-json\/wp\/v2\/media?parent=1093"}],"curies":[{"name":"wp","href":"https:\/\/api.w.org\/{rel}","templated":true}]}}