{"id":1112,"date":"2019-08-21T11:27:25","date_gmt":"2019-08-21T11:27:25","guid":{"rendered":"http:\/\/200.17.196.19\/dac\/?page_id=1112"},"modified":"2019-09-09T16:33:26","modified_gmt":"2019-09-09T16:33:26","slug":"links-uteis","status":"publish","type":"page","link":"https:\/\/saude.ufpr.br\/dac\/links-uteis\/","title":{"rendered":"Links \u00fateis"},"content":{"rendered":"<p>&nbsp;<\/p>\n<p><a href=\"http:\/\/www.farmaceuticas.ufpr.br\/\" target=\"_blank\" rel=\"noopener\">Programa de P\u00f3s-Gradua\u00e7\u00e3o em Ci\u00eancias Farmac\u00eauticas- UFPR<\/a><\/p>\n<p><a href=\"https:\/\/crf-pr.org.br\/home\" target=\"_blank\" rel=\"noopener\">Conselho Regional de Farm\u00e1cia<\/a><\/p>\n<p><a href=\"http:\/\/www.cff.org.br\/\" target=\"_blank\" rel=\"noopener\">Conselho Federal de Farm\u00e1cia<\/a><\/p>\n<p><a href=\"http:\/\/www.sbac.org.br\/\" target=\"_blank\" rel=\"noopener\">Sociedade Brasileira de An\u00e1lises Cl\u00ednicas<\/a><\/p>\n<p><a href=\"https:\/\/sbmicrobiologia.org.br\/\" target=\"_blank\" rel=\"noopener\">Sociedade Brasileira de Microbiologia<\/a><\/p>\n<p><a href=\"https:\/\/www.diabetes.org.br\/\" target=\"_blank\" rel=\"noopener\">Sociedade Brasileira de Diabetes<\/a><\/p>\n<p><a href=\"http:\/\/www.citologiaclinica.org.br\/site\/\" target=\"_blank\" rel=\"noopener\">Sociedade Brasileira de Citologia Cl\u00ednica<\/a><\/p>\n<p><a href=\"https:\/\/www.pncq.org.br\/\" target=\"_blank\" rel=\"noopener\">Programa Nacional de Controle de Qualidade<\/a><\/p>\n<p><a href=\"https:\/\/www.inca.gov.br\/\" target=\"_blank\" rel=\"noopener\">Instituto Nacional de C\u00e2ncer<\/a><\/p>\n<p><a href=\"http:\/.anvisa.gov.br\/\" target=\"_blank\" rel=\"noopener\">Ag\u00eancia Nacional de Vigil\u00e2ncia Sanit\u00e1ria<\/a><\/p>\n<p>&nbsp;<\/p>\n","protected":false},"excerpt":{"rendered":"<p>&nbsp; Programa de P\u00f3s-Gradua\u00e7\u00e3o em Ci\u00eancias Farmac\u00eauticas- UFPR Conselho Regional de Farm\u00e1cia Conselho Federal de Farm\u00e1cia Sociedade Brasileira de An\u00e1lises Cl\u00ednicas Sociedade Brasileira de Microbiologia Sociedade Brasileira de Diabetes Sociedade Brasileira de Citologia Cl\u00ednica Programa Nacional de Controle de Qualidade Instituto Nacional de C\u00e2ncer Ag\u00eancia Nacional de Vigil\u00e2ncia Sanit\u00e1ria &nbsp;<\/p>\n","protected":false},"author":1615,"featured_media":0,"parent":0,"menu_order":0,"comment_status":"closed","ping_status":"closed","template":"","meta":{"_acf_changed":false,"_uag_custom_page_level_css":"","footnotes":""},"class_list":["post-1112","page","type-page","status-publish","hentry"],"acf":[],"featured_image_src":null,"uagb_featured_image_src":{"full":false,"thumbnail":false,"medium":false,"medium_large":false,"large":false,"1536x1536":false,"2048x2048":false,"noticias-thumb":false,"banners-thumb":false,"maisnoticias-thumb":false,"post-thumbnail":false},"uagb_author_info":{"display_name":"Guilherme","author_link":"https:\/\/saude.ufpr.br\/dac\/author\/guilhermematos\/"},"uagb_comment_info":0,"uagb_excerpt":"&nbsp; Programa de P\u00f3s-Gradua\u00e7\u00e3o em Ci\u00eancias Farmac\u00eauticas- UFPR Conselho Regional de Farm\u00e1cia Conselho Federal de Farm\u00e1cia Sociedade Brasileira de An\u00e1lises Cl\u00ednicas Sociedade Brasileira de Microbiologia Sociedade Brasileira de Diabetes Sociedade Brasileira de Citologia Cl\u00ednica Programa Nacional de Controle de Qualidade Instituto Nacional de C\u00e2ncer Ag\u00eancia Nacional de Vigil\u00e2ncia Sanit\u00e1ria &nbsp;","publishpress_future_action":{"enabled":false,"date":"2026-05-03 08:18:36","action":"change-status","newStatus":"draft","terms":[],"taxonomy":"","extraData":[]},"publishpress_future_workflow_manual_trigger":{"enabledWorkflows":[]},"_links":{"self":[{"href":"https:\/\/saude.ufpr.br\/dac\/wp-json\/wp\/v2\/pages\/1112","targetHints":{"allow":["GET"]}}],"collection":[{"href":"https:\/\/saude.ufpr.br\/dac\/wp-json\/wp\/v2\/pages"}],"about":[{"href":"https:\/\/saude.ufpr.br\/dac\/wp-json\/wp\/v2\/types\/page"}],"author":[{"embeddable":true,"href":"https:\/\/saude.ufpr.br\/dac\/wp-json\/wp\/v2\/users\/1615"}],"replies":[{"embeddable":true,"href":"https:\/\/saude.ufpr.br\/dac\/wp-json\/wp\/v2\/comments?post=1112"}],"version-history":[{"count":4,"href":"https:\/\/saude.ufpr.br\/dac\/wp-json\/wp\/v2\/pages\/1112\/revisions"}],"predecessor-version":[{"id":1654,"href":"https:\/\/saude.ufpr.br\/dac\/wp-json\/wp\/v2\/pages\/1112\/revisions\/1654"}],"wp:attachment":[{"href":"https:\/\/saude.ufpr.br\/dac\/wp-json\/wp\/v2\/media?parent=1112"}],"curies":[{"name":"wp","href":"https:\/\/api.w.org\/{rel}","templated":true}]}}