{"id":1114,"date":"2020-09-14T17:37:15","date_gmt":"2020-09-14T17:37:15","guid":{"rendered":"https:\/\/saude.ufpr.br\/departamentocirurgia\/?page_id=1114"},"modified":"2024-09-26T14:27:38","modified_gmt":"2024-09-26T14:27:38","slug":"calendario-academico","status":"publish","type":"page","link":"https:\/\/saude.ufpr.br\/departamentocirurgia\/calendario-academico\/","title":{"rendered":"Calend\u00e1rio Acad\u00eamico"},"content":{"rendered":"<div>\n<div><\/div>\n<div>\n<h1><strong>Calend\u00e1rio Acad\u00eamico\u00a0 &#8211; 1\u00ba semestre letivo de 2024 &#8211; Medicina<\/strong><\/h1>\n<\/div>\n<\/div>\n<p>Calend\u00e1rio acad\u00eamico completo do Curso de Medicina para o ano letivo de 2024 (adequado ap\u00f3s greve), dispon\u00edvel em <a href=\"https:\/\/soc.ufpr.br\/wp-content\/uploads\/2024\/07\/RESOLUCAO-No-13-24-CEPE.pdf\">RESOLUCAO-No-13-24-CEPE<\/a>.<\/p>\n<p><strong>Datas importantes e rod\u00edzios est\u00e1gios \u2013 DEPARTAMENTO DE CIRURGIA \u2013 RESOLU\u00c7\u00c3O N\u00ba 91\/23 \u2013 CEPE (6249790)<\/strong><\/p>\n<p><strong>1\u00ba semestre letivo de 2024<\/strong><\/p>\n<p><strong>Solicita\u00e7\u00e3o de Matr\u00edcula<\/strong>: 22 a 24\/04\/2024<\/p>\n<p><strong>Ajuste de matr\u00edcula<\/strong>: 26 a 28\/04\/2024<\/p>\n<p><strong>Per\u00edodo das aulas:<\/strong> <strong>29\/04\/2024 a 31\/08\/2024<\/strong><\/p>\n<p><strong>Exames Finais:<\/strong> 02\/09\/2024 a 06\/09\/2024<\/p>\n<p><strong>Prazo final de lan\u00e7amento de notas<\/strong>: 11\/09\/2024<\/p>\n<p><strong>12\u00ba per\u00edodo \u2013 Est\u00e1gios eletivos de 5 ou 6 semanas \u2013 Alunos enviam o termo de compromisso para a disciplina a cursar &#8211; 20\/05\/2024 a 19\/10\/2024<\/strong><strong>\u00a0<\/strong><\/p>\n<table width=\"100%\">\n<tbody>\n<tr>\n<td width=\"10%\">Rod\u00edzio<\/td>\n<td width=\"27%\">Per\u00edodo<\/td>\n<td width=\"62%\">Disciplinas<\/td>\n<\/tr>\n<tr>\n<td width=\"10%\">1\u00ba<\/td>\n<td width=\"27%\">20\/05\/2024 a 22\/06\/2024 &#8211; 5 semanas<\/td>\n<td width=\"62%\">MC072 &#8211; EST\u00c1GIO CURRICULAR OPTATIVO EM CL\u00cdNICA CIR\u00daRGICA<\/td>\n<\/tr>\n<tr>\n<td width=\"10%\">2\u00ba<\/td>\n<td width=\"27%\">24\/06\/2024 a 03\/08\/2024 &#8211; 6 semanas<\/td>\n<td width=\"62%\">MC074 &#8211; EST\u00c1GIO CURRICULAR OPTATIVO EM CL\u00cdNICA CIR\u00daRGICA<\/td>\n<\/tr>\n<tr>\n<td width=\"10%\">3\u00ba<\/td>\n<td width=\"27%\">05\/08\/2024 a 07\/09\/2024 &#8211; 5 semanas<\/td>\n<td width=\"62%\">MC073 &#8211; EST\u00c1GIO CURRICULAR OPTATIVO EM CL\u00cdNICA CIR\u00daRGICA<\/td>\n<\/tr>\n<tr>\n<td width=\"10%\">4\u00ba<\/td>\n<td width=\"27%\">09\/09\/2024 a 19\/10\/2024 &#8211; 6 semanas<\/td>\n<td width=\"62%\">MC075 &#8211; EST\u00c1GIO CURRICULAR OPTATIVO EM CL\u00cdNICA CIR\u00daRGICA<\/td>\n<\/tr>\n<\/tbody>\n<\/table>\n<p>&nbsp;<\/p>\n<p>Calend\u00e1rio acad\u00eamico completo do Curso de Medicina para o ano letivo de 2024 (adequado ap\u00f3s greve), dispon\u00edvel em <a href=\"https:\/\/soc.ufpr.br\/wp-content\/uploads\/2024\/07\/RESOLUCAO-No-13-24-CEPE.pdf\">RESOLUCAO-No-13-24-CEPE<\/a>.<\/p>\n<p>&nbsp;<\/p>\n<h1><strong>Calend\u00e1rio Acad\u00eamico\u00a0 &#8211; 2\u00ba semestre letivo de 2024 &#8211; Medicina<\/strong><\/h1>\n<p><strong>Datas importantes e rod\u00edzios est\u00e1gios \u2013 DEPARTAMENTO DE CIRURGIA \u2013 RESOLU\u00c7\u00c3O N\u00ba 13\/24 \u2013 CEPE (doc. SEI <a href=\"https:\/\/soc.ufpr.br\/wp-content\/uploads\/2024\/07\/RESOLUCAO-No-13-24-CEPE.pdf\">6790290)<\/a><\/strong><\/p>\n<p><strong>2\u00ba semestre letivo de 2024<\/strong><\/p>\n<p><strong>Solicita\u00e7\u00e3o de Matr\u00edcula<\/strong>: 09 e 10\/10\/2024<\/p>\n<p><strong>Ajuste de matr\u00edcula<\/strong>: 18 a 21\/10\/2024<\/p>\n<p><strong>Per\u00edodo das aulas:<\/strong> 21\/10\/2024 a 01\/03\/2025<\/p>\n<p><strong>Exames Finais:<\/strong> 06 a 12\/03\/2025<\/p>\n<p><strong>Prazo final de lan\u00e7amento de notas<\/strong>: 17\/02 a 17\/03\/2024<\/p>\n<p><strong><u>1\u00ba a 8\u00ba per\u00edodos \u2013 Todas as turmas de Disciplinas te\u00f3ricas do DCIR<\/u><\/strong><\/p>\n<p><strong>Coordenadores:<\/strong><\/p>\n<ul>\n<li>Anestesiologia \u2013 Prof. Rohnelt Machado de Oliveira<\/li>\n<li>Angiologia \u2013 Prof. Mario Martins<\/li>\n<li>Cirurgia Ambulatorial \u2013 Prof.\u00aa Silvania Klug Pimentel<\/li>\n<li>Cirurgia do Trauma, Inicia\u00e7\u00e3o ao Trauma \u2013 Prof. Adonis Nasr<\/li>\n<li>Cirurgia Pedi\u00e1trica \u2013 Prof. Marcelo Marcondes Stegani<\/li>\n<li>Cirurgia Pl\u00e1stica \u2013 Prof. Renato da Silva Freitas<\/li>\n<li>Cirurgia Vascular e Mercado de Trabalho e Responsabilidade Legal do M\u00e9dico \u2013 Prof. Jorge Rufino Ribas Timi<\/li>\n<li>Cl\u00ednica Cir\u00fargica I \u2013 Prof. Alexandre Coutinho Teixeira de Freitas<\/li>\n<li>Cl\u00ednica Cir\u00fargica II \u2013 Prof. Jorge Eduardo Fouto Matias<\/li>\n<li>Neurocirurgia \u2013 Prof. Sergio Luiz Sprengel (\u00fanica disciplina bimestral)<\/li>\n<li>Ortopedia e Traumatologia \u2013 Prof. Marcio Fernando Aparecido de Moura<\/li>\n<li>Ortopedia e Traumatologia para Terapia Ocupacional \u2013 Prof. Jo\u00e3o Luiz Vieira da Silva<\/li>\n<li>T\u00e9cnica Cir\u00fargica e Cirurgia Experimental I e II \u2013 Prof. Fl\u00e1vio Daniel Saavedra Tomasich<\/li>\n<li>Urologia \u2013 Prof. Alexandre Cavalheiro Cavalli<\/li>\n<li>Trabalho de Curso 2, 3 e 4 &#8211; Professores orientadores individuais<strong>\u00a0<\/strong><\/li>\n<\/ul>\n<table>\n<tbody>\n<tr>\n<td width=\"513\"><strong>Disciplinas bimestrais<\/strong><\/p>\n<p>1\u00ba bimestre: 21\/10\/2024 a 14\/12\/2024<\/p>\n<p>2\u00ba bimestre: 16\/12\/2024 a 01\/03\/2025 *<\/td>\n<td width=\"513\"><strong>Disciplinas semestrais<\/strong><\/p>\n<p>21\/10\/2024 a 01\/03\/2025 *<\/td>\n<\/tr>\n<\/tbody>\n<\/table>\n<p>* recesso de 23\/12\/2024 a 11\/01\/2025<\/p>\n<p><strong><u>9\u00ba per\u00edodo \u2013 Est\u00e1gios obrigat\u00f3rios de 5 semanas<\/u><\/strong><\/p>\n<p><strong>Docentes respons\u00e1veis:<\/strong><\/p>\n<ul>\n<li>Anestesiologia \u2013 Prof. Rohnelt Machado de Oliveira<\/li>\n<li>Emerg\u00eancias Cir\u00fargicas \u2013 Prof. Adonis Nasr<\/li>\n<\/ul>\n<table width=\"100%\">\n<tbody>\n<tr>\n<td width=\"9%\">Rod\u00edzio<\/td>\n<td width=\"15%\">Per\u00edodo<\/td>\n<td width=\"74%\">Disciplinas<\/td>\n<\/tr>\n<tr>\n<td width=\"9%\">1\u00ba<\/td>\n<td width=\"15%\">07\/10\/24 a 09\/11\/24<\/td>\n<td width=\"74%\">MC098 \u2013 A\/B \u2013 EST\u00c1GIO EM TRAUMA ORTOP\u00c9DICO E EMERG\u00caNCIAS CIR\u00daRGICAS (CHT)<\/p>\n<p>MC100 \u2013 A \u2013 EST\u00c1GIO MULTIDISCIPLINAR EM ANESTESIOLOGIA (CHC)<\/td>\n<\/tr>\n<tr>\n<td width=\"9%\">2\u00ba<\/td>\n<td width=\"15%\">11\/11\/24 a 14\/12\/24<\/td>\n<td width=\"74%\">MC098 \u2013 C\/D \u2013 EST\u00c1GIO EM TRAUMA ORTOP\u00c9DICO E EMERG\u00caNCIAS CIR\u00daRGICAS (CHT)<\/p>\n<p>MC100 \u2013 B \u2013 EST\u00c1GIO MULTIDISCIPLINAR EM ANESTESIOLOGIA (CHC)<\/td>\n<\/tr>\n<tr>\n<td width=\"9%\">3\u00ba<\/td>\n<td width=\"15%\">16\/12\/24 a 01\/02\/25 **<\/td>\n<td width=\"74%\">MC098 \u2013 E\/F \u2013 EST\u00c1GIO EM TRAUMA ORTOP\u00c9DICO E EMERG\u00caNCIAS CIR\u00daRGICAS (CHT)<\/p>\n<p>MC100 \u2013 C \u2013 EST\u00c1GIO MULTIDISCIPLINAR EM ANESTESIOLOGIA (CHC)<\/td>\n<\/tr>\n<tr>\n<td width=\"9%\">4\u00ba<\/td>\n<td width=\"15%\">03\/02\/25 a 08\/03\/25<\/td>\n<td width=\"74%\">MC098 \u2013 G\/H \u2013 EST\u00c1GIO EM TRAUMA ORTOP\u00c9DICO E EMERG\u00caNCIAS CIR\u00daRGICAS (CHT)<\/p>\n<p>MC100 \u2013 D \u2013 EST\u00c1GIO MULTIDISCIPLINAR EM ANESTESIOLOGIA (CHC)<\/td>\n<\/tr>\n<\/tbody>\n<\/table>\n<p><strong>\u00a0<\/strong><\/p>\n<p><strong><u>11\u00ba per\u00edodo \u2013 Est\u00e1gios Internato obrigat\u00f3rios de 10 semanas<\/u>\u00a0<\/strong><\/p>\n<p><strong> Coordena\u00e7\u00e3o Geral <\/strong>\u2013 Prof. Julio Wiederkehr<\/p>\n<ul>\n<li>Cl\u00ednica Cir\u00fargica 1 e 2 &#8211; Prof. Marco Aur\u00e9lio Costa;<\/li>\n<li>Cirurgia Pedi\u00e1trica &#8211; Prof. Marcelo Stegani;<\/li>\n<li>Cirurgia Vascular &#8211; Prof. Mario Martins;<\/li>\n<li>Coloproctologia &#8211; Prof.\u00aa Maria Cristina Sartor;<\/li>\n<li>Cirurgia Cardiovascular &#8211; Prof. Luiz Cesar Guarita Souza;<\/li>\n<li>Cirurgia Pl\u00e1stica &#8211; Prof. Renato Freitas;<\/li>\n<li>Neurocirurgia &#8211; Prof. Sergio Sprengel;<\/li>\n<li>Ortopedia &#8211; Prof. Edmar Stieven Filho;<\/li>\n<li>Urologia &#8211; Prof. Alexandre Cavalli.<\/li>\n<\/ul>\n<p>&nbsp;<\/p>\n<table width=\"100%\">\n<tbody>\n<tr>\n<td width=\"9%\">Rod\u00edzio<\/td>\n<td width=\"15%\">Per\u00edodo<\/td>\n<td width=\"74%\">Disciplinas<\/td>\n<\/tr>\n<tr>\n<td width=\"9%\">1\u00ba<\/td>\n<td width=\"15%\">07\/10\/24 a 14\/12\/24<\/td>\n<td width=\"74%\">MC099 \u2013 Turmas A1 a J1 &#8211; INT. CURRICULAR OBRIGATORIO EM CL\u00cdNICA CIRURGICA (CHC e CHT)<\/p>\n<p>Reuni\u00e3o inicial ser\u00e1 realizada dia 07\/10\/2024 \u00e0s 7h30 no Audit\u00f3rio do Setor de Ci\u00eancias da Sa\u00fade<\/td>\n<\/tr>\n<tr>\n<td width=\"9%\">2\u00ba<\/td>\n<td width=\"15%\">16\/12\/24 a 08\/03\/25 **<\/td>\n<td width=\"74%\">MC099 \u2013 Turmas A2 a J2 &#8211; INT. CURRICULAR OBRIGATORIO EM CL\u00cdNICA CIRURGICA (CHC e CHT)<\/p>\n<p>Reuni\u00e3o inicial ser\u00e1 realizada dia 16\/12\/2024 \u00e0s 7h30 na Sala 2D do Setor de Ci\u00eancias da Sa\u00fade<\/td>\n<\/tr>\n<\/tbody>\n<\/table>\n<p>&nbsp;<\/p>\n<p><strong>12\u00ba per\u00edodo \u2013 Est\u00e1gios eletivos de 5 semanas<\/strong><\/p>\n<p>Coordenadores conforme tabela abaixo.<\/p>\n<table width=\"100%\">\n<tbody>\n<tr>\n<td width=\"10%\">Rod\u00edzio<\/td>\n<td width=\"27%\">Per\u00edodo<\/td>\n<td width=\"62%\">Disciplinas<\/td>\n<\/tr>\n<tr>\n<td width=\"10%\">1\u00ba<\/td>\n<td width=\"27%\">07\/10\/24 a 09\/11\/24<\/td>\n<td width=\"62%\">MC102 &#8211; EST\u00c1GIO CURRICULAR OPTATIVO EM CL\u00cdNICA CIR\u00daRGICA (CHT e\/ou CHC)<\/td>\n<\/tr>\n<tr>\n<td width=\"10%\">2\u00ba<\/td>\n<td width=\"27%\">11\/11\/24 a 14\/12\/24<\/td>\n<td width=\"62%\">MC102 &#8211; EST\u00c1GIO CURRICULAR OPTATIVO EM CL\u00cdNICA CIR\u00daRGICA (CHT e\/ou CHC)<\/td>\n<\/tr>\n<tr>\n<td width=\"10%\">3\u00ba<\/td>\n<td width=\"27%\">16\/12\/24 a 01\/02\/25 **<\/td>\n<td width=\"62%\">MC102 &#8211; EST\u00c1GIO CURRICULAR OPTATIVO EM CL\u00cdNICA CIR\u00daRGICA (CHT e\/ou CHC)<\/td>\n<\/tr>\n<tr>\n<td width=\"10%\">4\u00ba<\/td>\n<td width=\"27%\">03\/02\/25 a 08\/03\/25<\/td>\n<td width=\"62%\">MC102 &#8211; EST\u00c1GIO CURRICULAR OPTATIVO EM CL\u00cdNICA CIR\u00daRGICA (CHT e\/ou CHC)<\/td>\n<\/tr>\n<\/tbody>\n<\/table>\n<p>** recesso de 23\/12\/2024 a 04\/01\/2025<\/p>\n<p>&nbsp;<\/p>\n<table width=\"1012\">\n<tbody>\n<tr>\n<td width=\"251\"><strong>Est\u00e1gio Eletivo \u2013 12\u00ba per\u00edodo<\/strong><\/td>\n<td width=\"143\"><strong>MC102 \u2013 Turma A<\/strong><\/td>\n<td width=\"143\"><strong>MC102 \u2013 Turma B<\/strong><\/td>\n<td width=\"143\"><strong>MC102 \u2013 Turma C<\/strong><\/td>\n<td width=\"143\"><strong>MC102 \u2013 Turma D<\/strong><\/td>\n<td width=\"189\"><\/td>\n<\/tr>\n<tr>\n<td width=\"251\"><strong>2\u00ba semestre letivo 2024<\/strong><\/td>\n<td width=\"143\"><strong>1\u00ba rod\u00edzio: <\/strong><\/p>\n<p><strong>07\/10\/24 a 09\/11\/24 <\/strong><\/td>\n<td width=\"143\"><strong>2\u00ba rod\u00edzio: <\/strong><\/p>\n<p><strong>11\/11\/24 a 14\/12\/24<\/strong><\/td>\n<td width=\"143\"><strong>3\u00ba rod\u00edzio**: <\/strong><\/p>\n<p><strong>16\/12\/24 a 01\/02\/25 <\/strong><\/td>\n<td width=\"143\"><strong>4\u00ba rod\u00edzio: <\/strong><\/p>\n<p><strong>03\/02\/25 a 08\/03\/25<\/strong><\/td>\n<td width=\"189\"><strong>Coordenadores do Est\u00e1gio do 12\u00ba <\/strong><\/p>\n<p><strong>(local de realiza\u00e7\u00e3o das atividades)<\/strong><\/td>\n<\/tr>\n<tr>\n<td width=\"251\"><strong>Anestesiologia<\/strong><\/td>\n<td width=\"143\">2<\/td>\n<td width=\"143\">1<\/td>\n<td width=\"143\">0<\/td>\n<td width=\"143\">0<\/td>\n<td width=\"189\">Prof.\u00aa Maria C\u00e9lia (CHC)<\/td>\n<\/tr>\n<tr>\n<td width=\"251\"><strong>Angiologia e Cirurgia Vascular<\/strong><\/td>\n<td width=\"143\">1<\/td>\n<td width=\"143\">1<\/td>\n<td width=\"143\">1<\/td>\n<td width=\"143\">1<\/td>\n<td width=\"189\">Prof. Mario Martins (CHC)<\/td>\n<\/tr>\n<tr>\n<td width=\"251\"><strong>Cirurgia Cardiovascular<\/strong><\/td>\n<td width=\"143\">1<\/td>\n<td width=\"143\">1<\/td>\n<td width=\"143\">1<\/td>\n<td width=\"143\">1<\/td>\n<td width=\"189\">Prof. Guarita (CHC)<\/td>\n<\/tr>\n<tr>\n<td width=\"251\"><strong>Cirurgia Pedi\u00e1trica<\/strong><\/td>\n<td width=\"143\">2<\/td>\n<td width=\"143\">2<\/td>\n<td width=\"143\">2<\/td>\n<td width=\"143\">2<\/td>\n<td width=\"189\">Prof.\u00aa Camila (CHC)<\/td>\n<\/tr>\n<tr>\n<td width=\"251\"><strong>Cirurgia Pl\u00e1stica<\/strong><\/td>\n<td width=\"143\">2<\/td>\n<td width=\"143\">2<\/td>\n<td width=\"143\">2<\/td>\n<td width=\"143\">2<\/td>\n<td width=\"189\">Prof. Renato (CHC e CHT \u2013 <strong>Termo de compromisso CHC<\/strong>)<\/td>\n<\/tr>\n<tr>\n<td width=\"251\"><strong>Cl\u00ednica Cir\u00fargica 1 &#8211; Geral<\/strong><\/td>\n<td width=\"143\">1<\/td>\n<td width=\"143\">1<\/td>\n<td width=\"143\">1<\/td>\n<td width=\"143\">1<\/td>\n<td width=\"189\">Prof. Marco Aur\u00e9lio (CHC)<\/td>\n<\/tr>\n<tr>\n<td width=\"251\"><strong>Cl\u00ednica Cir\u00fargica 2 &#8211; CAD<\/strong><\/td>\n<td width=\"143\">1<\/td>\n<td width=\"143\">1<\/td>\n<td width=\"143\">1<\/td>\n<td width=\"143\">1<\/td>\n<td width=\"189\">Prof. Marco Aur\u00e9lio (CHC)<\/td>\n<\/tr>\n<tr>\n<td width=\"251\"><strong>Coloproctologia<\/strong><\/td>\n<td width=\"143\">1<\/td>\n<td width=\"143\">1<\/td>\n<td width=\"143\">0<\/td>\n<td width=\"143\">1<\/td>\n<td width=\"189\">Prof.\u00aa Maria Cristina Sartor<\/td>\n<\/tr>\n<tr>\n<td width=\"251\"><strong>Emerg\u00eancias Cir\u00fargicas \/Cirurgia do Trauma (Termo de compromisso preenchido como est\u00e1gio externo)<\/strong><\/td>\n<td width=\"143\">5<\/td>\n<td width=\"143\">5<\/td>\n<td width=\"143\">5<\/td>\n<td width=\"143\">5<\/td>\n<td width=\"189\">Prof. Adonis e Jamil (CHT)<\/td>\n<\/tr>\n<tr>\n<td width=\"251\"><strong>Neurocirurgia <\/strong><\/td>\n<td width=\"143\">0<\/td>\n<td width=\"143\">0<\/td>\n<td width=\"143\">0<\/td>\n<td width=\"143\">0<\/td>\n<td width=\"189\">Prof. Sprengel (CHC)<\/td>\n<\/tr>\n<tr>\n<td width=\"251\"><strong>Ortopedia <\/strong><\/td>\n<td width=\"143\">2<\/td>\n<td width=\"143\">2<\/td>\n<td width=\"143\">0<\/td>\n<td width=\"143\">2<\/td>\n<td width=\"189\">Prof. Jo\u00e3o Luiz (CHC)<\/td>\n<\/tr>\n<tr>\n<td width=\"251\"><strong>Urologia<\/strong><\/td>\n<td width=\"143\">4<\/td>\n<td width=\"143\">4<\/td>\n<td width=\"143\">4<\/td>\n<td width=\"143\">4<\/td>\n<td width=\"189\">Prof. Cavalli (CHC)<\/td>\n<\/tr>\n<\/tbody>\n<\/table>\n","protected":false},"excerpt":{"rendered":"<p>Calend\u00e1rio Acad\u00eamico\u00a0 &#8211; 1\u00ba semestre letivo de 2024 &#8211; Medicina Calend\u00e1rio acad\u00eamico completo do Curso de Medicina para o ano letivo de 2024 (adequado ap\u00f3s greve), dispon\u00edvel em RESOLUCAO-No-13-24-CEPE. Datas importantes e rod\u00edzios est\u00e1gios \u2013 DEPARTAMENTO DE CIRURGIA \u2013 RESOLU\u00c7\u00c3O N\u00ba 91\/23 \u2013 CEPE (6249790) 1\u00ba semestre letivo de 2024 Solicita\u00e7\u00e3o de Matr\u00edcula: 22 a<br \/> <a href=\"https:\/\/saude.ufpr.br\/departamentocirurgia\/calendario-academico\/\" class=\"button success small readmore\">Leia mais<\/a><\/p>\n","protected":false},"author":1615,"featured_media":0,"parent":0,"menu_order":0,"comment_status":"closed","ping_status":"closed","template":"","meta":{"_acf_changed":false,"_uag_custom_page_level_css":"","footnotes":""},"class_list":["post-1114","page","type-page","status-publish","hentry"],"acf":[],"featured_image_src":null,"uagb_featured_image_src":{"full":false,"thumbnail":false,"medium":false,"medium_large":false,"large":false,"1536x1536":false,"2048x2048":false,"noticias-thumb":false,"banners-thumb":false,"maisnoticias-thumb":false,"post-thumbnail":false},"uagb_author_info":{"display_name":"Guilherme","author_link":"https:\/\/saude.ufpr.br\/departamentocirurgia\/author\/guilhermematos\/"},"uagb_comment_info":0,"uagb_excerpt":"Calend\u00e1rio Acad\u00eamico\u00a0 &#8211; 1\u00ba semestre letivo de 2024 &#8211; Medicina Calend\u00e1rio acad\u00eamico completo do Curso de Medicina para o ano letivo de 2024 (adequado ap\u00f3s greve), dispon\u00edvel em RESOLUCAO-No-13-24-CEPE. Datas importantes e rod\u00edzios est\u00e1gios \u2013 DEPARTAMENTO DE CIRURGIA \u2013 RESOLU\u00c7\u00c3O N\u00ba 91\/23 \u2013 CEPE (6249790) 1\u00ba semestre letivo de 2024 Solicita\u00e7\u00e3o de Matr\u00edcula: 22 a&hellip;","publishpress_future_action":{"enabled":false,"date":"2026-05-06 07:46:45","action":"change-status","newStatus":"draft","terms":[],"taxonomy":"","extraData":[]},"publishpress_future_workflow_manual_trigger":{"enabledWorkflows":[]},"_links":{"self":[{"href":"https:\/\/saude.ufpr.br\/departamentocirurgia\/wp-json\/wp\/v2\/pages\/1114","targetHints":{"allow":["GET"]}}],"collection":[{"href":"https:\/\/saude.ufpr.br\/departamentocirurgia\/wp-json\/wp\/v2\/pages"}],"about":[{"href":"https:\/\/saude.ufpr.br\/departamentocirurgia\/wp-json\/wp\/v2\/types\/page"}],"author":[{"embeddable":true,"href":"https:\/\/saude.ufpr.br\/departamentocirurgia\/wp-json\/wp\/v2\/users\/1615"}],"replies":[{"embeddable":true,"href":"https:\/\/saude.ufpr.br\/departamentocirurgia\/wp-json\/wp\/v2\/comments?post=1114"}],"version-history":[{"count":29,"href":"https:\/\/saude.ufpr.br\/departamentocirurgia\/wp-json\/wp\/v2\/pages\/1114\/revisions"}],"predecessor-version":[{"id":1648,"href":"https:\/\/saude.ufpr.br\/departamentocirurgia\/wp-json\/wp\/v2\/pages\/1114\/revisions\/1648"}],"wp:attachment":[{"href":"https:\/\/saude.ufpr.br\/departamentocirurgia\/wp-json\/wp\/v2\/media?parent=1114"}],"curies":[{"name":"wp","href":"https:\/\/api.w.org\/{rel}","templated":true}]}}