{"id":1088,"date":"2019-08-21T11:24:44","date_gmt":"2019-08-21T11:24:44","guid":{"rendered":"http:\/\/200.17.196.19\/dac\/?page_id=1088"},"modified":"2020-10-21T20:22:07","modified_gmt":"2020-10-21T20:22:07","slug":"disciplinas","status":"publish","type":"page","link":"https:\/\/saude.ufpr.br\/departamentoestomatologia\/disciplinas\/","title":{"rendered":"Disciplinas"},"content":{"rendered":"\n<table id=\"tablepress-11\" class=\"tablepress tablepress-id-11\">\n<thead>\n<tr class=\"row-1\">\n\t<th class=\"column-1\">C\u00f3digos<\/th><th class=\"column-2\">Disciplinas <\/th><th class=\"column-3\">Docentes<\/th>\n<\/tr>\n<\/thead>\n<tbody class=\"row-striping row-hover\">\n<tr class=\"row-2\">\n\t<td class=\"column-1\">ME018<\/td><td class=\"column-2\">Cirurgia e Traumatologia Buco-Maxilo-Faciais III\u00a0- Optativa\u00a0<\/td><td class=\"column-3\">Roberto Eluard da Veiga Cavali <br \/>\nJo\u00e3o Luiz Carlini<\/td>\n<\/tr>\n<tr class=\"row-3\">\n\t<td class=\"column-1\">ME027<\/td><td class=\"column-2\">Biosseguran\u00e7a em Odontologia\u00a0<\/td><td class=\"column-3\">Rafaela\u00a0Scariot\u00a0de Moraes\u00a0                                                         <br \/>\nJos\u00e9 Vin\u00edcius Bolognesi Maciel  <\/td>\n<\/tr>\n<tr class=\"row-4\">\n\t<td class=\"column-1\">ME028<\/td><td class=\"column-2\">Metodologia da Pesquisa em Sa\u00fade\u00a0<\/td><td class=\"column-3\">Cassius Carvalho Torres Pereira\u00a0<\/td>\n<\/tr>\n<tr class=\"row-5\">\n\t<td class=\"column-1\">ME030<\/td><td class=\"column-2\">Est\u00e1gio Supervisionado I\u00a0<\/td><td class=\"column-3\">Heliton Gustavo de Lima  <\/td>\n<\/tr>\n<tr class=\"row-6\">\n\t<td class=\"column-1\">ME032<\/td><td class=\"column-2\">Implantodontia\u00a0<\/td><td class=\"column-3\">Jayme\u00a0Bordini\u00a0Junior\u00a0<br \/>\nJuliana Saab Rahal<\/td>\n<\/tr>\n<tr class=\"row-7\">\n\t<td class=\"column-1\">ME034<\/td><td class=\"column-2\">Anestesia e Emerg\u00eancias M\u00e9dicas\u00a0<\/td><td class=\"column-3\">Jo\u00e3o Luiz\u00a0Carlini <br \/>\nRoberto\u00a0Eluard\u00a0da Veiga\u00a0Cavali\u00a0                    <\/td>\n<\/tr>\n<tr class=\"row-8\">\n\t<td class=\"column-1\">M3035<\/td><td class=\"column-2\">Est\u00e1gio Supervisionado II\u00a0<\/td><td class=\"column-3\">Jos\u00e9 Vin\u00edcius Bolognesi Maciel<\/td>\n<\/tr>\n<tr class=\"row-9\">\n\t<td class=\"column-1\">ME036<\/td><td class=\"column-2\">Terap\u00eautica Aplicada\u00a0<\/td><td class=\"column-3\">Antonio Adilson Soares de Lima<br \/>\nMelissa Rodrigues de Araujo\u00a0<\/td>\n<\/tr>\n<tr class=\"row-10\">\n\t<td class=\"column-1\">ME039<\/td><td class=\"column-2\">Odontopediatria\u00a0I\u00a0<\/td><td class=\"column-3\">Juliana Feltrin de Souza Caparroz <br \/>\nLuciana Reichert Assun\u00e7\u00e3o Zanon <br \/>\nFabian Calixto Fraiz <br \/>\nJos\u00e9 Vitor Nogara Borges de Menezes<\/td>\n<\/tr>\n<tr class=\"row-11\">\n\t<td class=\"column-1\">ME040<\/td><td class=\"column-2\">Cirurgia e Traumatologia Buco-Maxilo-Faciais I\u00a0<\/td><td class=\"column-3\">Jo\u00e3o Luiz Carlini <br \/>\nRoberto Eluard da Veiga Cavali <br \/>\nJos\u00e9 Vin\u00edcius Bolognesi Maciel<\/td>\n<\/tr>\n<tr class=\"row-12\">\n\t<td class=\"column-1\">ME041<\/td><td class=\"column-2\">Cirurgia e Traumatologia Buco-Maxilo-Faciais II\u00a0<\/td><td class=\"column-3\">Alini Monise Sebastiani  <br \/>\nDelson Jo\u00e3o da Costa <br \/>\nNelson Luis Barbosa Rebellato <br \/>\nRafaela Scariot de Moraes <\/td>\n<\/tr>\n<tr class=\"row-13\">\n\t<td class=\"column-1\">ME042<\/td><td class=\"column-2\">Odontopediatria\u00a0II\u00a0<\/td><td class=\"column-3\">Juliana Feltrin de Souza Caparroz <br \/>\nLuciana Reichert Assun\u00e7\u00e3o Zanon <br \/>\nFabian Calixto Fraiz <br \/>\nJos\u00e9 Vitor Nogara Borges de Menezes<\/td>\n<\/tr>\n<tr class=\"row-14\">\n\t<td class=\"column-1\">ME043<\/td><td class=\"column-2\">Cl\u00ednica Integrada I\u00a0<\/td><td class=\"column-3\">Alexandre Moror (DOR), Aline Monise Sebastiani, Andresa Carla Obici (DOR), Bruno Cavalini Cavenago (DOR), Carolina Veloso Lima (DOR), Clarissa Teles Rodrigues (DOR), Ederson Aureo Betiol (DOR), Fabian Calixto Fraiz, Helio Jos\u00e9 Paiva Pereira (DOR), Heliton Gustavo de Lima, Humerto Osvaldo Schwartz Filho, Jayme Bordini Junior, Jo\u00e3o Rodrigo Sarot (DOR), Jos\u00e9 Vitor Nogara Borges de Menezes, Juliana Feltrin de Souza Caparroz, Juliana Saab Rahal (DOR), Luci Regina Paka Archegas, Luciana Reichert Assun\u00e7\u00e3o Zanon, Melissa Rodrigues de Araujo, Nerildo Luiz Ulbrich (DOR), Sandra Cristina Sgarbi, Thays Regina Ferreira da Costa, V\u00e2nia Suely Maria (DOR), Yasmine Mendes Pupo (DOR). <\/td>\n<\/tr>\n<tr class=\"row-15\">\n\t<td class=\"column-1\">ME047<\/td><td class=\"column-2\">Patologia Bucal\u00a0<\/td><td class=\"column-3\">Jayme\u00a0Bordini\u00a0Junior<br \/>\nMaria \u00c2ngela Naval Machado<br \/>\nHeliton Gustavo de Lima<\/td>\n<\/tr>\n<tr class=\"row-16\">\n\t<td class=\"column-1\">ME048<\/td><td class=\"column-2\">Periodontia I\u00a0<\/td><td class=\"column-3\">Geisla Mary Silva Soares <br \/>\nHumberto Osvaldo Schwartz Filho <br \/>\nJo\u00e3o Paulo Steffens <br \/>\nReila Tain\u00e1 Mendes<\/td>\n<\/tr>\n<tr class=\"row-17\">\n\t<td class=\"column-1\">ME050<\/td><td class=\"column-2\">Semiologia Aplicada\u00a0<\/td><td class=\"column-3\">Antonio Adilson Soares de Lima <br \/>\nMaria \u00c2ngela Naval Machado <br \/>\nMelissa Rodrigues de Araujo <\/td>\n<\/tr>\n<tr class=\"row-18\">\n\t<td class=\"column-1\">ME051<\/td><td class=\"column-2\">Radiologia Odontol\u00f3gica e\u00a0Imaginologia\u00a0I\u00a0<\/td><td class=\"column-3\">\u00c2ngela Fernandes <br \/>\nFernando Henrique Westphalen <br \/>\nThays Regina Ferreira da Costa<\/td>\n<\/tr>\n<tr class=\"row-19\">\n\t<td class=\"column-1\">ME052<\/td><td class=\"column-2\">Radiologia Odontol\u00f3gica e\u00a0Imaginologia\u00a0II\u00a0<\/td><td class=\"column-3\">Fernando Henrique Westphalen<\/td>\n<\/tr>\n<tr class=\"row-20\">\n\t<td class=\"column-1\">ME053<\/td><td class=\"column-2\">Estomatologia\u00a0<\/td><td class=\"column-3\">Cassius Carvalho Torres Pereira <br \/>\nJos\u00e9 Miguel Amen\u00e1bar C\u00e9spedes <br \/>\nJuliana Lucena Schussel<\/td>\n<\/tr>\n<tr class=\"row-21\">\n\t<td class=\"column-1\">ME054<\/td><td class=\"column-2\">Periodontia II\u00a0<\/td><td class=\"column-3\">Geisla Mary Silva Soares <br \/>\nHumberto Osvaldo Schwartz Filho <br \/>\nJo\u00e3o Paulo Steffens <br \/>\nReila Tain\u00e1 Mendes<\/td>\n<\/tr>\n<tr class=\"row-22\">\n\t<td class=\"column-1\">ME055<\/td><td class=\"column-2\">Terap\u00eautica Avan\u00e7ada - Optativa\u00a0<\/td><td class=\"column-3\">Antonio Adilson Soares de Lima<\/td>\n<\/tr>\n<tr class=\"row-23\">\n\t<td class=\"column-1\">ME120<\/td><td class=\"column-2\">Periodontia Cir\u00fargica<\/td><td class=\"column-3\">Geisla Mary Silva Soares <br \/>\nHumberto Osvaldo Schwartz Filho <br \/>\nJo\u00e3o Paulo Steffens <br \/>\nReila Tain\u00e1 Mendes<\/td>\n<\/tr>\n<\/tbody>\n<\/table>\n<!-- #tablepress-11 from cache -->\n","protected":false},"excerpt":{"rendered":"","protected":false},"author":1615,"featured_media":0,"parent":0,"menu_order":0,"comment_status":"closed","ping_status":"closed","template":"","meta":{"_acf_changed":false,"_uag_custom_page_level_css":"","footnotes":""},"class_list":["post-1088","page","type-page","status-publish","hentry"],"acf":[],"featured_image_src":null,"uagb_featured_image_src":{"full":false,"thumbnail":false,"medium":false,"medium_large":false,"large":false,"1536x1536":false,"2048x2048":false,"noticias-thumb":false,"banners-thumb":false,"maisnoticias-thumb":false,"post-thumbnail":false},"uagb_author_info":{"display_name":"Guilherme","author_link":"https:\/\/saude.ufpr.br\/departamentoestomatologia\/author\/guilhermematos\/"},"uagb_comment_info":0,"uagb_excerpt":null,"publishpress_future_action":{"enabled":false,"date":"2026-05-03 05:55:48","action":"change-status","newStatus":"draft","terms":[],"taxonomy":"","extraData":[]},"publishpress_future_workflow_manual_trigger":{"enabledWorkflows":[]},"_links":{"self":[{"href":"https:\/\/saude.ufpr.br\/departamentoestomatologia\/wp-json\/wp\/v2\/pages\/1088","targetHints":{"allow":["GET"]}}],"collection":[{"href":"https:\/\/saude.ufpr.br\/departamentoestomatologia\/wp-json\/wp\/v2\/pages"}],"about":[{"href":"https:\/\/saude.ufpr.br\/departamentoestomatologia\/wp-json\/wp\/v2\/types\/page"}],"author":[{"embeddable":true,"href":"https:\/\/saude.ufpr.br\/departamentoestomatologia\/wp-json\/wp\/v2\/users\/1615"}],"replies":[{"embeddable":true,"href":"https:\/\/saude.ufpr.br\/departamentoestomatologia\/wp-json\/wp\/v2\/comments?post=1088"}],"version-history":[{"count":6,"href":"https:\/\/saude.ufpr.br\/departamentoestomatologia\/wp-json\/wp\/v2\/pages\/1088\/revisions"}],"predecessor-version":[{"id":2612,"href":"https:\/\/saude.ufpr.br\/departamentoestomatologia\/wp-json\/wp\/v2\/pages\/1088\/revisions\/2612"}],"wp:attachment":[{"href":"https:\/\/saude.ufpr.br\/departamentoestomatologia\/wp-json\/wp\/v2\/media?parent=1088"}],"curies":[{"name":"wp","href":"https:\/\/api.w.org\/{rel}","templated":true}]}}