{"id":1943,"date":"2018-04-24T16:10:40","date_gmt":"2018-04-24T19:10:40","guid":{"rendered":"https:\/\/saude.ufpr.br\/enfermagem\/?page_id=1943"},"modified":"2024-08-01T13:37:30","modified_gmt":"2024-08-01T16:37:30","slug":"documentos-do-curso","status":"publish","type":"page","link":"https:\/\/saude.ufpr.br\/enfermagem\/documentos-do-curso\/","title":{"rendered":"Documentos dos Cursos"},"content":{"rendered":"<p>&nbsp;<\/p>\n<p><a href=\"https:\/\/saude.ufpr.br\/enfermagem\/wp-content\/uploads\/sites\/4\/2021\/04\/Matriz-curricular-3.pdf\">Matriz Curricular &#8211; Bacharelado e Licenciatura em Enfermagem<\/a><br \/>\n<a href=\"https:\/\/saude.ufpr.br\/enfermagem\/wp-content\/uploads\/sites\/4\/2023\/04\/Matriz-curricular-13.pdf\">Matriz Curricular &#8211; Bacharelado em Enfermagem<\/a><br \/>\n<a href=\"https:\/\/saude.ufpr.br\/enfermagem\/wp-content\/uploads\/sites\/4\/2024\/08\/Matriz-curricular-15.pdf\">Matriz Curricular &#8211; Bacharelado &#8211; Extens\u00e3o\u00a0<\/a><\/p>\n<p><a href=\"https:\/\/saude.ufpr.br\/enfermagem\/wp-content\/uploads\/sites\/4\/2013\/08\/pppenf.png\"><img decoding=\"async\" class=\"alignnone size-medium wp-image-1319\" src=\"https:\/\/saude.ufpr.br\/enfermagem\/wp-content\/uploads\/sites\/4\/2013\/08\/pppenf-300x89.png\" alt=\"\" width=\"300\" height=\"89\" srcset=\"https:\/\/saude.ufpr.br\/enfermagem\/wp-content\/uploads\/sites\/4\/2013\/08\/pppenf-300x89.png 300w, https:\/\/saude.ufpr.br\/enfermagem\/wp-content\/uploads\/sites\/4\/2013\/08\/pppenf-768x228.png 768w, https:\/\/saude.ufpr.br\/enfermagem\/wp-content\/uploads\/sites\/4\/2013\/08\/pppenf-1024x304.png 1024w, https:\/\/saude.ufpr.br\/enfermagem\/wp-content\/uploads\/sites\/4\/2013\/08\/pppenf.png 1105w\" sizes=\"(max-width: 300px) 100vw, 300px\" \/><\/a><\/p>\n<p><a href=\"https:\/\/saude.ufpr.br\/enfermagem\/wp-content\/uploads\/sites\/4\/2019\/08\/PPC-Licenciatura-PDF.pdf\">Projeto pedag\u00f3gico do Curso de Licenciatura 2015 &#8211; PDF<\/a><br \/>\n<a href=\"https:\/\/saude.ufpr.br\/enfermagem\/wp-content\/uploads\/sites\/4\/2019\/08\/PPC-Bacharelado-PDF.pdf\" target=\"_blank\" rel=\"noopener noreferrer\">Projeto Pedag\u00f3gico do Curso Bacharelado 2015 &#8211; PDF<\/a><br \/>\n<a href=\"https:\/\/saude.ufpr.br\/enfermagem\/wp-content\/uploads\/sites\/4\/2024\/08\/PPC-1.pdf\">Projeto Pedag\u00f3gico do Curso de Bacharelado &#8211; Extens\u00e3o &#8211; PDF<\/a><\/p>\n<p><a href=\"https:\/\/saude.ufpr.br\/enfermagem\/wp-content\/uploads\/sites\/4\/2018\/04\/PE.png\"><img decoding=\"async\" class=\"alignnone size-medium wp-image-1931\" src=\"https:\/\/saude.ufpr.br\/enfermagem\/wp-content\/uploads\/sites\/4\/2018\/04\/PE-300x95.png\" alt=\"\" width=\"300\" height=\"95\" srcset=\"https:\/\/saude.ufpr.br\/enfermagem\/wp-content\/uploads\/sites\/4\/2018\/04\/PE-300x95.png 300w, https:\/\/saude.ufpr.br\/enfermagem\/wp-content\/uploads\/sites\/4\/2018\/04\/PE.png 638w\" sizes=\"(max-width: 300px) 100vw, 300px\" \/><\/a><\/p>\n<p><a href=\"https:\/\/saude.ufpr.br\/enfermagem\/wp-content\/uploads\/sites\/4\/2014\/05\/Planejamento-Estrat\u00e9gico.pdf\" target=\"_blank\" rel=\"noopener noreferrer\">Planejamento Estrat\u00e9gico 2014 &#8211; 2019 &#8211; PDF<\/a><br \/>\n<a href=\"https:\/\/saude.ufpr.br\/enfermagem\/wp-content\/uploads\/sites\/4\/2020\/05\/Planejamento-Estrat\u00e9gico-DENF-2020.2025-com-aprova\u00e7\u00e3o.pdf\">Planejamento Estrat\u00e9gico 2020 &#8211; 2025 &#8211; PDF<\/a><\/p>\n<p><a href=\"https:\/\/saude.ufpr.br\/enfermagem\/wp-content\/uploads\/sites\/4\/2018\/04\/lab.png\"><img decoding=\"async\" class=\"alignnone size-medium wp-image-1946\" src=\"https:\/\/saude.ufpr.br\/enfermagem\/wp-content\/uploads\/sites\/4\/2018\/04\/lab-300x113.png\" alt=\"\" width=\"300\" height=\"113\" srcset=\"https:\/\/saude.ufpr.br\/enfermagem\/wp-content\/uploads\/sites\/4\/2018\/04\/lab-300x113.png 300w, https:\/\/saude.ufpr.br\/enfermagem\/wp-content\/uploads\/sites\/4\/2018\/04\/lab.png 570w\" sizes=\"(max-width: 300px) 100vw, 300px\" \/><\/a><\/p>\n<p><a href=\"https:\/\/saude.ufpr.br\/enfermagem\/wp-content\/uploads\/sites\/4\/2018\/04\/Diretrizes-Laborat\u00f3rio.pdf\" target=\"_blank\" rel=\"noopener noreferrer\">Diretrizes Laborat\u00f3rio &#8211; 2018 &#8211; PDF<\/a><\/p>\n<p><a href=\"https:\/\/saude.ufpr.br\/enfermagem\/wp-content\/uploads\/sites\/4\/2018\/04\/UFPR-.png\"><img loading=\"lazy\" decoding=\"async\" class=\"alignnone size-medium wp-image-1984\" src=\"https:\/\/saude.ufpr.br\/enfermagem\/wp-content\/uploads\/sites\/4\/2018\/04\/UFPR--300x111.png\" alt=\"\" width=\"300\" height=\"111\" srcset=\"https:\/\/saude.ufpr.br\/enfermagem\/wp-content\/uploads\/sites\/4\/2018\/04\/UFPR--300x111.png 300w, https:\/\/saude.ufpr.br\/enfermagem\/wp-content\/uploads\/sites\/4\/2018\/04\/UFPR-.png 437w\" sizes=\"(max-width: 300px) 100vw, 300px\" \/><\/a><\/p>\n<p><a href=\"https:\/\/saude.ufpr.br\/enfermagem\/wp-content\/uploads\/sites\/4\/2018\/04\/Resolu\u00e7\u00e3o-77-15-curr\u00edculo-bacharelado.pdf\" target=\"_blank\" rel=\"noopener noreferrer\">Resolu\u00e7\u00e3o 77\/15 &#8211; curr\u00edculo &#8211; Bacharelado<br \/>\n<\/a><a href=\"https:\/\/saude.ufpr.br\/enfermagem\/wp-content\/uploads\/sites\/4\/2018\/04\/Resolu\u00e7\u00e3o-91-15-Curriculo-Licenciatura.pdf\" target=\"_blank\" rel=\"noopener noreferrer\">Resolu\u00e7\u00e3o 91\/15 &#8211; curr\u00edculo &#8211; Licenciatura<\/a><\/p>\n<p>Quadro de Adi\u00e7\u00e3o de Disciplinas\u00a0<a href=\"https:\/\/saude.ufpr.br\/enfermagem\/wp-content\/uploads\/sites\/4\/2018\/08\/1070644Portaria.pdf\">1070644Portaria\u00a0<\/a><a href=\"https:\/\/sei.ufpr.br\/sei\/web\/controlador.php?acao=documento_visualizar&amp;acao_origem=arvore_visualizar&amp;id_documento=1112587&amp;infra_sistema=100000100&amp;infra_unidade_atual=183&amp;infra_hash=490fcc9e0bed8f270e777d4c611b3ca61fb39e4a5cc59ee2ae78bb0096c7c233\" target=\"_blank\" rel=\"noopener noreferrer\">(04\/07\/2018)<\/a><\/p>\n<p><a href=\"https:\/\/saude.ufpr.br\/enfermagem\/wp-content\/uploads\/sites\/4\/2018\/04\/Estatuto-da-UFPR.pdf\" target=\"_blank\" rel=\"noopener noreferrer\">Estatuto da UFPR<br \/>\n<\/a><a href=\"https:\/\/saude.ufpr.br\/enfermagem\/wp-content\/uploads\/sites\/4\/2018\/04\/Regimento_Geral_da_UFPR.pdf\" target=\"_blank\" rel=\"noopener noreferrer\">Regimento_Geral_da_UFPR<\/a><\/p>\n<p><a href=\"https:\/\/saude.ufpr.br\/enfermagem\/wp-content\/uploads\/sites\/4\/2018\/04\/MEC.png\"><img loading=\"lazy\" decoding=\"async\" class=\"alignnone size-medium wp-image-1981\" src=\"https:\/\/saude.ufpr.br\/enfermagem\/wp-content\/uploads\/sites\/4\/2018\/04\/MEC-300x84.png\" alt=\"\" width=\"300\" height=\"84\" srcset=\"https:\/\/saude.ufpr.br\/enfermagem\/wp-content\/uploads\/sites\/4\/2018\/04\/MEC-300x84.png 300w, https:\/\/saude.ufpr.br\/enfermagem\/wp-content\/uploads\/sites\/4\/2018\/04\/MEC.png 488w\" sizes=\"(max-width: 300px) 100vw, 300px\" \/><\/a><\/p>\n<p><a href=\"https:\/\/saude.ufpr.br\/enfermagem\/wp-content\/uploads\/sites\/4\/2022\/05\/Enf28.pdf\">Ato de Reconhecimento do Curso &#8211; 2021<\/a><\/p>\n","protected":false},"excerpt":{"rendered":"<p>&nbsp; Matriz Curricular &#8211; Bacharelado e Licenciatura em Enfermagem Matriz Curricular &#8211; Bacharelado em Enfermagem Matriz Curricular &#8211; Bacharelado &#8211; Extens\u00e3o\u00a0 Projeto pedag\u00f3gico do Curso de Licenciatura 2015 &#8211; PDF Projeto Pedag\u00f3gico do Curso Bacharelado 2015 &#8211; PDF Projeto Pedag\u00f3gico do Curso de Bacharelado &#8211; Extens\u00e3o &#8211; PDF Planejamento Estrat\u00e9gico 2014 &#8211; 2019 &#8211; PDF<br \/> <a href=\"https:\/\/saude.ufpr.br\/enfermagem\/documentos-do-curso\/\" class=\"button success small readmore\">Leia mais<\/a><\/p>\n","protected":false},"author":6,"featured_media":0,"parent":0,"menu_order":0,"comment_status":"closed","ping_status":"closed","template":"","meta":{"_acf_changed":false,"_uag_custom_page_level_css":"","footnotes":""},"class_list":["post-1943","page","type-page","status-publish","hentry"],"acf":[],"featured_image_src":null,"uagb_featured_image_src":{"full":false,"thumbnail":false,"medium":false,"medium_large":false,"large":false,"1536x1536":false,"2048x2048":false,"noticias-thumb":false,"banners-thumb":false,"maisnoticias-thumb":false,"post-thumbnail":false},"uagb_author_info":{"display_name":"Josi Dourado","author_link":"https:\/\/saude.ufpr.br\/enfermagem\/author\/josidourados\/"},"uagb_comment_info":0,"uagb_excerpt":"&nbsp; Matriz Curricular &#8211; Bacharelado e Licenciatura em Enfermagem Matriz Curricular &#8211; Bacharelado em Enfermagem Matriz Curricular &#8211; Bacharelado &#8211; Extens\u00e3o\u00a0 Projeto pedag\u00f3gico do Curso de Licenciatura 2015 &#8211; PDF Projeto Pedag\u00f3gico do Curso Bacharelado 2015 &#8211; PDF Projeto Pedag\u00f3gico do Curso de Bacharelado &#8211; Extens\u00e3o &#8211; PDF Planejamento Estrat\u00e9gico 2014 &#8211; 2019 &#8211; PDF&hellip;","publishpress_future_action":{"enabled":false,"date":"2026-05-02 05:05:48","action":"change-status","newStatus":"draft","terms":[],"taxonomy":"","extraData":[]},"publishpress_future_workflow_manual_trigger":{"enabledWorkflows":[]},"_links":{"self":[{"href":"https:\/\/saude.ufpr.br\/enfermagem\/wp-json\/wp\/v2\/pages\/1943","targetHints":{"allow":["GET"]}}],"collection":[{"href":"https:\/\/saude.ufpr.br\/enfermagem\/wp-json\/wp\/v2\/pages"}],"about":[{"href":"https:\/\/saude.ufpr.br\/enfermagem\/wp-json\/wp\/v2\/types\/page"}],"author":[{"embeddable":true,"href":"https:\/\/saude.ufpr.br\/enfermagem\/wp-json\/wp\/v2\/users\/6"}],"replies":[{"embeddable":true,"href":"https:\/\/saude.ufpr.br\/enfermagem\/wp-json\/wp\/v2\/comments?post=1943"}],"version-history":[{"count":29,"href":"https:\/\/saude.ufpr.br\/enfermagem\/wp-json\/wp\/v2\/pages\/1943\/revisions"}],"predecessor-version":[{"id":7074,"href":"https:\/\/saude.ufpr.br\/enfermagem\/wp-json\/wp\/v2\/pages\/1943\/revisions\/7074"}],"wp:attachment":[{"href":"https:\/\/saude.ufpr.br\/enfermagem\/wp-json\/wp\/v2\/media?parent=1943"}],"curies":[{"name":"wp","href":"https:\/\/api.w.org\/{rel}","templated":true}]}}