{"id":5025,"date":"2021-10-14T14:24:27","date_gmt":"2021-10-14T17:24:27","guid":{"rendered":"https:\/\/saude.ufpr.br\/enfermagem\/?page_id=5025"},"modified":"2025-01-29T18:22:09","modified_gmt":"2025-01-29T21:22:09","slug":"saude-nas-midias-pagina-inicial","status":"publish","type":"page","link":"https:\/\/saude.ufpr.br\/enfermagem\/saude-nas-midias-pagina-inicial\/","title":{"rendered":"Sa\u00fade nas M\u00eddias &#8211; Home"},"content":{"rendered":"<p><a href=\"https:\/\/saude.ufpr.br\/enfermagem\/saude-nas-midias-pagina-inicial\/\"><img decoding=\"async\" class=\"alignnone wp-image-7300\" src=\"https:\/\/saude.ufpr.br\/enfermagem\/wp-content\/uploads\/sites\/4\/2025\/01\/21-1-150x150.png\" alt=\"\" width=\"108\" height=\"108\" srcset=\"https:\/\/saude.ufpr.br\/enfermagem\/wp-content\/uploads\/sites\/4\/2025\/01\/21-1-150x150.png 150w, https:\/\/saude.ufpr.br\/enfermagem\/wp-content\/uploads\/sites\/4\/2025\/01\/21-1-300x300.png 300w, https:\/\/saude.ufpr.br\/enfermagem\/wp-content\/uploads\/sites\/4\/2025\/01\/21-1.png 500w\" sizes=\"(max-width: 108px) 100vw, 108px\" \/><\/a> <a href=\"https:\/\/saude.ufpr.br\/enfermagem\/saude-nas-midias-projetos\/\"><img decoding=\"async\" class=\"alignnone wp-image-7309\" src=\"https:\/\/saude.ufpr.br\/enfermagem\/wp-content\/uploads\/sites\/4\/2025\/01\/30-1-150x150.png\" alt=\"\" width=\"108\" height=\"108\" srcset=\"https:\/\/saude.ufpr.br\/enfermagem\/wp-content\/uploads\/sites\/4\/2025\/01\/30-1-150x150.png 150w, https:\/\/saude.ufpr.br\/enfermagem\/wp-content\/uploads\/sites\/4\/2025\/01\/30-1-300x300.png 300w, https:\/\/saude.ufpr.br\/enfermagem\/wp-content\/uploads\/sites\/4\/2025\/01\/30-1.png 500w\" sizes=\"(max-width: 108px) 100vw, 108px\" \/><\/a> <a href=\"https:\/\/saude.ufpr.br\/enfermagem\/saude-nas-midias-atividades\/\"><img decoding=\"async\" class=\"alignnone wp-image-7301\" src=\"https:\/\/saude.ufpr.br\/enfermagem\/wp-content\/uploads\/sites\/4\/2025\/01\/22-1-150x150.png\" alt=\"\" width=\"108\" height=\"108\" srcset=\"https:\/\/saude.ufpr.br\/enfermagem\/wp-content\/uploads\/sites\/4\/2025\/01\/22-1-150x150.png 150w, https:\/\/saude.ufpr.br\/enfermagem\/wp-content\/uploads\/sites\/4\/2025\/01\/22-1-300x300.png 300w, https:\/\/saude.ufpr.br\/enfermagem\/wp-content\/uploads\/sites\/4\/2025\/01\/22-1.png 500w\" sizes=\"(max-width: 108px) 100vw, 108px\" \/><\/a><a href=\"https:\/\/saude.ufpr.br\/enfermagem\/saude-nas-midias-producao-de-conteudo\/\"><img loading=\"lazy\" decoding=\"async\" class=\"alignnone wp-image-7305\" src=\"https:\/\/saude.ufpr.br\/enfermagem\/wp-content\/uploads\/sites\/4\/2025\/01\/26-1-150x150.png\" alt=\"\" width=\"108\" height=\"108\" srcset=\"https:\/\/saude.ufpr.br\/enfermagem\/wp-content\/uploads\/sites\/4\/2025\/01\/26-1-150x150.png 150w, https:\/\/saude.ufpr.br\/enfermagem\/wp-content\/uploads\/sites\/4\/2025\/01\/26-1-300x300.png 300w, https:\/\/saude.ufpr.br\/enfermagem\/wp-content\/uploads\/sites\/4\/2025\/01\/26-1.png 500w\" sizes=\"(max-width: 108px) 100vw, 108px\" \/><\/a> <a href=\"https:\/\/saude.ufpr.br\/enfermagem\/saude-nas-midias-podcast\/\"><img loading=\"lazy\" decoding=\"async\" class=\"alignnone wp-image-7307\" src=\"https:\/\/saude.ufpr.br\/enfermagem\/wp-content\/uploads\/sites\/4\/2025\/01\/28-1-150x150.png\" alt=\"\" width=\"108\" height=\"108\" srcset=\"https:\/\/saude.ufpr.br\/enfermagem\/wp-content\/uploads\/sites\/4\/2025\/01\/28-1-150x150.png 150w, https:\/\/saude.ufpr.br\/enfermagem\/wp-content\/uploads\/sites\/4\/2025\/01\/28-1-300x300.png 300w, https:\/\/saude.ufpr.br\/enfermagem\/wp-content\/uploads\/sites\/4\/2025\/01\/28-1.png 500w\" sizes=\"(max-width: 108px) 100vw, 108px\" \/><\/a><a href=\"https:\/\/saude.ufpr.br\/enfermagem\/saude-nas-midias-indicacoes\/\"><img loading=\"lazy\" decoding=\"async\" class=\"alignnone wp-image-7303\" src=\"https:\/\/saude.ufpr.br\/enfermagem\/wp-content\/uploads\/sites\/4\/2025\/01\/24-1-150x150.png\" alt=\"\" width=\"108\" height=\"108\" srcset=\"https:\/\/saude.ufpr.br\/enfermagem\/wp-content\/uploads\/sites\/4\/2025\/01\/24-1-150x150.png 150w, https:\/\/saude.ufpr.br\/enfermagem\/wp-content\/uploads\/sites\/4\/2025\/01\/24-1-300x300.png 300w, https:\/\/saude.ufpr.br\/enfermagem\/wp-content\/uploads\/sites\/4\/2025\/01\/24-1.png 500w\" sizes=\"(max-width: 108px) 100vw, 108px\" \/><\/a><\/p>\n<hr \/>\n<h4 style=\"text-align: justify\"><span style=\"color: #215564\"><strong>Projetos LabPOPSA\u00daDE<\/strong><\/span><\/h4>\n<p><a href=\"https:\/\/saude.ufpr.br\/enfermagem\/saude-nas-midias-picce\/\"><img loading=\"lazy\" decoding=\"async\" class=\"alignnone wp-image-7324\" src=\"https:\/\/saude.ufpr.br\/enfermagem\/wp-content\/uploads\/sites\/4\/2025\/01\/Pagina-inicial-e1737915007382-150x150.png\" alt=\"\" width=\"105\" height=\"105\" srcset=\"https:\/\/saude.ufpr.br\/enfermagem\/wp-content\/uploads\/sites\/4\/2025\/01\/Pagina-inicial-e1737915007382-150x150.png 150w, https:\/\/saude.ufpr.br\/enfermagem\/wp-content\/uploads\/sites\/4\/2025\/01\/Pagina-inicial-e1737915007382-300x300.png 300w, https:\/\/saude.ufpr.br\/enfermagem\/wp-content\/uploads\/sites\/4\/2025\/01\/Pagina-inicial-e1737915007382.png 402w\" sizes=\"(max-width: 105px) 100vw, 105px\" \/><\/a><a href=\"https:\/\/saude.ufpr.br\/enfermagem\/wp-content\/uploads\/sites\/4\/2025\/01\/Pagina-inicial-e1737915007382.png\">\u00a0 <\/a><a href=\"https:\/\/saude.ufpr.br\/enfermagem\/wp-content\/uploads\/sites\/4\/2025\/01\/enfermeiras-e1737915210380.png\"><img loading=\"lazy\" decoding=\"async\" class=\"wp-image-7319 alignnone\" src=\"https:\/\/saude.ufpr.br\/enfermagem\/wp-content\/uploads\/sites\/4\/2025\/01\/enfermeiras-e1737915210380-295x300.png\" alt=\"\" width=\"101\" height=\"103\" srcset=\"https:\/\/saude.ufpr.br\/enfermagem\/wp-content\/uploads\/sites\/4\/2025\/01\/enfermeiras-e1737915210380-295x300.png 295w, https:\/\/saude.ufpr.br\/enfermagem\/wp-content\/uploads\/sites\/4\/2025\/01\/enfermeiras-e1737915210380.png 422w\" sizes=\"(max-width: 101px) 100vw, 101px\" \/><\/a><a href=\"https:\/\/saude.ufpr.br\/enfermagem\/wp-content\/uploads\/sites\/4\/2025\/01\/Pagina-inicial-e1737915007382.png\">\u00a0<\/a> <a href=\"https:\/\/saude.ufpr.br\/enfermagem\/wp-content\/uploads\/sites\/4\/2025\/01\/covid-e1737915445123.png\"><img loading=\"lazy\" decoding=\"async\" class=\"wp-image-7340 alignnone\" src=\"https:\/\/saude.ufpr.br\/enfermagem\/wp-content\/uploads\/sites\/4\/2025\/01\/covid-e1737915445123-300x300.png\" alt=\"\" width=\"105\" height=\"105\" srcset=\"https:\/\/saude.ufpr.br\/enfermagem\/wp-content\/uploads\/sites\/4\/2025\/01\/covid-e1737915445123-300x300.png 300w, https:\/\/saude.ufpr.br\/enfermagem\/wp-content\/uploads\/sites\/4\/2025\/01\/covid-e1737915445123-150x150.png 150w, https:\/\/saude.ufpr.br\/enfermagem\/wp-content\/uploads\/sites\/4\/2025\/01\/covid-e1737915445123.png 415w\" sizes=\"(max-width: 105px) 100vw, 105px\" \/>\u00a0 <\/a><a href=\"https:\/\/saude.ufpr.br\/enfermagem\/wp-content\/uploads\/sites\/4\/2025\/01\/e-sagid-e1737916212407.png\"><img loading=\"lazy\" decoding=\"async\" class=\"alignnone wp-image-7342\" src=\"https:\/\/saude.ufpr.br\/enfermagem\/wp-content\/uploads\/sites\/4\/2025\/01\/e-sagid-e1737916212407-300x300.png\" alt=\"\" width=\"105\" height=\"105\" srcset=\"https:\/\/saude.ufpr.br\/enfermagem\/wp-content\/uploads\/sites\/4\/2025\/01\/e-sagid-e1737916212407-300x300.png 300w, https:\/\/saude.ufpr.br\/enfermagem\/wp-content\/uploads\/sites\/4\/2025\/01\/e-sagid-e1737916212407-150x150.png 150w, https:\/\/saude.ufpr.br\/enfermagem\/wp-content\/uploads\/sites\/4\/2025\/01\/e-sagid-e1737916212407.png 402w\" sizes=\"(max-width: 105px) 100vw, 105px\" \/>\u00a0<\/a><a href=\"https:\/\/saude.ufpr.br\/enfermagem\/wp-content\/uploads\/sites\/4\/2025\/01\/fall-e1737916326828.png\">\u00a0 <\/a><a href=\"https:\/\/saude.ufpr.br\/enfermagem\/projeto-fall-tips\/\"><img loading=\"lazy\" decoding=\"async\" class=\"alignnone wp-image-7344\" src=\"https:\/\/saude.ufpr.br\/enfermagem\/wp-content\/uploads\/sites\/4\/2025\/01\/fall-e1737916326828-300x298.png\" alt=\"\" width=\"106\" height=\"105\" srcset=\"https:\/\/saude.ufpr.br\/enfermagem\/wp-content\/uploads\/sites\/4\/2025\/01\/fall-e1737916326828-300x298.png 300w, https:\/\/saude.ufpr.br\/enfermagem\/wp-content\/uploads\/sites\/4\/2025\/01\/fall-e1737916326828-150x150.png 150w, https:\/\/saude.ufpr.br\/enfermagem\/wp-content\/uploads\/sites\/4\/2025\/01\/fall-e1737916326828.png 391w\" sizes=\"(max-width: 106px) 100vw, 106px\" \/><\/a><a href=\"https:\/\/saude.ufpr.br\/enfermagem\/wp-content\/uploads\/sites\/4\/2025\/01\/MULHERES-e1737916400672.png\"><img loading=\"lazy\" decoding=\"async\" class=\"alignnone wp-image-7345\" src=\"https:\/\/saude.ufpr.br\/enfermagem\/wp-content\/uploads\/sites\/4\/2025\/01\/MULHERES-e1737916400672-300x300.png\" alt=\"\" width=\"105\" height=\"104\" srcset=\"https:\/\/saude.ufpr.br\/enfermagem\/wp-content\/uploads\/sites\/4\/2025\/01\/MULHERES-e1737916400672-300x300.png 300w, https:\/\/saude.ufpr.br\/enfermagem\/wp-content\/uploads\/sites\/4\/2025\/01\/MULHERES-e1737916400672-150x150.png 150w, https:\/\/saude.ufpr.br\/enfermagem\/wp-content\/uploads\/sites\/4\/2025\/01\/MULHERES-e1737916400672.png 405w\" sizes=\"(max-width: 105px) 100vw, 105px\" \/>\u00a0<\/a><a href=\"https:\/\/saude.ufpr.br\/enfermagem\/wp-content\/uploads\/sites\/4\/2025\/01\/MSMH-e1737916451191.png\"><img loading=\"lazy\" decoding=\"async\" class=\"alignnone wp-image-7347\" src=\"https:\/\/saude.ufpr.br\/enfermagem\/wp-content\/uploads\/sites\/4\/2025\/01\/MSMH-e1737916451191-300x300.png\" alt=\"\" width=\"100\" height=\"100\" srcset=\"https:\/\/saude.ufpr.br\/enfermagem\/wp-content\/uploads\/sites\/4\/2025\/01\/MSMH-e1737916451191-300x300.png 300w, https:\/\/saude.ufpr.br\/enfermagem\/wp-content\/uploads\/sites\/4\/2025\/01\/MSMH-e1737916451191-150x150.png 150w, https:\/\/saude.ufpr.br\/enfermagem\/wp-content\/uploads\/sites\/4\/2025\/01\/MSMH-e1737916451191.png 401w\" sizes=\"(max-width: 100px) 100vw, 100px\" \/> <\/a><a href=\"https:\/\/saude.ufpr.br\/enfermagem\/wp-content\/uploads\/sites\/4\/2025\/01\/unica-1-e1737916511691.png\"><img loading=\"lazy\" decoding=\"async\" class=\"alignnone wp-image-7349\" src=\"https:\/\/saude.ufpr.br\/enfermagem\/wp-content\/uploads\/sites\/4\/2025\/01\/unica-1-e1737916511691-300x300.png\" alt=\"\" width=\"105\" height=\"105\" srcset=\"https:\/\/saude.ufpr.br\/enfermagem\/wp-content\/uploads\/sites\/4\/2025\/01\/unica-1-e1737916511691-300x300.png 300w, https:\/\/saude.ufpr.br\/enfermagem\/wp-content\/uploads\/sites\/4\/2025\/01\/unica-1-e1737916511691-150x150.png 150w, https:\/\/saude.ufpr.br\/enfermagem\/wp-content\/uploads\/sites\/4\/2025\/01\/unica-1-e1737916511691.png 409w\" sizes=\"(max-width: 105px) 100vw, 105px\" \/>\u00a0<\/a><a href=\"https:\/\/saude.ufpr.br\/enfermagem\/wp-content\/uploads\/sites\/4\/2025\/01\/sinais.png\"><img loading=\"lazy\" decoding=\"async\" class=\"alignnone wp-image-7350\" src=\"https:\/\/saude.ufpr.br\/enfermagem\/wp-content\/uploads\/sites\/4\/2025\/01\/sinais-e1737916587203-150x150.png\" alt=\"\" width=\"105\" height=\"106\" srcset=\"https:\/\/saude.ufpr.br\/enfermagem\/wp-content\/uploads\/sites\/4\/2025\/01\/sinais-e1737916587203-150x150.png 150w, https:\/\/saude.ufpr.br\/enfermagem\/wp-content\/uploads\/sites\/4\/2025\/01\/sinais-e1737916587203-296x300.png 296w, https:\/\/saude.ufpr.br\/enfermagem\/wp-content\/uploads\/sites\/4\/2025\/01\/sinais-e1737916587203.png 419w\" sizes=\"(max-width: 105px) 100vw, 105px\" \/><\/a><\/p>\n<hr \/>\n<table style=\"height: 61px\" width=\"677\">\n<tbody>\n<tr>\n<td width=\"383\">\n<h5><span style=\"color: #215564\">Siga-nos nas nossas Redes Sociais!<\/span><a href=\"https:\/\/www.instagram.com\/saude_nas_midias\/\"> \u00a0<\/a><a href=\"https:\/\/www.instagram.com\/saude_nas_midias\/\" target=\"_blank\" rel=\"noopener\"> \u00a0<\/a><a href=\"https:\/\/www.instagram.com\/saude_nas_midias\/\" target=\"_blank\" rel=\"noopener\"><img loading=\"lazy\" decoding=\"async\" class=\"alignnone wp-image-4009\" src=\"https:\/\/saude.ufpr.br\/enfermagem\/wp-content\/uploads\/sites\/4\/2020\/07\/logo-Instagram-150x150.png\" alt=\"\" width=\"50\" height=\"50\" srcset=\"https:\/\/saude.ufpr.br\/enfermagem\/wp-content\/uploads\/sites\/4\/2020\/07\/logo-Instagram-150x150.png 150w, https:\/\/saude.ufpr.br\/enfermagem\/wp-content\/uploads\/sites\/4\/2020\/07\/logo-Instagram-300x300.png 300w, https:\/\/saude.ufpr.br\/enfermagem\/wp-content\/uploads\/sites\/4\/2020\/07\/logo-Instagram-1024x1024.png 1024w, https:\/\/saude.ufpr.br\/enfermagem\/wp-content\/uploads\/sites\/4\/2020\/07\/logo-Instagram-768x768.png 768w, https:\/\/saude.ufpr.br\/enfermagem\/wp-content\/uploads\/sites\/4\/2020\/07\/logo-Instagram-1536x1536.png 1536w, https:\/\/saude.ufpr.br\/enfermagem\/wp-content\/uploads\/sites\/4\/2020\/07\/logo-Instagram-2048x2048.png 2048w\" sizes=\"(max-width: 50px) 100vw, 50px\" \/>\u00a0\u00a0<\/a><a style=\"font-family: inherit;font-size: inherit\" href=\"https:\/\/www.facebook.com\/saude_nas_midias-111102907262187\" target=\"_blank\" rel=\"noopener\"><img loading=\"lazy\" decoding=\"async\" class=\"alignnone wp-image-4078\" src=\"https:\/\/saude.ufpr.br\/enfermagem\/wp-content\/uploads\/sites\/4\/2020\/07\/facebook-icone-icon-300x300.png\" alt=\"Facebook Sa\u00fade nas M\u00eddias\" width=\"50\" height=\"50\" srcset=\"https:\/\/saude.ufpr.br\/enfermagem\/wp-content\/uploads\/sites\/4\/2020\/07\/facebook-icone-icon-300x300.png 300w, https:\/\/saude.ufpr.br\/enfermagem\/wp-content\/uploads\/sites\/4\/2020\/07\/facebook-icone-icon-1024x1024.png 1024w, https:\/\/saude.ufpr.br\/enfermagem\/wp-content\/uploads\/sites\/4\/2020\/07\/facebook-icone-icon-150x150.png 150w, https:\/\/saude.ufpr.br\/enfermagem\/wp-content\/uploads\/sites\/4\/2020\/07\/facebook-icone-icon-768x768.png 768w, https:\/\/saude.ufpr.br\/enfermagem\/wp-content\/uploads\/sites\/4\/2020\/07\/facebook-icone-icon-1536x1536.png 1536w, https:\/\/saude.ufpr.br\/enfermagem\/wp-content\/uploads\/sites\/4\/2020\/07\/facebook-icone-icon-2048x2048.png 2048w\" sizes=\"(max-width: 50px) 100vw, 50px\" \/><\/a><a href=\"https:\/\/www.instagram.com\/saude_nas_midias\/\">\u00a0<\/a><a style=\"font-family: inherit;font-size: inherit\" href=\"https:\/\/www.youtube.com\/channel\/UC2WG8v86bwhfNZvd_xy3uuQ\" target=\"_blank\" rel=\"noopener\"><img loading=\"lazy\" decoding=\"async\" class=\"alignnone wp-image-4016\" src=\"https:\/\/saude.ufpr.br\/enfermagem\/wp-content\/uploads\/sites\/4\/2020\/07\/logo-youtube-300x300.png\" alt=\"Youtube Sa\u00fade nas m\u00eddias\" width=\"50\" height=\"50\" srcset=\"https:\/\/saude.ufpr.br\/enfermagem\/wp-content\/uploads\/sites\/4\/2020\/07\/logo-youtube-300x300.png 300w, https:\/\/saude.ufpr.br\/enfermagem\/wp-content\/uploads\/sites\/4\/2020\/07\/logo-youtube-150x150.png 150w, https:\/\/saude.ufpr.br\/enfermagem\/wp-content\/uploads\/sites\/4\/2020\/07\/logo-youtube.png 512w\" sizes=\"(max-width: 50px) 100vw, 50px\" \/><\/a> <a style=\"font-family: inherit;font-size: inherit\" href=\"https:\/\/twitter.com\/saudemidiasUFPR\" target=\"_blank\" rel=\"noopener\"><img loading=\"lazy\" decoding=\"async\" class=\"alignnone wp-image-4080\" src=\"https:\/\/saude.ufpr.br\/enfermagem\/wp-content\/uploads\/sites\/4\/2020\/07\/twitter-png2.png\" alt=\"Twitter Sa\u00fade nas m\u00eddias\" width=\"50\" height=\"50\" srcset=\"https:\/\/saude.ufpr.br\/enfermagem\/wp-content\/uploads\/sites\/4\/2020\/07\/twitter-png2.png 225w, https:\/\/saude.ufpr.br\/enfermagem\/wp-content\/uploads\/sites\/4\/2020\/07\/twitter-png2-150x150.png 150w\" sizes=\"(max-width: 50px) 100vw, 50px\" \/><\/a><a style=\"font-family: inherit;font-size: inherit\" href=\"https:\/\/open.spotify.com\/show\/7j73tXJp3viSv2jiDxigii\" target=\"_blank\" rel=\"noopener\">\u00a0\u00a0<img loading=\"lazy\" decoding=\"async\" class=\"alignnone wp-image-4079\" src=\"https:\/\/saude.ufpr.br\/enfermagem\/wp-content\/uploads\/sites\/4\/2020\/07\/spotify-logo-png-open-2000-300x300.png\" alt=\"Spotify Sa\u00fade nas m\u00eddias\" width=\"50\" height=\"50\" srcset=\"https:\/\/saude.ufpr.br\/enfermagem\/wp-content\/uploads\/sites\/4\/2020\/07\/spotify-logo-png-open-2000-300x300.png 300w, https:\/\/saude.ufpr.br\/enfermagem\/wp-content\/uploads\/sites\/4\/2020\/07\/spotify-logo-png-open-2000-1024x1024.png 1024w, https:\/\/saude.ufpr.br\/enfermagem\/wp-content\/uploads\/sites\/4\/2020\/07\/spotify-logo-png-open-2000-150x150.png 150w, https:\/\/saude.ufpr.br\/enfermagem\/wp-content\/uploads\/sites\/4\/2020\/07\/spotify-logo-png-open-2000-768x768.png 768w, https:\/\/saude.ufpr.br\/enfermagem\/wp-content\/uploads\/sites\/4\/2020\/07\/spotify-logo-png-open-2000-1536x1536.png 1536w, https:\/\/saude.ufpr.br\/enfermagem\/wp-content\/uploads\/sites\/4\/2020\/07\/spotify-logo-png-open-2000.png 2000w\" sizes=\"(max-width: 50px) 100vw, 50px\" \/><\/a><\/h5>\n<\/td>\n<\/tr>\n<\/tbody>\n<\/table>\n<h4 style=\"text-align: justify\"><span style=\"color: #215564\"><strong>O LabPOPSA\u00daDE<\/strong><\/span><\/h4>\n<p style=\"padding-left: 40px\"><span style=\"color: #000000\">Projeto interdisciplinar que visa a populariza\u00e7\u00e3o das ci\u00eancias da sa\u00fade, a partir da capacita\u00e7\u00e3o de profissionais, estudantes e sociedade em geral bem como da produ\u00e7\u00e3o e veicula\u00e7\u00e3o de materiais did\u00e1tico pedag\u00f3gicos e cient\u00edficos em m\u00faltiplas m\u00eddias (escrita, audiovisual), em congressos cient\u00edficos, feiras de ci\u00eancia, museus, escolas e demais espa\u00e7os n\u00e3o formais de divulga\u00e7\u00e3o cient\u00edfica.<\/span><\/p>\n<h4 style=\"text-align: justify\"><span style=\"color: #215564\"><strong>Quem somos<\/strong><\/span><\/h4>\n<p class=\"cvGsUA direction-ltr align-justify para-style-body\" style=\"padding-left: 40px\"><span class=\"OYPEnA font-feature-liga-off font-feature-clig-off font-feature-calt-off text-decoration-none text-strikethrough-none\">Extensionistas<\/span><span class=\"OYPEnA font-feature-liga-off font-feature-clig-off font-feature-calt-off text-decoration-none text-strikethrough-none\">: <\/span><span class=\"OYPEnA font-feature-liga-off font-feature-clig-off font-feature-calt-off text-decoration-none text-strikethrough-none\">Alunos de gradua\u00e7\u00e3o e p\u00f3s-gradua\u00e7\u00e3o, docentes e t\u00e9cnico-administrativo em educa\u00e7\u00e3o da UFPR.<\/span><\/p>\n<h4 style=\"text-align: justify\"><span style=\"color: #215564\"><strong>Objetivo Geral<\/strong><\/span><\/h4>\n<p style=\"padding-left: 40px\" align=\"justify: 40px;\">Fomentar a\u00e7\u00f5es de populariza\u00e7\u00e3o das Ci\u00eancias da Sa\u00fade em espa\u00e7os formais e n\u00e3o formais, baseadas nos princ\u00edpios da Divulga\u00e7\u00e3o Cient\u00edfica.<\/p>\n<h4 style=\"text-align: justify\"><span style=\"color: #215564\"><strong>Retrospectiva<\/strong><\/span><\/h4>\n<p style=\"padding-left: 40px\" align=\"justify: 40px;\">O Laborat\u00f3rio de populariza\u00e7\u00e3o das Ci\u00eancias da Sa\u00fade &#8211; LabPOPSA\u00daDE teve como precursor o Projeto de Extens\u00e3o Universit\u00e1ria Sa\u00fade nas M\u00eddias do Departamento de Enfermagem da UFPR registrado no Comit\u00ea de Extens\u00e3o do Setor de Ci\u00eancias da Sa\u00fade desde mar\u00e7o de 2020. Inserido em \u00e1reas de grande pertin\u00eancia social, como a produ\u00e7\u00e3o e veicula\u00e7\u00e3o de m\u00eddia comunit\u00e1ria escrita e eletr\u00f4nica, que por sua vez est\u00e1 ligada ao direito \u00e0 informa\u00e7\u00e3o qualificada em Sa\u00fade (como previsto na Constitui\u00e7\u00e3o Federal Brasileira), e consequentemente \u00e0 promo\u00e7\u00e3o da Sa\u00fade e da qualidade de vida.<\/p>\n<p style=\"padding-left: 40px\" align=\"justify: 40px;\">Em atividade desde 2019, em projeto piloto, teve como atividades: forma\u00e7\u00e3o, a\u00e7\u00f5es amplas de Divulga\u00e7\u00e3o Cient\u00edfica pela R\u00e1dio UniFm (2019), transmiss\u00f5es ao vivo pelas redes sociais do projeto (@saude_nas_midias, 2020), numa linguagem acess\u00edvel, promovendo a educa\u00e7\u00e3o de jovens e adultos, bem como a educa\u00e7\u00e3o profissional \u2013 o que conferiram o pr\u00eamio como iniciativa Nursing Now, promovido pela Organiza\u00e7\u00e3o Panamericana de Sa\u00fade e Conselho Federal de Enfermagem, em 2021.<\/p>\n<p style=\"padding-left: 40px\" align=\"justify: 40px;\">Dentre as parcerias estabelecidas, destaca-se as com a UniFm (2019) para participa\u00e7\u00e3o semanal em programa de r\u00e1dio (2020); com o Programa de P\u00f3s-gradua\u00e7\u00e3o em Educa\u00e7\u00e3o da Universidade Tiradentes (2020) para ofertar o Curso de Fundamentos de Divulga\u00e7\u00e3o Cient\u00edfica; com o Virtual Global Health Hub da Universidade do Texas em San Antonio (EUA), para realiza\u00e7\u00e3o de webin\u00e1rios sobre temas relacionados \u00e0 sa\u00fade, enfermagem e desenvolvimento sustent\u00e1vel mundial, e uma visita t\u00e9cnica do grupo norte-americano no ano de 2023 (2021 at\u00e9 o presente); com o Projeto Cientistas nas Escolas \u2013 Secretaria Municipal de Educa\u00e7\u00e3o de Curitiba para palestras em escolas sobre &#8220;Enfermeiras Cientistas&#8221;.<\/p>\n<p style=\"padding-left: 40px\" align=\"justify: 40px;\">Mais recentemente, com o NAPI Paran\u00e1 Faz Ci\u00eancia da Funda\u00e7\u00e3o Arauc\u00e1ria, com o Museu Din\u00e2mico Interdisciplinar (MUDI) e o projeto Conex\u00e3o Ci\u00eancia da UEM para amplia\u00e7\u00e3o da divulga\u00e7\u00e3o de a\u00e7\u00f5es de populariza\u00e7\u00e3o da ci\u00eancia e ci\u00eancia cidad\u00e3 no Estado do Paran\u00e1. Ainda, faz parte do Programa de Extens\u00e3o &#8220;Tecendo Inova\u00e7\u00e3o e Conhecimento: populariza\u00e7\u00e3o da Ci\u00eancia rumo \u00e0 Transforma\u00e7\u00e3o e Bem-Estar&#8221; (TIC-TransformaBem)da UFPR \u2013 parceria de Programas de P\u00f3s-Gradua\u00e7\u00e3o (PPG) da UFPR (Pr\u00e1tica do Cuidado em Sa\u00fade; Psicologia, Educa\u00e7\u00e3o F\u00edsica e Inform\u00e1tica), e externos (PPG em Enfermagem da UEM e UEL). A\u00e7\u00f5es de curriculariza\u00e7\u00e3o da extens\u00e3o s\u00e3o j\u00e1 realizadas na disciplina de (gradua\u00e7\u00e3o) Gest\u00e3o da Informa\u00e7\u00e3o em Sa\u00fade, Gest\u00e3o da Qualidade do Curso de Enfermagem da UFPR e previstas entre as parcerias com os PPGs.<\/p>\n<p class=\"cvGsUA direction-ltr align-start para-style-body\" style=\"padding-left: 80px\"><strong><span class=\"OYPEnA font-feature-liga-off font-feature-clig-off font-feature-calt-off text-decoration-none text-strikethrough-none\">2019<\/span><\/strong><\/p>\n<ul>\n<li style=\"list-style-type: none\">\n<ul>\n<li style=\"list-style-type: none\">\n<ul>\n<li><span class=\"OYPEnA font-feature-liga-off font-feature-clig-off font-feature-calt-off text-decoration-none text-strikethrough-none\">Programas semanais na R\u00e1dio UniFM 94.5 Curitiba \u2013 uma emissora Funpar &#8211; UFPR.<\/span><\/li>\n<\/ul>\n<\/li>\n<\/ul>\n<\/li>\n<\/ul>\n<p class=\"cvGsUA direction-ltr align-start para-style-body\" style=\"padding-left: 80px\"><strong><span class=\"OYPEnA font-feature-liga-off font-feature-clig-off font-feature-calt-off text-decoration-none text-strikethrough-none\">2020<\/span><\/strong><span class=\"OYPEnA font-feature-liga-off font-feature-clig-off font-feature-calt-off text-decoration-none text-strikethrough-none\">\u00a0<\/span><\/p>\n<ul>\n<li style=\"list-style-type: none\">\n<ul>\n<li style=\"list-style-type: none\">\n<ul>\n<li><span class=\"OYPEnA font-feature-liga-off font-feature-clig-off font-feature-calt-off text-decoration-none text-strikethrough-none\">Curso de Fundamentos de Divulga\u00e7\u00e3o Cient\u00edfica (PPGE UNIT).<\/span><\/li>\n<li><span class=\"OYPEnA font-feature-liga-off font-feature-clig-off font-feature-calt-off text-decoration-none text-strikethrough-none\">Lives com grupos Pet Sa\u00fade.<\/span><\/li>\n<li><span class=\"OYPEnA font-feature-liga-off font-feature-clig-off font-feature-calt-off text-decoration-none text-strikethrough-none\">Lives com profissionais da sa\u00fade.<\/span><\/li>\n<li><span class=\"OYPEnA font-feature-liga-off font-feature-clig-off font-feature-calt-off text-decoration-none text-strikethrough-none\">Programa no r\u00e1dio (cancelado no 1\u00ba semestre).<\/span><\/li>\n<li><span class=\"OYPEnA font-feature-liga-off font-feature-clig-off font-feature-calt-off text-decoration-none text-strikethrough-none\">Produ\u00e7\u00e3o de Conte\u00fado para M\u00eddias Digitais.<\/span><\/li>\n<li><span class=\"OYPEnA font-feature-liga-off font-feature-clig-off font-feature-calt-off text-decoration-none text-strikethrough-none\">Pr\u00eamio Nursing Now (OPAS\/Cofen).<\/span><\/li>\n<\/ul>\n<\/li>\n<\/ul>\n<\/li>\n<\/ul>\n<p class=\"cvGsUA direction-ltr align-start para-style-body\" style=\"padding-left: 80px\"><strong><span class=\"OYPEnA font-feature-liga-off font-feature-clig-off font-feature-calt-off text-decoration-none text-strikethrough-none\">2021<\/span><\/strong><\/p>\n<ul>\n<li style=\"list-style-type: none\">\n<ul>\n<li style=\"list-style-type: none\">\n<ul>\n<li><span class=\"OYPEnA font-feature-liga-off font-feature-clig-off font-feature-calt-off text-decoration-none text-strikethrough-none\">Lives com centro-acad\u00eamicos (CAs) da Sa\u00fade (Feira de Profiss\u00f5es).<\/span><\/li>\n<li><span class=\"OYPEnA font-feature-liga-off font-feature-clig-off font-feature-calt-off text-decoration-none text-strikethrough-none\">Semana da Enfermagem.<\/span><\/li>\n<li><span class=\"OYPEnA font-feature-liga-off font-feature-clig-off font-feature-calt-off text-decoration-none text-strikethrough-none\">Podcasts para Profissionais da Sa\u00fade.<\/span><\/li>\n<li><span class=\"OYPEnA font-feature-liga-off font-feature-clig-off font-feature-calt-off text-decoration-none text-strikethrough-none\">Virtual Global Health Hub.<\/span><\/li>\n<li><span class=\"OYPEnA font-feature-liga-off font-feature-clig-off font-feature-calt-off text-decoration-none text-strikethrough-none\">Nursing Now \u2013 OPAS \u2013 OMS.<\/span><\/li>\n<\/ul>\n<\/li>\n<\/ul>\n<\/li>\n<\/ul>\n<p class=\"cvGsUA direction-ltr align-start para-style-body\" style=\"padding-left: 80px\"><strong><span class=\"OYPEnA font-feature-liga-off font-feature-clig-off font-feature-calt-off text-decoration-none text-strikethrough-none\">2022<\/span><\/strong><\/p>\n<ul>\n<li style=\"list-style-type: none\">\n<ul>\n<li style=\"list-style-type: none\">\n<ul>\n<li><span class=\"OYPEnA font-feature-liga-off font-feature-clig-off font-feature-calt-off text-decoration-none text-strikethrough-none\">Podcasts com Entrevistas.<\/span><\/li>\n<li><span class=\"OYPEnA font-feature-liga-off font-feature-clig-off font-feature-calt-off text-decoration-none text-strikethrough-none\">Produ\u00e7\u00e3o de Conte\u00fado.<\/span><\/li>\n<li><span class=\"OYPEnA font-feature-liga-off font-feature-clig-off font-feature-calt-off text-decoration-none text-strikethrough-none\">Parceria com Cogitare Enfermagem.<\/span><\/li>\n<li><span class=\"OYPEnA font-feature-liga-off font-feature-clig-off font-feature-calt-off text-decoration-none text-strikethrough-none\">Amplia\u00e7\u00e3o para rede TikTok.<\/span><\/li>\n<li><span class=\"OYPEnA font-feature-liga-off font-feature-clig-off font-feature-calt-off text-decoration-none text-strikethrough-none\">Parcerias com Projetos de Pesquisa.<\/span><\/li>\n<\/ul>\n<\/li>\n<\/ul>\n<\/li>\n<\/ul>\n<p class=\"cvGsUA direction-ltr align-start para-style-body\" style=\"padding-left: 80px\"><strong><span class=\"OYPEnA font-feature-liga-off font-feature-clig-off font-feature-calt-off text-decoration-none text-strikethrough-none\">2023<\/span><\/strong><\/p>\n<ul>\n<li style=\"list-style-type: none\">\n<ul>\n<li style=\"list-style-type: none\">\n<ul>\n<li><span class=\"OYPEnA font-feature-liga-off font-feature-clig-off font-feature-calt-off text-decoration-none text-strikethrough-none\">Interc\u00e2mbio com UTHealth San Antonio &#8211; Virtual Global Health Hub.<\/span><\/li>\n<li><span class=\"OYPEnA font-feature-liga-off font-feature-clig-off font-feature-calt-off text-decoration-none text-strikethrough-none\">Mini Curso no Congresso Brasileiro de Enfermagem &#8211; RJ.<\/span><\/li>\n<li><span class=\"OYPEnA font-feature-liga-off font-feature-clig-off font-feature-calt-off text-decoration-none text-strikethrough-none\">Confer\u00eancia no Semin\u00e1rio Nacional de Pesquisa em Enfermagem &#8211; SENPE &#8211; Curitiba.<\/span><\/li>\n<li><span class=\"OYPEnA font-feature-liga-off font-feature-clig-off font-feature-calt-off text-decoration-none text-strikethrough-none\">Participa\u00e7\u00e3o na SBPC &#8211; Curitiba -&gt; Minicurso DC e Pensamento Cr\u00edtico.<\/span><\/li>\n<li><span class=\"OYPEnA font-feature-liga-off font-feature-clig-off font-feature-calt-off text-decoration-none text-strikethrough-none\">Projeto Cientistas nas Escolas &#8211; Secretaria Municipal de Educa\u00e7\u00e3o de Curitiba.<\/span><\/li>\n<\/ul>\n<\/li>\n<\/ul>\n<\/li>\n<\/ul>\n<p class=\"cvGsUA direction-ltr align-start para-style-body\" style=\"padding-left: 80px\"><strong><span class=\"OYPEnA font-feature-liga-off font-feature-clig-off font-feature-calt-off text-decoration-none text-strikethrough-none\">2024<\/span><\/strong><\/p>\n<ul>\n<li style=\"list-style-type: none\">\n<ul>\n<li style=\"list-style-type: none\">\n<ul>\n<li><span class=\"OYPEnA font-feature-liga-off font-feature-clig-off font-feature-calt-off text-decoration-none text-strikethrough-none\">Parceria com NAPI Paran\u00e1 Faz Ci\u00eancia.<\/span><\/li>\n<li><span class=\"OYPEnA font-feature-liga-off font-feature-clig-off font-feature-calt-off text-decoration-none text-strikethrough-none\">Projeto Interinstitucional de Ci\u00eancia Cidad\u00e3 na Escola (PICCE &#8211; UFPR) &#8211; <\/span><span class=\"OYPEnA font-feature-liga-off font-feature-clig-off font-feature-calt-off text-decoration-none text-strikethrough-none\">Observat\u00f3rio OPAS.<\/span><\/li>\n<li><span class=\"OYPEnA font-feature-liga-off font-feature-clig-off font-feature-calt-off text-decoration-none text-strikethrough-none\">Clubes de Ci\u00eancias em Escolas P\u00fablicas do Estado do Paran\u00e1.<\/span><\/li>\n<li><span class=\"OYPEnA font-feature-liga-off font-feature-clig-off font-feature-calt-off text-decoration-none text-strikethrough-none\">Financiamento ITAIPU \u2013 Sa\u00fade ambiental e Desenvolvimento Territorial Sustent\u00e1vel.<\/span><\/li>\n<li><span class=\"OYPEnA font-feature-liga-off font-feature-clig-off font-feature-calt-off text-decoration-none text-strikethrough-none\">Edital CNPq Meninas e Mulheres nas Ci\u00eancias Exatas, Tecnologias e Computa\u00e7\u00e3o &#8211; Sa\u00fade Feminina.<\/span><\/li>\n<li><span class=\"OYPEnA font-feature-liga-off font-feature-clig-off font-feature-calt-off text-decoration-none text-strikethrough-none\">A Ci\u00eancia que acontece no CHC-UFPR.<\/span><\/li>\n<\/ul>\n<\/li>\n<\/ul>\n<\/li>\n<\/ul>\n<h4 style=\"text-align: justify\"><span style=\"color: #215564\"><strong>Grupos e Institui\u00e7\u00f5es parceiras<\/strong><\/span><\/h4>\n<p><a href=\"https:\/\/saude.ufpr.br\/enfermagem\/wp-content\/uploads\/sites\/4\/2025\/01\/rede-2.jpg\"><img loading=\"lazy\" decoding=\"async\" class=\"alignnone size-medium wp-image-7388\" src=\"https:\/\/saude.ufpr.br\/enfermagem\/wp-content\/uploads\/sites\/4\/2025\/01\/rede-2.jpg\" alt=\"\" width=\"1\" height=\"1\" \/><\/a> <a href=\"https:\/\/saude.ufpr.br\/enfermagem\/wp-content\/uploads\/sites\/4\/2025\/01\/865f952c-14b5-4b09-bf71-20e9161766d8-e1738184253420.png\"><img loading=\"lazy\" decoding=\"async\" class=\"alignnone wp-image-7418\" src=\"https:\/\/saude.ufpr.br\/enfermagem\/wp-content\/uploads\/sites\/4\/2025\/01\/865f952c-14b5-4b09-bf71-20e9161766d8-e1738184253420-300x77.png\" alt=\"\" width=\"153\" height=\"39\" srcset=\"https:\/\/saude.ufpr.br\/enfermagem\/wp-content\/uploads\/sites\/4\/2025\/01\/865f952c-14b5-4b09-bf71-20e9161766d8-e1738184253420-300x77.png 300w, https:\/\/saude.ufpr.br\/enfermagem\/wp-content\/uploads\/sites\/4\/2025\/01\/865f952c-14b5-4b09-bf71-20e9161766d8-e1738184253420.png 578w\" sizes=\"(max-width: 153px) 100vw, 153px\" \/><\/a> <a href=\"https:\/\/saude.ufpr.br\/enfermagem\/wp-content\/uploads\/sites\/4\/2025\/01\/865f952c-14b5-4b09-bf71-20e9161766d8-2-e1738184351893.png\"><img loading=\"lazy\" decoding=\"async\" class=\"alignnone wp-image-7421\" src=\"https:\/\/saude.ufpr.br\/enfermagem\/wp-content\/uploads\/sites\/4\/2025\/01\/865f952c-14b5-4b09-bf71-20e9161766d8-2-e1738184351893-300x82.png\" alt=\"\" width=\"165\" height=\"45\" srcset=\"https:\/\/saude.ufpr.br\/enfermagem\/wp-content\/uploads\/sites\/4\/2025\/01\/865f952c-14b5-4b09-bf71-20e9161766d8-2-e1738184351893-300x82.png 300w, https:\/\/saude.ufpr.br\/enfermagem\/wp-content\/uploads\/sites\/4\/2025\/01\/865f952c-14b5-4b09-bf71-20e9161766d8-2-e1738184351893.png 451w\" sizes=\"(max-width: 165px) 100vw, 165px\" \/> <\/a><a href=\"https:\/\/saude.ufpr.br\/enfermagem\/wp-content\/uploads\/sites\/4\/2025\/01\/pr-faz-ciencia.png\"><img loading=\"lazy\" decoding=\"async\" class=\"alignnone wp-image-7385\" src=\"https:\/\/saude.ufpr.br\/enfermagem\/wp-content\/uploads\/sites\/4\/2025\/01\/pr-faz-ciencia-300x85.png\" alt=\"\" width=\"158\" height=\"45\" srcset=\"https:\/\/saude.ufpr.br\/enfermagem\/wp-content\/uploads\/sites\/4\/2025\/01\/pr-faz-ciencia-300x85.png 300w, https:\/\/saude.ufpr.br\/enfermagem\/wp-content\/uploads\/sites\/4\/2025\/01\/pr-faz-ciencia-768x218.png 768w, https:\/\/saude.ufpr.br\/enfermagem\/wp-content\/uploads\/sites\/4\/2025\/01\/pr-faz-ciencia.png 1024w\" sizes=\"(max-width: 158px) 100vw, 158px\" \/><\/a><a href=\"https:\/\/saude.ufpr.br\/enfermagem\/wp-content\/uploads\/sites\/4\/2025\/01\/picce-2.png\"><img loading=\"lazy\" decoding=\"async\" class=\"alignnone wp-image-7419\" src=\"https:\/\/saude.ufpr.br\/enfermagem\/wp-content\/uploads\/sites\/4\/2025\/01\/picce-2.png\" alt=\"\" width=\"48\" height=\"48\" srcset=\"https:\/\/saude.ufpr.br\/enfermagem\/wp-content\/uploads\/sites\/4\/2025\/01\/picce-2.png 300w, https:\/\/saude.ufpr.br\/enfermagem\/wp-content\/uploads\/sites\/4\/2025\/01\/picce-2-150x150.png 150w\" sizes=\"(max-width: 48px) 100vw, 48px\" \/><\/a> \u00a0 <a href=\"https:\/\/saude.ufpr.br\/enfermagem\/wp-content\/uploads\/sites\/4\/2025\/01\/itaipu-parquetec-e1737918021346.png\"><img loading=\"lazy\" decoding=\"async\" class=\"alignnone wp-image-7384\" src=\"https:\/\/saude.ufpr.br\/enfermagem\/wp-content\/uploads\/sites\/4\/2025\/01\/itaipu-parquetec-e1737918021346-300x264.png\" alt=\"\" width=\"50\" height=\"44\" srcset=\"https:\/\/saude.ufpr.br\/enfermagem\/wp-content\/uploads\/sites\/4\/2025\/01\/itaipu-parquetec-e1737918021346-300x264.png 300w, https:\/\/saude.ufpr.br\/enfermagem\/wp-content\/uploads\/sites\/4\/2025\/01\/itaipu-parquetec-e1737918021346.png 361w\" sizes=\"(max-width: 50px) 100vw, 50px\" \/> <\/a>\u00a0 <a href=\"https:\/\/saude.ufpr.br\/enfermagem\/wp-content\/uploads\/sites\/4\/2025\/01\/conexao-ciencia.png\"><img loading=\"lazy\" decoding=\"async\" class=\"alignnone wp-image-7424\" src=\"https:\/\/saude.ufpr.br\/enfermagem\/wp-content\/uploads\/sites\/4\/2025\/01\/conexao-ciencia.png\" alt=\"\" width=\"101\" height=\"47\" \/>\u00a0 \u00a0<\/a><a href=\"https:\/\/saude.ufpr.br\/enfermagem\/wp-content\/uploads\/sites\/4\/2025\/01\/labmovel.jpg\"><img loading=\"lazy\" decoding=\"async\" class=\"alignnone wp-image-7431\" src=\"https:\/\/saude.ufpr.br\/enfermagem\/wp-content\/uploads\/sites\/4\/2025\/01\/labmovel-300x300.jpg\" alt=\"\" width=\"48\" height=\"48\" srcset=\"https:\/\/saude.ufpr.br\/enfermagem\/wp-content\/uploads\/sites\/4\/2025\/01\/labmovel-300x300.jpg 300w, https:\/\/saude.ufpr.br\/enfermagem\/wp-content\/uploads\/sites\/4\/2025\/01\/labmovel-150x150.jpg 150w, https:\/\/saude.ufpr.br\/enfermagem\/wp-content\/uploads\/sites\/4\/2025\/01\/labmovel-768x768.jpg 768w, https:\/\/saude.ufpr.br\/enfermagem\/wp-content\/uploads\/sites\/4\/2025\/01\/labmovel.jpg 900w\" sizes=\"(max-width: 48px) 100vw, 48px\" \/><\/a><a href=\"https:\/\/saude.ufpr.br\/enfermagem\/wp-content\/uploads\/sites\/4\/2025\/01\/conexao-ciencia.png\"> \u00a0<\/a> <a href=\"https:\/\/saude.ufpr.br\/enfermagem\/wp-content\/uploads\/sites\/4\/2025\/01\/ut-e1738185129833.jpg\"><img loading=\"lazy\" decoding=\"async\" class=\"alignnone wp-image-7429\" src=\"https:\/\/saude.ufpr.br\/enfermagem\/wp-content\/uploads\/sites\/4\/2025\/01\/ut-e1738185129833-300x106.jpg\" alt=\"\" width=\"136\" height=\"48\" srcset=\"https:\/\/saude.ufpr.br\/enfermagem\/wp-content\/uploads\/sites\/4\/2025\/01\/ut-e1738185129833-300x106.jpg 300w, https:\/\/saude.ufpr.br\/enfermagem\/wp-content\/uploads\/sites\/4\/2025\/01\/ut-e1738185129833.jpg 668w\" sizes=\"(max-width: 136px) 100vw, 136px\" \/><\/a><\/p>\n<p>&nbsp;<\/p>\n<p>&nbsp;<\/p>\n<p><a href=\"https:\/\/saude.ufpr.br\/enfermagem\/wp-content\/uploads\/sites\/4\/2025\/01\/rede-1.jpg\"><img loading=\"lazy\" decoding=\"async\" class=\"alignnone size-medium wp-image-7387\" src=\"https:\/\/saude.ufpr.br\/enfermagem\/wp-content\/uploads\/sites\/4\/2025\/01\/rede-1.jpg\" alt=\"\" width=\"1\" height=\"1\" \/><\/a><\/p>\n<hr \/>\n<p><strong>Extensionistas anteriores<\/strong><\/p>\n<p><a href=\"https:\/\/saude.ufpr.br\/enfermagem\/wp-content\/uploads\/sites\/4\/2021\/10\/Equipe-Atualizada-1.jpeg\"><img loading=\"lazy\" decoding=\"async\" class=\"alignnone size-medium wp-image-4964\" src=\"https:\/\/saude.ufpr.br\/enfermagem\/wp-content\/uploads\/sites\/4\/2021\/10\/Equipe-Atualizada-1-300x300.jpeg\" alt=\"\" width=\"300\" height=\"300\" srcset=\"https:\/\/saude.ufpr.br\/enfermagem\/wp-content\/uploads\/sites\/4\/2021\/10\/Equipe-Atualizada-1-300x300.jpeg 300w, https:\/\/saude.ufpr.br\/enfermagem\/wp-content\/uploads\/sites\/4\/2021\/10\/Equipe-Atualizada-1-1024x1024.jpeg 1024w, https:\/\/saude.ufpr.br\/enfermagem\/wp-content\/uploads\/sites\/4\/2021\/10\/Equipe-Atualizada-1-150x150.jpeg 150w, https:\/\/saude.ufpr.br\/enfermagem\/wp-content\/uploads\/sites\/4\/2021\/10\/Equipe-Atualizada-1-768x768.jpeg 768w, https:\/\/saude.ufpr.br\/enfermagem\/wp-content\/uploads\/sites\/4\/2021\/10\/Equipe-Atualizada-1.jpeg 1080w\" sizes=\"(max-width: 300px) 100vw, 300px\" \/><\/a><a href=\"https:\/\/saude.ufpr.br\/enfermagem\/wp-content\/uploads\/sites\/4\/2021\/10\/Equipe-Atualizada-2.jpeg\"><img loading=\"lazy\" decoding=\"async\" class=\"alignnone size-medium wp-image-4966\" src=\"https:\/\/saude.ufpr.br\/enfermagem\/wp-content\/uploads\/sites\/4\/2021\/10\/Equipe-Atualizada-2-300x300.jpeg\" alt=\"\" width=\"300\" height=\"300\" srcset=\"https:\/\/saude.ufpr.br\/enfermagem\/wp-content\/uploads\/sites\/4\/2021\/10\/Equipe-Atualizada-2-300x300.jpeg 300w, https:\/\/saude.ufpr.br\/enfermagem\/wp-content\/uploads\/sites\/4\/2021\/10\/Equipe-Atualizada-2-1024x1024.jpeg 1024w, https:\/\/saude.ufpr.br\/enfermagem\/wp-content\/uploads\/sites\/4\/2021\/10\/Equipe-Atualizada-2-150x150.jpeg 150w, https:\/\/saude.ufpr.br\/enfermagem\/wp-content\/uploads\/sites\/4\/2021\/10\/Equipe-Atualizada-2-768x768.jpeg 768w, https:\/\/saude.ufpr.br\/enfermagem\/wp-content\/uploads\/sites\/4\/2021\/10\/Equipe-Atualizada-2.jpeg 1080w\" sizes=\"(max-width: 300px) 100vw, 300px\" \/><\/a><a href=\"https:\/\/saude.ufpr.br\/enfermagem\/wp-content\/uploads\/sites\/4\/2021\/10\/Equipe-Atualizada-3.jpeg\"><img loading=\"lazy\" decoding=\"async\" class=\"alignnone size-medium wp-image-4965\" src=\"https:\/\/saude.ufpr.br\/enfermagem\/wp-content\/uploads\/sites\/4\/2021\/10\/Equipe-Atualizada-3-300x300.jpeg\" alt=\"\" width=\"300\" height=\"300\" srcset=\"https:\/\/saude.ufpr.br\/enfermagem\/wp-content\/uploads\/sites\/4\/2021\/10\/Equipe-Atualizada-3-300x300.jpeg 300w, https:\/\/saude.ufpr.br\/enfermagem\/wp-content\/uploads\/sites\/4\/2021\/10\/Equipe-Atualizada-3-1024x1024.jpeg 1024w, https:\/\/saude.ufpr.br\/enfermagem\/wp-content\/uploads\/sites\/4\/2021\/10\/Equipe-Atualizada-3-150x150.jpeg 150w, https:\/\/saude.ufpr.br\/enfermagem\/wp-content\/uploads\/sites\/4\/2021\/10\/Equipe-Atualizada-3-768x768.jpeg 768w, https:\/\/saude.ufpr.br\/enfermagem\/wp-content\/uploads\/sites\/4\/2021\/10\/Equipe-Atualizada-3.jpeg 1080w\" sizes=\"(max-width: 300px) 100vw, 300px\" \/><\/a><\/p>\n<p>&nbsp;<\/p>\n<p>&nbsp;<\/p>\n","protected":false},"excerpt":{"rendered":"<p>Projetos LabPOPSA\u00daDE \u00a0 \u00a0 \u00a0 \u00a0\u00a0 \u00a0 \u00a0 Siga-nos nas nossas Redes Sociais! \u00a0 \u00a0\u00a0\u00a0\u00a0 \u00a0\u00a0 O LabPOPSA\u00daDE Projeto interdisciplinar que visa a populariza\u00e7\u00e3o das ci\u00eancias da sa\u00fade, a partir da capacita\u00e7\u00e3o de profissionais, estudantes e sociedade em geral bem como da produ\u00e7\u00e3o e veicula\u00e7\u00e3o de materiais did\u00e1tico pedag\u00f3gicos e cient\u00edficos em m\u00faltiplas m\u00eddias (escrita,<br \/> <a href=\"https:\/\/saude.ufpr.br\/enfermagem\/saude-nas-midias-pagina-inicial\/\" class=\"button success small readmore\">Leia mais<\/a><\/p>\n","protected":false},"author":6,"featured_media":0,"parent":0,"menu_order":0,"comment_status":"closed","ping_status":"closed","template":"","meta":{"_acf_changed":false,"_uag_custom_page_level_css":"","footnotes":""},"class_list":["post-5025","page","type-page","status-publish","hentry"],"acf":[],"featured_image_src":null,"uagb_featured_image_src":{"full":false,"thumbnail":false,"medium":false,"medium_large":false,"large":false,"1536x1536":false,"2048x2048":false,"noticias-thumb":false,"banners-thumb":false,"maisnoticias-thumb":false,"post-thumbnail":false},"uagb_author_info":{"display_name":"Josi Dourado","author_link":"https:\/\/saude.ufpr.br\/enfermagem\/author\/josidourados\/"},"uagb_comment_info":0,"uagb_excerpt":"Projetos LabPOPSA\u00daDE \u00a0 \u00a0 \u00a0 \u00a0\u00a0 \u00a0 \u00a0 Siga-nos nas nossas Redes Sociais! \u00a0 \u00a0\u00a0\u00a0\u00a0 \u00a0\u00a0 O LabPOPSA\u00daDE Projeto interdisciplinar que visa a populariza\u00e7\u00e3o das ci\u00eancias da sa\u00fade, a partir da capacita\u00e7\u00e3o de profissionais, estudantes e sociedade em geral bem como da produ\u00e7\u00e3o e veicula\u00e7\u00e3o de materiais did\u00e1tico pedag\u00f3gicos e cient\u00edficos em m\u00faltiplas m\u00eddias (escrita,&hellip;","publishpress_future_action":{"enabled":false,"date":"2026-05-06 07:41:54","action":"change-status","newStatus":"draft","terms":[],"taxonomy":"","extraData":[]},"publishpress_future_workflow_manual_trigger":{"enabledWorkflows":[]},"_links":{"self":[{"href":"https:\/\/saude.ufpr.br\/enfermagem\/wp-json\/wp\/v2\/pages\/5025","targetHints":{"allow":["GET"]}}],"collection":[{"href":"https:\/\/saude.ufpr.br\/enfermagem\/wp-json\/wp\/v2\/pages"}],"about":[{"href":"https:\/\/saude.ufpr.br\/enfermagem\/wp-json\/wp\/v2\/types\/page"}],"author":[{"embeddable":true,"href":"https:\/\/saude.ufpr.br\/enfermagem\/wp-json\/wp\/v2\/users\/6"}],"replies":[{"embeddable":true,"href":"https:\/\/saude.ufpr.br\/enfermagem\/wp-json\/wp\/v2\/comments?post=5025"}],"version-history":[{"count":80,"href":"https:\/\/saude.ufpr.br\/enfermagem\/wp-json\/wp\/v2\/pages\/5025\/revisions"}],"predecessor-version":[{"id":7433,"href":"https:\/\/saude.ufpr.br\/enfermagem\/wp-json\/wp\/v2\/pages\/5025\/revisions\/7433"}],"wp:attachment":[{"href":"https:\/\/saude.ufpr.br\/enfermagem\/wp-json\/wp\/v2\/media?parent=5025"}],"curies":[{"name":"wp","href":"https:\/\/api.w.org\/{rel}","templated":true}]}}