{"id":5109,"date":"2021-10-14T16:59:32","date_gmt":"2021-10-14T19:59:32","guid":{"rendered":"https:\/\/saude.ufpr.br\/enfermagem\/?page_id=5109"},"modified":"2025-01-29T19:17:50","modified_gmt":"2025-01-29T22:17:50","slug":"saude-nas-midias-producao-de-conteudo","status":"publish","type":"page","link":"https:\/\/saude.ufpr.br\/enfermagem\/saude-nas-midias-producao-de-conteudo\/","title":{"rendered":"Sa\u00fade nas M\u00eddias &#8211; Produ\u00e7\u00e3o de conte\u00fado"},"content":{"rendered":"<h4><a href=\"https:\/\/saude.ufpr.br\/enfermagem\/saude-nas-midias-pagina-inicial\/\"><img decoding=\"async\" class=\"alignnone wp-image-7299\" src=\"https:\/\/saude.ufpr.br\/enfermagem\/wp-content\/uploads\/sites\/4\/2025\/01\/20-1-150x150.png\" alt=\"\" width=\"108\" height=\"108\" srcset=\"https:\/\/saude.ufpr.br\/enfermagem\/wp-content\/uploads\/sites\/4\/2025\/01\/20-1-150x150.png 150w, https:\/\/saude.ufpr.br\/enfermagem\/wp-content\/uploads\/sites\/4\/2025\/01\/20-1-300x300.png 300w, https:\/\/saude.ufpr.br\/enfermagem\/wp-content\/uploads\/sites\/4\/2025\/01\/20-1.png 500w\" sizes=\"(max-width: 108px) 100vw, 108px\" \/><\/a><a href=\"https:\/\/saude.ufpr.br\/enfermagem\/saude-nas-midias-projetos\/\"><img decoding=\"async\" class=\"alignnone wp-image-7309\" src=\"https:\/\/saude.ufpr.br\/enfermagem\/wp-content\/uploads\/sites\/4\/2025\/01\/30-1-150x150.png\" alt=\"\" width=\"108\" height=\"108\" srcset=\"https:\/\/saude.ufpr.br\/enfermagem\/wp-content\/uploads\/sites\/4\/2025\/01\/30-1-150x150.png 150w, https:\/\/saude.ufpr.br\/enfermagem\/wp-content\/uploads\/sites\/4\/2025\/01\/30-1-300x300.png 300w, https:\/\/saude.ufpr.br\/enfermagem\/wp-content\/uploads\/sites\/4\/2025\/01\/30-1.png 500w\" sizes=\"(max-width: 108px) 100vw, 108px\" \/><\/a> <a href=\"https:\/\/saude.ufpr.br\/enfermagem\/saude-nas-midias-atividades\/\"><img decoding=\"async\" class=\"alignnone wp-image-7301\" src=\"https:\/\/saude.ufpr.br\/enfermagem\/wp-content\/uploads\/sites\/4\/2025\/01\/22-1-150x150.png\" alt=\"\" width=\"108\" height=\"108\" srcset=\"https:\/\/saude.ufpr.br\/enfermagem\/wp-content\/uploads\/sites\/4\/2025\/01\/22-1-150x150.png 150w, https:\/\/saude.ufpr.br\/enfermagem\/wp-content\/uploads\/sites\/4\/2025\/01\/22-1-300x300.png 300w, https:\/\/saude.ufpr.br\/enfermagem\/wp-content\/uploads\/sites\/4\/2025\/01\/22-1.png 500w\" sizes=\"(max-width: 108px) 100vw, 108px\" \/><\/a><a href=\"https:\/\/saude.ufpr.br\/enfermagem\/saude-nas-midias-producao-de-conteudo\/\"><img loading=\"lazy\" decoding=\"async\" class=\"alignnone wp-image-7306\" src=\"https:\/\/saude.ufpr.br\/enfermagem\/wp-content\/uploads\/sites\/4\/2025\/01\/27-1-150x150.png\" alt=\"\" width=\"108\" height=\"108\" srcset=\"https:\/\/saude.ufpr.br\/enfermagem\/wp-content\/uploads\/sites\/4\/2025\/01\/27-1-150x150.png 150w, https:\/\/saude.ufpr.br\/enfermagem\/wp-content\/uploads\/sites\/4\/2025\/01\/27-1-300x300.png 300w, https:\/\/saude.ufpr.br\/enfermagem\/wp-content\/uploads\/sites\/4\/2025\/01\/27-1.png 500w\" sizes=\"(max-width: 108px) 100vw, 108px\" \/><\/a><a href=\"https:\/\/saude.ufpr.br\/enfermagem\/saude-nas-midias-podcast\/\"><img loading=\"lazy\" decoding=\"async\" class=\"alignnone wp-image-7307\" src=\"https:\/\/saude.ufpr.br\/enfermagem\/wp-content\/uploads\/sites\/4\/2025\/01\/28-1-150x150.png\" alt=\"\" width=\"108\" height=\"108\" srcset=\"https:\/\/saude.ufpr.br\/enfermagem\/wp-content\/uploads\/sites\/4\/2025\/01\/28-1-150x150.png 150w, https:\/\/saude.ufpr.br\/enfermagem\/wp-content\/uploads\/sites\/4\/2025\/01\/28-1-300x300.png 300w, https:\/\/saude.ufpr.br\/enfermagem\/wp-content\/uploads\/sites\/4\/2025\/01\/28-1.png 500w\" sizes=\"(max-width: 108px) 100vw, 108px\" \/><\/a><a href=\"https:\/\/saude.ufpr.br\/enfermagem\/saude-nas-midias-indicacoes\/\"><img loading=\"lazy\" decoding=\"async\" class=\"alignnone wp-image-7303\" src=\"https:\/\/saude.ufpr.br\/enfermagem\/wp-content\/uploads\/sites\/4\/2025\/01\/24-1-150x150.png\" alt=\"\" width=\"108\" height=\"108\" srcset=\"https:\/\/saude.ufpr.br\/enfermagem\/wp-content\/uploads\/sites\/4\/2025\/01\/24-1-150x150.png 150w, https:\/\/saude.ufpr.br\/enfermagem\/wp-content\/uploads\/sites\/4\/2025\/01\/24-1-300x300.png 300w, https:\/\/saude.ufpr.br\/enfermagem\/wp-content\/uploads\/sites\/4\/2025\/01\/24-1.png 500w\" sizes=\"(max-width: 108px) 100vw, 108px\" \/><\/a><\/h4>\n<hr \/>\n<p><strong>Em constru\u00e7\u00e3o<\/strong><\/p>\n<p>&nbsp;<\/p>\n<p>&nbsp;<\/p>\n<hr \/>\n<h2><span style=\"color: #ff00ff\">Telessa\u00fade<\/span><\/h2>\n<p><a href=\"https:\/\/saude.ufpr.br\/enfermagem\/wp-content\/uploads\/sites\/4\/2020\/07\/F1024841-07A6-401A-9F94-3E28B10D3EA3.jpg\"><img loading=\"lazy\" decoding=\"async\" class=\"alignnone size-medium wp-image-4041\" src=\"https:\/\/saude.ufpr.br\/enfermagem\/wp-content\/uploads\/sites\/4\/2020\/07\/F1024841-07A6-401A-9F94-3E28B10D3EA3-300x300.jpg\" alt=\"\" width=\"300\" height=\"300\" srcset=\"https:\/\/saude.ufpr.br\/enfermagem\/wp-content\/uploads\/sites\/4\/2020\/07\/F1024841-07A6-401A-9F94-3E28B10D3EA3-300x300.jpg 300w, https:\/\/saude.ufpr.br\/enfermagem\/wp-content\/uploads\/sites\/4\/2020\/07\/F1024841-07A6-401A-9F94-3E28B10D3EA3-150x150.jpg 150w, https:\/\/saude.ufpr.br\/enfermagem\/wp-content\/uploads\/sites\/4\/2020\/07\/F1024841-07A6-401A-9F94-3E28B10D3EA3-768x768.jpg 768w, https:\/\/saude.ufpr.br\/enfermagem\/wp-content\/uploads\/sites\/4\/2020\/07\/F1024841-07A6-401A-9F94-3E28B10D3EA3.jpg 810w\" sizes=\"(max-width: 300px) 100vw, 300px\" \/><\/a> <a href=\"https:\/\/saude.ufpr.br\/enfermagem\/wp-content\/uploads\/sites\/4\/2020\/07\/b80ea907-728c-436f-8bd4-0560a054ba76.jpg\"><img loading=\"lazy\" decoding=\"async\" class=\"alignnone size-medium wp-image-4048\" src=\"https:\/\/saude.ufpr.br\/enfermagem\/wp-content\/uploads\/sites\/4\/2020\/07\/b80ea907-728c-436f-8bd4-0560a054ba76-300x300.jpg\" alt=\"\" width=\"300\" height=\"300\" srcset=\"https:\/\/saude.ufpr.br\/enfermagem\/wp-content\/uploads\/sites\/4\/2020\/07\/b80ea907-728c-436f-8bd4-0560a054ba76-300x300.jpg 300w, https:\/\/saude.ufpr.br\/enfermagem\/wp-content\/uploads\/sites\/4\/2020\/07\/b80ea907-728c-436f-8bd4-0560a054ba76-1024x1024.jpg 1024w, https:\/\/saude.ufpr.br\/enfermagem\/wp-content\/uploads\/sites\/4\/2020\/07\/b80ea907-728c-436f-8bd4-0560a054ba76-150x150.jpg 150w, https:\/\/saude.ufpr.br\/enfermagem\/wp-content\/uploads\/sites\/4\/2020\/07\/b80ea907-728c-436f-8bd4-0560a054ba76-768x768.jpg 768w, https:\/\/saude.ufpr.br\/enfermagem\/wp-content\/uploads\/sites\/4\/2020\/07\/b80ea907-728c-436f-8bd4-0560a054ba76.jpg 1280w\" sizes=\"(max-width: 300px) 100vw, 300px\" \/> <\/a><a href=\"https:\/\/saude.ufpr.br\/enfermagem\/wp-content\/uploads\/sites\/4\/2020\/07\/175edd0d-1e82-418b-9cc4-2d9457bfa796.jpg\"><img loading=\"lazy\" decoding=\"async\" class=\"alignnone size-medium wp-image-4046\" src=\"https:\/\/saude.ufpr.br\/enfermagem\/wp-content\/uploads\/sites\/4\/2020\/07\/175edd0d-1e82-418b-9cc4-2d9457bfa796-300x300.jpg\" alt=\"\" width=\"300\" height=\"300\" srcset=\"https:\/\/saude.ufpr.br\/enfermagem\/wp-content\/uploads\/sites\/4\/2020\/07\/175edd0d-1e82-418b-9cc4-2d9457bfa796-300x300.jpg 300w, https:\/\/saude.ufpr.br\/enfermagem\/wp-content\/uploads\/sites\/4\/2020\/07\/175edd0d-1e82-418b-9cc4-2d9457bfa796-1024x1024.jpg 1024w, https:\/\/saude.ufpr.br\/enfermagem\/wp-content\/uploads\/sites\/4\/2020\/07\/175edd0d-1e82-418b-9cc4-2d9457bfa796-150x150.jpg 150w, https:\/\/saude.ufpr.br\/enfermagem\/wp-content\/uploads\/sites\/4\/2020\/07\/175edd0d-1e82-418b-9cc4-2d9457bfa796-768x768.jpg 768w, https:\/\/saude.ufpr.br\/enfermagem\/wp-content\/uploads\/sites\/4\/2020\/07\/175edd0d-1e82-418b-9cc4-2d9457bfa796.jpg 1280w\" sizes=\"(max-width: 300px) 100vw, 300px\" \/><\/a><img loading=\"lazy\" decoding=\"async\" class=\"alignnone size-medium wp-image-4047\" src=\"https:\/\/saude.ufpr.br\/enfermagem\/wp-content\/uploads\/sites\/4\/2020\/07\/d56241ef-2437-4d21-ab8e-d7aec3c062ba-300x300.jpg\" alt=\"\" width=\"300\" height=\"300\" srcset=\"https:\/\/saude.ufpr.br\/enfermagem\/wp-content\/uploads\/sites\/4\/2020\/07\/d56241ef-2437-4d21-ab8e-d7aec3c062ba-300x300.jpg 300w, https:\/\/saude.ufpr.br\/enfermagem\/wp-content\/uploads\/sites\/4\/2020\/07\/d56241ef-2437-4d21-ab8e-d7aec3c062ba-1024x1024.jpg 1024w, https:\/\/saude.ufpr.br\/enfermagem\/wp-content\/uploads\/sites\/4\/2020\/07\/d56241ef-2437-4d21-ab8e-d7aec3c062ba-150x150.jpg 150w, https:\/\/saude.ufpr.br\/enfermagem\/wp-content\/uploads\/sites\/4\/2020\/07\/d56241ef-2437-4d21-ab8e-d7aec3c062ba-768x768.jpg 768w, https:\/\/saude.ufpr.br\/enfermagem\/wp-content\/uploads\/sites\/4\/2020\/07\/d56241ef-2437-4d21-ab8e-d7aec3c062ba.jpg 1280w\" sizes=\"(max-width: 300px) 100vw, 300px\" \/> <img loading=\"lazy\" decoding=\"async\" class=\"alignnone size-medium wp-image-4042\" src=\"https:\/\/saude.ufpr.br\/enfermagem\/wp-content\/uploads\/sites\/4\/2020\/07\/73074042-e120-497e-be1c-db1c509d24ad-300x300.jpg\" alt=\"\" width=\"300\" height=\"300\" srcset=\"https:\/\/saude.ufpr.br\/enfermagem\/wp-content\/uploads\/sites\/4\/2020\/07\/73074042-e120-497e-be1c-db1c509d24ad-300x300.jpg 300w, https:\/\/saude.ufpr.br\/enfermagem\/wp-content\/uploads\/sites\/4\/2020\/07\/73074042-e120-497e-be1c-db1c509d24ad-1024x1024.jpg 1024w, https:\/\/saude.ufpr.br\/enfermagem\/wp-content\/uploads\/sites\/4\/2020\/07\/73074042-e120-497e-be1c-db1c509d24ad-150x150.jpg 150w, https:\/\/saude.ufpr.br\/enfermagem\/wp-content\/uploads\/sites\/4\/2020\/07\/73074042-e120-497e-be1c-db1c509d24ad-768x768.jpg 768w, https:\/\/saude.ufpr.br\/enfermagem\/wp-content\/uploads\/sites\/4\/2020\/07\/73074042-e120-497e-be1c-db1c509d24ad.jpg 1280w\" sizes=\"(max-width: 300px) 100vw, 300px\" \/> <a href=\"https:\/\/saude.ufpr.br\/enfermagem\/wp-content\/uploads\/sites\/4\/2020\/07\/34872a18-4ea5-410e-9722-cc09a59107f3.jpg\"><img loading=\"lazy\" decoding=\"async\" class=\"alignnone size-medium wp-image-4045\" src=\"https:\/\/saude.ufpr.br\/enfermagem\/wp-content\/uploads\/sites\/4\/2020\/07\/34872a18-4ea5-410e-9722-cc09a59107f3-300x300.jpg\" alt=\"\" width=\"300\" height=\"300\" srcset=\"https:\/\/saude.ufpr.br\/enfermagem\/wp-content\/uploads\/sites\/4\/2020\/07\/34872a18-4ea5-410e-9722-cc09a59107f3-300x300.jpg 300w, https:\/\/saude.ufpr.br\/enfermagem\/wp-content\/uploads\/sites\/4\/2020\/07\/34872a18-4ea5-410e-9722-cc09a59107f3-1024x1024.jpg 1024w, https:\/\/saude.ufpr.br\/enfermagem\/wp-content\/uploads\/sites\/4\/2020\/07\/34872a18-4ea5-410e-9722-cc09a59107f3-150x150.jpg 150w, https:\/\/saude.ufpr.br\/enfermagem\/wp-content\/uploads\/sites\/4\/2020\/07\/34872a18-4ea5-410e-9722-cc09a59107f3-768x768.jpg 768w, https:\/\/saude.ufpr.br\/enfermagem\/wp-content\/uploads\/sites\/4\/2020\/07\/34872a18-4ea5-410e-9722-cc09a59107f3.jpg 1280w\" sizes=\"(max-width: 300px) 100vw, 300px\" \/><\/a><a href=\"https:\/\/saude.ufpr.br\/enfermagem\/wp-content\/uploads\/sites\/4\/2020\/07\/82aa2d85-473d-4f31-a199-b15c1edc2c9e.jpg\"><img loading=\"lazy\" decoding=\"async\" class=\"alignnone size-medium wp-image-4044\" src=\"https:\/\/saude.ufpr.br\/enfermagem\/wp-content\/uploads\/sites\/4\/2020\/07\/82aa2d85-473d-4f31-a199-b15c1edc2c9e-300x300.jpg\" alt=\"\" width=\"300\" height=\"300\" srcset=\"https:\/\/saude.ufpr.br\/enfermagem\/wp-content\/uploads\/sites\/4\/2020\/07\/82aa2d85-473d-4f31-a199-b15c1edc2c9e-300x300.jpg 300w, https:\/\/saude.ufpr.br\/enfermagem\/wp-content\/uploads\/sites\/4\/2020\/07\/82aa2d85-473d-4f31-a199-b15c1edc2c9e-1024x1024.jpg 1024w, https:\/\/saude.ufpr.br\/enfermagem\/wp-content\/uploads\/sites\/4\/2020\/07\/82aa2d85-473d-4f31-a199-b15c1edc2c9e-150x150.jpg 150w, https:\/\/saude.ufpr.br\/enfermagem\/wp-content\/uploads\/sites\/4\/2020\/07\/82aa2d85-473d-4f31-a199-b15c1edc2c9e-768x768.jpg 768w, https:\/\/saude.ufpr.br\/enfermagem\/wp-content\/uploads\/sites\/4\/2020\/07\/82aa2d85-473d-4f31-a199-b15c1edc2c9e.jpg 1280w\" sizes=\"(max-width: 300px) 100vw, 300px\" \/><\/a> <a href=\"https:\/\/saude.ufpr.br\/enfermagem\/wp-content\/uploads\/sites\/4\/2020\/07\/09f084c2-d39d-4924-b50e-ad65a18c0485.jpg\"><img loading=\"lazy\" decoding=\"async\" class=\"alignnone size-medium wp-image-4043\" src=\"https:\/\/saude.ufpr.br\/enfermagem\/wp-content\/uploads\/sites\/4\/2020\/07\/09f084c2-d39d-4924-b50e-ad65a18c0485-300x300.jpg\" alt=\"\" width=\"300\" height=\"300\" srcset=\"https:\/\/saude.ufpr.br\/enfermagem\/wp-content\/uploads\/sites\/4\/2020\/07\/09f084c2-d39d-4924-b50e-ad65a18c0485-300x300.jpg 300w, https:\/\/saude.ufpr.br\/enfermagem\/wp-content\/uploads\/sites\/4\/2020\/07\/09f084c2-d39d-4924-b50e-ad65a18c0485-1024x1024.jpg 1024w, https:\/\/saude.ufpr.br\/enfermagem\/wp-content\/uploads\/sites\/4\/2020\/07\/09f084c2-d39d-4924-b50e-ad65a18c0485-150x150.jpg 150w, https:\/\/saude.ufpr.br\/enfermagem\/wp-content\/uploads\/sites\/4\/2020\/07\/09f084c2-d39d-4924-b50e-ad65a18c0485-768x768.jpg 768w, https:\/\/saude.ufpr.br\/enfermagem\/wp-content\/uploads\/sites\/4\/2020\/07\/09f084c2-d39d-4924-b50e-ad65a18c0485.jpg 1280w\" sizes=\"(max-width: 300px) 100vw, 300px\" \/><\/a><\/p>\n<p>Cr\u00e9ditos: Isabella Fusculim, acad\u00eamica de enfermagem e bolsista de extens\u00e3o<\/p>\n<h2><span style=\"color: #ff00ff\">Cuidado Baseado em For\u00e7as<\/span><\/h2>\n<p><a href=\"https:\/\/saude.ufpr.br\/enfermagem\/wp-content\/uploads\/sites\/4\/2020\/07\/1-2.jpg\"><img loading=\"lazy\" decoding=\"async\" class=\"alignnone size-medium wp-image-4062\" src=\"https:\/\/saude.ufpr.br\/enfermagem\/wp-content\/uploads\/sites\/4\/2020\/07\/1-2-300x300.jpg\" alt=\"\" width=\"300\" height=\"300\" srcset=\"https:\/\/saude.ufpr.br\/enfermagem\/wp-content\/uploads\/sites\/4\/2020\/07\/1-2-300x300.jpg 300w, https:\/\/saude.ufpr.br\/enfermagem\/wp-content\/uploads\/sites\/4\/2020\/07\/1-2-1024x1024.jpg 1024w, https:\/\/saude.ufpr.br\/enfermagem\/wp-content\/uploads\/sites\/4\/2020\/07\/1-2-150x150.jpg 150w, https:\/\/saude.ufpr.br\/enfermagem\/wp-content\/uploads\/sites\/4\/2020\/07\/1-2-768x768.jpg 768w, https:\/\/saude.ufpr.br\/enfermagem\/wp-content\/uploads\/sites\/4\/2020\/07\/1-2-1536x1536.jpg 1536w, https:\/\/saude.ufpr.br\/enfermagem\/wp-content\/uploads\/sites\/4\/2020\/07\/1-2-2048x2048.jpg 2048w\" sizes=\"(max-width: 300px) 100vw, 300px\" \/><\/a><a href=\"https:\/\/saude.ufpr.br\/enfermagem\/wp-content\/uploads\/sites\/4\/2020\/07\/2.jpg\"><img loading=\"lazy\" decoding=\"async\" class=\"alignnone size-medium wp-image-4061\" src=\"https:\/\/saude.ufpr.br\/enfermagem\/wp-content\/uploads\/sites\/4\/2020\/07\/2-300x300.jpg\" alt=\"\" width=\"300\" height=\"300\" srcset=\"https:\/\/saude.ufpr.br\/enfermagem\/wp-content\/uploads\/sites\/4\/2020\/07\/2-300x300.jpg 300w, https:\/\/saude.ufpr.br\/enfermagem\/wp-content\/uploads\/sites\/4\/2020\/07\/2-1024x1024.jpg 1024w, https:\/\/saude.ufpr.br\/enfermagem\/wp-content\/uploads\/sites\/4\/2020\/07\/2-150x150.jpg 150w, https:\/\/saude.ufpr.br\/enfermagem\/wp-content\/uploads\/sites\/4\/2020\/07\/2-768x768.jpg 768w, https:\/\/saude.ufpr.br\/enfermagem\/wp-content\/uploads\/sites\/4\/2020\/07\/2-1536x1536.jpg 1536w, https:\/\/saude.ufpr.br\/enfermagem\/wp-content\/uploads\/sites\/4\/2020\/07\/2-2048x2048.jpg 2048w\" sizes=\"(max-width: 300px) 100vw, 300px\" \/> <\/a><a href=\"https:\/\/saude.ufpr.br\/enfermagem\/wp-content\/uploads\/sites\/4\/2020\/07\/3.jpg\"><img loading=\"lazy\" decoding=\"async\" class=\"alignnone size-medium wp-image-4060\" src=\"https:\/\/saude.ufpr.br\/enfermagem\/wp-content\/uploads\/sites\/4\/2020\/07\/3-300x300.jpg\" alt=\"\" width=\"300\" height=\"300\" srcset=\"https:\/\/saude.ufpr.br\/enfermagem\/wp-content\/uploads\/sites\/4\/2020\/07\/3-300x300.jpg 300w, https:\/\/saude.ufpr.br\/enfermagem\/wp-content\/uploads\/sites\/4\/2020\/07\/3-1024x1024.jpg 1024w, https:\/\/saude.ufpr.br\/enfermagem\/wp-content\/uploads\/sites\/4\/2020\/07\/3-150x150.jpg 150w, https:\/\/saude.ufpr.br\/enfermagem\/wp-content\/uploads\/sites\/4\/2020\/07\/3-768x768.jpg 768w, https:\/\/saude.ufpr.br\/enfermagem\/wp-content\/uploads\/sites\/4\/2020\/07\/3-1536x1536.jpg 1536w, https:\/\/saude.ufpr.br\/enfermagem\/wp-content\/uploads\/sites\/4\/2020\/07\/3-2048x2048.jpg 2048w\" sizes=\"(max-width: 300px) 100vw, 300px\" \/><\/a><a href=\"https:\/\/saude.ufpr.br\/enfermagem\/wp-content\/uploads\/sites\/4\/2020\/07\/4.jpg\"><img loading=\"lazy\" decoding=\"async\" class=\"alignnone size-medium wp-image-4059\" src=\"https:\/\/saude.ufpr.br\/enfermagem\/wp-content\/uploads\/sites\/4\/2020\/07\/4-300x300.jpg\" alt=\"\" width=\"300\" height=\"300\" srcset=\"https:\/\/saude.ufpr.br\/enfermagem\/wp-content\/uploads\/sites\/4\/2020\/07\/4-300x300.jpg 300w, https:\/\/saude.ufpr.br\/enfermagem\/wp-content\/uploads\/sites\/4\/2020\/07\/4-1024x1024.jpg 1024w, https:\/\/saude.ufpr.br\/enfermagem\/wp-content\/uploads\/sites\/4\/2020\/07\/4-150x150.jpg 150w, https:\/\/saude.ufpr.br\/enfermagem\/wp-content\/uploads\/sites\/4\/2020\/07\/4-768x768.jpg 768w, https:\/\/saude.ufpr.br\/enfermagem\/wp-content\/uploads\/sites\/4\/2020\/07\/4-1536x1536.jpg 1536w, https:\/\/saude.ufpr.br\/enfermagem\/wp-content\/uploads\/sites\/4\/2020\/07\/4-2048x2048.jpg 2048w\" sizes=\"(max-width: 300px) 100vw, 300px\" \/> <\/a><a href=\"https:\/\/saude.ufpr.br\/enfermagem\/wp-content\/uploads\/sites\/4\/2020\/07\/5.jpg\"><img loading=\"lazy\" decoding=\"async\" class=\"alignnone size-medium wp-image-4058\" src=\"https:\/\/saude.ufpr.br\/enfermagem\/wp-content\/uploads\/sites\/4\/2020\/07\/5-300x300.jpg\" alt=\"\" width=\"300\" height=\"300\" srcset=\"https:\/\/saude.ufpr.br\/enfermagem\/wp-content\/uploads\/sites\/4\/2020\/07\/5-300x300.jpg 300w, https:\/\/saude.ufpr.br\/enfermagem\/wp-content\/uploads\/sites\/4\/2020\/07\/5-1024x1024.jpg 1024w, https:\/\/saude.ufpr.br\/enfermagem\/wp-content\/uploads\/sites\/4\/2020\/07\/5-150x150.jpg 150w, https:\/\/saude.ufpr.br\/enfermagem\/wp-content\/uploads\/sites\/4\/2020\/07\/5-768x768.jpg 768w, https:\/\/saude.ufpr.br\/enfermagem\/wp-content\/uploads\/sites\/4\/2020\/07\/5-1536x1536.jpg 1536w, https:\/\/saude.ufpr.br\/enfermagem\/wp-content\/uploads\/sites\/4\/2020\/07\/5-2048x2048.jpg 2048w\" sizes=\"(max-width: 300px) 100vw, 300px\" \/> <\/a><a href=\"https:\/\/saude.ufpr.br\/enfermagem\/wp-content\/uploads\/sites\/4\/2020\/07\/6.jpg\"><img loading=\"lazy\" decoding=\"async\" class=\"alignnone size-medium wp-image-4057\" src=\"https:\/\/saude.ufpr.br\/enfermagem\/wp-content\/uploads\/sites\/4\/2020\/07\/6-300x300.jpg\" alt=\"\" width=\"300\" height=\"300\" srcset=\"https:\/\/saude.ufpr.br\/enfermagem\/wp-content\/uploads\/sites\/4\/2020\/07\/6-300x300.jpg 300w, https:\/\/saude.ufpr.br\/enfermagem\/wp-content\/uploads\/sites\/4\/2020\/07\/6-1024x1024.jpg 1024w, https:\/\/saude.ufpr.br\/enfermagem\/wp-content\/uploads\/sites\/4\/2020\/07\/6-150x150.jpg 150w, https:\/\/saude.ufpr.br\/enfermagem\/wp-content\/uploads\/sites\/4\/2020\/07\/6-768x768.jpg 768w, https:\/\/saude.ufpr.br\/enfermagem\/wp-content\/uploads\/sites\/4\/2020\/07\/6-1536x1536.jpg 1536w, https:\/\/saude.ufpr.br\/enfermagem\/wp-content\/uploads\/sites\/4\/2020\/07\/6-2048x2048.jpg 2048w\" sizes=\"(max-width: 300px) 100vw, 300px\" \/><\/a><\/p>\n<p><a href=\"https:\/\/saude.ufpr.br\/enfermagem\/wp-content\/uploads\/sites\/4\/2020\/07\/7.jpg\"><img loading=\"lazy\" decoding=\"async\" class=\"alignnone size-medium wp-image-4056\" src=\"https:\/\/saude.ufpr.br\/enfermagem\/wp-content\/uploads\/sites\/4\/2020\/07\/7-300x300.jpg\" alt=\"\" width=\"300\" height=\"300\" srcset=\"https:\/\/saude.ufpr.br\/enfermagem\/wp-content\/uploads\/sites\/4\/2020\/07\/7-300x300.jpg 300w, https:\/\/saude.ufpr.br\/enfermagem\/wp-content\/uploads\/sites\/4\/2020\/07\/7-1024x1024.jpg 1024w, https:\/\/saude.ufpr.br\/enfermagem\/wp-content\/uploads\/sites\/4\/2020\/07\/7-150x150.jpg 150w, https:\/\/saude.ufpr.br\/enfermagem\/wp-content\/uploads\/sites\/4\/2020\/07\/7-768x768.jpg 768w, https:\/\/saude.ufpr.br\/enfermagem\/wp-content\/uploads\/sites\/4\/2020\/07\/7-1536x1536.jpg 1536w, https:\/\/saude.ufpr.br\/enfermagem\/wp-content\/uploads\/sites\/4\/2020\/07\/7-2048x2048.jpg 2048w\" sizes=\"(max-width: 300px) 100vw, 300px\" \/> <\/a><a href=\"https:\/\/saude.ufpr.br\/enfermagem\/wp-content\/uploads\/sites\/4\/2020\/07\/8.jpg\"><img loading=\"lazy\" decoding=\"async\" class=\"alignnone size-medium wp-image-4055\" src=\"https:\/\/saude.ufpr.br\/enfermagem\/wp-content\/uploads\/sites\/4\/2020\/07\/8-300x300.jpg\" alt=\"\" width=\"300\" height=\"300\" srcset=\"https:\/\/saude.ufpr.br\/enfermagem\/wp-content\/uploads\/sites\/4\/2020\/07\/8-300x300.jpg 300w, https:\/\/saude.ufpr.br\/enfermagem\/wp-content\/uploads\/sites\/4\/2020\/07\/8-1024x1024.jpg 1024w, https:\/\/saude.ufpr.br\/enfermagem\/wp-content\/uploads\/sites\/4\/2020\/07\/8-150x150.jpg 150w, https:\/\/saude.ufpr.br\/enfermagem\/wp-content\/uploads\/sites\/4\/2020\/07\/8-768x768.jpg 768w, https:\/\/saude.ufpr.br\/enfermagem\/wp-content\/uploads\/sites\/4\/2020\/07\/8-1536x1536.jpg 1536w, https:\/\/saude.ufpr.br\/enfermagem\/wp-content\/uploads\/sites\/4\/2020\/07\/8-2048x2048.jpg 2048w\" sizes=\"(max-width: 300px) 100vw, 300px\" \/> <\/a><a href=\"https:\/\/saude.ufpr.br\/enfermagem\/wp-content\/uploads\/sites\/4\/2020\/07\/9.jpg\"><img loading=\"lazy\" decoding=\"async\" class=\"alignnone size-medium wp-image-4054\" src=\"https:\/\/saude.ufpr.br\/enfermagem\/wp-content\/uploads\/sites\/4\/2020\/07\/9-300x300.jpg\" alt=\"\" width=\"300\" height=\"300\" srcset=\"https:\/\/saude.ufpr.br\/enfermagem\/wp-content\/uploads\/sites\/4\/2020\/07\/9-300x300.jpg 300w, https:\/\/saude.ufpr.br\/enfermagem\/wp-content\/uploads\/sites\/4\/2020\/07\/9-1024x1024.jpg 1024w, https:\/\/saude.ufpr.br\/enfermagem\/wp-content\/uploads\/sites\/4\/2020\/07\/9-150x150.jpg 150w, https:\/\/saude.ufpr.br\/enfermagem\/wp-content\/uploads\/sites\/4\/2020\/07\/9-768x768.jpg 768w, https:\/\/saude.ufpr.br\/enfermagem\/wp-content\/uploads\/sites\/4\/2020\/07\/9-1536x1536.jpg 1536w, https:\/\/saude.ufpr.br\/enfermagem\/wp-content\/uploads\/sites\/4\/2020\/07\/9-2048x2048.jpg 2048w\" sizes=\"(max-width: 300px) 100vw, 300px\" \/><\/a><\/p>\n<p><a href=\"https:\/\/saude.ufpr.br\/enfermagem\/wp-content\/uploads\/sites\/4\/2020\/07\/10.jpg\"><img loading=\"lazy\" decoding=\"async\" class=\"alignnone size-medium wp-image-4053\" src=\"https:\/\/saude.ufpr.br\/enfermagem\/wp-content\/uploads\/sites\/4\/2020\/07\/10-300x300.jpg\" alt=\"\" width=\"300\" height=\"300\" srcset=\"https:\/\/saude.ufpr.br\/enfermagem\/wp-content\/uploads\/sites\/4\/2020\/07\/10-300x300.jpg 300w, https:\/\/saude.ufpr.br\/enfermagem\/wp-content\/uploads\/sites\/4\/2020\/07\/10-1024x1024.jpg 1024w, https:\/\/saude.ufpr.br\/enfermagem\/wp-content\/uploads\/sites\/4\/2020\/07\/10-150x150.jpg 150w, https:\/\/saude.ufpr.br\/enfermagem\/wp-content\/uploads\/sites\/4\/2020\/07\/10-768x768.jpg 768w, https:\/\/saude.ufpr.br\/enfermagem\/wp-content\/uploads\/sites\/4\/2020\/07\/10-1536x1536.jpg 1536w, https:\/\/saude.ufpr.br\/enfermagem\/wp-content\/uploads\/sites\/4\/2020\/07\/10-2048x2048.jpg 2048w\" sizes=\"(max-width: 300px) 100vw, 300px\" \/> <\/a><a href=\"https:\/\/saude.ufpr.br\/enfermagem\/wp-content\/uploads\/sites\/4\/2020\/07\/11.jpg\"><img loading=\"lazy\" decoding=\"async\" class=\"alignnone size-medium wp-image-4052\" src=\"https:\/\/saude.ufpr.br\/enfermagem\/wp-content\/uploads\/sites\/4\/2020\/07\/11-300x300.jpg\" alt=\"\" width=\"300\" height=\"300\" srcset=\"https:\/\/saude.ufpr.br\/enfermagem\/wp-content\/uploads\/sites\/4\/2020\/07\/11-300x300.jpg 300w, https:\/\/saude.ufpr.br\/enfermagem\/wp-content\/uploads\/sites\/4\/2020\/07\/11-1024x1024.jpg 1024w, https:\/\/saude.ufpr.br\/enfermagem\/wp-content\/uploads\/sites\/4\/2020\/07\/11-150x150.jpg 150w, https:\/\/saude.ufpr.br\/enfermagem\/wp-content\/uploads\/sites\/4\/2020\/07\/11-768x768.jpg 768w, https:\/\/saude.ufpr.br\/enfermagem\/wp-content\/uploads\/sites\/4\/2020\/07\/11-1536x1536.jpg 1536w, https:\/\/saude.ufpr.br\/enfermagem\/wp-content\/uploads\/sites\/4\/2020\/07\/11-2048x2048.jpg 2048w\" sizes=\"(max-width: 300px) 100vw, 300px\" \/> <\/a><a href=\"https:\/\/saude.ufpr.br\/enfermagem\/wp-content\/uploads\/sites\/4\/2020\/07\/12.jpg\"><img loading=\"lazy\" decoding=\"async\" class=\"alignnone size-medium wp-image-4051\" src=\"https:\/\/saude.ufpr.br\/enfermagem\/wp-content\/uploads\/sites\/4\/2020\/07\/12-300x300.jpg\" alt=\"\" width=\"300\" height=\"300\" srcset=\"https:\/\/saude.ufpr.br\/enfermagem\/wp-content\/uploads\/sites\/4\/2020\/07\/12-300x300.jpg 300w, https:\/\/saude.ufpr.br\/enfermagem\/wp-content\/uploads\/sites\/4\/2020\/07\/12-1024x1024.jpg 1024w, https:\/\/saude.ufpr.br\/enfermagem\/wp-content\/uploads\/sites\/4\/2020\/07\/12-150x150.jpg 150w, https:\/\/saude.ufpr.br\/enfermagem\/wp-content\/uploads\/sites\/4\/2020\/07\/12-768x768.jpg 768w, https:\/\/saude.ufpr.br\/enfermagem\/wp-content\/uploads\/sites\/4\/2020\/07\/12-1536x1536.jpg 1536w, https:\/\/saude.ufpr.br\/enfermagem\/wp-content\/uploads\/sites\/4\/2020\/07\/12-2048x2048.jpg 2048w\" sizes=\"(max-width: 300px) 100vw, 300px\" \/><\/a><\/p>\n<p><a href=\"https:\/\/saude.ufpr.br\/enfermagem\/wp-content\/uploads\/sites\/4\/2020\/07\/13.jpg\"><img loading=\"lazy\" decoding=\"async\" class=\"alignnone size-medium wp-image-4050\" src=\"https:\/\/saude.ufpr.br\/enfermagem\/wp-content\/uploads\/sites\/4\/2020\/07\/13-300x300.jpg\" alt=\"\" width=\"300\" height=\"300\" srcset=\"https:\/\/saude.ufpr.br\/enfermagem\/wp-content\/uploads\/sites\/4\/2020\/07\/13-300x300.jpg 300w, https:\/\/saude.ufpr.br\/enfermagem\/wp-content\/uploads\/sites\/4\/2020\/07\/13-1024x1024.jpg 1024w, https:\/\/saude.ufpr.br\/enfermagem\/wp-content\/uploads\/sites\/4\/2020\/07\/13-150x150.jpg 150w, https:\/\/saude.ufpr.br\/enfermagem\/wp-content\/uploads\/sites\/4\/2020\/07\/13-768x768.jpg 768w, https:\/\/saude.ufpr.br\/enfermagem\/wp-content\/uploads\/sites\/4\/2020\/07\/13-1536x1536.jpg 1536w, https:\/\/saude.ufpr.br\/enfermagem\/wp-content\/uploads\/sites\/4\/2020\/07\/13-2048x2048.jpg 2048w\" sizes=\"(max-width: 300px) 100vw, 300px\" \/><\/a><\/p>\n<p>Cr\u00e9ditos: Isabella Fusculim, acad\u00eamica de enfermagem e bolsista de extens\u00e3o<\/p>\n<hr \/>\n<p><span style=\"color: #ff00ff\">Cuidados aos Idosos em tempos de Isolamento Social<\/span><\/p>\n<p><a href=\"https:\/\/saude.ufpr.br\/enfermagem\/wp-content\/uploads\/sites\/4\/2020\/07\/IMG_3663.jpg\"><img loading=\"lazy\" decoding=\"async\" class=\"alignnone size-medium wp-image-4097\" src=\"https:\/\/saude.ufpr.br\/enfermagem\/wp-content\/uploads\/sites\/4\/2020\/07\/IMG_3663-240x300.jpg\" alt=\"\" width=\"240\" height=\"300\" srcset=\"https:\/\/saude.ufpr.br\/enfermagem\/wp-content\/uploads\/sites\/4\/2020\/07\/IMG_3663-240x300.jpg 240w, https:\/\/saude.ufpr.br\/enfermagem\/wp-content\/uploads\/sites\/4\/2020\/07\/IMG_3663.jpg 343w\" sizes=\"(max-width: 240px) 100vw, 240px\" \/>. \u00a0 \u00a0 \u00a0 \u00a0 \u00a0 \u00a0 \u00a0 \u00a0 \u00a0 \u00a0 <\/a><a href=\"https:\/\/saude.ufpr.br\/enfermagem\/wp-content\/uploads\/sites\/4\/2020\/07\/f76afc58-ee85-4bcc-a921-0dacee610757.jpg\"><img loading=\"lazy\" decoding=\"async\" class=\"alignnone size-medium wp-image-4096\" src=\"https:\/\/saude.ufpr.br\/enfermagem\/wp-content\/uploads\/sites\/4\/2020\/07\/f76afc58-ee85-4bcc-a921-0dacee610757-300x300.jpg\" alt=\"\" width=\"300\" height=\"300\" srcset=\"https:\/\/saude.ufpr.br\/enfermagem\/wp-content\/uploads\/sites\/4\/2020\/07\/f76afc58-ee85-4bcc-a921-0dacee610757-300x300.jpg 300w, https:\/\/saude.ufpr.br\/enfermagem\/wp-content\/uploads\/sites\/4\/2020\/07\/f76afc58-ee85-4bcc-a921-0dacee610757-1024x1024.jpg 1024w, https:\/\/saude.ufpr.br\/enfermagem\/wp-content\/uploads\/sites\/4\/2020\/07\/f76afc58-ee85-4bcc-a921-0dacee610757-150x150.jpg 150w, https:\/\/saude.ufpr.br\/enfermagem\/wp-content\/uploads\/sites\/4\/2020\/07\/f76afc58-ee85-4bcc-a921-0dacee610757-768x768.jpg 768w, https:\/\/saude.ufpr.br\/enfermagem\/wp-content\/uploads\/sites\/4\/2020\/07\/f76afc58-ee85-4bcc-a921-0dacee610757.jpg 1280w\" sizes=\"(max-width: 300px) 100vw, 300px\" \/><\/a><\/p>\n<p>Domingo\u00a0 (26-07) foi dia dos av\u00f3s, <strong>voc\u00ea sabe como ajudar os idosos em isolamento social?<\/strong><\/p>\n<p>Para envelhecer saud\u00e1vel, o <strong>idoso<\/strong> precisa se <strong>sentir integrado<\/strong> e ter <strong>participa\u00e7\u00e3o social<\/strong>, seja com a fam\u00edlia, cuidadores ou amigos. Por serem grupo de risco para a Covid 19 os idosos est\u00e3o se vendo obrigados a ter um distanciamento social, o que pode aumentar a <strong>solid\u00e3o, o desamparo<\/strong> e uma <strong>sensa\u00e7\u00e3o de exclus\u00e3o da fam\u00edlia e da sociedade<\/strong>, al\u00e9m disso, o idoso pode ter sentimentos de <strong>medo, preocupa\u00e7\u00e3o e ansiedade.<\/strong><\/p>\n<p>Mas, estar em distanciamento social n\u00e3o significa que o idoso <strong>permane\u00e7a em casa sem fazer nada<\/strong>, muitas atividades que trazem benef\u00edcios f\u00edsicos, emocionais e sociais podem ser feitas.<\/p>\n<p>N\u00e3o esquecendo de respeitar as <strong>vontades e prefer\u00eancias do idoso<\/strong>, pode incluir atividades de a<strong>longamento, dan\u00e7a, leitura, escrita, jogos, m\u00fasica, restaura\u00e7\u00e3o de objetos, pintura, desenho, organiza\u00e7\u00e3o de fotos antigas<\/strong>, tudo de prefer\u00eancia dentro do espa\u00e7o da casa do idoso, a <strong>conversa di\u00e1ria por telefone<\/strong> e a conversa <strong>mantendo a dist\u00e2ncia<\/strong> necess\u00e1ria, sendo no jardim ou na cal\u00e7ada, evitando visita domiciliar, onde se entra nas pe\u00e7as internas da casa da pessoa.<\/p>\n<p>Os profissionais da sa\u00fade especializados em gerontologia podem <strong>ajudar a organizar a vida e a rotina do idoso<\/strong> nesse tempo de pandemia e isolamento social.<\/p>\n<p><strong>Texto e arte:<\/strong> Alessandra Larissa de Oliveira, acad\u00eamica de TO e bolsista de extens\u00e3o.<\/p>\n<p><strong>Refer\u00eancia:<\/strong><br \/>\nARGENTA, Carla et al. Distanciamento social do idoso saud\u00e1vel durante a pandemia Covid-19:<br \/>\nPossibilidades e Desafios. Associa\u00e7\u00e3o Brasileira de Enfermagem. ABen\/DCEG. Enfermagem<br \/>\ngerontol\u00f3gica no cuidado do idoso em tempo da COVID 19 p. 5-11 (S\u00e9rie enfermagem e pandemias)<br \/>\nBras\u00edlia, DF, 2020. Dispon\u00edvel em:\u00a0<a href=\"http:\/\/www.abennacional.org.br\/site\/wp-content\/uploads\/2020\/05\/E-BOOK-GERONTO.pdf\">http:\/\/www.abennacional.org.br\/site\/wp-content\/uploads\/2020\/05\/E-BOOK-GERONTO.pdf<\/a><\/p>\n<p>&nbsp;<\/p>\n<hr \/>\n<h2><span style=\"color: #ff00ff\">O que \u00e9 Divulga\u00e7\u00e3o Cient\u00edfica<\/span><\/h2>\n<p><a href=\"https:\/\/saude.ufpr.br\/enfermagem\/wp-content\/uploads\/sites\/4\/2020\/08\/IMG_3732.jpg\"><img loading=\"lazy\" decoding=\"async\" class=\"alignnone size-medium wp-image-4116\" src=\"https:\/\/saude.ufpr.br\/enfermagem\/wp-content\/uploads\/sites\/4\/2020\/08\/IMG_3732-242x300.jpg\" alt=\"\" width=\"242\" height=\"300\" srcset=\"https:\/\/saude.ufpr.br\/enfermagem\/wp-content\/uploads\/sites\/4\/2020\/08\/IMG_3732-242x300.jpg 242w, https:\/\/saude.ufpr.br\/enfermagem\/wp-content\/uploads\/sites\/4\/2020\/08\/IMG_3732.jpg 497w\" sizes=\"(max-width: 242px) 100vw, 242px\" \/> <\/a><a href=\"https:\/\/saude.ufpr.br\/enfermagem\/wp-content\/uploads\/sites\/4\/2020\/08\/1-6.png\"><img loading=\"lazy\" decoding=\"async\" class=\"alignnone size-medium wp-image-4117\" src=\"https:\/\/saude.ufpr.br\/enfermagem\/wp-content\/uploads\/sites\/4\/2020\/08\/1-6-300x300.png\" alt=\"\" width=\"300\" height=\"300\" srcset=\"https:\/\/saude.ufpr.br\/enfermagem\/wp-content\/uploads\/sites\/4\/2020\/08\/1-6-300x300.png 300w, https:\/\/saude.ufpr.br\/enfermagem\/wp-content\/uploads\/sites\/4\/2020\/08\/1-6-1024x1024.png 1024w, https:\/\/saude.ufpr.br\/enfermagem\/wp-content\/uploads\/sites\/4\/2020\/08\/1-6-150x150.png 150w, https:\/\/saude.ufpr.br\/enfermagem\/wp-content\/uploads\/sites\/4\/2020\/08\/1-6-768x768.png 768w, https:\/\/saude.ufpr.br\/enfermagem\/wp-content\/uploads\/sites\/4\/2020\/08\/1-6-1536x1536.png 1536w, https:\/\/saude.ufpr.br\/enfermagem\/wp-content\/uploads\/sites\/4\/2020\/08\/1-6-2048x2048.png 2048w\" sizes=\"(max-width: 300px) 100vw, 300px\" \/> <\/a><a href=\"https:\/\/saude.ufpr.br\/enfermagem\/wp-content\/uploads\/sites\/4\/2020\/08\/2-5.png\"><img loading=\"lazy\" decoding=\"async\" class=\"alignnone size-medium wp-image-4123\" src=\"https:\/\/saude.ufpr.br\/enfermagem\/wp-content\/uploads\/sites\/4\/2020\/08\/2-5-300x300.png\" alt=\"\" width=\"300\" height=\"300\" srcset=\"https:\/\/saude.ufpr.br\/enfermagem\/wp-content\/uploads\/sites\/4\/2020\/08\/2-5-300x300.png 300w, https:\/\/saude.ufpr.br\/enfermagem\/wp-content\/uploads\/sites\/4\/2020\/08\/2-5-1024x1024.png 1024w, https:\/\/saude.ufpr.br\/enfermagem\/wp-content\/uploads\/sites\/4\/2020\/08\/2-5-150x150.png 150w, https:\/\/saude.ufpr.br\/enfermagem\/wp-content\/uploads\/sites\/4\/2020\/08\/2-5-768x768.png 768w, https:\/\/saude.ufpr.br\/enfermagem\/wp-content\/uploads\/sites\/4\/2020\/08\/2-5-1536x1536.png 1536w, https:\/\/saude.ufpr.br\/enfermagem\/wp-content\/uploads\/sites\/4\/2020\/08\/2-5-2048x2048.png 2048w\" sizes=\"(max-width: 300px) 100vw, 300px\" \/><\/a><a href=\"https:\/\/saude.ufpr.br\/enfermagem\/wp-content\/uploads\/sites\/4\/2020\/08\/3-2.png\"><img loading=\"lazy\" decoding=\"async\" class=\"alignnone size-medium wp-image-4122\" src=\"https:\/\/saude.ufpr.br\/enfermagem\/wp-content\/uploads\/sites\/4\/2020\/08\/3-2-300x300.png\" alt=\"\" width=\"300\" height=\"300\" srcset=\"https:\/\/saude.ufpr.br\/enfermagem\/wp-content\/uploads\/sites\/4\/2020\/08\/3-2-300x300.png 300w, https:\/\/saude.ufpr.br\/enfermagem\/wp-content\/uploads\/sites\/4\/2020\/08\/3-2-1024x1024.png 1024w, https:\/\/saude.ufpr.br\/enfermagem\/wp-content\/uploads\/sites\/4\/2020\/08\/3-2-150x150.png 150w, https:\/\/saude.ufpr.br\/enfermagem\/wp-content\/uploads\/sites\/4\/2020\/08\/3-2-768x768.png 768w, https:\/\/saude.ufpr.br\/enfermagem\/wp-content\/uploads\/sites\/4\/2020\/08\/3-2-1536x1536.png 1536w, https:\/\/saude.ufpr.br\/enfermagem\/wp-content\/uploads\/sites\/4\/2020\/08\/3-2-2048x2048.png 2048w\" sizes=\"(max-width: 300px) 100vw, 300px\" \/> <\/a><a href=\"https:\/\/saude.ufpr.br\/enfermagem\/wp-content\/uploads\/sites\/4\/2020\/08\/4-2.png\"><img loading=\"lazy\" decoding=\"async\" class=\"alignnone size-medium wp-image-4121\" src=\"https:\/\/saude.ufpr.br\/enfermagem\/wp-content\/uploads\/sites\/4\/2020\/08\/4-2-300x300.png\" alt=\"\" width=\"300\" height=\"300\" srcset=\"https:\/\/saude.ufpr.br\/enfermagem\/wp-content\/uploads\/sites\/4\/2020\/08\/4-2-300x300.png 300w, https:\/\/saude.ufpr.br\/enfermagem\/wp-content\/uploads\/sites\/4\/2020\/08\/4-2-1024x1024.png 1024w, https:\/\/saude.ufpr.br\/enfermagem\/wp-content\/uploads\/sites\/4\/2020\/08\/4-2-150x150.png 150w, https:\/\/saude.ufpr.br\/enfermagem\/wp-content\/uploads\/sites\/4\/2020\/08\/4-2-768x768.png 768w, https:\/\/saude.ufpr.br\/enfermagem\/wp-content\/uploads\/sites\/4\/2020\/08\/4-2-1536x1536.png 1536w, https:\/\/saude.ufpr.br\/enfermagem\/wp-content\/uploads\/sites\/4\/2020\/08\/4-2-2048x2048.png 2048w\" sizes=\"(max-width: 300px) 100vw, 300px\" \/> <\/a><a href=\"https:\/\/saude.ufpr.br\/enfermagem\/wp-content\/uploads\/sites\/4\/2020\/08\/5-2.png\"><img loading=\"lazy\" decoding=\"async\" class=\"alignnone size-medium wp-image-4120\" src=\"https:\/\/saude.ufpr.br\/enfermagem\/wp-content\/uploads\/sites\/4\/2020\/08\/5-2-300x300.png\" alt=\"\" width=\"300\" height=\"300\" srcset=\"https:\/\/saude.ufpr.br\/enfermagem\/wp-content\/uploads\/sites\/4\/2020\/08\/5-2-300x300.png 300w, https:\/\/saude.ufpr.br\/enfermagem\/wp-content\/uploads\/sites\/4\/2020\/08\/5-2-1024x1024.png 1024w, https:\/\/saude.ufpr.br\/enfermagem\/wp-content\/uploads\/sites\/4\/2020\/08\/5-2-150x150.png 150w, https:\/\/saude.ufpr.br\/enfermagem\/wp-content\/uploads\/sites\/4\/2020\/08\/5-2-768x768.png 768w, https:\/\/saude.ufpr.br\/enfermagem\/wp-content\/uploads\/sites\/4\/2020\/08\/5-2-1536x1536.png 1536w, https:\/\/saude.ufpr.br\/enfermagem\/wp-content\/uploads\/sites\/4\/2020\/08\/5-2-2048x2048.png 2048w\" sizes=\"(max-width: 300px) 100vw, 300px\" \/><\/a><a href=\"https:\/\/saude.ufpr.br\/enfermagem\/wp-content\/uploads\/sites\/4\/2020\/08\/6-2.png\"><img loading=\"lazy\" decoding=\"async\" class=\"alignnone size-medium wp-image-4119\" src=\"https:\/\/saude.ufpr.br\/enfermagem\/wp-content\/uploads\/sites\/4\/2020\/08\/6-2-300x300.png\" alt=\"\" width=\"300\" height=\"300\" srcset=\"https:\/\/saude.ufpr.br\/enfermagem\/wp-content\/uploads\/sites\/4\/2020\/08\/6-2-300x300.png 300w, https:\/\/saude.ufpr.br\/enfermagem\/wp-content\/uploads\/sites\/4\/2020\/08\/6-2-1024x1024.png 1024w, https:\/\/saude.ufpr.br\/enfermagem\/wp-content\/uploads\/sites\/4\/2020\/08\/6-2-150x150.png 150w, https:\/\/saude.ufpr.br\/enfermagem\/wp-content\/uploads\/sites\/4\/2020\/08\/6-2-768x768.png 768w, https:\/\/saude.ufpr.br\/enfermagem\/wp-content\/uploads\/sites\/4\/2020\/08\/6-2-1536x1536.png 1536w, https:\/\/saude.ufpr.br\/enfermagem\/wp-content\/uploads\/sites\/4\/2020\/08\/6-2-2048x2048.png 2048w\" sizes=\"(max-width: 300px) 100vw, 300px\" \/> <\/a><a href=\"https:\/\/saude.ufpr.br\/enfermagem\/wp-content\/uploads\/sites\/4\/2020\/08\/7-2.png\"><img loading=\"lazy\" decoding=\"async\" class=\"alignnone size-medium wp-image-4118\" src=\"https:\/\/saude.ufpr.br\/enfermagem\/wp-content\/uploads\/sites\/4\/2020\/08\/7-2-300x300.png\" alt=\"\" width=\"300\" height=\"300\" srcset=\"https:\/\/saude.ufpr.br\/enfermagem\/wp-content\/uploads\/sites\/4\/2020\/08\/7-2-300x300.png 300w, https:\/\/saude.ufpr.br\/enfermagem\/wp-content\/uploads\/sites\/4\/2020\/08\/7-2-1024x1024.png 1024w, https:\/\/saude.ufpr.br\/enfermagem\/wp-content\/uploads\/sites\/4\/2020\/08\/7-2-150x150.png 150w, https:\/\/saude.ufpr.br\/enfermagem\/wp-content\/uploads\/sites\/4\/2020\/08\/7-2-768x768.png 768w, https:\/\/saude.ufpr.br\/enfermagem\/wp-content\/uploads\/sites\/4\/2020\/08\/7-2-1536x1536.png 1536w, https:\/\/saude.ufpr.br\/enfermagem\/wp-content\/uploads\/sites\/4\/2020\/08\/7-2-2048x2048.png 2048w\" sizes=\"(max-width: 300px) 100vw, 300px\" \/><\/a><\/p>\n<p><a href=\"https:\/\/saude.ufpr.br\/enfermagem\/wp-content\/uploads\/sites\/4\/2020\/08\/6-2.png\">Cr\u00e9ditos: Isabella Fusculim, acad\u00eamica de enfermagem e bolsista de extens\u00e3o<\/a><\/p>\n<p>&nbsp;<\/p>\n<hr \/>\n<h2><span style=\"color: #ff00ff\">Semana Mundial do Aleitamento Materno<\/span><\/h2>\n<p><a href=\"https:\/\/saude.ufpr.br\/enfermagem\/wp-content\/uploads\/sites\/4\/2020\/08\/1-2.jpg\"><img loading=\"lazy\" decoding=\"async\" class=\"alignnone size-medium wp-image-4163\" src=\"https:\/\/saude.ufpr.br\/enfermagem\/wp-content\/uploads\/sites\/4\/2020\/08\/1-2-300x300.jpg\" alt=\"\" width=\"300\" height=\"300\" srcset=\"https:\/\/saude.ufpr.br\/enfermagem\/wp-content\/uploads\/sites\/4\/2020\/08\/1-2-300x300.jpg 300w, https:\/\/saude.ufpr.br\/enfermagem\/wp-content\/uploads\/sites\/4\/2020\/08\/1-2-1024x1024.jpg 1024w, https:\/\/saude.ufpr.br\/enfermagem\/wp-content\/uploads\/sites\/4\/2020\/08\/1-2-150x150.jpg 150w, https:\/\/saude.ufpr.br\/enfermagem\/wp-content\/uploads\/sites\/4\/2020\/08\/1-2-768x768.jpg 768w, https:\/\/saude.ufpr.br\/enfermagem\/wp-content\/uploads\/sites\/4\/2020\/08\/1-2.jpg 1080w\" sizes=\"(max-width: 300px) 100vw, 300px\" \/> <\/a><a href=\"https:\/\/saude.ufpr.br\/enfermagem\/wp-content\/uploads\/sites\/4\/2020\/08\/2-2.jpg\"><img loading=\"lazy\" decoding=\"async\" class=\"alignnone size-medium wp-image-4162\" src=\"https:\/\/saude.ufpr.br\/enfermagem\/wp-content\/uploads\/sites\/4\/2020\/08\/2-2-300x300.jpg\" alt=\"\" width=\"300\" height=\"300\" srcset=\"https:\/\/saude.ufpr.br\/enfermagem\/wp-content\/uploads\/sites\/4\/2020\/08\/2-2-300x300.jpg 300w, https:\/\/saude.ufpr.br\/enfermagem\/wp-content\/uploads\/sites\/4\/2020\/08\/2-2-1024x1024.jpg 1024w, https:\/\/saude.ufpr.br\/enfermagem\/wp-content\/uploads\/sites\/4\/2020\/08\/2-2-150x150.jpg 150w, https:\/\/saude.ufpr.br\/enfermagem\/wp-content\/uploads\/sites\/4\/2020\/08\/2-2-768x768.jpg 768w, https:\/\/saude.ufpr.br\/enfermagem\/wp-content\/uploads\/sites\/4\/2020\/08\/2-2.jpg 1080w\" sizes=\"(max-width: 300px) 100vw, 300px\" \/> <\/a><a href=\"https:\/\/saude.ufpr.br\/enfermagem\/wp-content\/uploads\/sites\/4\/2020\/08\/3-2.jpg\"><img loading=\"lazy\" decoding=\"async\" class=\"alignnone size-medium wp-image-4161\" src=\"https:\/\/saude.ufpr.br\/enfermagem\/wp-content\/uploads\/sites\/4\/2020\/08\/3-2-300x300.jpg\" alt=\"\" width=\"300\" height=\"300\" srcset=\"https:\/\/saude.ufpr.br\/enfermagem\/wp-content\/uploads\/sites\/4\/2020\/08\/3-2-300x300.jpg 300w, https:\/\/saude.ufpr.br\/enfermagem\/wp-content\/uploads\/sites\/4\/2020\/08\/3-2-1024x1024.jpg 1024w, https:\/\/saude.ufpr.br\/enfermagem\/wp-content\/uploads\/sites\/4\/2020\/08\/3-2-150x150.jpg 150w, https:\/\/saude.ufpr.br\/enfermagem\/wp-content\/uploads\/sites\/4\/2020\/08\/3-2-768x768.jpg 768w, https:\/\/saude.ufpr.br\/enfermagem\/wp-content\/uploads\/sites\/4\/2020\/08\/3-2.jpg 1080w\" sizes=\"(max-width: 300px) 100vw, 300px\" \/><\/a><a href=\"https:\/\/saude.ufpr.br\/enfermagem\/wp-content\/uploads\/sites\/4\/2020\/08\/5-2.jpg\"><img loading=\"lazy\" decoding=\"async\" class=\"size-medium wp-image-4159 alignleft\" src=\"https:\/\/saude.ufpr.br\/enfermagem\/wp-content\/uploads\/sites\/4\/2020\/08\/5-2-300x300.jpg\" alt=\"\" width=\"300\" height=\"300\" srcset=\"https:\/\/saude.ufpr.br\/enfermagem\/wp-content\/uploads\/sites\/4\/2020\/08\/5-2-300x300.jpg 300w, https:\/\/saude.ufpr.br\/enfermagem\/wp-content\/uploads\/sites\/4\/2020\/08\/5-2-1024x1024.jpg 1024w, https:\/\/saude.ufpr.br\/enfermagem\/wp-content\/uploads\/sites\/4\/2020\/08\/5-2-150x150.jpg 150w, https:\/\/saude.ufpr.br\/enfermagem\/wp-content\/uploads\/sites\/4\/2020\/08\/5-2-768x768.jpg 768w, https:\/\/saude.ufpr.br\/enfermagem\/wp-content\/uploads\/sites\/4\/2020\/08\/5-2.jpg 1080w\" sizes=\"(max-width: 300px) 100vw, 300px\" \/><\/a><\/p>\n<p>&nbsp;<\/p>\n<p><a href=\"https:\/\/saude.ufpr.br\/enfermagem\/wp-content\/uploads\/sites\/4\/2020\/08\/6bbe8cb8-bc50-49d9-a3bd-79068bbfb106.jpg\"><img loading=\"lazy\" decoding=\"async\" class=\"alignnone size-medium wp-image-4164\" src=\"https:\/\/saude.ufpr.br\/enfermagem\/wp-content\/uploads\/sites\/4\/2020\/08\/6bbe8cb8-bc50-49d9-a3bd-79068bbfb106-300x300.jpg\" alt=\"\" width=\"300\" height=\"300\" srcset=\"https:\/\/saude.ufpr.br\/enfermagem\/wp-content\/uploads\/sites\/4\/2020\/08\/6bbe8cb8-bc50-49d9-a3bd-79068bbfb106-300x300.jpg 300w, https:\/\/saude.ufpr.br\/enfermagem\/wp-content\/uploads\/sites\/4\/2020\/08\/6bbe8cb8-bc50-49d9-a3bd-79068bbfb106-1024x1024.jpg 1024w, https:\/\/saude.ufpr.br\/enfermagem\/wp-content\/uploads\/sites\/4\/2020\/08\/6bbe8cb8-bc50-49d9-a3bd-79068bbfb106-150x150.jpg 150w, https:\/\/saude.ufpr.br\/enfermagem\/wp-content\/uploads\/sites\/4\/2020\/08\/6bbe8cb8-bc50-49d9-a3bd-79068bbfb106-768x768.jpg 768w, https:\/\/saude.ufpr.br\/enfermagem\/wp-content\/uploads\/sites\/4\/2020\/08\/6bbe8cb8-bc50-49d9-a3bd-79068bbfb106.jpg 1280w\" sizes=\"(max-width: 300px) 100vw, 300px\" \/><\/a><\/p>\n<p>Cr\u00e9ditos: Alessandra Larissa de Oliveira, bolsista de extens\u00e3o<\/p>\n<p>&nbsp;<\/p>\n<hr \/>\n<h2><span style=\"color: #ff00ff\">Fake News<\/span><\/h2>\n<p><a href=\"https:\/\/saude.ufpr.br\/enfermagem\/wp-content\/uploads\/sites\/4\/2020\/08\/1-8.png\"><img loading=\"lazy\" decoding=\"async\" class=\"alignnone size-medium wp-image-4170\" src=\"https:\/\/saude.ufpr.br\/enfermagem\/wp-content\/uploads\/sites\/4\/2020\/08\/1-8-300x300.png\" alt=\"\" width=\"300\" height=\"300\" srcset=\"https:\/\/saude.ufpr.br\/enfermagem\/wp-content\/uploads\/sites\/4\/2020\/08\/1-8-300x300.png 300w, https:\/\/saude.ufpr.br\/enfermagem\/wp-content\/uploads\/sites\/4\/2020\/08\/1-8-1024x1024.png 1024w, https:\/\/saude.ufpr.br\/enfermagem\/wp-content\/uploads\/sites\/4\/2020\/08\/1-8-150x150.png 150w, https:\/\/saude.ufpr.br\/enfermagem\/wp-content\/uploads\/sites\/4\/2020\/08\/1-8-768x768.png 768w, https:\/\/saude.ufpr.br\/enfermagem\/wp-content\/uploads\/sites\/4\/2020\/08\/1-8.png 1080w\" sizes=\"(max-width: 300px) 100vw, 300px\" \/> <\/a><a href=\"https:\/\/saude.ufpr.br\/enfermagem\/wp-content\/uploads\/sites\/4\/2020\/08\/2-7.png\"><img loading=\"lazy\" decoding=\"async\" class=\"alignnone size-medium wp-image-4171\" src=\"https:\/\/saude.ufpr.br\/enfermagem\/wp-content\/uploads\/sites\/4\/2020\/08\/2-7-300x300.png\" alt=\"\" width=\"300\" height=\"300\" srcset=\"https:\/\/saude.ufpr.br\/enfermagem\/wp-content\/uploads\/sites\/4\/2020\/08\/2-7-300x300.png 300w, https:\/\/saude.ufpr.br\/enfermagem\/wp-content\/uploads\/sites\/4\/2020\/08\/2-7-1024x1024.png 1024w, https:\/\/saude.ufpr.br\/enfermagem\/wp-content\/uploads\/sites\/4\/2020\/08\/2-7-150x150.png 150w, https:\/\/saude.ufpr.br\/enfermagem\/wp-content\/uploads\/sites\/4\/2020\/08\/2-7-768x768.png 768w, https:\/\/saude.ufpr.br\/enfermagem\/wp-content\/uploads\/sites\/4\/2020\/08\/2-7.png 1080w\" sizes=\"(max-width: 300px) 100vw, 300px\" \/> <\/a><a href=\"https:\/\/saude.ufpr.br\/enfermagem\/wp-content\/uploads\/sites\/4\/2020\/08\/3-3.png\"><img loading=\"lazy\" decoding=\"async\" class=\"alignnone size-medium wp-image-4168\" src=\"https:\/\/saude.ufpr.br\/enfermagem\/wp-content\/uploads\/sites\/4\/2020\/08\/3-3-300x300.png\" alt=\"\" width=\"300\" height=\"300\" srcset=\"https:\/\/saude.ufpr.br\/enfermagem\/wp-content\/uploads\/sites\/4\/2020\/08\/3-3-300x300.png 300w, https:\/\/saude.ufpr.br\/enfermagem\/wp-content\/uploads\/sites\/4\/2020\/08\/3-3-1024x1024.png 1024w, https:\/\/saude.ufpr.br\/enfermagem\/wp-content\/uploads\/sites\/4\/2020\/08\/3-3-150x150.png 150w, https:\/\/saude.ufpr.br\/enfermagem\/wp-content\/uploads\/sites\/4\/2020\/08\/3-3-768x768.png 768w, https:\/\/saude.ufpr.br\/enfermagem\/wp-content\/uploads\/sites\/4\/2020\/08\/3-3.png 1080w\" sizes=\"(max-width: 300px) 100vw, 300px\" \/><\/a><\/p>\n<p><a href=\"https:\/\/saude.ufpr.br\/enfermagem\/wp-content\/uploads\/sites\/4\/2020\/08\/4-3.png\"><img loading=\"lazy\" decoding=\"async\" class=\"alignnone size-medium wp-image-4169\" src=\"https:\/\/saude.ufpr.br\/enfermagem\/wp-content\/uploads\/sites\/4\/2020\/08\/4-3-300x300.png\" alt=\"\" width=\"300\" height=\"300\" srcset=\"https:\/\/saude.ufpr.br\/enfermagem\/wp-content\/uploads\/sites\/4\/2020\/08\/4-3-300x300.png 300w, https:\/\/saude.ufpr.br\/enfermagem\/wp-content\/uploads\/sites\/4\/2020\/08\/4-3-1024x1024.png 1024w, https:\/\/saude.ufpr.br\/enfermagem\/wp-content\/uploads\/sites\/4\/2020\/08\/4-3-150x150.png 150w, https:\/\/saude.ufpr.br\/enfermagem\/wp-content\/uploads\/sites\/4\/2020\/08\/4-3-768x768.png 768w, https:\/\/saude.ufpr.br\/enfermagem\/wp-content\/uploads\/sites\/4\/2020\/08\/4-3.png 1080w\" sizes=\"(max-width: 300px) 100vw, 300px\" \/> <\/a><a href=\"https:\/\/saude.ufpr.br\/enfermagem\/wp-content\/uploads\/sites\/4\/2020\/08\/5-3.png\"><img loading=\"lazy\" decoding=\"async\" class=\"alignnone size-medium wp-image-4166\" src=\"https:\/\/saude.ufpr.br\/enfermagem\/wp-content\/uploads\/sites\/4\/2020\/08\/5-3-300x300.png\" alt=\"\" width=\"300\" height=\"300\" srcset=\"https:\/\/saude.ufpr.br\/enfermagem\/wp-content\/uploads\/sites\/4\/2020\/08\/5-3-300x300.png 300w, https:\/\/saude.ufpr.br\/enfermagem\/wp-content\/uploads\/sites\/4\/2020\/08\/5-3-1024x1024.png 1024w, https:\/\/saude.ufpr.br\/enfermagem\/wp-content\/uploads\/sites\/4\/2020\/08\/5-3-150x150.png 150w, https:\/\/saude.ufpr.br\/enfermagem\/wp-content\/uploads\/sites\/4\/2020\/08\/5-3-768x768.png 768w, https:\/\/saude.ufpr.br\/enfermagem\/wp-content\/uploads\/sites\/4\/2020\/08\/5-3.png 1080w\" sizes=\"(max-width: 300px) 100vw, 300px\" \/> <\/a><a href=\"https:\/\/saude.ufpr.br\/enfermagem\/wp-content\/uploads\/sites\/4\/2020\/08\/6-3.png\"><img loading=\"lazy\" decoding=\"async\" class=\"alignnone size-medium wp-image-4165\" src=\"https:\/\/saude.ufpr.br\/enfermagem\/wp-content\/uploads\/sites\/4\/2020\/08\/6-3-300x300.png\" alt=\"\" width=\"300\" height=\"300\" srcset=\"https:\/\/saude.ufpr.br\/enfermagem\/wp-content\/uploads\/sites\/4\/2020\/08\/6-3-300x300.png 300w, https:\/\/saude.ufpr.br\/enfermagem\/wp-content\/uploads\/sites\/4\/2020\/08\/6-3-1024x1024.png 1024w, https:\/\/saude.ufpr.br\/enfermagem\/wp-content\/uploads\/sites\/4\/2020\/08\/6-3-150x150.png 150w, https:\/\/saude.ufpr.br\/enfermagem\/wp-content\/uploads\/sites\/4\/2020\/08\/6-3-768x768.png 768w, https:\/\/saude.ufpr.br\/enfermagem\/wp-content\/uploads\/sites\/4\/2020\/08\/6-3.png 1080w\" sizes=\"(max-width: 300px) 100vw, 300px\" \/><\/a><\/p>\n<p>Cr\u00e9ditos: Isabella Fusculim, bolsista de extens\u00e3o.<\/p>\n<hr \/>\n<h2><span style=\"color: #ff00ff\">Vacina\u00e7\u00e3o e as fake news<\/span><\/h2>\n<p><a href=\"https:\/\/saude.ufpr.br\/enfermagem\/wp-content\/uploads\/sites\/4\/2020\/08\/IMG_3990.jpg\"><img loading=\"lazy\" decoding=\"async\" class=\"size-medium wp-image-4167 alignleft\" src=\"https:\/\/saude.ufpr.br\/enfermagem\/wp-content\/uploads\/sites\/4\/2020\/08\/IMG_3990-300x300.jpg\" alt=\"\" width=\"300\" height=\"300\" srcset=\"https:\/\/saude.ufpr.br\/enfermagem\/wp-content\/uploads\/sites\/4\/2020\/08\/IMG_3990-300x300.jpg 300w, https:\/\/saude.ufpr.br\/enfermagem\/wp-content\/uploads\/sites\/4\/2020\/08\/IMG_3990-150x150.jpg 150w, https:\/\/saude.ufpr.br\/enfermagem\/wp-content\/uploads\/sites\/4\/2020\/08\/IMG_3990.jpg 554w\" sizes=\"(max-width: 300px) 100vw, 300px\" \/><\/a><\/p>\n<p>As fake News sobre vacina iniciaram em 1998, quando um ex-me\u0301dico Andrew Wakefield divulgou um estudo fraudulento, no qual afirmava que a vacina tri\u0301plice viral era a causa de autismo no desenvolvimento da crianc\u0327a.<\/p>\n<p>Depois de algum tempo, foi descoberto que Wakefield estava enganado, ele foi condenado a fazer uma retratac\u0327a\u0303o pu\u0301blica e teve sua licenc\u0327a cac\u0327ada, pore\u0301m, o assunto ja\u0301 estava ta\u0303o difundido, que muitos pais ja\u0301 haviam deixado de vacinar seus filhos, essa atitude acabou contribuindo para uma epidemia de sarampo, causando muitas internac\u0327o\u0303es e mortes.<\/p>\n<p>Mesmo com o estudo de Wakefield sendo refutado e com va\u0301rias campanhas de conscientizac\u0327a\u0303o e imunizac\u0327a\u0303o, o movimento anti-vacina se popularizou durante anos.<\/p>\n<p>Atualmente, podemos dizer que as mi\u0301dias sociais sa\u0303o os principais meios onde se divulgam e compartilham fake News sobre imunizac\u0327a\u0303o. No Brasil, estamos enfrentando a volta de doenc\u0327as erradicadas na de\u0301cada de 90, como o sarampo, a poliomielite e a febre amarela, por conta da diminuic\u0327a\u0303o de indivi\u0301duos sendo imunizados a cada ano.<\/p>\n<p>Aqui no Sau\u0301de nas Mi\u0301dias, vamos trazer estudos que comprovam que na\u0303o existe relac\u0327a\u0303o entre a vacinac\u0327a\u0303o e o autismo, ale\u0301m de mostrar como funciona a vacina e por quais etapas ela tem que passar ate\u0301 chegar na pessoa que sera\u0301 imunizada.<\/p>\n<p>Refere\u0302ncia:<br \/>\nSARAIVA, Luiza J. C. DE FARIA, Joana Frantz. A Cie\u0302ncia e a Mi\u0301dia: A propagac\u0327a\u0303o de Fake News e sua relac\u0327a\u0303o com o movimento anti-vacina no Brasil. Intercom \u2013 Sociedade Brasileira de Estudos Interdisciplinares da Comunicac\u0327a\u0303o, 42\u00ba Congresso Brasileiro de Cie\u0302ncias da Comunicac\u0327a\u0303o. Bele\u0301m, 2019. Disponi\u0301vel em: https:\/intercom.org.br\/anais\/nacional2019\/resumos\/R14-1653-1.pdf<\/p>\n<p>Cre\u0301ditos: Alessandra Larissa de Oliveira, bolsista de extens\u00e3o.<\/p>\n<hr \/>\n<h2><span style=\"color: #ff00ff\">A infodemia e a desinforma\u00e7\u00e3o contra a COVID-19<\/span><\/h2>\n<p><a href=\"https:\/\/saude.ufpr.br\/enfermagem\/wp-content\/uploads\/sites\/4\/2020\/08\/117604406_594749144747373_8731392484807263926_n.jpg\"><img loading=\"lazy\" decoding=\"async\" class=\"alignnone size-medium wp-image-4193\" src=\"https:\/\/saude.ufpr.br\/enfermagem\/wp-content\/uploads\/sites\/4\/2020\/08\/117604406_594749144747373_8731392484807263926_n-300x201.jpg\" alt=\"\" width=\"300\" height=\"201\" srcset=\"https:\/\/saude.ufpr.br\/enfermagem\/wp-content\/uploads\/sites\/4\/2020\/08\/117604406_594749144747373_8731392484807263926_n-300x201.jpg 300w, https:\/\/saude.ufpr.br\/enfermagem\/wp-content\/uploads\/sites\/4\/2020\/08\/117604406_594749144747373_8731392484807263926_n.jpg 592w\" sizes=\"(max-width: 300px) 100vw, 300px\" \/><\/a><\/p>\n<p>Com a pandemia da COVID-19 &#x1f9a0;, muitas informac\u0327o\u0303es de diversas fontes sa\u0303o divulgadas a todo momento. Com esse grande volume de novas informac\u0327o\u0303es, torna-se difi\u0301cil encontrar fontes confia\u0301veis e seguras. Esse feno\u0302meno foi definido pela Organizac\u0327a\u0303o Mundial da Sau\u0301de (OMS) de infodemia &#x2733;&#xfe0f;. Ou seja, a infodemia nada mais e\u0301 do que uma \u2018\u2019epidemia de informac\u0327o\u0303es\u2019\u2019 relacionadas a um determinado assunto, o que acaba por contribuir para a desinformac\u0327a\u0303o e manipulac\u0327a\u0303o dessas informac\u0327o\u0303es.<\/p>\n<p>No contexto da pandemia atual e com a facilidade de acesso a\u0300 Internet, a busca por novas informac\u0327o\u0303es referente ao assunto e\u0301 cada vez mais comum. Sa\u0303o informac\u0327o\u0303es produzidas o tempo todo e compartilhadas com bilho\u0303es de pessoas ao redor do mundo. Mas, quantas dessas informac\u0327o\u0303es realmente sa\u0303o verdadeiras? Certamente, apenas algumas&#8230;<\/p>\n<p>Acompanhada da infodemia &#x2733;&#xfe0f; temos uma onda de desinformac\u0327a\u0303o, com informac\u0327o\u0303es falsas e imprecisas. Parte dessas informac\u0327o\u0303es pode ser baseada em teorias conspirato\u0301rias e divulgadas com o objetivo de enganar, afetando diretamente a vida e a sau\u0301de da populac\u0327a\u0303o que as consome.<\/p>\n<p>A OMS atua no combate a\u0300 divulgac\u0327a\u0303o de informac\u0327o\u0303es falsas, via Rede de Informac\u0327o\u0303es sobre Epidemias, contando com uma equipe que identifica boatos em conjunto com as mi\u0301dias sociais (Facebook, Instagram, Twitter, entre outras). Desta forma, as informac\u0327o\u0303es falsas sa\u0303o exclui\u0301das. A OMS ainda compartilha recomendac\u0327o\u0303es e informac\u0327o\u0303es atualizadas de fa\u0301cil compreensa\u0303o, provenientes de fontes confia\u0301veis.<\/p>\n<p>Compartilhe informac\u0327o\u0303es com responsabilidade, busque fontes seguras, atente a\u0300s datas de publicac\u0327o\u0303es e denuncie as noti\u0301cias falsas, assim, evitamos a propagac\u0327a\u0303o das <em>\u2018\u2019fake news\u2019\u2019<\/em> &#x274c; e combatemos a\u0300 infodemia &#x2733;&#xfe0f;.<\/p>\n<p>Saiba mais:<br \/>\nORGANIZAC\u0327A\u0303O PAN-AMERICANA DA SAU\u0301DE. Entenda a infodemia e a desinformac\u0327a\u0303o na luta contra a COVID-19. Disponi\u0301vel em: https:\/\/iris.paho.org\/handle\/10665.2\/52054. Acesso em: 14 ago. 2020.<\/p>\n<p>Cre\u0301ditos: Rayane Camargo, bolsista de extens\u00e3o.<\/p>\n<p>&nbsp;<\/p>\n<hr \/>\n<h2><span style=\"color: #ff00ff\">A rela\u00e7\u00e3o entre vacinas e o transtorno espectro autista<\/span><\/h2>\n<p><a href=\"https:\/\/saude.ufpr.br\/enfermagem\/wp-content\/uploads\/sites\/4\/2020\/08\/1.png\"><img loading=\"lazy\" decoding=\"async\" class=\"alignnone size-medium wp-image-4201\" src=\"https:\/\/saude.ufpr.br\/enfermagem\/wp-content\/uploads\/sites\/4\/2020\/08\/1-300x300.png\" alt=\"\" width=\"300\" height=\"300\" srcset=\"https:\/\/saude.ufpr.br\/enfermagem\/wp-content\/uploads\/sites\/4\/2020\/08\/1-300x300.png 300w, https:\/\/saude.ufpr.br\/enfermagem\/wp-content\/uploads\/sites\/4\/2020\/08\/1-1024x1024.png 1024w, https:\/\/saude.ufpr.br\/enfermagem\/wp-content\/uploads\/sites\/4\/2020\/08\/1-150x150.png 150w, https:\/\/saude.ufpr.br\/enfermagem\/wp-content\/uploads\/sites\/4\/2020\/08\/1-768x768.png 768w, https:\/\/saude.ufpr.br\/enfermagem\/wp-content\/uploads\/sites\/4\/2020\/08\/1.png 1080w\" sizes=\"(max-width: 300px) 100vw, 300px\" \/><\/a> <a href=\"https:\/\/saude.ufpr.br\/enfermagem\/wp-content\/uploads\/sites\/4\/2020\/08\/2.png\"><img loading=\"lazy\" decoding=\"async\" class=\"alignnone size-medium wp-image-4202\" src=\"https:\/\/saude.ufpr.br\/enfermagem\/wp-content\/uploads\/sites\/4\/2020\/08\/2-300x300.png\" alt=\"\" width=\"300\" height=\"300\" srcset=\"https:\/\/saude.ufpr.br\/enfermagem\/wp-content\/uploads\/sites\/4\/2020\/08\/2-300x300.png 300w, https:\/\/saude.ufpr.br\/enfermagem\/wp-content\/uploads\/sites\/4\/2020\/08\/2-1024x1024.png 1024w, https:\/\/saude.ufpr.br\/enfermagem\/wp-content\/uploads\/sites\/4\/2020\/08\/2-150x150.png 150w, https:\/\/saude.ufpr.br\/enfermagem\/wp-content\/uploads\/sites\/4\/2020\/08\/2-768x768.png 768w, https:\/\/saude.ufpr.br\/enfermagem\/wp-content\/uploads\/sites\/4\/2020\/08\/2.png 1080w\" sizes=\"(max-width: 300px) 100vw, 300px\" \/><\/a> <a href=\"https:\/\/saude.ufpr.br\/enfermagem\/wp-content\/uploads\/sites\/4\/2020\/08\/3-1.png\"><img loading=\"lazy\" decoding=\"async\" class=\"alignnone size-medium wp-image-4203\" src=\"https:\/\/saude.ufpr.br\/enfermagem\/wp-content\/uploads\/sites\/4\/2020\/08\/3-1-300x300.png\" alt=\"\" width=\"300\" height=\"300\" srcset=\"https:\/\/saude.ufpr.br\/enfermagem\/wp-content\/uploads\/sites\/4\/2020\/08\/3-1-300x300.png 300w, https:\/\/saude.ufpr.br\/enfermagem\/wp-content\/uploads\/sites\/4\/2020\/08\/3-1-1024x1024.png 1024w, https:\/\/saude.ufpr.br\/enfermagem\/wp-content\/uploads\/sites\/4\/2020\/08\/3-1-150x150.png 150w, https:\/\/saude.ufpr.br\/enfermagem\/wp-content\/uploads\/sites\/4\/2020\/08\/3-1-768x768.png 768w, https:\/\/saude.ufpr.br\/enfermagem\/wp-content\/uploads\/sites\/4\/2020\/08\/3-1.png 1080w\" sizes=\"(max-width: 300px) 100vw, 300px\" \/><\/a> <a href=\"https:\/\/saude.ufpr.br\/enfermagem\/wp-content\/uploads\/sites\/4\/2020\/08\/4-1.png\"><img loading=\"lazy\" decoding=\"async\" class=\"alignnone size-medium wp-image-4204\" src=\"https:\/\/saude.ufpr.br\/enfermagem\/wp-content\/uploads\/sites\/4\/2020\/08\/4-1-300x300.png\" alt=\"\" width=\"300\" height=\"300\" srcset=\"https:\/\/saude.ufpr.br\/enfermagem\/wp-content\/uploads\/sites\/4\/2020\/08\/4-1-300x300.png 300w, https:\/\/saude.ufpr.br\/enfermagem\/wp-content\/uploads\/sites\/4\/2020\/08\/4-1-1024x1024.png 1024w, https:\/\/saude.ufpr.br\/enfermagem\/wp-content\/uploads\/sites\/4\/2020\/08\/4-1-150x150.png 150w, https:\/\/saude.ufpr.br\/enfermagem\/wp-content\/uploads\/sites\/4\/2020\/08\/4-1-768x768.png 768w, https:\/\/saude.ufpr.br\/enfermagem\/wp-content\/uploads\/sites\/4\/2020\/08\/4-1.png 1080w\" sizes=\"(max-width: 300px) 100vw, 300px\" \/><\/a> <a href=\"https:\/\/saude.ufpr.br\/enfermagem\/wp-content\/uploads\/sites\/4\/2020\/08\/5.png\"><img loading=\"lazy\" decoding=\"async\" class=\"alignnone size-medium wp-image-4205\" src=\"https:\/\/saude.ufpr.br\/enfermagem\/wp-content\/uploads\/sites\/4\/2020\/08\/5-300x300.png\" alt=\"\" width=\"300\" height=\"300\" srcset=\"https:\/\/saude.ufpr.br\/enfermagem\/wp-content\/uploads\/sites\/4\/2020\/08\/5-300x300.png 300w, https:\/\/saude.ufpr.br\/enfermagem\/wp-content\/uploads\/sites\/4\/2020\/08\/5-1024x1024.png 1024w, https:\/\/saude.ufpr.br\/enfermagem\/wp-content\/uploads\/sites\/4\/2020\/08\/5-150x150.png 150w, https:\/\/saude.ufpr.br\/enfermagem\/wp-content\/uploads\/sites\/4\/2020\/08\/5-768x768.png 768w, https:\/\/saude.ufpr.br\/enfermagem\/wp-content\/uploads\/sites\/4\/2020\/08\/5.png 1080w\" sizes=\"(max-width: 300px) 100vw, 300px\" \/><\/a> <a href=\"https:\/\/saude.ufpr.br\/enfermagem\/wp-content\/uploads\/sites\/4\/2020\/08\/6.png\"><img loading=\"lazy\" decoding=\"async\" class=\"alignnone size-medium wp-image-4206\" src=\"https:\/\/saude.ufpr.br\/enfermagem\/wp-content\/uploads\/sites\/4\/2020\/08\/6-300x300.png\" alt=\"\" width=\"300\" height=\"300\" srcset=\"https:\/\/saude.ufpr.br\/enfermagem\/wp-content\/uploads\/sites\/4\/2020\/08\/6-300x300.png 300w, https:\/\/saude.ufpr.br\/enfermagem\/wp-content\/uploads\/sites\/4\/2020\/08\/6-1024x1024.png 1024w, https:\/\/saude.ufpr.br\/enfermagem\/wp-content\/uploads\/sites\/4\/2020\/08\/6-150x150.png 150w, https:\/\/saude.ufpr.br\/enfermagem\/wp-content\/uploads\/sites\/4\/2020\/08\/6-768x768.png 768w, https:\/\/saude.ufpr.br\/enfermagem\/wp-content\/uploads\/sites\/4\/2020\/08\/6.png 1080w\" sizes=\"(max-width: 300px) 100vw, 300px\" \/><\/a> <a href=\"https:\/\/saude.ufpr.br\/enfermagem\/wp-content\/uploads\/sites\/4\/2020\/08\/7.png\"><img loading=\"lazy\" decoding=\"async\" class=\"alignnone size-medium wp-image-4207\" src=\"https:\/\/saude.ufpr.br\/enfermagem\/wp-content\/uploads\/sites\/4\/2020\/08\/7-300x300.png\" alt=\"\" width=\"300\" height=\"300\" srcset=\"https:\/\/saude.ufpr.br\/enfermagem\/wp-content\/uploads\/sites\/4\/2020\/08\/7-300x300.png 300w, https:\/\/saude.ufpr.br\/enfermagem\/wp-content\/uploads\/sites\/4\/2020\/08\/7-1024x1024.png 1024w, https:\/\/saude.ufpr.br\/enfermagem\/wp-content\/uploads\/sites\/4\/2020\/08\/7-150x150.png 150w, https:\/\/saude.ufpr.br\/enfermagem\/wp-content\/uploads\/sites\/4\/2020\/08\/7-768x768.png 768w, https:\/\/saude.ufpr.br\/enfermagem\/wp-content\/uploads\/sites\/4\/2020\/08\/7.png 1080w\" sizes=\"(max-width: 300px) 100vw, 300px\" \/><\/a> <a href=\"https:\/\/saude.ufpr.br\/enfermagem\/wp-content\/uploads\/sites\/4\/2020\/08\/8.png\"><img loading=\"lazy\" decoding=\"async\" class=\"alignnone size-medium wp-image-4208\" src=\"https:\/\/saude.ufpr.br\/enfermagem\/wp-content\/uploads\/sites\/4\/2020\/08\/8-300x300.png\" alt=\"\" width=\"300\" height=\"300\" srcset=\"https:\/\/saude.ufpr.br\/enfermagem\/wp-content\/uploads\/sites\/4\/2020\/08\/8-300x300.png 300w, https:\/\/saude.ufpr.br\/enfermagem\/wp-content\/uploads\/sites\/4\/2020\/08\/8-1024x1024.png 1024w, https:\/\/saude.ufpr.br\/enfermagem\/wp-content\/uploads\/sites\/4\/2020\/08\/8-150x150.png 150w, https:\/\/saude.ufpr.br\/enfermagem\/wp-content\/uploads\/sites\/4\/2020\/08\/8-768x768.png 768w, https:\/\/saude.ufpr.br\/enfermagem\/wp-content\/uploads\/sites\/4\/2020\/08\/8.png 1080w\" sizes=\"(max-width: 300px) 100vw, 300px\" \/><\/a> <a href=\"https:\/\/saude.ufpr.br\/enfermagem\/wp-content\/uploads\/sites\/4\/2020\/08\/9.png\"><img loading=\"lazy\" decoding=\"async\" class=\"alignnone size-medium wp-image-4209\" src=\"https:\/\/saude.ufpr.br\/enfermagem\/wp-content\/uploads\/sites\/4\/2020\/08\/9-300x300.png\" alt=\"\" width=\"300\" height=\"300\" srcset=\"https:\/\/saude.ufpr.br\/enfermagem\/wp-content\/uploads\/sites\/4\/2020\/08\/9-300x300.png 300w, https:\/\/saude.ufpr.br\/enfermagem\/wp-content\/uploads\/sites\/4\/2020\/08\/9-1024x1024.png 1024w, https:\/\/saude.ufpr.br\/enfermagem\/wp-content\/uploads\/sites\/4\/2020\/08\/9-150x150.png 150w, https:\/\/saude.ufpr.br\/enfermagem\/wp-content\/uploads\/sites\/4\/2020\/08\/9-768x768.png 768w, https:\/\/saude.ufpr.br\/enfermagem\/wp-content\/uploads\/sites\/4\/2020\/08\/9.png 1080w\" sizes=\"(max-width: 300px) 100vw, 300px\" \/><\/a><\/p>\n<p>Cr\u00e9ditos: Alessandra Larissa de Oliveira, bolsista de extens\u00e3o.<\/p>\n<hr \/>\n<h2><span style=\"color: #ff00ff\">Anatomia das Fake News<\/span><\/h2>\n<p><a href=\"https:\/\/saude.ufpr.br\/enfermagem\/wp-content\/uploads\/sites\/4\/2020\/09\/118187430_372787800788925_2879183197161406387_n.jpg\"><img loading=\"lazy\" decoding=\"async\" class=\"alignnone size-medium wp-image-4301\" src=\"https:\/\/saude.ufpr.br\/enfermagem\/wp-content\/uploads\/sites\/4\/2020\/09\/118187430_372787800788925_2879183197161406387_n-300x300.jpg\" alt=\"\" width=\"300\" height=\"300\" srcset=\"https:\/\/saude.ufpr.br\/enfermagem\/wp-content\/uploads\/sites\/4\/2020\/09\/118187430_372787800788925_2879183197161406387_n-300x300.jpg 300w, https:\/\/saude.ufpr.br\/enfermagem\/wp-content\/uploads\/sites\/4\/2020\/09\/118187430_372787800788925_2879183197161406387_n-150x150.jpg 150w, https:\/\/saude.ufpr.br\/enfermagem\/wp-content\/uploads\/sites\/4\/2020\/09\/118187430_372787800788925_2879183197161406387_n.jpg 750w\" sizes=\"(max-width: 300px) 100vw, 300px\" \/><\/a><a href=\"https:\/\/saude.ufpr.br\/enfermagem\/wp-content\/uploads\/sites\/4\/2020\/09\/2.png\"><img loading=\"lazy\" decoding=\"async\" class=\"alignnone size-medium wp-image-4296\" src=\"https:\/\/saude.ufpr.br\/enfermagem\/wp-content\/uploads\/sites\/4\/2020\/09\/2-300x300.png\" alt=\"\" width=\"300\" height=\"300\" srcset=\"https:\/\/saude.ufpr.br\/enfermagem\/wp-content\/uploads\/sites\/4\/2020\/09\/2-300x300.png 300w, https:\/\/saude.ufpr.br\/enfermagem\/wp-content\/uploads\/sites\/4\/2020\/09\/2-1024x1024.png 1024w, https:\/\/saude.ufpr.br\/enfermagem\/wp-content\/uploads\/sites\/4\/2020\/09\/2-150x150.png 150w, https:\/\/saude.ufpr.br\/enfermagem\/wp-content\/uploads\/sites\/4\/2020\/09\/2-768x768.png 768w, https:\/\/saude.ufpr.br\/enfermagem\/wp-content\/uploads\/sites\/4\/2020\/09\/2.png 1080w\" sizes=\"(max-width: 300px) 100vw, 300px\" \/>\u00a0<\/a> <a href=\"https:\/\/saude.ufpr.br\/enfermagem\/wp-content\/uploads\/sites\/4\/2020\/09\/3.png\"><img loading=\"lazy\" decoding=\"async\" class=\"alignnone size-medium wp-image-4297\" src=\"https:\/\/saude.ufpr.br\/enfermagem\/wp-content\/uploads\/sites\/4\/2020\/09\/3-300x300.png\" alt=\"\" width=\"300\" height=\"300\" srcset=\"https:\/\/saude.ufpr.br\/enfermagem\/wp-content\/uploads\/sites\/4\/2020\/09\/3-300x300.png 300w, https:\/\/saude.ufpr.br\/enfermagem\/wp-content\/uploads\/sites\/4\/2020\/09\/3-1024x1024.png 1024w, https:\/\/saude.ufpr.br\/enfermagem\/wp-content\/uploads\/sites\/4\/2020\/09\/3-150x150.png 150w, https:\/\/saude.ufpr.br\/enfermagem\/wp-content\/uploads\/sites\/4\/2020\/09\/3-768x768.png 768w, https:\/\/saude.ufpr.br\/enfermagem\/wp-content\/uploads\/sites\/4\/2020\/09\/3.png 1080w\" sizes=\"(max-width: 300px) 100vw, 300px\" \/><\/a><\/p>\n<p><a href=\"https:\/\/saude.ufpr.br\/enfermagem\/wp-content\/uploads\/sites\/4\/2020\/09\/4.png\"><img loading=\"lazy\" decoding=\"async\" class=\"alignnone size-medium wp-image-4298\" src=\"https:\/\/saude.ufpr.br\/enfermagem\/wp-content\/uploads\/sites\/4\/2020\/09\/4-300x300.png\" alt=\"\" width=\"300\" height=\"300\" srcset=\"https:\/\/saude.ufpr.br\/enfermagem\/wp-content\/uploads\/sites\/4\/2020\/09\/4-300x300.png 300w, https:\/\/saude.ufpr.br\/enfermagem\/wp-content\/uploads\/sites\/4\/2020\/09\/4-1024x1024.png 1024w, https:\/\/saude.ufpr.br\/enfermagem\/wp-content\/uploads\/sites\/4\/2020\/09\/4-150x150.png 150w, https:\/\/saude.ufpr.br\/enfermagem\/wp-content\/uploads\/sites\/4\/2020\/09\/4-768x768.png 768w, https:\/\/saude.ufpr.br\/enfermagem\/wp-content\/uploads\/sites\/4\/2020\/09\/4.png 1080w\" sizes=\"(max-width: 300px) 100vw, 300px\" \/>\u00a0<\/a> <a href=\"https:\/\/saude.ufpr.br\/enfermagem\/wp-content\/uploads\/sites\/4\/2020\/09\/5.png\"><img loading=\"lazy\" decoding=\"async\" class=\"alignnone size-medium wp-image-4299\" src=\"https:\/\/saude.ufpr.br\/enfermagem\/wp-content\/uploads\/sites\/4\/2020\/09\/5-300x300.png\" alt=\"\" width=\"300\" height=\"300\" srcset=\"https:\/\/saude.ufpr.br\/enfermagem\/wp-content\/uploads\/sites\/4\/2020\/09\/5-300x300.png 300w, https:\/\/saude.ufpr.br\/enfermagem\/wp-content\/uploads\/sites\/4\/2020\/09\/5-1024x1024.png 1024w, https:\/\/saude.ufpr.br\/enfermagem\/wp-content\/uploads\/sites\/4\/2020\/09\/5-150x150.png 150w, https:\/\/saude.ufpr.br\/enfermagem\/wp-content\/uploads\/sites\/4\/2020\/09\/5-768x768.png 768w, https:\/\/saude.ufpr.br\/enfermagem\/wp-content\/uploads\/sites\/4\/2020\/09\/5.png 1080w\" sizes=\"(max-width: 300px) 100vw, 300px\" \/>\u00a0<\/a> <a href=\"https:\/\/saude.ufpr.br\/enfermagem\/wp-content\/uploads\/sites\/4\/2020\/09\/6.png\"><img loading=\"lazy\" decoding=\"async\" class=\"alignnone size-medium wp-image-4300\" src=\"https:\/\/saude.ufpr.br\/enfermagem\/wp-content\/uploads\/sites\/4\/2020\/09\/6-300x300.png\" alt=\"\" width=\"300\" height=\"300\" srcset=\"https:\/\/saude.ufpr.br\/enfermagem\/wp-content\/uploads\/sites\/4\/2020\/09\/6-300x300.png 300w, https:\/\/saude.ufpr.br\/enfermagem\/wp-content\/uploads\/sites\/4\/2020\/09\/6-1024x1024.png 1024w, https:\/\/saude.ufpr.br\/enfermagem\/wp-content\/uploads\/sites\/4\/2020\/09\/6-150x150.png 150w, https:\/\/saude.ufpr.br\/enfermagem\/wp-content\/uploads\/sites\/4\/2020\/09\/6-768x768.png 768w, https:\/\/saude.ufpr.br\/enfermagem\/wp-content\/uploads\/sites\/4\/2020\/09\/6.png 1080w\" sizes=\"(max-width: 300px) 100vw, 300px\" \/><\/a><\/p>\n<p>Cr\u00e9ditos: Isabella Fusculim, bolsista de extens\u00e3o.<\/p>\n<hr \/>\n<h2><span style=\"color: #ff00ff\">Metodologia Cient\u00edfica<\/span><\/h2>\n<p><span style=\"color: #ff00ff\"><a href=\"https:\/\/saude.ufpr.br\/enfermagem\/wp-content\/uploads\/sites\/4\/2020\/09\/1.png\"><img loading=\"lazy\" decoding=\"async\" class=\"alignnone size-medium wp-image-4305\" src=\"https:\/\/saude.ufpr.br\/enfermagem\/wp-content\/uploads\/sites\/4\/2020\/09\/1-300x300.png\" alt=\"\" width=\"300\" height=\"300\" srcset=\"https:\/\/saude.ufpr.br\/enfermagem\/wp-content\/uploads\/sites\/4\/2020\/09\/1-300x300.png 300w, https:\/\/saude.ufpr.br\/enfermagem\/wp-content\/uploads\/sites\/4\/2020\/09\/1-1024x1024.png 1024w, https:\/\/saude.ufpr.br\/enfermagem\/wp-content\/uploads\/sites\/4\/2020\/09\/1-150x150.png 150w, https:\/\/saude.ufpr.br\/enfermagem\/wp-content\/uploads\/sites\/4\/2020\/09\/1-768x768.png 768w, https:\/\/saude.ufpr.br\/enfermagem\/wp-content\/uploads\/sites\/4\/2020\/09\/1.png 1080w\" sizes=\"(max-width: 300px) 100vw, 300px\" \/>\u00a0<\/a> <a href=\"https:\/\/saude.ufpr.br\/enfermagem\/wp-content\/uploads\/sites\/4\/2020\/09\/2-1.png\"><img loading=\"lazy\" decoding=\"async\" class=\"alignnone size-medium wp-image-4306\" src=\"https:\/\/saude.ufpr.br\/enfermagem\/wp-content\/uploads\/sites\/4\/2020\/09\/2-1-300x300.png\" alt=\"\" width=\"300\" height=\"300\" srcset=\"https:\/\/saude.ufpr.br\/enfermagem\/wp-content\/uploads\/sites\/4\/2020\/09\/2-1-300x300.png 300w, https:\/\/saude.ufpr.br\/enfermagem\/wp-content\/uploads\/sites\/4\/2020\/09\/2-1-1024x1024.png 1024w, https:\/\/saude.ufpr.br\/enfermagem\/wp-content\/uploads\/sites\/4\/2020\/09\/2-1-150x150.png 150w, https:\/\/saude.ufpr.br\/enfermagem\/wp-content\/uploads\/sites\/4\/2020\/09\/2-1-768x768.png 768w, https:\/\/saude.ufpr.br\/enfermagem\/wp-content\/uploads\/sites\/4\/2020\/09\/2-1.png 1080w\" sizes=\"(max-width: 300px) 100vw, 300px\" \/>\u00a0<\/a> <a href=\"https:\/\/saude.ufpr.br\/enfermagem\/wp-content\/uploads\/sites\/4\/2020\/09\/3-1.png\"><img loading=\"lazy\" decoding=\"async\" class=\"alignnone size-medium wp-image-4307\" src=\"https:\/\/saude.ufpr.br\/enfermagem\/wp-content\/uploads\/sites\/4\/2020\/09\/3-1-300x300.png\" alt=\"\" width=\"300\" height=\"300\" srcset=\"https:\/\/saude.ufpr.br\/enfermagem\/wp-content\/uploads\/sites\/4\/2020\/09\/3-1-300x300.png 300w, https:\/\/saude.ufpr.br\/enfermagem\/wp-content\/uploads\/sites\/4\/2020\/09\/3-1-1024x1024.png 1024w, https:\/\/saude.ufpr.br\/enfermagem\/wp-content\/uploads\/sites\/4\/2020\/09\/3-1-150x150.png 150w, https:\/\/saude.ufpr.br\/enfermagem\/wp-content\/uploads\/sites\/4\/2020\/09\/3-1-768x768.png 768w, https:\/\/saude.ufpr.br\/enfermagem\/wp-content\/uploads\/sites\/4\/2020\/09\/3-1.png 1080w\" sizes=\"(max-width: 300px) 100vw, 300px\" \/> <\/a><\/span><\/p>\n<p><a style=\"font-size: 16px\" href=\"https:\/\/saude.ufpr.br\/enfermagem\/wp-content\/uploads\/sites\/4\/2020\/09\/4-1.png\"><img loading=\"lazy\" decoding=\"async\" class=\"alignnone size-medium wp-image-4308\" src=\"https:\/\/saude.ufpr.br\/enfermagem\/wp-content\/uploads\/sites\/4\/2020\/09\/4-1-300x300.png\" alt=\"\" width=\"300\" height=\"300\" srcset=\"https:\/\/saude.ufpr.br\/enfermagem\/wp-content\/uploads\/sites\/4\/2020\/09\/4-1-300x300.png 300w, https:\/\/saude.ufpr.br\/enfermagem\/wp-content\/uploads\/sites\/4\/2020\/09\/4-1-1024x1024.png 1024w, https:\/\/saude.ufpr.br\/enfermagem\/wp-content\/uploads\/sites\/4\/2020\/09\/4-1-150x150.png 150w, https:\/\/saude.ufpr.br\/enfermagem\/wp-content\/uploads\/sites\/4\/2020\/09\/4-1-768x768.png 768w, https:\/\/saude.ufpr.br\/enfermagem\/wp-content\/uploads\/sites\/4\/2020\/09\/4-1.png 1080w\" sizes=\"(max-width: 300px) 100vw, 300px\" \/>\u00a0<\/a> <a style=\"font-size: 16px\" href=\"https:\/\/saude.ufpr.br\/enfermagem\/wp-content\/uploads\/sites\/4\/2020\/09\/5-1.png\"><img loading=\"lazy\" decoding=\"async\" class=\"alignnone size-medium wp-image-4309\" src=\"https:\/\/saude.ufpr.br\/enfermagem\/wp-content\/uploads\/sites\/4\/2020\/09\/5-1-300x300.png\" alt=\"\" width=\"300\" height=\"300\" srcset=\"https:\/\/saude.ufpr.br\/enfermagem\/wp-content\/uploads\/sites\/4\/2020\/09\/5-1-300x300.png 300w, https:\/\/saude.ufpr.br\/enfermagem\/wp-content\/uploads\/sites\/4\/2020\/09\/5-1-1024x1024.png 1024w, https:\/\/saude.ufpr.br\/enfermagem\/wp-content\/uploads\/sites\/4\/2020\/09\/5-1-150x150.png 150w, https:\/\/saude.ufpr.br\/enfermagem\/wp-content\/uploads\/sites\/4\/2020\/09\/5-1-768x768.png 768w, https:\/\/saude.ufpr.br\/enfermagem\/wp-content\/uploads\/sites\/4\/2020\/09\/5-1.png 1080w\" sizes=\"(max-width: 300px) 100vw, 300px\" \/>\u00a0<\/a> <a style=\"font-size: 16px\" href=\"https:\/\/saude.ufpr.br\/enfermagem\/wp-content\/uploads\/sites\/4\/2020\/09\/6-1.png\"><img loading=\"lazy\" decoding=\"async\" class=\"alignnone size-medium wp-image-4310\" src=\"https:\/\/saude.ufpr.br\/enfermagem\/wp-content\/uploads\/sites\/4\/2020\/09\/6-1-300x300.png\" alt=\"\" width=\"300\" height=\"300\" srcset=\"https:\/\/saude.ufpr.br\/enfermagem\/wp-content\/uploads\/sites\/4\/2020\/09\/6-1-300x300.png 300w, https:\/\/saude.ufpr.br\/enfermagem\/wp-content\/uploads\/sites\/4\/2020\/09\/6-1-1024x1024.png 1024w, https:\/\/saude.ufpr.br\/enfermagem\/wp-content\/uploads\/sites\/4\/2020\/09\/6-1-150x150.png 150w, https:\/\/saude.ufpr.br\/enfermagem\/wp-content\/uploads\/sites\/4\/2020\/09\/6-1-768x768.png 768w, https:\/\/saude.ufpr.br\/enfermagem\/wp-content\/uploads\/sites\/4\/2020\/09\/6-1.png 1080w\" sizes=\"(max-width: 300px) 100vw, 300px\" \/>\u00a0<\/a><\/p>\n<p><span style=\"color: #ff00ff\"><a href=\"https:\/\/saude.ufpr.br\/enfermagem\/wp-content\/uploads\/sites\/4\/2020\/09\/7.png\"><img loading=\"lazy\" decoding=\"async\" class=\"alignnone size-medium wp-image-4311\" src=\"https:\/\/saude.ufpr.br\/enfermagem\/wp-content\/uploads\/sites\/4\/2020\/09\/7-300x300.png\" alt=\"\" width=\"300\" height=\"300\" srcset=\"https:\/\/saude.ufpr.br\/enfermagem\/wp-content\/uploads\/sites\/4\/2020\/09\/7-300x300.png 300w, https:\/\/saude.ufpr.br\/enfermagem\/wp-content\/uploads\/sites\/4\/2020\/09\/7-1024x1024.png 1024w, https:\/\/saude.ufpr.br\/enfermagem\/wp-content\/uploads\/sites\/4\/2020\/09\/7-150x150.png 150w, https:\/\/saude.ufpr.br\/enfermagem\/wp-content\/uploads\/sites\/4\/2020\/09\/7-768x768.png 768w, https:\/\/saude.ufpr.br\/enfermagem\/wp-content\/uploads\/sites\/4\/2020\/09\/7.png 1080w\" sizes=\"(max-width: 300px) 100vw, 300px\" \/><\/a>\u00a0<\/span><\/p>\n<p>Cr\u00e9ditos: Isabella Fusculim, bolsista de extens\u00e3o.<\/p>\n<hr \/>\n<h2><span style=\"color: #ff00ff\">Tipos de Pesquisa<\/span><\/h2>\n<p><a href=\"https:\/\/saude.ufpr.br\/enfermagem\/wp-content\/uploads\/sites\/4\/2020\/09\/118636521_361295468198429_2176377707175327287_n.jpg\"><img loading=\"lazy\" decoding=\"async\" class=\"alignnone size-medium wp-image-4322\" src=\"https:\/\/saude.ufpr.br\/enfermagem\/wp-content\/uploads\/sites\/4\/2020\/09\/118636521_361295468198429_2176377707175327287_n-300x300.jpg\" alt=\"\" width=\"300\" height=\"300\" srcset=\"https:\/\/saude.ufpr.br\/enfermagem\/wp-content\/uploads\/sites\/4\/2020\/09\/118636521_361295468198429_2176377707175327287_n-300x300.jpg 300w, https:\/\/saude.ufpr.br\/enfermagem\/wp-content\/uploads\/sites\/4\/2020\/09\/118636521_361295468198429_2176377707175327287_n-150x150.jpg 150w, https:\/\/saude.ufpr.br\/enfermagem\/wp-content\/uploads\/sites\/4\/2020\/09\/118636521_361295468198429_2176377707175327287_n-768x768.jpg 768w, https:\/\/saude.ufpr.br\/enfermagem\/wp-content\/uploads\/sites\/4\/2020\/09\/118636521_361295468198429_2176377707175327287_n.jpg 839w\" sizes=\"(max-width: 300px) 100vw, 300px\" \/><\/a><a href=\"https:\/\/saude.ufpr.br\/enfermagem\/wp-content\/uploads\/sites\/4\/2020\/09\/118656078_350691616103795_3309399513678099086_n.jpg\"> <img loading=\"lazy\" decoding=\"async\" class=\"alignnone size-medium wp-image-4321\" src=\"https:\/\/saude.ufpr.br\/enfermagem\/wp-content\/uploads\/sites\/4\/2020\/09\/118656078_350691616103795_3309399513678099086_n-300x300.jpg\" alt=\"\" width=\"300\" height=\"300\" srcset=\"https:\/\/saude.ufpr.br\/enfermagem\/wp-content\/uploads\/sites\/4\/2020\/09\/118656078_350691616103795_3309399513678099086_n-300x300.jpg 300w, https:\/\/saude.ufpr.br\/enfermagem\/wp-content\/uploads\/sites\/4\/2020\/09\/118656078_350691616103795_3309399513678099086_n-1024x1024.jpg 1024w, https:\/\/saude.ufpr.br\/enfermagem\/wp-content\/uploads\/sites\/4\/2020\/09\/118656078_350691616103795_3309399513678099086_n-150x150.jpg 150w, https:\/\/saude.ufpr.br\/enfermagem\/wp-content\/uploads\/sites\/4\/2020\/09\/118656078_350691616103795_3309399513678099086_n-768x768.jpg 768w, https:\/\/saude.ufpr.br\/enfermagem\/wp-content\/uploads\/sites\/4\/2020\/09\/118656078_350691616103795_3309399513678099086_n.jpg 1080w\" sizes=\"(max-width: 300px) 100vw, 300px\" \/>\u00a0 <\/a><a href=\"https:\/\/saude.ufpr.br\/enfermagem\/wp-content\/uploads\/sites\/4\/2020\/09\/118728114_310345086733428_7083009861966617036_n.jpg\"><img loading=\"lazy\" decoding=\"async\" class=\"alignnone size-medium wp-image-4320\" src=\"https:\/\/saude.ufpr.br\/enfermagem\/wp-content\/uploads\/sites\/4\/2020\/09\/118728114_310345086733428_7083009861966617036_n-300x300.jpg\" alt=\"\" width=\"300\" height=\"300\" srcset=\"https:\/\/saude.ufpr.br\/enfermagem\/wp-content\/uploads\/sites\/4\/2020\/09\/118728114_310345086733428_7083009861966617036_n-300x300.jpg 300w, https:\/\/saude.ufpr.br\/enfermagem\/wp-content\/uploads\/sites\/4\/2020\/09\/118728114_310345086733428_7083009861966617036_n-1024x1024.jpg 1024w, https:\/\/saude.ufpr.br\/enfermagem\/wp-content\/uploads\/sites\/4\/2020\/09\/118728114_310345086733428_7083009861966617036_n-150x150.jpg 150w, https:\/\/saude.ufpr.br\/enfermagem\/wp-content\/uploads\/sites\/4\/2020\/09\/118728114_310345086733428_7083009861966617036_n-768x768.jpg 768w, https:\/\/saude.ufpr.br\/enfermagem\/wp-content\/uploads\/sites\/4\/2020\/09\/118728114_310345086733428_7083009861966617036_n.jpg 1080w\" sizes=\"(max-width: 300px) 100vw, 300px\" \/><\/a><a href=\"https:\/\/saude.ufpr.br\/enfermagem\/wp-content\/uploads\/sites\/4\/2020\/09\/118656078_350691616103795_3309399513678099086_n.jpg\">\u00a0<\/a><\/p>\n<p><a href=\"https:\/\/saude.ufpr.br\/enfermagem\/wp-content\/uploads\/sites\/4\/2020\/09\/118646335_2619026388410169_8079437018897242253_n.jpg\"><img loading=\"lazy\" decoding=\"async\" class=\"alignnone size-medium wp-image-4319\" src=\"https:\/\/saude.ufpr.br\/enfermagem\/wp-content\/uploads\/sites\/4\/2020\/09\/118646335_2619026388410169_8079437018897242253_n-300x300.jpg\" alt=\"\" width=\"300\" height=\"300\" srcset=\"https:\/\/saude.ufpr.br\/enfermagem\/wp-content\/uploads\/sites\/4\/2020\/09\/118646335_2619026388410169_8079437018897242253_n-300x300.jpg 300w, https:\/\/saude.ufpr.br\/enfermagem\/wp-content\/uploads\/sites\/4\/2020\/09\/118646335_2619026388410169_8079437018897242253_n-1024x1024.jpg 1024w, https:\/\/saude.ufpr.br\/enfermagem\/wp-content\/uploads\/sites\/4\/2020\/09\/118646335_2619026388410169_8079437018897242253_n-150x150.jpg 150w, https:\/\/saude.ufpr.br\/enfermagem\/wp-content\/uploads\/sites\/4\/2020\/09\/118646335_2619026388410169_8079437018897242253_n-768x768.jpg 768w, https:\/\/saude.ufpr.br\/enfermagem\/wp-content\/uploads\/sites\/4\/2020\/09\/118646335_2619026388410169_8079437018897242253_n.jpg 1080w\" sizes=\"(max-width: 300px) 100vw, 300px\" \/><\/a> <a href=\"https:\/\/saude.ufpr.br\/enfermagem\/wp-content\/uploads\/sites\/4\/2020\/09\/118642712_324752665307575_2689162722159160648_n.jpg\"><img loading=\"lazy\" decoding=\"async\" class=\"alignnone size-medium wp-image-4318\" src=\"https:\/\/saude.ufpr.br\/enfermagem\/wp-content\/uploads\/sites\/4\/2020\/09\/118642712_324752665307575_2689162722159160648_n-300x300.jpg\" alt=\"\" width=\"300\" height=\"300\" srcset=\"https:\/\/saude.ufpr.br\/enfermagem\/wp-content\/uploads\/sites\/4\/2020\/09\/118642712_324752665307575_2689162722159160648_n-300x300.jpg 300w, https:\/\/saude.ufpr.br\/enfermagem\/wp-content\/uploads\/sites\/4\/2020\/09\/118642712_324752665307575_2689162722159160648_n-1024x1024.jpg 1024w, https:\/\/saude.ufpr.br\/enfermagem\/wp-content\/uploads\/sites\/4\/2020\/09\/118642712_324752665307575_2689162722159160648_n-150x150.jpg 150w, https:\/\/saude.ufpr.br\/enfermagem\/wp-content\/uploads\/sites\/4\/2020\/09\/118642712_324752665307575_2689162722159160648_n-768x768.jpg 768w, https:\/\/saude.ufpr.br\/enfermagem\/wp-content\/uploads\/sites\/4\/2020\/09\/118642712_324752665307575_2689162722159160648_n.jpg 1080w\" sizes=\"(max-width: 300px) 100vw, 300px\" \/><\/a> <a href=\"https:\/\/saude.ufpr.br\/enfermagem\/wp-content\/uploads\/sites\/4\/2020\/09\/118657407_415358246097423_5396086175610874792_n.jpg\"><img loading=\"lazy\" decoding=\"async\" class=\"alignnone size-medium wp-image-4317\" src=\"https:\/\/saude.ufpr.br\/enfermagem\/wp-content\/uploads\/sites\/4\/2020\/09\/118657407_415358246097423_5396086175610874792_n-300x300.jpg\" alt=\"\" width=\"300\" height=\"300\" srcset=\"https:\/\/saude.ufpr.br\/enfermagem\/wp-content\/uploads\/sites\/4\/2020\/09\/118657407_415358246097423_5396086175610874792_n-300x300.jpg 300w, https:\/\/saude.ufpr.br\/enfermagem\/wp-content\/uploads\/sites\/4\/2020\/09\/118657407_415358246097423_5396086175610874792_n-1024x1024.jpg 1024w, https:\/\/saude.ufpr.br\/enfermagem\/wp-content\/uploads\/sites\/4\/2020\/09\/118657407_415358246097423_5396086175610874792_n-150x150.jpg 150w, https:\/\/saude.ufpr.br\/enfermagem\/wp-content\/uploads\/sites\/4\/2020\/09\/118657407_415358246097423_5396086175610874792_n-768x768.jpg 768w, https:\/\/saude.ufpr.br\/enfermagem\/wp-content\/uploads\/sites\/4\/2020\/09\/118657407_415358246097423_5396086175610874792_n.jpg 1080w\" sizes=\"(max-width: 300px) 100vw, 300px\" \/><\/a><\/p>\n<p><a href=\"https:\/\/saude.ufpr.br\/enfermagem\/wp-content\/uploads\/sites\/4\/2020\/09\/118724650_3710096465686673_7353066780680464156_n.jpg\"><img loading=\"lazy\" decoding=\"async\" class=\"alignnone size-medium wp-image-4316\" src=\"https:\/\/saude.ufpr.br\/enfermagem\/wp-content\/uploads\/sites\/4\/2020\/09\/118724650_3710096465686673_7353066780680464156_n-300x300.jpg\" alt=\"\" width=\"300\" height=\"300\" srcset=\"https:\/\/saude.ufpr.br\/enfermagem\/wp-content\/uploads\/sites\/4\/2020\/09\/118724650_3710096465686673_7353066780680464156_n-300x300.jpg 300w, https:\/\/saude.ufpr.br\/enfermagem\/wp-content\/uploads\/sites\/4\/2020\/09\/118724650_3710096465686673_7353066780680464156_n-1024x1024.jpg 1024w, https:\/\/saude.ufpr.br\/enfermagem\/wp-content\/uploads\/sites\/4\/2020\/09\/118724650_3710096465686673_7353066780680464156_n-150x150.jpg 150w, https:\/\/saude.ufpr.br\/enfermagem\/wp-content\/uploads\/sites\/4\/2020\/09\/118724650_3710096465686673_7353066780680464156_n-768x768.jpg 768w, https:\/\/saude.ufpr.br\/enfermagem\/wp-content\/uploads\/sites\/4\/2020\/09\/118724650_3710096465686673_7353066780680464156_n.jpg 1080w\" sizes=\"(max-width: 300px) 100vw, 300px\" \/><\/a> <a href=\"https:\/\/saude.ufpr.br\/enfermagem\/wp-content\/uploads\/sites\/4\/2020\/09\/118652296_2539685939656602_4957951359614306072_n.jpg\"><img loading=\"lazy\" decoding=\"async\" class=\"alignnone size-medium wp-image-4315\" src=\"https:\/\/saude.ufpr.br\/enfermagem\/wp-content\/uploads\/sites\/4\/2020\/09\/118652296_2539685939656602_4957951359614306072_n-300x300.jpg\" alt=\"\" width=\"300\" height=\"300\" srcset=\"https:\/\/saude.ufpr.br\/enfermagem\/wp-content\/uploads\/sites\/4\/2020\/09\/118652296_2539685939656602_4957951359614306072_n-300x300.jpg 300w, https:\/\/saude.ufpr.br\/enfermagem\/wp-content\/uploads\/sites\/4\/2020\/09\/118652296_2539685939656602_4957951359614306072_n-1024x1024.jpg 1024w, https:\/\/saude.ufpr.br\/enfermagem\/wp-content\/uploads\/sites\/4\/2020\/09\/118652296_2539685939656602_4957951359614306072_n-150x150.jpg 150w, https:\/\/saude.ufpr.br\/enfermagem\/wp-content\/uploads\/sites\/4\/2020\/09\/118652296_2539685939656602_4957951359614306072_n-768x768.jpg 768w, https:\/\/saude.ufpr.br\/enfermagem\/wp-content\/uploads\/sites\/4\/2020\/09\/118652296_2539685939656602_4957951359614306072_n.jpg 1080w\" sizes=\"(max-width: 300px) 100vw, 300px\" \/><\/a> <a href=\"https:\/\/saude.ufpr.br\/enfermagem\/wp-content\/uploads\/sites\/4\/2020\/09\/118653126_607136536841291_5862606816178220252_n.jpg\"><img loading=\"lazy\" decoding=\"async\" class=\"alignnone size-medium wp-image-4314\" src=\"https:\/\/saude.ufpr.br\/enfermagem\/wp-content\/uploads\/sites\/4\/2020\/09\/118653126_607136536841291_5862606816178220252_n-300x300.jpg\" alt=\"\" width=\"300\" height=\"300\" srcset=\"https:\/\/saude.ufpr.br\/enfermagem\/wp-content\/uploads\/sites\/4\/2020\/09\/118653126_607136536841291_5862606816178220252_n-300x300.jpg 300w, https:\/\/saude.ufpr.br\/enfermagem\/wp-content\/uploads\/sites\/4\/2020\/09\/118653126_607136536841291_5862606816178220252_n-1024x1024.jpg 1024w, https:\/\/saude.ufpr.br\/enfermagem\/wp-content\/uploads\/sites\/4\/2020\/09\/118653126_607136536841291_5862606816178220252_n-150x150.jpg 150w, https:\/\/saude.ufpr.br\/enfermagem\/wp-content\/uploads\/sites\/4\/2020\/09\/118653126_607136536841291_5862606816178220252_n-768x768.jpg 768w, https:\/\/saude.ufpr.br\/enfermagem\/wp-content\/uploads\/sites\/4\/2020\/09\/118653126_607136536841291_5862606816178220252_n.jpg 1080w\" sizes=\"(max-width: 300px) 100vw, 300px\" \/><\/a><\/p>\n<p>Cr\u00e9ditos: Isabella Fusculim, bolsista de extens\u00e3o.<\/p>\n<hr \/>\n<h2><span style=\"color: #ff00ff\">Quais s\u00e3o as etapas de produ\u00e7\u00e3o de uma vacina?<\/span><\/h2>\n<p><a href=\"https:\/\/saude.ufpr.br\/enfermagem\/wp-content\/uploads\/sites\/4\/2020\/09\/1-1.png\"><img loading=\"lazy\" decoding=\"async\" class=\"alignnone size-medium wp-image-4325\" src=\"https:\/\/saude.ufpr.br\/enfermagem\/wp-content\/uploads\/sites\/4\/2020\/09\/1-1-300x300.png\" alt=\"\" width=\"300\" height=\"300\" srcset=\"https:\/\/saude.ufpr.br\/enfermagem\/wp-content\/uploads\/sites\/4\/2020\/09\/1-1-300x300.png 300w, https:\/\/saude.ufpr.br\/enfermagem\/wp-content\/uploads\/sites\/4\/2020\/09\/1-1-1024x1024.png 1024w, https:\/\/saude.ufpr.br\/enfermagem\/wp-content\/uploads\/sites\/4\/2020\/09\/1-1-150x150.png 150w, https:\/\/saude.ufpr.br\/enfermagem\/wp-content\/uploads\/sites\/4\/2020\/09\/1-1-768x768.png 768w, https:\/\/saude.ufpr.br\/enfermagem\/wp-content\/uploads\/sites\/4\/2020\/09\/1-1.png 1080w\" sizes=\"(max-width: 300px) 100vw, 300px\" \/>\u00a0<\/a> <a href=\"https:\/\/saude.ufpr.br\/enfermagem\/wp-content\/uploads\/sites\/4\/2020\/09\/2-2.png\"><img loading=\"lazy\" decoding=\"async\" class=\"alignnone size-medium wp-image-4326\" src=\"https:\/\/saude.ufpr.br\/enfermagem\/wp-content\/uploads\/sites\/4\/2020\/09\/2-2-300x300.png\" alt=\"\" width=\"300\" height=\"300\" srcset=\"https:\/\/saude.ufpr.br\/enfermagem\/wp-content\/uploads\/sites\/4\/2020\/09\/2-2-300x300.png 300w, https:\/\/saude.ufpr.br\/enfermagem\/wp-content\/uploads\/sites\/4\/2020\/09\/2-2-1024x1024.png 1024w, https:\/\/saude.ufpr.br\/enfermagem\/wp-content\/uploads\/sites\/4\/2020\/09\/2-2-150x150.png 150w, https:\/\/saude.ufpr.br\/enfermagem\/wp-content\/uploads\/sites\/4\/2020\/09\/2-2-768x768.png 768w, https:\/\/saude.ufpr.br\/enfermagem\/wp-content\/uploads\/sites\/4\/2020\/09\/2-2.png 1080w\" sizes=\"(max-width: 300px) 100vw, 300px\" \/>\u00a0<\/a> <a href=\"https:\/\/saude.ufpr.br\/enfermagem\/wp-content\/uploads\/sites\/4\/2020\/09\/3-2.png\"><img loading=\"lazy\" decoding=\"async\" class=\"alignnone size-medium wp-image-4327\" src=\"https:\/\/saude.ufpr.br\/enfermagem\/wp-content\/uploads\/sites\/4\/2020\/09\/3-2-300x300.png\" alt=\"\" width=\"300\" height=\"300\" srcset=\"https:\/\/saude.ufpr.br\/enfermagem\/wp-content\/uploads\/sites\/4\/2020\/09\/3-2-300x300.png 300w, https:\/\/saude.ufpr.br\/enfermagem\/wp-content\/uploads\/sites\/4\/2020\/09\/3-2-1024x1024.png 1024w, https:\/\/saude.ufpr.br\/enfermagem\/wp-content\/uploads\/sites\/4\/2020\/09\/3-2-150x150.png 150w, https:\/\/saude.ufpr.br\/enfermagem\/wp-content\/uploads\/sites\/4\/2020\/09\/3-2-768x768.png 768w, https:\/\/saude.ufpr.br\/enfermagem\/wp-content\/uploads\/sites\/4\/2020\/09\/3-2.png 1080w\" sizes=\"(max-width: 300px) 100vw, 300px\" \/><\/a><\/p>\n<p><a href=\"https:\/\/saude.ufpr.br\/enfermagem\/wp-content\/uploads\/sites\/4\/2020\/09\/4-2.png\"><img loading=\"lazy\" decoding=\"async\" class=\"alignnone size-medium wp-image-4328\" src=\"https:\/\/saude.ufpr.br\/enfermagem\/wp-content\/uploads\/sites\/4\/2020\/09\/4-2-300x300.png\" alt=\"\" width=\"300\" height=\"300\" srcset=\"https:\/\/saude.ufpr.br\/enfermagem\/wp-content\/uploads\/sites\/4\/2020\/09\/4-2-300x300.png 300w, https:\/\/saude.ufpr.br\/enfermagem\/wp-content\/uploads\/sites\/4\/2020\/09\/4-2-1024x1024.png 1024w, https:\/\/saude.ufpr.br\/enfermagem\/wp-content\/uploads\/sites\/4\/2020\/09\/4-2-150x150.png 150w, https:\/\/saude.ufpr.br\/enfermagem\/wp-content\/uploads\/sites\/4\/2020\/09\/4-2-768x768.png 768w, https:\/\/saude.ufpr.br\/enfermagem\/wp-content\/uploads\/sites\/4\/2020\/09\/4-2.png 1080w\" sizes=\"(max-width: 300px) 100vw, 300px\" \/>\u00a0<\/a> <a href=\"https:\/\/saude.ufpr.br\/enfermagem\/wp-content\/uploads\/sites\/4\/2020\/09\/5-2.png\"><img loading=\"lazy\" decoding=\"async\" class=\"alignnone size-medium wp-image-4329\" src=\"https:\/\/saude.ufpr.br\/enfermagem\/wp-content\/uploads\/sites\/4\/2020\/09\/5-2-300x300.png\" alt=\"\" width=\"300\" height=\"300\" srcset=\"https:\/\/saude.ufpr.br\/enfermagem\/wp-content\/uploads\/sites\/4\/2020\/09\/5-2-300x300.png 300w, https:\/\/saude.ufpr.br\/enfermagem\/wp-content\/uploads\/sites\/4\/2020\/09\/5-2-1024x1024.png 1024w, https:\/\/saude.ufpr.br\/enfermagem\/wp-content\/uploads\/sites\/4\/2020\/09\/5-2-150x150.png 150w, https:\/\/saude.ufpr.br\/enfermagem\/wp-content\/uploads\/sites\/4\/2020\/09\/5-2-768x768.png 768w, https:\/\/saude.ufpr.br\/enfermagem\/wp-content\/uploads\/sites\/4\/2020\/09\/5-2.png 1080w\" sizes=\"(max-width: 300px) 100vw, 300px\" \/>\u00a0<\/a> <a href=\"https:\/\/saude.ufpr.br\/enfermagem\/wp-content\/uploads\/sites\/4\/2020\/09\/6-2.png\"><img loading=\"lazy\" decoding=\"async\" class=\"alignnone size-medium wp-image-4330\" src=\"https:\/\/saude.ufpr.br\/enfermagem\/wp-content\/uploads\/sites\/4\/2020\/09\/6-2-300x300.png\" alt=\"\" width=\"300\" height=\"300\" srcset=\"https:\/\/saude.ufpr.br\/enfermagem\/wp-content\/uploads\/sites\/4\/2020\/09\/6-2-300x300.png 300w, https:\/\/saude.ufpr.br\/enfermagem\/wp-content\/uploads\/sites\/4\/2020\/09\/6-2-1024x1024.png 1024w, https:\/\/saude.ufpr.br\/enfermagem\/wp-content\/uploads\/sites\/4\/2020\/09\/6-2-150x150.png 150w, https:\/\/saude.ufpr.br\/enfermagem\/wp-content\/uploads\/sites\/4\/2020\/09\/6-2-768x768.png 768w, https:\/\/saude.ufpr.br\/enfermagem\/wp-content\/uploads\/sites\/4\/2020\/09\/6-2.png 1080w\" sizes=\"(max-width: 300px) 100vw, 300px\" \/><\/a><\/p>\n<p><a href=\"https:\/\/saude.ufpr.br\/enfermagem\/wp-content\/uploads\/sites\/4\/2020\/09\/7-1.png\"><img loading=\"lazy\" decoding=\"async\" class=\"alignnone size-medium wp-image-4331\" src=\"https:\/\/saude.ufpr.br\/enfermagem\/wp-content\/uploads\/sites\/4\/2020\/09\/7-1-300x300.png\" alt=\"\" width=\"300\" height=\"300\" srcset=\"https:\/\/saude.ufpr.br\/enfermagem\/wp-content\/uploads\/sites\/4\/2020\/09\/7-1-300x300.png 300w, https:\/\/saude.ufpr.br\/enfermagem\/wp-content\/uploads\/sites\/4\/2020\/09\/7-1-1024x1024.png 1024w, https:\/\/saude.ufpr.br\/enfermagem\/wp-content\/uploads\/sites\/4\/2020\/09\/7-1-150x150.png 150w, https:\/\/saude.ufpr.br\/enfermagem\/wp-content\/uploads\/sites\/4\/2020\/09\/7-1-768x768.png 768w, https:\/\/saude.ufpr.br\/enfermagem\/wp-content\/uploads\/sites\/4\/2020\/09\/7-1.png 1080w\" sizes=\"(max-width: 300px) 100vw, 300px\" \/>\u00a0<\/a> <a href=\"https:\/\/saude.ufpr.br\/enfermagem\/wp-content\/uploads\/sites\/4\/2020\/09\/8.png\"><img loading=\"lazy\" decoding=\"async\" class=\"alignnone size-medium wp-image-4332\" src=\"https:\/\/saude.ufpr.br\/enfermagem\/wp-content\/uploads\/sites\/4\/2020\/09\/8-300x300.png\" alt=\"\" width=\"300\" height=\"300\" srcset=\"https:\/\/saude.ufpr.br\/enfermagem\/wp-content\/uploads\/sites\/4\/2020\/09\/8-300x300.png 300w, https:\/\/saude.ufpr.br\/enfermagem\/wp-content\/uploads\/sites\/4\/2020\/09\/8-1024x1024.png 1024w, https:\/\/saude.ufpr.br\/enfermagem\/wp-content\/uploads\/sites\/4\/2020\/09\/8-150x150.png 150w, https:\/\/saude.ufpr.br\/enfermagem\/wp-content\/uploads\/sites\/4\/2020\/09\/8-768x768.png 768w, https:\/\/saude.ufpr.br\/enfermagem\/wp-content\/uploads\/sites\/4\/2020\/09\/8.png 1080w\" sizes=\"(max-width: 300px) 100vw, 300px\" \/>\u00a0<\/a> <a href=\"https:\/\/saude.ufpr.br\/enfermagem\/wp-content\/uploads\/sites\/4\/2020\/09\/9.png\"><img loading=\"lazy\" decoding=\"async\" class=\"alignnone size-medium wp-image-4333\" src=\"https:\/\/saude.ufpr.br\/enfermagem\/wp-content\/uploads\/sites\/4\/2020\/09\/9-300x300.png\" alt=\"\" width=\"300\" height=\"300\" srcset=\"https:\/\/saude.ufpr.br\/enfermagem\/wp-content\/uploads\/sites\/4\/2020\/09\/9-300x300.png 300w, https:\/\/saude.ufpr.br\/enfermagem\/wp-content\/uploads\/sites\/4\/2020\/09\/9-1024x1024.png 1024w, https:\/\/saude.ufpr.br\/enfermagem\/wp-content\/uploads\/sites\/4\/2020\/09\/9-150x150.png 150w, https:\/\/saude.ufpr.br\/enfermagem\/wp-content\/uploads\/sites\/4\/2020\/09\/9-768x768.png 768w, https:\/\/saude.ufpr.br\/enfermagem\/wp-content\/uploads\/sites\/4\/2020\/09\/9.png 1080w\" sizes=\"(max-width: 300px) 100vw, 300px\" \/><\/a><\/p>\n<p>Cre\u0301ditos: Alessandra Larissa de Oliveira, bolsista de extens\u00e3o.<\/p>\n<h2><span style=\"color: #ff00ff\">Fontes de aux\u00edlio \u00e0 pesquisa<\/span><\/h2>\n<p><a href=\"https:\/\/saude.ufpr.br\/enfermagem\/wp-content\/uploads\/sites\/4\/2020\/09\/119001066_673290900212678_2194841015383155100_n.jpg\"><img loading=\"lazy\" decoding=\"async\" class=\"alignnone size-medium wp-image-4372\" src=\"https:\/\/saude.ufpr.br\/enfermagem\/wp-content\/uploads\/sites\/4\/2020\/09\/119001066_673290900212678_2194841015383155100_n-262x300.jpg\" alt=\"\" width=\"262\" height=\"300\" srcset=\"https:\/\/saude.ufpr.br\/enfermagem\/wp-content\/uploads\/sites\/4\/2020\/09\/119001066_673290900212678_2194841015383155100_n-262x300.jpg 262w, https:\/\/saude.ufpr.br\/enfermagem\/wp-content\/uploads\/sites\/4\/2020\/09\/119001066_673290900212678_2194841015383155100_n-894x1024.jpg 894w, https:\/\/saude.ufpr.br\/enfermagem\/wp-content\/uploads\/sites\/4\/2020\/09\/119001066_673290900212678_2194841015383155100_n-768x880.jpg 768w, https:\/\/saude.ufpr.br\/enfermagem\/wp-content\/uploads\/sites\/4\/2020\/09\/119001066_673290900212678_2194841015383155100_n.jpg 986w\" sizes=\"(max-width: 262px) 100vw, 262px\" \/><\/a> <a href=\"https:\/\/saude.ufpr.br\/enfermagem\/wp-content\/uploads\/sites\/4\/2020\/09\/119108444_718722842044063_4321039739052092475_n.jpg\"><img loading=\"lazy\" decoding=\"async\" class=\"alignnone size-medium wp-image-4371\" src=\"https:\/\/saude.ufpr.br\/enfermagem\/wp-content\/uploads\/sites\/4\/2020\/09\/119108444_718722842044063_4321039739052092475_n-300x300.jpg\" alt=\"\" width=\"300\" height=\"300\" srcset=\"https:\/\/saude.ufpr.br\/enfermagem\/wp-content\/uploads\/sites\/4\/2020\/09\/119108444_718722842044063_4321039739052092475_n-300x300.jpg 300w, https:\/\/saude.ufpr.br\/enfermagem\/wp-content\/uploads\/sites\/4\/2020\/09\/119108444_718722842044063_4321039739052092475_n-1024x1024.jpg 1024w, https:\/\/saude.ufpr.br\/enfermagem\/wp-content\/uploads\/sites\/4\/2020\/09\/119108444_718722842044063_4321039739052092475_n-150x150.jpg 150w, https:\/\/saude.ufpr.br\/enfermagem\/wp-content\/uploads\/sites\/4\/2020\/09\/119108444_718722842044063_4321039739052092475_n-768x768.jpg 768w, https:\/\/saude.ufpr.br\/enfermagem\/wp-content\/uploads\/sites\/4\/2020\/09\/119108444_718722842044063_4321039739052092475_n.jpg 1080w\" sizes=\"(max-width: 300px) 100vw, 300px\" \/>\u00a0<\/a> <a href=\"https:\/\/saude.ufpr.br\/enfermagem\/wp-content\/uploads\/sites\/4\/2020\/09\/119045288_638132030228813_2632931554653277718_n.jpg\"><img loading=\"lazy\" decoding=\"async\" class=\"alignnone size-medium wp-image-4370\" src=\"https:\/\/saude.ufpr.br\/enfermagem\/wp-content\/uploads\/sites\/4\/2020\/09\/119045288_638132030228813_2632931554653277718_n-300x300.jpg\" alt=\"\" width=\"300\" height=\"300\" srcset=\"https:\/\/saude.ufpr.br\/enfermagem\/wp-content\/uploads\/sites\/4\/2020\/09\/119045288_638132030228813_2632931554653277718_n-300x300.jpg 300w, https:\/\/saude.ufpr.br\/enfermagem\/wp-content\/uploads\/sites\/4\/2020\/09\/119045288_638132030228813_2632931554653277718_n-1024x1024.jpg 1024w, https:\/\/saude.ufpr.br\/enfermagem\/wp-content\/uploads\/sites\/4\/2020\/09\/119045288_638132030228813_2632931554653277718_n-150x150.jpg 150w, https:\/\/saude.ufpr.br\/enfermagem\/wp-content\/uploads\/sites\/4\/2020\/09\/119045288_638132030228813_2632931554653277718_n-768x768.jpg 768w, https:\/\/saude.ufpr.br\/enfermagem\/wp-content\/uploads\/sites\/4\/2020\/09\/119045288_638132030228813_2632931554653277718_n.jpg 1080w\" sizes=\"(max-width: 300px) 100vw, 300px\" \/><\/a><\/p>\n<p><a href=\"https:\/\/saude.ufpr.br\/enfermagem\/wp-content\/uploads\/sites\/4\/2020\/09\/119221002_123051352843653_332893086814735720_n.jpg\"><img loading=\"lazy\" decoding=\"async\" class=\"alignnone size-medium wp-image-4369\" src=\"https:\/\/saude.ufpr.br\/enfermagem\/wp-content\/uploads\/sites\/4\/2020\/09\/119221002_123051352843653_332893086814735720_n-300x300.jpg\" alt=\"\" width=\"300\" height=\"300\" srcset=\"https:\/\/saude.ufpr.br\/enfermagem\/wp-content\/uploads\/sites\/4\/2020\/09\/119221002_123051352843653_332893086814735720_n-300x300.jpg 300w, https:\/\/saude.ufpr.br\/enfermagem\/wp-content\/uploads\/sites\/4\/2020\/09\/119221002_123051352843653_332893086814735720_n-1024x1024.jpg 1024w, https:\/\/saude.ufpr.br\/enfermagem\/wp-content\/uploads\/sites\/4\/2020\/09\/119221002_123051352843653_332893086814735720_n-150x150.jpg 150w, https:\/\/saude.ufpr.br\/enfermagem\/wp-content\/uploads\/sites\/4\/2020\/09\/119221002_123051352843653_332893086814735720_n-768x768.jpg 768w, https:\/\/saude.ufpr.br\/enfermagem\/wp-content\/uploads\/sites\/4\/2020\/09\/119221002_123051352843653_332893086814735720_n.jpg 1080w\" sizes=\"(max-width: 300px) 100vw, 300px\" \/><\/a> \u00a0<a href=\"https:\/\/saude.ufpr.br\/enfermagem\/wp-content\/uploads\/sites\/4\/2020\/09\/119114850_2422507958053412_6735903036025856870_n.jpg\"><img loading=\"lazy\" decoding=\"async\" class=\"alignnone size-medium wp-image-4368\" src=\"https:\/\/saude.ufpr.br\/enfermagem\/wp-content\/uploads\/sites\/4\/2020\/09\/119114850_2422507958053412_6735903036025856870_n-300x300.jpg\" alt=\"\" width=\"300\" height=\"300\" srcset=\"https:\/\/saude.ufpr.br\/enfermagem\/wp-content\/uploads\/sites\/4\/2020\/09\/119114850_2422507958053412_6735903036025856870_n-300x300.jpg 300w, https:\/\/saude.ufpr.br\/enfermagem\/wp-content\/uploads\/sites\/4\/2020\/09\/119114850_2422507958053412_6735903036025856870_n-1024x1024.jpg 1024w, https:\/\/saude.ufpr.br\/enfermagem\/wp-content\/uploads\/sites\/4\/2020\/09\/119114850_2422507958053412_6735903036025856870_n-150x150.jpg 150w, https:\/\/saude.ufpr.br\/enfermagem\/wp-content\/uploads\/sites\/4\/2020\/09\/119114850_2422507958053412_6735903036025856870_n-768x768.jpg 768w, https:\/\/saude.ufpr.br\/enfermagem\/wp-content\/uploads\/sites\/4\/2020\/09\/119114850_2422507958053412_6735903036025856870_n.jpg 1080w\" sizes=\"(max-width: 300px) 100vw, 300px\" \/><\/a> \u00a0<a href=\"https:\/\/saude.ufpr.br\/enfermagem\/wp-content\/uploads\/sites\/4\/2020\/09\/119178212_181021650260291_2002230697921578785_n.jpg\"><img loading=\"lazy\" decoding=\"async\" class=\"alignnone size-medium wp-image-4367\" src=\"https:\/\/saude.ufpr.br\/enfermagem\/wp-content\/uploads\/sites\/4\/2020\/09\/119178212_181021650260291_2002230697921578785_n-300x300.jpg\" alt=\"\" width=\"300\" height=\"300\" srcset=\"https:\/\/saude.ufpr.br\/enfermagem\/wp-content\/uploads\/sites\/4\/2020\/09\/119178212_181021650260291_2002230697921578785_n-300x300.jpg 300w, https:\/\/saude.ufpr.br\/enfermagem\/wp-content\/uploads\/sites\/4\/2020\/09\/119178212_181021650260291_2002230697921578785_n-1024x1024.jpg 1024w, https:\/\/saude.ufpr.br\/enfermagem\/wp-content\/uploads\/sites\/4\/2020\/09\/119178212_181021650260291_2002230697921578785_n-150x150.jpg 150w, https:\/\/saude.ufpr.br\/enfermagem\/wp-content\/uploads\/sites\/4\/2020\/09\/119178212_181021650260291_2002230697921578785_n-768x768.jpg 768w, https:\/\/saude.ufpr.br\/enfermagem\/wp-content\/uploads\/sites\/4\/2020\/09\/119178212_181021650260291_2002230697921578785_n.jpg 1080w\" sizes=\"(max-width: 300px) 100vw, 300px\" \/><\/a><\/p>\n<p><a href=\"https:\/\/saude.ufpr.br\/enfermagem\/wp-content\/uploads\/sites\/4\/2020\/09\/119003779_660920014537593_8754897187658230231_n.jpg\"><img loading=\"lazy\" decoding=\"async\" class=\"alignnone size-medium wp-image-4366\" src=\"https:\/\/saude.ufpr.br\/enfermagem\/wp-content\/uploads\/sites\/4\/2020\/09\/119003779_660920014537593_8754897187658230231_n-300x300.jpg\" alt=\"\" width=\"300\" height=\"300\" srcset=\"https:\/\/saude.ufpr.br\/enfermagem\/wp-content\/uploads\/sites\/4\/2020\/09\/119003779_660920014537593_8754897187658230231_n-300x300.jpg 300w, https:\/\/saude.ufpr.br\/enfermagem\/wp-content\/uploads\/sites\/4\/2020\/09\/119003779_660920014537593_8754897187658230231_n-1024x1024.jpg 1024w, https:\/\/saude.ufpr.br\/enfermagem\/wp-content\/uploads\/sites\/4\/2020\/09\/119003779_660920014537593_8754897187658230231_n-150x150.jpg 150w, https:\/\/saude.ufpr.br\/enfermagem\/wp-content\/uploads\/sites\/4\/2020\/09\/119003779_660920014537593_8754897187658230231_n-768x768.jpg 768w, https:\/\/saude.ufpr.br\/enfermagem\/wp-content\/uploads\/sites\/4\/2020\/09\/119003779_660920014537593_8754897187658230231_n.jpg 1080w\" sizes=\"(max-width: 300px) 100vw, 300px\" \/><\/a> \u00a0<a href=\"https:\/\/saude.ufpr.br\/enfermagem\/wp-content\/uploads\/sites\/4\/2020\/09\/118965462_175141777474937_3137205629523864365_n.jpg\"><img loading=\"lazy\" decoding=\"async\" class=\"alignnone size-medium wp-image-4365\" src=\"https:\/\/saude.ufpr.br\/enfermagem\/wp-content\/uploads\/sites\/4\/2020\/09\/118965462_175141777474937_3137205629523864365_n-300x300.jpg\" alt=\"\" width=\"300\" height=\"300\" srcset=\"https:\/\/saude.ufpr.br\/enfermagem\/wp-content\/uploads\/sites\/4\/2020\/09\/118965462_175141777474937_3137205629523864365_n-300x300.jpg 300w, https:\/\/saude.ufpr.br\/enfermagem\/wp-content\/uploads\/sites\/4\/2020\/09\/118965462_175141777474937_3137205629523864365_n-1024x1024.jpg 1024w, https:\/\/saude.ufpr.br\/enfermagem\/wp-content\/uploads\/sites\/4\/2020\/09\/118965462_175141777474937_3137205629523864365_n-150x150.jpg 150w, https:\/\/saude.ufpr.br\/enfermagem\/wp-content\/uploads\/sites\/4\/2020\/09\/118965462_175141777474937_3137205629523864365_n-768x768.jpg 768w, https:\/\/saude.ufpr.br\/enfermagem\/wp-content\/uploads\/sites\/4\/2020\/09\/118965462_175141777474937_3137205629523864365_n.jpg 1080w\" sizes=\"(max-width: 300px) 100vw, 300px\" \/><\/a><\/p>\n<p>Cr\u00e9ditos: Isabella Fusculim, bolsista de extens\u00e3o.<\/p>\n<hr \/>\n<h2><span style=\"color: #ff00ff\">Preven\u00e7\u00e3o ao suic\u00eddio<\/span><\/h2>\n<p><a href=\"https:\/\/saude.ufpr.br\/enfermagem\/wp-content\/uploads\/sites\/4\/2020\/09\/119388169_348413966201903_193309524076795828_n.jpg\"><img loading=\"lazy\" decoding=\"async\" class=\"alignnone size-medium wp-image-4375\" src=\"https:\/\/saude.ufpr.br\/enfermagem\/wp-content\/uploads\/sites\/4\/2020\/09\/119388169_348413966201903_193309524076795828_n-296x300.jpg\" alt=\"\" width=\"296\" height=\"300\" srcset=\"https:\/\/saude.ufpr.br\/enfermagem\/wp-content\/uploads\/sites\/4\/2020\/09\/119388169_348413966201903_193309524076795828_n-296x300.jpg 296w, https:\/\/saude.ufpr.br\/enfermagem\/wp-content\/uploads\/sites\/4\/2020\/09\/119388169_348413966201903_193309524076795828_n.jpg 760w\" sizes=\"(max-width: 296px) 100vw, 296px\" \/><\/a><\/p>\n<p><span style=\"font-weight: 400\">\u00a0 \u00a0 \u00a0 \u00a0 \u00a0Todos os anos, cerca de 800 mil pessoas morrem por suic\u00eddio no mundo e um n\u00famero ainda maior de indiv\u00edduos tenta tirar a pr\u00f3pria vida. O suic\u00eddio \u00e9 a segunda maior causa de morte entre jovens de 15 a 29 anos, segundo dados da OMS. Ainda que o tema seja considerado tabu, trata-se de um grave problema de sa\u00fade p\u00fablica. Pensando nisso, em 2015, criou-se o \u2018\u2019Setembro Amarelo\u2019\u2019, uma iniciativa do Centro de Valoriza\u00e7\u00e3o da Vida (CVV), em parceria com Conselho Federal de Medicina e a Associa\u00e7\u00e3o Brasileira de Psiquiatria, que busca estimular a preven\u00e7\u00e3o ao suic\u00eddio e sensibilizar a sociedade para tratar o assunto com responsabilidade.<\/span><span style=\"font-weight: 400\"><br \/>\n<\/span><span style=\"font-weight: 400\">\u00a0 \u00a0 \u00a0 \u00a0 A divulga\u00e7\u00e3o de preven\u00e7\u00e3o ao suic\u00eddio deve estar focada na ideia que \u00e9 poss\u00edvel encontrar apoio e suporte nos momentos de maior dificuldade. Uma das institui\u00e7\u00f5es pioneiras nesse trabalho no Brasil \u00e9 o CVV, que presta servi\u00e7o volunt\u00e1rio e gratuito de preven\u00e7\u00e3o ao suic\u00eddio e apoio emocional para todas as pessoas que querem e precisam conversar, sob total sigilo e anonimato.<\/span><span style=\"font-weight: 400\"><br \/>\n<\/span><span style=\"font-weight: 400\">\u00a0 \u00a0 \u00a0 \u00a0 Desde 2006, o Minist\u00e9rio da Sa\u00fade trabalha com a implanta\u00e7\u00e3o de medidas para a preven\u00e7\u00e3o ao suic\u00eddio, como a cria\u00e7\u00e3o da Rede de Aten\u00e7\u00e3o Psicossocial (RAPS) para pessoas com sofrimento ou transtornos mentais, que atua diretamente na Aten\u00e7\u00e3o B\u00e1sica. Em 2014, tentativas de suic\u00eddio e suic\u00eddios entraram para a Lista Nacional de Notifica\u00e7\u00e3o Compuls\u00f3ria de doen\u00e7as, o que revela a necessidade de acionamento imediato da rede de aten\u00e7\u00e3o para ado\u00e7\u00e3o de medidas em cada caso. Atrav\u00e9s de um curso EAD, promovido em parceria com a Universidade Federal de Santa Catarina, quase 2000 profissionais da sa\u00fade do SUS foram certificados em Crise e Urg\u00eancia em Sa\u00fade Mental.<\/span><span style=\"font-weight: 400\"><br \/>\n<\/span><span style=\"font-weight: 400\">\u00a0 \u00a0 \u00a0 \u00a0 \u00a0Os estados brasileiros tamb\u00e9m adotam medidas independentes, como o projeto \u2018\u2019Vidas Preservadas\u2019\u2019, uma iniciativa do Minist\u00e9rio P\u00fablico do Estado do Cear\u00e1, que trabalha no fortalecimento de pol\u00edticas p\u00fablicas para a promo\u00e7\u00e3o de sa\u00fade mental. Al\u00e9m de promover campanhas e semin\u00e1rios de preven\u00e7\u00e3o ao suic\u00eddio, as a\u00e7\u00f5es tamb\u00e9m incluem capacita\u00e7\u00e3o de professores, profissionais da sa\u00fade e jornalistas a abordar o tema de forma respons\u00e1vel.<\/span><span style=\"font-weight: 400\"><br \/>\n<\/span><span style=\"font-weight: 400\">\u00a0 \u00a0 \u00a0 \u00a0 \u00a0A aten\u00e7\u00e3o e o debate do tema tamb\u00e9m est\u00e3o presentes nas institui\u00e7\u00f5es de ensino. Como a Universidade Federal do Rio Grande do Sul, que durante todo o m\u00eas de setembro prop\u00f5e a\u00e7\u00f5es e atividades atrav\u00e9s da r\u00e1dio e TV da universidade sobre cuidados a sa\u00fade mental para os servidores e alunos. Aqui, na Universidade Federal do Paran\u00e1, foram desenvolvidas diversas atividades para a \u2018\u2019Temporada Amarela\u2019\u2019, com lives, oficinas e rodas de conversa, para comunidade acad\u00eamica e externa.<\/span><\/p>\n<p><span style=\"font-weight: 400\">\u00a0\u00a0\u00a0\u00a0\u00a0\u00a0\u00a0\u00a0<\/span> <span style=\"font-weight: 400\">Voc\u00ea n\u00e3o est\u00e1 sozinho e pode buscar ajuda em diversas redes de apoio:<\/span><\/p>\n<p><span style=\"font-weight: 400\">&#8211; CVV (188 ou<\/span><a href=\"https:\/\/www.cvv.org.br\/\"> <span style=\"font-weight: 400\">https:\/\/www.cvv.org.br\/<\/span><\/a><span style=\"font-weight: 400\">)<\/span><span style=\"font-weight: 400\"><br \/>\n<\/span><span style=\"font-weight: 400\">&#8211; Servi\u00e7os de Sa\u00fade (CAPS e Unidades B\u00e1sicas)<\/span><span style=\"font-weight: 400\"><br \/>\n<\/span><span style=\"font-weight: 400\">&#8211; Emerg\u00eancia (SAMU 192, UPAs e pronto socorros)<\/span><\/p>\n<p><span style=\"font-weight: 400\">Lembre-se: voc\u00ea \u00e9 importante!<\/span><\/p>\n<p>&nbsp;<\/p>\n<p><span style=\"font-weight: 400\">Refer\u00eancias:<\/span><\/p>\n<p><span style=\"font-weight: 400\">&#8211; CVV &#8211; <\/span><b>Centro de Valoriza\u00e7\u00e3o da Vida<\/b><span style=\"font-weight: 400\">. Dispon\u00edvel em: <\/span><a href=\"https:\/\/www.cvv.org.br\/\"><span style=\"font-weight: 400\">https:\/\/www.cvv.org.br\/<\/span><\/a><span style=\"font-weight: 400\">. Acesso em 10\/09\/2020<br \/>\n<\/span><span style=\"font-weight: 400\">&#8211; U<\/span><span style=\"font-weight: 400\">FRGS. <\/span><b>Preven\u00e7\u00e3o \u00e9 o foco da campanha Setembro Amarelo na UFRGS<\/b><span style=\"font-weight: 400\">. Dispon\u00edvel em: http:\/\/www.ufrgs.br\/ufrgs\/noticias\/prevencao-e-o-foco-da-campanha-setembro-amarelo-na-ufrgs. Acesso em: 03 set. 2020.<br \/>\n<\/span><span style=\"font-weight: 400\">&#8211; MPCE. <\/span><b>Conhe\u00e7a o Vidas Preservadas<\/b><span style=\"font-weight: 400\">. Dispon\u00edvel em: http:\/\/www.mpce.mp.br\/caopije\/projetos\/vidas-preservadas\/conheca-vidas-preservadas\/. Acesso em: 10 set. 2020<br \/>\n<\/span><span style=\"font-weight: 400\">&#8211; BRASIL. <\/span><b>Minist\u00e9rio da Sa\u00fade<\/b><span style=\"font-weight: 400\">. Preven\u00e7\u00e3o do suic\u00eddio: sinais para agir. Bras\u00edlia: [https:\/\/saude.gov.br\/saude-de-a-z\/suicidio], 2020.<br \/>\n<\/span><span style=\"font-weight: 400\">&#8211; UFPR. <\/span><b>UFPR ConVIDA<\/b><span style=\"font-weight: 400\">: temporada amarela. Temporada Amarela. Dispon\u00edvel em: http:\/\/convida.ufpr.br\/2020-temporada-amarela\/. Acesso em: 10 set. 2020.<\/span><\/p>\n<p>Cr\u00e9ditos: Rayane Pontes Camargo, bolsista de extens\u00e3o.<\/p>\n<hr \/>\n<h2><span style=\"color: #ff00ff\">CVV &#8211; Centro de Valoriza\u00e7\u00e3o da Vida<\/span><\/h2>\n<p><a href=\"https:\/\/saude.ufpr.br\/enfermagem\/wp-content\/uploads\/sites\/4\/2020\/09\/119465466_1175636962804349_457943677786873549_n.jpg\"><img loading=\"lazy\" decoding=\"async\" class=\"alignnone size-medium wp-image-4381\" src=\"https:\/\/saude.ufpr.br\/enfermagem\/wp-content\/uploads\/sites\/4\/2020\/09\/119465466_1175636962804349_457943677786873549_n-300x300.jpg\" alt=\"\" width=\"300\" height=\"300\" srcset=\"https:\/\/saude.ufpr.br\/enfermagem\/wp-content\/uploads\/sites\/4\/2020\/09\/119465466_1175636962804349_457943677786873549_n-300x300.jpg 300w, https:\/\/saude.ufpr.br\/enfermagem\/wp-content\/uploads\/sites\/4\/2020\/09\/119465466_1175636962804349_457943677786873549_n-1024x1024.jpg 1024w, https:\/\/saude.ufpr.br\/enfermagem\/wp-content\/uploads\/sites\/4\/2020\/09\/119465466_1175636962804349_457943677786873549_n-150x150.jpg 150w, https:\/\/saude.ufpr.br\/enfermagem\/wp-content\/uploads\/sites\/4\/2020\/09\/119465466_1175636962804349_457943677786873549_n-768x768.jpg 768w, https:\/\/saude.ufpr.br\/enfermagem\/wp-content\/uploads\/sites\/4\/2020\/09\/119465466_1175636962804349_457943677786873549_n.jpg 1080w\" sizes=\"(max-width: 300px) 100vw, 300px\" \/><\/a> <a href=\"https:\/\/saude.ufpr.br\/enfermagem\/wp-content\/uploads\/sites\/4\/2020\/09\/119455472_100198368502583_4121273019287523349_n.jpg\"><img loading=\"lazy\" decoding=\"async\" class=\"alignnone size-medium wp-image-4380\" src=\"https:\/\/saude.ufpr.br\/enfermagem\/wp-content\/uploads\/sites\/4\/2020\/09\/119455472_100198368502583_4121273019287523349_n-300x300.jpg\" alt=\"\" width=\"300\" height=\"300\" srcset=\"https:\/\/saude.ufpr.br\/enfermagem\/wp-content\/uploads\/sites\/4\/2020\/09\/119455472_100198368502583_4121273019287523349_n-300x300.jpg 300w, https:\/\/saude.ufpr.br\/enfermagem\/wp-content\/uploads\/sites\/4\/2020\/09\/119455472_100198368502583_4121273019287523349_n-1024x1024.jpg 1024w, https:\/\/saude.ufpr.br\/enfermagem\/wp-content\/uploads\/sites\/4\/2020\/09\/119455472_100198368502583_4121273019287523349_n-150x150.jpg 150w, https:\/\/saude.ufpr.br\/enfermagem\/wp-content\/uploads\/sites\/4\/2020\/09\/119455472_100198368502583_4121273019287523349_n-768x768.jpg 768w, https:\/\/saude.ufpr.br\/enfermagem\/wp-content\/uploads\/sites\/4\/2020\/09\/119455472_100198368502583_4121273019287523349_n.jpg 1080w\" sizes=\"(max-width: 300px) 100vw, 300px\" \/><\/a> <a href=\"https:\/\/saude.ufpr.br\/enfermagem\/wp-content\/uploads\/sites\/4\/2020\/09\/119552940_2895016677398864_9208522386603134168_n.jpg\"><img loading=\"lazy\" decoding=\"async\" class=\"alignnone size-medium wp-image-4379\" src=\"https:\/\/saude.ufpr.br\/enfermagem\/wp-content\/uploads\/sites\/4\/2020\/09\/119552940_2895016677398864_9208522386603134168_n-300x300.jpg\" alt=\"\" width=\"300\" height=\"300\" srcset=\"https:\/\/saude.ufpr.br\/enfermagem\/wp-content\/uploads\/sites\/4\/2020\/09\/119552940_2895016677398864_9208522386603134168_n-300x300.jpg 300w, https:\/\/saude.ufpr.br\/enfermagem\/wp-content\/uploads\/sites\/4\/2020\/09\/119552940_2895016677398864_9208522386603134168_n-1024x1024.jpg 1024w, https:\/\/saude.ufpr.br\/enfermagem\/wp-content\/uploads\/sites\/4\/2020\/09\/119552940_2895016677398864_9208522386603134168_n-150x150.jpg 150w, https:\/\/saude.ufpr.br\/enfermagem\/wp-content\/uploads\/sites\/4\/2020\/09\/119552940_2895016677398864_9208522386603134168_n-768x768.jpg 768w, https:\/\/saude.ufpr.br\/enfermagem\/wp-content\/uploads\/sites\/4\/2020\/09\/119552940_2895016677398864_9208522386603134168_n.jpg 1080w\" sizes=\"(max-width: 300px) 100vw, 300px\" \/><\/a><\/p>\n<p><a href=\"https:\/\/saude.ufpr.br\/enfermagem\/wp-content\/uploads\/sites\/4\/2020\/09\/119415079_371734857562455_7596984763599415068_n.jpg\"><img loading=\"lazy\" decoding=\"async\" class=\"alignnone size-medium wp-image-4378\" src=\"https:\/\/saude.ufpr.br\/enfermagem\/wp-content\/uploads\/sites\/4\/2020\/09\/119415079_371734857562455_7596984763599415068_n-300x300.jpg\" alt=\"\" width=\"300\" height=\"300\" srcset=\"https:\/\/saude.ufpr.br\/enfermagem\/wp-content\/uploads\/sites\/4\/2020\/09\/119415079_371734857562455_7596984763599415068_n-300x300.jpg 300w, https:\/\/saude.ufpr.br\/enfermagem\/wp-content\/uploads\/sites\/4\/2020\/09\/119415079_371734857562455_7596984763599415068_n-1024x1024.jpg 1024w, https:\/\/saude.ufpr.br\/enfermagem\/wp-content\/uploads\/sites\/4\/2020\/09\/119415079_371734857562455_7596984763599415068_n-150x150.jpg 150w, https:\/\/saude.ufpr.br\/enfermagem\/wp-content\/uploads\/sites\/4\/2020\/09\/119415079_371734857562455_7596984763599415068_n-768x768.jpg 768w, https:\/\/saude.ufpr.br\/enfermagem\/wp-content\/uploads\/sites\/4\/2020\/09\/119415079_371734857562455_7596984763599415068_n.jpg 1080w\" sizes=\"(max-width: 300px) 100vw, 300px\" \/><\/a> <a href=\"https:\/\/saude.ufpr.br\/enfermagem\/wp-content\/uploads\/sites\/4\/2020\/09\/119702243_122058706055247_8003483825670661312_n.jpg\"><img loading=\"lazy\" decoding=\"async\" class=\"alignnone size-medium wp-image-4377\" src=\"https:\/\/saude.ufpr.br\/enfermagem\/wp-content\/uploads\/sites\/4\/2020\/09\/119702243_122058706055247_8003483825670661312_n-300x300.jpg\" alt=\"\" width=\"300\" height=\"300\" srcset=\"https:\/\/saude.ufpr.br\/enfermagem\/wp-content\/uploads\/sites\/4\/2020\/09\/119702243_122058706055247_8003483825670661312_n-300x300.jpg 300w, https:\/\/saude.ufpr.br\/enfermagem\/wp-content\/uploads\/sites\/4\/2020\/09\/119702243_122058706055247_8003483825670661312_n-1024x1024.jpg 1024w, https:\/\/saude.ufpr.br\/enfermagem\/wp-content\/uploads\/sites\/4\/2020\/09\/119702243_122058706055247_8003483825670661312_n-150x150.jpg 150w, https:\/\/saude.ufpr.br\/enfermagem\/wp-content\/uploads\/sites\/4\/2020\/09\/119702243_122058706055247_8003483825670661312_n-768x768.jpg 768w, https:\/\/saude.ufpr.br\/enfermagem\/wp-content\/uploads\/sites\/4\/2020\/09\/119702243_122058706055247_8003483825670661312_n.jpg 1080w\" sizes=\"(max-width: 300px) 100vw, 300px\" \/><\/a><\/p>\n<p>Cr\u00e9ditos: Isabella Fusculim, bolsista de extens\u00e3o.<\/p>\n<hr \/>\n<h2><span style=\"color: #ff00ff\">Como funciona a pesquisa cl\u00ednica?<\/span><\/h2>\n<p><a href=\"https:\/\/saude.ufpr.br\/enfermagem\/wp-content\/uploads\/sites\/4\/2020\/09\/119691059_1614013132113551_8562723461918799197_n.jpg\"><img loading=\"lazy\" decoding=\"async\" class=\"alignnone size-medium wp-image-4389\" src=\"https:\/\/saude.ufpr.br\/enfermagem\/wp-content\/uploads\/sites\/4\/2020\/09\/119691059_1614013132113551_8562723461918799197_n-300x300.jpg\" alt=\"\" width=\"300\" height=\"300\" srcset=\"https:\/\/saude.ufpr.br\/enfermagem\/wp-content\/uploads\/sites\/4\/2020\/09\/119691059_1614013132113551_8562723461918799197_n-300x300.jpg 300w, https:\/\/saude.ufpr.br\/enfermagem\/wp-content\/uploads\/sites\/4\/2020\/09\/119691059_1614013132113551_8562723461918799197_n-150x150.jpg 150w, https:\/\/saude.ufpr.br\/enfermagem\/wp-content\/uploads\/sites\/4\/2020\/09\/119691059_1614013132113551_8562723461918799197_n.jpg 750w\" sizes=\"(max-width: 300px) 100vw, 300px\" \/>\u00a0<\/a> <a href=\"https:\/\/saude.ufpr.br\/enfermagem\/wp-content\/uploads\/sites\/4\/2020\/09\/119575287_329762881440913_2584331929830500317_n.jpg\"><img loading=\"lazy\" decoding=\"async\" class=\"alignnone size-medium wp-image-4388\" src=\"https:\/\/saude.ufpr.br\/enfermagem\/wp-content\/uploads\/sites\/4\/2020\/09\/119575287_329762881440913_2584331929830500317_n-300x300.jpg\" alt=\"\" width=\"300\" height=\"300\" srcset=\"https:\/\/saude.ufpr.br\/enfermagem\/wp-content\/uploads\/sites\/4\/2020\/09\/119575287_329762881440913_2584331929830500317_n-300x300.jpg 300w, https:\/\/saude.ufpr.br\/enfermagem\/wp-content\/uploads\/sites\/4\/2020\/09\/119575287_329762881440913_2584331929830500317_n-1024x1024.jpg 1024w, https:\/\/saude.ufpr.br\/enfermagem\/wp-content\/uploads\/sites\/4\/2020\/09\/119575287_329762881440913_2584331929830500317_n-150x150.jpg 150w, https:\/\/saude.ufpr.br\/enfermagem\/wp-content\/uploads\/sites\/4\/2020\/09\/119575287_329762881440913_2584331929830500317_n-768x768.jpg 768w, https:\/\/saude.ufpr.br\/enfermagem\/wp-content\/uploads\/sites\/4\/2020\/09\/119575287_329762881440913_2584331929830500317_n.jpg 1080w\" sizes=\"(max-width: 300px) 100vw, 300px\" \/>\u00a0<\/a> <a href=\"https:\/\/saude.ufpr.br\/enfermagem\/wp-content\/uploads\/sites\/4\/2020\/09\/119611599_1450166685152269_906452743555452545_n.jpg\"><img loading=\"lazy\" decoding=\"async\" class=\"alignnone size-medium wp-image-4387\" src=\"https:\/\/saude.ufpr.br\/enfermagem\/wp-content\/uploads\/sites\/4\/2020\/09\/119611599_1450166685152269_906452743555452545_n-300x300.jpg\" alt=\"\" width=\"300\" height=\"300\" srcset=\"https:\/\/saude.ufpr.br\/enfermagem\/wp-content\/uploads\/sites\/4\/2020\/09\/119611599_1450166685152269_906452743555452545_n-300x300.jpg 300w, https:\/\/saude.ufpr.br\/enfermagem\/wp-content\/uploads\/sites\/4\/2020\/09\/119611599_1450166685152269_906452743555452545_n-1024x1024.jpg 1024w, https:\/\/saude.ufpr.br\/enfermagem\/wp-content\/uploads\/sites\/4\/2020\/09\/119611599_1450166685152269_906452743555452545_n-150x150.jpg 150w, https:\/\/saude.ufpr.br\/enfermagem\/wp-content\/uploads\/sites\/4\/2020\/09\/119611599_1450166685152269_906452743555452545_n-768x768.jpg 768w, https:\/\/saude.ufpr.br\/enfermagem\/wp-content\/uploads\/sites\/4\/2020\/09\/119611599_1450166685152269_906452743555452545_n.jpg 1080w\" sizes=\"(max-width: 300px) 100vw, 300px\" \/><\/a><\/p>\n<p><a href=\"https:\/\/saude.ufpr.br\/enfermagem\/wp-content\/uploads\/sites\/4\/2020\/09\/119651679_3351575748296213_7811762808152242181_n.jpg\"><img loading=\"lazy\" decoding=\"async\" class=\"alignnone size-medium wp-image-4385\" src=\"https:\/\/saude.ufpr.br\/enfermagem\/wp-content\/uploads\/sites\/4\/2020\/09\/119651679_3351575748296213_7811762808152242181_n-300x300.jpg\" alt=\"\" width=\"300\" height=\"300\" srcset=\"https:\/\/saude.ufpr.br\/enfermagem\/wp-content\/uploads\/sites\/4\/2020\/09\/119651679_3351575748296213_7811762808152242181_n-300x300.jpg 300w, https:\/\/saude.ufpr.br\/enfermagem\/wp-content\/uploads\/sites\/4\/2020\/09\/119651679_3351575748296213_7811762808152242181_n-1024x1024.jpg 1024w, https:\/\/saude.ufpr.br\/enfermagem\/wp-content\/uploads\/sites\/4\/2020\/09\/119651679_3351575748296213_7811762808152242181_n-150x150.jpg 150w, https:\/\/saude.ufpr.br\/enfermagem\/wp-content\/uploads\/sites\/4\/2020\/09\/119651679_3351575748296213_7811762808152242181_n-768x768.jpg 768w, https:\/\/saude.ufpr.br\/enfermagem\/wp-content\/uploads\/sites\/4\/2020\/09\/119651679_3351575748296213_7811762808152242181_n.jpg 1080w\" sizes=\"(max-width: 300px) 100vw, 300px\" \/>\u00a0<\/a> <a href=\"https:\/\/saude.ufpr.br\/enfermagem\/wp-content\/uploads\/sites\/4\/2020\/09\/119715565_1027489831034862_5831468981584802098_n.jpg\"><img loading=\"lazy\" decoding=\"async\" class=\"alignnone size-medium wp-image-4384\" src=\"https:\/\/saude.ufpr.br\/enfermagem\/wp-content\/uploads\/sites\/4\/2020\/09\/119715565_1027489831034862_5831468981584802098_n-300x300.jpg\" alt=\"\" width=\"300\" height=\"300\" srcset=\"https:\/\/saude.ufpr.br\/enfermagem\/wp-content\/uploads\/sites\/4\/2020\/09\/119715565_1027489831034862_5831468981584802098_n-300x300.jpg 300w, https:\/\/saude.ufpr.br\/enfermagem\/wp-content\/uploads\/sites\/4\/2020\/09\/119715565_1027489831034862_5831468981584802098_n-1024x1024.jpg 1024w, https:\/\/saude.ufpr.br\/enfermagem\/wp-content\/uploads\/sites\/4\/2020\/09\/119715565_1027489831034862_5831468981584802098_n-150x150.jpg 150w, https:\/\/saude.ufpr.br\/enfermagem\/wp-content\/uploads\/sites\/4\/2020\/09\/119715565_1027489831034862_5831468981584802098_n-768x768.jpg 768w, https:\/\/saude.ufpr.br\/enfermagem\/wp-content\/uploads\/sites\/4\/2020\/09\/119715565_1027489831034862_5831468981584802098_n.jpg 1080w\" sizes=\"(max-width: 300px) 100vw, 300px\" \/><\/a><\/p>\n<p>Cre\u0301ditos: Alessandra Larissa de Oliveira, bolsista de extens\u00e3o.<\/p>\n<hr \/>\n<h2><span style=\"color: #ff00ff\">Protocolos<\/span> <span style=\"color: #ff00ff\">de Pesquisa<\/span><\/h2>\n<p><a href=\"https:\/\/saude.ufpr.br\/enfermagem\/wp-content\/uploads\/sites\/4\/2020\/10\/120103010_350369106089254_819292897938883007_n.jpg\"><img loading=\"lazy\" decoding=\"async\" class=\"alignnone size-medium wp-image-4395\" src=\"https:\/\/saude.ufpr.br\/enfermagem\/wp-content\/uploads\/sites\/4\/2020\/10\/120103010_350369106089254_819292897938883007_n-300x300.jpg\" alt=\"\" width=\"300\" height=\"300\" srcset=\"https:\/\/saude.ufpr.br\/enfermagem\/wp-content\/uploads\/sites\/4\/2020\/10\/120103010_350369106089254_819292897938883007_n-300x300.jpg 300w, https:\/\/saude.ufpr.br\/enfermagem\/wp-content\/uploads\/sites\/4\/2020\/10\/120103010_350369106089254_819292897938883007_n-150x150.jpg 150w, https:\/\/saude.ufpr.br\/enfermagem\/wp-content\/uploads\/sites\/4\/2020\/10\/120103010_350369106089254_819292897938883007_n.jpg 719w\" sizes=\"(max-width: 300px) 100vw, 300px\" \/><\/a><\/p>\n<p>Para uma pessoa participar de pesquisas ou estudos sendo o indiv\u00edduo que ser\u00e1 pesquisado, deve ter os crit\u00e9rios exigidos no protocolo de pesquisa e concordar com o Termo de Consentimento Livre e Esclarecido (TCLE). Esse documento deve ser assinado e rubricado pelo participante da pesquisa, ou seu respons\u00e1vel legal, e, caso seja impossibilitado de assinar, deve-se colocar a impress\u00e3o digital na linha de assinatura.<br \/>\nDesde 1947, o c\u00f3digo de N\u00fcremberg torna obrigat\u00f3ria a apresenta\u00e7\u00e3o do consentimento volunt\u00e1rio aos participantes das pesquisas. No Brasil, a norma vigente est\u00e1 na Resolu\u00e7\u00e3o CONEP 466\/2012, baseada no C\u00f3digo de N\u00fcremberg (1947), na Declara\u00e7\u00e3o Universal dos Direitos do Humanos (1948), em todas as vers\u00f5es da Declara\u00e7\u00e3o de Helsinque, entre outros documentos internacionais que s\u00e3o reflexo da necessidade de resguardar a participa\u00e7\u00e3o das pessoas nas pesquisas cient\u00edficas e tecnol\u00f3gicas.<\/p>\n<p>Segundo o artigo IV da Resolu\u00e7\u00e3o 466\/12, o TCLE deve ser criado pelo pesquisador em uma linguagem f\u00e1cil e acess\u00edvel ao entendimento do participante e, antes de entreg\u00e1-lo, precisa ser aprovado por um Comit\u00ea de \u00c9tica em Pesquisa, e deve ter os seguintes itens:<br \/>\n1. Justificativa, objetivos e procedimentos a serem utilizados na pesquisa<br \/>\n2. Os riscos, desconfortos e benef\u00edcios esperados<br \/>\n3. Os m\u00e9todos alternativos existentes ao proposto<br \/>\n4. O acompanhamento, a assist\u00eancia e os respons\u00e1veis pela pesquisa<br \/>\n5. O compromisso de esclarecimentos sobre a metodologia, antes e durante a pesquisa, informando a possibilidade de inclus\u00e3o em grupos placebo<br \/>\n6. A possibilidade da pessoa se recusar ou retirar o consentimento em qualquer fase da pesquisa, sem penaliza\u00e7\u00e3o ou preju\u00edzo<br \/>\n7. Garantia do sigilo, assegurando a privacidade das pessoas participantes<br \/>\n8. Se haver\u00e1 ressarcimento de despesas por conta da participa\u00e7\u00e3o na pesquisa<br \/>\n9. Se haver\u00e1 indeniza\u00e7\u00e3o diante de eventuais danos resultantes da pesquisa<\/p>\n<p>Refer\u00eancias:<br \/>\nUNIVERSIDADE ESTADUAL DE CAMPINAS. Faculdade de Ci\u00eancias M\u00e9dicas. Centro de Pesquisa Cl\u00ednica. Dispon\u00edvel em: &lt;https:\/\/www.fcm.unicamp.br\/fcm\/cpc-centro-de-pesquisa-clinica\/pesquisa-clinica&gt;<br \/>\nBRASIL, Minist\u00e9rio da Sa\u00fade. Resolu\u00e7\u00e3o n\u00ba 466 de 12 de dezembro de 2012.<\/p>\n<p>Cre\u0301ditos: Alessandra Larissa de Oliveira, bolsista de extens\u00e3o.<\/p>\n<hr \/>\n<h2><span style=\"color: #ff00ff\">Setembro Verde &#8211; Transplante de \u00d3rg\u00e3os<\/span><\/h2>\n<p><a href=\"https:\/\/saude.ufpr.br\/enfermagem\/wp-content\/uploads\/sites\/4\/2020\/10\/120302368_332587291178571_2799118037048835734_n.jpg\"><img loading=\"lazy\" decoding=\"async\" class=\"alignnone size-medium wp-image-4406\" src=\"https:\/\/saude.ufpr.br\/enfermagem\/wp-content\/uploads\/sites\/4\/2020\/10\/120302368_332587291178571_2799118037048835734_n-300x300.jpg\" alt=\"\" width=\"300\" height=\"300\" srcset=\"https:\/\/saude.ufpr.br\/enfermagem\/wp-content\/uploads\/sites\/4\/2020\/10\/120302368_332587291178571_2799118037048835734_n-300x300.jpg 300w, https:\/\/saude.ufpr.br\/enfermagem\/wp-content\/uploads\/sites\/4\/2020\/10\/120302368_332587291178571_2799118037048835734_n-1024x1024.jpg 1024w, https:\/\/saude.ufpr.br\/enfermagem\/wp-content\/uploads\/sites\/4\/2020\/10\/120302368_332587291178571_2799118037048835734_n-150x150.jpg 150w, https:\/\/saude.ufpr.br\/enfermagem\/wp-content\/uploads\/sites\/4\/2020\/10\/120302368_332587291178571_2799118037048835734_n-768x768.jpg 768w, https:\/\/saude.ufpr.br\/enfermagem\/wp-content\/uploads\/sites\/4\/2020\/10\/120302368_332587291178571_2799118037048835734_n.jpg 1080w\" sizes=\"(max-width: 300px) 100vw, 300px\" \/>\u00a0<\/a> <a href=\"https:\/\/saude.ufpr.br\/enfermagem\/wp-content\/uploads\/sites\/4\/2020\/10\/120196920_328487581714560_8093993417957336621_n.jpg\"><img loading=\"lazy\" decoding=\"async\" class=\"alignnone size-medium wp-image-4405\" src=\"https:\/\/saude.ufpr.br\/enfermagem\/wp-content\/uploads\/sites\/4\/2020\/10\/120196920_328487581714560_8093993417957336621_n-300x300.jpg\" alt=\"\" width=\"300\" height=\"300\" srcset=\"https:\/\/saude.ufpr.br\/enfermagem\/wp-content\/uploads\/sites\/4\/2020\/10\/120196920_328487581714560_8093993417957336621_n-300x300.jpg 300w, https:\/\/saude.ufpr.br\/enfermagem\/wp-content\/uploads\/sites\/4\/2020\/10\/120196920_328487581714560_8093993417957336621_n-1024x1024.jpg 1024w, https:\/\/saude.ufpr.br\/enfermagem\/wp-content\/uploads\/sites\/4\/2020\/10\/120196920_328487581714560_8093993417957336621_n-150x150.jpg 150w, https:\/\/saude.ufpr.br\/enfermagem\/wp-content\/uploads\/sites\/4\/2020\/10\/120196920_328487581714560_8093993417957336621_n-768x768.jpg 768w, https:\/\/saude.ufpr.br\/enfermagem\/wp-content\/uploads\/sites\/4\/2020\/10\/120196920_328487581714560_8093993417957336621_n.jpg 1080w\" sizes=\"(max-width: 300px) 100vw, 300px\" \/>\u00a0<\/a> <a href=\"https:\/\/saude.ufpr.br\/enfermagem\/wp-content\/uploads\/sites\/4\/2020\/10\/120317871_1247428828946982_461480941326410729_n.jpg\"><img loading=\"lazy\" decoding=\"async\" class=\"alignnone size-medium wp-image-4404\" src=\"https:\/\/saude.ufpr.br\/enfermagem\/wp-content\/uploads\/sites\/4\/2020\/10\/120317871_1247428828946982_461480941326410729_n-300x300.jpg\" alt=\"\" width=\"300\" height=\"300\" srcset=\"https:\/\/saude.ufpr.br\/enfermagem\/wp-content\/uploads\/sites\/4\/2020\/10\/120317871_1247428828946982_461480941326410729_n-300x300.jpg 300w, https:\/\/saude.ufpr.br\/enfermagem\/wp-content\/uploads\/sites\/4\/2020\/10\/120317871_1247428828946982_461480941326410729_n-1024x1024.jpg 1024w, https:\/\/saude.ufpr.br\/enfermagem\/wp-content\/uploads\/sites\/4\/2020\/10\/120317871_1247428828946982_461480941326410729_n-150x150.jpg 150w, https:\/\/saude.ufpr.br\/enfermagem\/wp-content\/uploads\/sites\/4\/2020\/10\/120317871_1247428828946982_461480941326410729_n-768x768.jpg 768w, https:\/\/saude.ufpr.br\/enfermagem\/wp-content\/uploads\/sites\/4\/2020\/10\/120317871_1247428828946982_461480941326410729_n.jpg 1080w\" sizes=\"(max-width: 300px) 100vw, 300px\" \/><\/a><\/p>\n<p><a href=\"https:\/\/saude.ufpr.br\/enfermagem\/wp-content\/uploads\/sites\/4\/2020\/10\/120287659_130974431697604_7872331470217565086_n.jpg\"><img loading=\"lazy\" decoding=\"async\" class=\"alignnone size-medium wp-image-4403\" src=\"https:\/\/saude.ufpr.br\/enfermagem\/wp-content\/uploads\/sites\/4\/2020\/10\/120287659_130974431697604_7872331470217565086_n-300x300.jpg\" alt=\"\" width=\"300\" height=\"300\" srcset=\"https:\/\/saude.ufpr.br\/enfermagem\/wp-content\/uploads\/sites\/4\/2020\/10\/120287659_130974431697604_7872331470217565086_n-300x300.jpg 300w, https:\/\/saude.ufpr.br\/enfermagem\/wp-content\/uploads\/sites\/4\/2020\/10\/120287659_130974431697604_7872331470217565086_n-1024x1024.jpg 1024w, https:\/\/saude.ufpr.br\/enfermagem\/wp-content\/uploads\/sites\/4\/2020\/10\/120287659_130974431697604_7872331470217565086_n-150x150.jpg 150w, https:\/\/saude.ufpr.br\/enfermagem\/wp-content\/uploads\/sites\/4\/2020\/10\/120287659_130974431697604_7872331470217565086_n-768x768.jpg 768w, https:\/\/saude.ufpr.br\/enfermagem\/wp-content\/uploads\/sites\/4\/2020\/10\/120287659_130974431697604_7872331470217565086_n.jpg 1080w\" sizes=\"(max-width: 300px) 100vw, 300px\" \/>\u00a0<\/a> <a href=\"https:\/\/saude.ufpr.br\/enfermagem\/wp-content\/uploads\/sites\/4\/2020\/10\/120195605_173663620979873_5090401136332884355_n.jpg\"><img loading=\"lazy\" decoding=\"async\" class=\"alignnone size-medium wp-image-4402\" src=\"https:\/\/saude.ufpr.br\/enfermagem\/wp-content\/uploads\/sites\/4\/2020\/10\/120195605_173663620979873_5090401136332884355_n-300x300.jpg\" alt=\"\" width=\"300\" height=\"300\" srcset=\"https:\/\/saude.ufpr.br\/enfermagem\/wp-content\/uploads\/sites\/4\/2020\/10\/120195605_173663620979873_5090401136332884355_n-300x300.jpg 300w, https:\/\/saude.ufpr.br\/enfermagem\/wp-content\/uploads\/sites\/4\/2020\/10\/120195605_173663620979873_5090401136332884355_n-1024x1024.jpg 1024w, https:\/\/saude.ufpr.br\/enfermagem\/wp-content\/uploads\/sites\/4\/2020\/10\/120195605_173663620979873_5090401136332884355_n-150x150.jpg 150w, https:\/\/saude.ufpr.br\/enfermagem\/wp-content\/uploads\/sites\/4\/2020\/10\/120195605_173663620979873_5090401136332884355_n-768x768.jpg 768w, https:\/\/saude.ufpr.br\/enfermagem\/wp-content\/uploads\/sites\/4\/2020\/10\/120195605_173663620979873_5090401136332884355_n.jpg 1080w\" sizes=\"(max-width: 300px) 100vw, 300px\" \/>\u00a0<\/a> <a href=\"https:\/\/saude.ufpr.br\/enfermagem\/wp-content\/uploads\/sites\/4\/2020\/10\/120198840_3241375825948425_3132941448056306515_n.jpg\"><img loading=\"lazy\" decoding=\"async\" class=\"alignnone size-medium wp-image-4401\" src=\"https:\/\/saude.ufpr.br\/enfermagem\/wp-content\/uploads\/sites\/4\/2020\/10\/120198840_3241375825948425_3132941448056306515_n-300x300.jpg\" alt=\"\" width=\"300\" height=\"300\" srcset=\"https:\/\/saude.ufpr.br\/enfermagem\/wp-content\/uploads\/sites\/4\/2020\/10\/120198840_3241375825948425_3132941448056306515_n-300x300.jpg 300w, https:\/\/saude.ufpr.br\/enfermagem\/wp-content\/uploads\/sites\/4\/2020\/10\/120198840_3241375825948425_3132941448056306515_n-1024x1024.jpg 1024w, https:\/\/saude.ufpr.br\/enfermagem\/wp-content\/uploads\/sites\/4\/2020\/10\/120198840_3241375825948425_3132941448056306515_n-150x150.jpg 150w, https:\/\/saude.ufpr.br\/enfermagem\/wp-content\/uploads\/sites\/4\/2020\/10\/120198840_3241375825948425_3132941448056306515_n-768x768.jpg 768w, https:\/\/saude.ufpr.br\/enfermagem\/wp-content\/uploads\/sites\/4\/2020\/10\/120198840_3241375825948425_3132941448056306515_n.jpg 1080w\" sizes=\"(max-width: 300px) 100vw, 300px\" \/><\/a><\/p>\n<p><a href=\"https:\/\/saude.ufpr.br\/enfermagem\/wp-content\/uploads\/sites\/4\/2020\/10\/120450250_125874632304310_5095484784065035745_n.jpg\"><img loading=\"lazy\" decoding=\"async\" class=\"alignnone size-medium wp-image-4400\" src=\"https:\/\/saude.ufpr.br\/enfermagem\/wp-content\/uploads\/sites\/4\/2020\/10\/120450250_125874632304310_5095484784065035745_n-300x300.jpg\" alt=\"\" width=\"300\" height=\"300\" srcset=\"https:\/\/saude.ufpr.br\/enfermagem\/wp-content\/uploads\/sites\/4\/2020\/10\/120450250_125874632304310_5095484784065035745_n-300x300.jpg 300w, https:\/\/saude.ufpr.br\/enfermagem\/wp-content\/uploads\/sites\/4\/2020\/10\/120450250_125874632304310_5095484784065035745_n-1024x1024.jpg 1024w, https:\/\/saude.ufpr.br\/enfermagem\/wp-content\/uploads\/sites\/4\/2020\/10\/120450250_125874632304310_5095484784065035745_n-150x150.jpg 150w, https:\/\/saude.ufpr.br\/enfermagem\/wp-content\/uploads\/sites\/4\/2020\/10\/120450250_125874632304310_5095484784065035745_n-768x768.jpg 768w, https:\/\/saude.ufpr.br\/enfermagem\/wp-content\/uploads\/sites\/4\/2020\/10\/120450250_125874632304310_5095484784065035745_n.jpg 1080w\" sizes=\"(max-width: 300px) 100vw, 300px\" \/>\u00a0<\/a> <a href=\"https:\/\/saude.ufpr.br\/enfermagem\/wp-content\/uploads\/sites\/4\/2020\/10\/120203401_2604693876510308_8833089933645973374_n.jpg\"><img loading=\"lazy\" decoding=\"async\" class=\"alignnone size-medium wp-image-4399\" src=\"https:\/\/saude.ufpr.br\/enfermagem\/wp-content\/uploads\/sites\/4\/2020\/10\/120203401_2604693876510308_8833089933645973374_n-300x300.jpg\" alt=\"\" width=\"300\" height=\"300\" srcset=\"https:\/\/saude.ufpr.br\/enfermagem\/wp-content\/uploads\/sites\/4\/2020\/10\/120203401_2604693876510308_8833089933645973374_n-300x300.jpg 300w, https:\/\/saude.ufpr.br\/enfermagem\/wp-content\/uploads\/sites\/4\/2020\/10\/120203401_2604693876510308_8833089933645973374_n-1024x1024.jpg 1024w, https:\/\/saude.ufpr.br\/enfermagem\/wp-content\/uploads\/sites\/4\/2020\/10\/120203401_2604693876510308_8833089933645973374_n-150x150.jpg 150w, https:\/\/saude.ufpr.br\/enfermagem\/wp-content\/uploads\/sites\/4\/2020\/10\/120203401_2604693876510308_8833089933645973374_n-768x768.jpg 768w, https:\/\/saude.ufpr.br\/enfermagem\/wp-content\/uploads\/sites\/4\/2020\/10\/120203401_2604693876510308_8833089933645973374_n.jpg 1080w\" sizes=\"(max-width: 300px) 100vw, 300px\" \/><\/a><\/p>\n<p>Cr\u00e9ditos: Isabella Fusculim, bolsista de extens\u00e3o.<\/p>\n<hr \/>\n<h2>Enfermeiros e Terapeutas Ocupacionais na Sa\u00fade Mental<\/h2>\n<p><a href=\"https:\/\/saude.ufpr.br\/enfermagem\/wp-content\/uploads\/sites\/4\/2020\/10\/120372962_235182761399210_8418119150910677380_n-1.jpg\"><img loading=\"lazy\" decoding=\"async\" class=\"alignnone size-medium wp-image-4409\" src=\"https:\/\/saude.ufpr.br\/enfermagem\/wp-content\/uploads\/sites\/4\/2020\/10\/120372962_235182761399210_8418119150910677380_n-1-300x300.jpg\" alt=\"\" width=\"300\" height=\"300\" srcset=\"https:\/\/saude.ufpr.br\/enfermagem\/wp-content\/uploads\/sites\/4\/2020\/10\/120372962_235182761399210_8418119150910677380_n-1-300x300.jpg 300w, https:\/\/saude.ufpr.br\/enfermagem\/wp-content\/uploads\/sites\/4\/2020\/10\/120372962_235182761399210_8418119150910677380_n-1-1024x1024.jpg 1024w, https:\/\/saude.ufpr.br\/enfermagem\/wp-content\/uploads\/sites\/4\/2020\/10\/120372962_235182761399210_8418119150910677380_n-1-150x150.jpg 150w, https:\/\/saude.ufpr.br\/enfermagem\/wp-content\/uploads\/sites\/4\/2020\/10\/120372962_235182761399210_8418119150910677380_n-1-768x768.jpg 768w, https:\/\/saude.ufpr.br\/enfermagem\/wp-content\/uploads\/sites\/4\/2020\/10\/120372962_235182761399210_8418119150910677380_n-1.jpg 1080w\" sizes=\"(max-width: 300px) 100vw, 300px\" \/><\/a><\/p>\n<p>O Sa\u00fade nas M\u00eddias \u00e9 um projeto do Departamento de Enfermagem da UFPR, mas temos uma bolsista da Terapia Ocupacional, a\u00a0@alelari\u00a0que elaborou este texto sobre nossa pr\u00e1tica profissional na \u00e1rea da Sa\u00fade Mental:<\/p>\n<p>Os cuidados da sa\u00fade mental no Brasil s\u00e3o pautados na reabilita\u00e7\u00e3o psicossocial, ou seja, promover o protagonismo do indiv\u00edduo para que ele exer\u00e7a os seus direitos de cidadania. Portanto, s\u00e3o realizadas interven\u00e7\u00f5es nos campos de trabalho, habita\u00e7\u00e3o, educa\u00e7\u00e3o, cultura, sa\u00fade e outros, para gerar possibilidades de projetos para a vida da pessoa.<\/p>\n<p>Para abranger todos esses campos, o tratamento \u00e9 multiprofissional, ou seja, ele vai al\u00e9m do psic\u00f3logo e do psiquiatra, existem outros profissionais especializados que podem auxiliar nas necessidades da pessoa em rela\u00e7\u00e3o a sa\u00fade mental, nesse texto citaremos brevemente a import\u00e2ncia do Enfermeiro e do Terapeuta Ocupacional.<\/p>\n<p>O enfermeiro em sa\u00fade mental cuida do bem-estar, equil\u00edbrio e autoconhecimento das pessoas, potencializando a ess\u00eancia do indiv\u00edduo. Atrav\u00e9s da escuta qualificada, ele entende os sintomas do paciente e tamb\u00e9m a demanda dos familiares, acolhe e identifica, atrav\u00e9s da comunica\u00e7\u00e3o terap\u00eautica, as propor\u00e7\u00f5es cognitivo-afetivas, emocionais, culturais, valores, sentimentos, express\u00f5es de realidade, entre outros, que precisem ser percebidos e trabalhados pela equipe de sa\u00fade.<\/p>\n<p>O terapeuta ocupacional \u00e9 um profissional que pode prevenir, tratar e reabilitar pessoas com algum transtorno mental, tendo como objetivo a inclus\u00e3o social, a autonomia e a singularidade do sujeito.<br \/>\nAtrav\u00e9s de atividades significativas para a pessoa, o terapeuta contribui para a constru\u00e7\u00e3o de sentido pessoal\/existencial\/de vida, produzindo o valor social daquele sujeito, al\u00e9m disso, colabora tamb\u00e9m na organiza\u00e7\u00e3o do cotidiano, viabilizando a autonomia e independ\u00eancia do indiv\u00edduo.<\/p>\n<p>Refer\u00eancias:<br \/>\nBRASIL, Minist\u00e9rio da Sa\u00fade. Estrat\u00e9gias de Reabilita\u00e7\u00e3o Psicossocial. Bras\u00edlia, DF, 2017. Dispon\u00edvel em: &lt;https:\/\/www.saude.gov.br\/artigos\/852-profissional-e-gestor\/41060-estrategias-de-reabilitacao-psicossocial&gt;<br \/>\nMORATO, Giovana Garcia; LUSSI, Isabela Aparecida de Oliveira. Contribui\u00e7\u00f5es da perspectiva de Reabilita\u00e7\u00e3o Psicossocial para a terapia ocupacional no campo da sa\u00fade mental. Caderno Brasileiro de Terapia Ocupacional, S\u00e3o Carlos , v. 26, n. 4, p. 943-951, dez. 2018 . Dispon\u00edvel em: &lt;http:\/\/www.scielo.br\/scielo.php?script=sci_arttext&amp;pid=S2526-89102018000400943&amp;lng=pt&amp;nrm=iso&gt;<br \/>\nTAVARES, Cl\u00e1udia Mara de Melo et al . Compet\u00eancias espec\u00edficas do enfermeiro de sa\u00fade mental enfatizadas no ensino de gradua\u00e7\u00e3o em enfermagem. Revista Portuguesa de Enfermagem de Sa\u00fade Mental, Porto , n. spe4, p. 25-32, out. 2016 . Dispon\u00edvel em: &lt;http:\/\/www.scielo.mec.pt\/scielo.php?script=sci_arttext&amp;pid=S1647-21602016000400004&amp;lng=pt&amp;nrm=iso&gt;.<\/p>\n<p>Cre\u0301ditos: Alessandra Larissa de Oliveira, bolsista de extens\u00e3o.<\/p>\n<hr \/>\n<h2><span style=\"color: #ff00ff\">Outubro rosa e o c\u00e2ncer de mama<\/span><\/h2>\n<p><a href=\"https:\/\/saude.ufpr.br\/enfermagem\/wp-content\/uploads\/sites\/4\/2020\/10\/120873973_686487921972533_1452337816612119637_n.jpg\"><img loading=\"lazy\" decoding=\"async\" class=\"alignnone size-medium wp-image-4422\" src=\"https:\/\/saude.ufpr.br\/enfermagem\/wp-content\/uploads\/sites\/4\/2020\/10\/120873973_686487921972533_1452337816612119637_n-300x225.jpg\" alt=\"\" width=\"300\" height=\"225\" srcset=\"https:\/\/saude.ufpr.br\/enfermagem\/wp-content\/uploads\/sites\/4\/2020\/10\/120873973_686487921972533_1452337816612119637_n-300x225.jpg 300w, https:\/\/saude.ufpr.br\/enfermagem\/wp-content\/uploads\/sites\/4\/2020\/10\/120873973_686487921972533_1452337816612119637_n.jpg 640w\" sizes=\"(max-width: 300px) 100vw, 300px\" \/><\/a><\/p>\n<p>O Instituto Nacional do C\u00e2ncer estima que, em 2020, haver\u00e1 um aumento de mais de 60 mil casos de c\u00e2ncer de mama no Brasil. O c\u00e2ncer de mama \u00e9 resultado da multiplica\u00e7\u00e3o desordenada de c\u00e9lulas da mama, gerando c\u00e9lulas anormais capazes de invadir outros tecidos e formar tumores. Existem v\u00e1rios tipos de c\u00e2ncer de mama.Por isso, a doen\u00e7a pode apresentar evolu\u00e7\u00f5es diferentes, podendo ser de forma r\u00e1pida ou lenta.<br \/>\nOs sintomas podem ser percebidos nas fases iniciais atrav\u00e9s da palpa\u00e7\u00e3o de n\u00f3dulo fixo e indolor na mama e da visualiza\u00e7\u00e3o da pele da mama avermelhada, retra\u00edda ou parecida com uma casca de laranja, altera\u00e7\u00f5es no mamilo, pequenos n\u00f3dulos nas axilas ou no pesco\u00e7o e sa\u00edda de l\u00edquido anormal pelos mamilos.<br \/>\nA investiga\u00e7\u00e3o dos sintomas \u00e9 realizada por meio do exame cl\u00ednico e exames de imagem, como a mamografia, ultrassonografia ou resson\u00e2ncia magn\u00e9tica. No entanto, a confirma\u00e7\u00e3o \u00e9 feita por meio de uma pun\u00e7\u00e3o da mama (bi\u00f3psia), retirando um peda\u00e7o do n\u00f3dulo, ou da les\u00e3o, para an\u00e1lise e diagn\u00f3stico pelo patologista.<br \/>\nExistem diferentes tratamentos para o c\u00e2ncer de mama, que ser\u00e3o indicados conforme a fase em que a doen\u00e7a se encontra e do tipo do tumor, podendo ser cirurgia, radioterapia, quimioterapia, hormonioterapia e terapia biol\u00f3gica. Todos os atendimentos e tratamentos podem ser realizados pelo SUS.<\/p>\n<p>Refer\u00eancia:<br \/>\nMINIST\u00c9RIO DA SA\u00daDE, Instituto Nacional de C\u00e2ncer. Tipos de C\u00e2ncer: C\u00e2ncer de Mama. Bras\u00edlia, DF, 2020. Dispon\u00edvel em: &lt;https:\/\/www.inca.gov.br\/tipos-de-cancer\/cancer-de-mama&gt;<\/p>\n<p>Cre\u0301ditos: Alessandra Larissa de Oliveira, bolsista de extens\u00e3o.<\/p>\n<hr \/>\n<h2><span style=\"color: #ff00ff\">A\u00e7\u00f5es da UFPR durante a pandemia<\/span><\/h2>\n<p><a href=\"https:\/\/saude.ufpr.br\/enfermagem\/wp-content\/uploads\/sites\/4\/2020\/10\/120806136_449607929339713_4413151410591078017_n.jpg\"><img loading=\"lazy\" decoding=\"async\" class=\"alignnone size-medium wp-image-4432\" src=\"https:\/\/saude.ufpr.br\/enfermagem\/wp-content\/uploads\/sites\/4\/2020\/10\/120806136_449607929339713_4413151410591078017_n-300x300.jpg\" alt=\"\" width=\"300\" height=\"300\" srcset=\"https:\/\/saude.ufpr.br\/enfermagem\/wp-content\/uploads\/sites\/4\/2020\/10\/120806136_449607929339713_4413151410591078017_n-300x300.jpg 300w, https:\/\/saude.ufpr.br\/enfermagem\/wp-content\/uploads\/sites\/4\/2020\/10\/120806136_449607929339713_4413151410591078017_n-1024x1024.jpg 1024w, https:\/\/saude.ufpr.br\/enfermagem\/wp-content\/uploads\/sites\/4\/2020\/10\/120806136_449607929339713_4413151410591078017_n-150x150.jpg 150w, https:\/\/saude.ufpr.br\/enfermagem\/wp-content\/uploads\/sites\/4\/2020\/10\/120806136_449607929339713_4413151410591078017_n-768x768.jpg 768w, https:\/\/saude.ufpr.br\/enfermagem\/wp-content\/uploads\/sites\/4\/2020\/10\/120806136_449607929339713_4413151410591078017_n.jpg 1080w\" sizes=\"(max-width: 300px) 100vw, 300px\" \/><\/a> <a href=\"https:\/\/saude.ufpr.br\/enfermagem\/wp-content\/uploads\/sites\/4\/2020\/10\/120824976_363815488285863_7299592880023419772_n.jpg\"><img loading=\"lazy\" decoding=\"async\" class=\"alignnone size-medium wp-image-4431\" src=\"https:\/\/saude.ufpr.br\/enfermagem\/wp-content\/uploads\/sites\/4\/2020\/10\/120824976_363815488285863_7299592880023419772_n-300x300.jpg\" alt=\"\" width=\"300\" height=\"300\" srcset=\"https:\/\/saude.ufpr.br\/enfermagem\/wp-content\/uploads\/sites\/4\/2020\/10\/120824976_363815488285863_7299592880023419772_n-300x300.jpg 300w, https:\/\/saude.ufpr.br\/enfermagem\/wp-content\/uploads\/sites\/4\/2020\/10\/120824976_363815488285863_7299592880023419772_n-1024x1024.jpg 1024w, https:\/\/saude.ufpr.br\/enfermagem\/wp-content\/uploads\/sites\/4\/2020\/10\/120824976_363815488285863_7299592880023419772_n-150x150.jpg 150w, https:\/\/saude.ufpr.br\/enfermagem\/wp-content\/uploads\/sites\/4\/2020\/10\/120824976_363815488285863_7299592880023419772_n-768x768.jpg 768w, https:\/\/saude.ufpr.br\/enfermagem\/wp-content\/uploads\/sites\/4\/2020\/10\/120824976_363815488285863_7299592880023419772_n.jpg 1080w\" sizes=\"(max-width: 300px) 100vw, 300px\" \/><\/a> <a href=\"https:\/\/saude.ufpr.br\/enfermagem\/wp-content\/uploads\/sites\/4\/2020\/10\/120888077_778416332731499_3214008995614305411_n.jpg\"><img loading=\"lazy\" decoding=\"async\" class=\"alignnone size-medium wp-image-4430\" src=\"https:\/\/saude.ufpr.br\/enfermagem\/wp-content\/uploads\/sites\/4\/2020\/10\/120888077_778416332731499_3214008995614305411_n-300x300.jpg\" alt=\"\" width=\"300\" height=\"300\" srcset=\"https:\/\/saude.ufpr.br\/enfermagem\/wp-content\/uploads\/sites\/4\/2020\/10\/120888077_778416332731499_3214008995614305411_n-300x300.jpg 300w, https:\/\/saude.ufpr.br\/enfermagem\/wp-content\/uploads\/sites\/4\/2020\/10\/120888077_778416332731499_3214008995614305411_n-1024x1024.jpg 1024w, https:\/\/saude.ufpr.br\/enfermagem\/wp-content\/uploads\/sites\/4\/2020\/10\/120888077_778416332731499_3214008995614305411_n-150x150.jpg 150w, https:\/\/saude.ufpr.br\/enfermagem\/wp-content\/uploads\/sites\/4\/2020\/10\/120888077_778416332731499_3214008995614305411_n-768x768.jpg 768w, https:\/\/saude.ufpr.br\/enfermagem\/wp-content\/uploads\/sites\/4\/2020\/10\/120888077_778416332731499_3214008995614305411_n.jpg 1080w\" sizes=\"(max-width: 300px) 100vw, 300px\" \/><\/a><\/p>\n<p><a href=\"https:\/\/saude.ufpr.br\/enfermagem\/wp-content\/uploads\/sites\/4\/2020\/10\/120992690_380952796614428_1247600979088089740_n.jpg\"><img loading=\"lazy\" decoding=\"async\" class=\"alignnone size-medium wp-image-4429\" src=\"https:\/\/saude.ufpr.br\/enfermagem\/wp-content\/uploads\/sites\/4\/2020\/10\/120992690_380952796614428_1247600979088089740_n-300x300.jpg\" alt=\"\" width=\"300\" height=\"300\" srcset=\"https:\/\/saude.ufpr.br\/enfermagem\/wp-content\/uploads\/sites\/4\/2020\/10\/120992690_380952796614428_1247600979088089740_n-300x300.jpg 300w, https:\/\/saude.ufpr.br\/enfermagem\/wp-content\/uploads\/sites\/4\/2020\/10\/120992690_380952796614428_1247600979088089740_n-1024x1024.jpg 1024w, https:\/\/saude.ufpr.br\/enfermagem\/wp-content\/uploads\/sites\/4\/2020\/10\/120992690_380952796614428_1247600979088089740_n-150x150.jpg 150w, https:\/\/saude.ufpr.br\/enfermagem\/wp-content\/uploads\/sites\/4\/2020\/10\/120992690_380952796614428_1247600979088089740_n-768x768.jpg 768w, https:\/\/saude.ufpr.br\/enfermagem\/wp-content\/uploads\/sites\/4\/2020\/10\/120992690_380952796614428_1247600979088089740_n.jpg 1080w\" sizes=\"(max-width: 300px) 100vw, 300px\" \/><\/a> <a href=\"https:\/\/saude.ufpr.br\/enfermagem\/wp-content\/uploads\/sites\/4\/2020\/10\/120731885_276184163443797_6648322726660380171_n.jpg\"><img loading=\"lazy\" decoding=\"async\" class=\"alignnone size-medium wp-image-4428\" src=\"https:\/\/saude.ufpr.br\/enfermagem\/wp-content\/uploads\/sites\/4\/2020\/10\/120731885_276184163443797_6648322726660380171_n-300x300.jpg\" alt=\"\" width=\"300\" height=\"300\" srcset=\"https:\/\/saude.ufpr.br\/enfermagem\/wp-content\/uploads\/sites\/4\/2020\/10\/120731885_276184163443797_6648322726660380171_n-300x300.jpg 300w, https:\/\/saude.ufpr.br\/enfermagem\/wp-content\/uploads\/sites\/4\/2020\/10\/120731885_276184163443797_6648322726660380171_n-1024x1024.jpg 1024w, https:\/\/saude.ufpr.br\/enfermagem\/wp-content\/uploads\/sites\/4\/2020\/10\/120731885_276184163443797_6648322726660380171_n-150x150.jpg 150w, https:\/\/saude.ufpr.br\/enfermagem\/wp-content\/uploads\/sites\/4\/2020\/10\/120731885_276184163443797_6648322726660380171_n-768x768.jpg 768w, https:\/\/saude.ufpr.br\/enfermagem\/wp-content\/uploads\/sites\/4\/2020\/10\/120731885_276184163443797_6648322726660380171_n.jpg 1080w\" sizes=\"(max-width: 300px) 100vw, 300px\" \/><\/a> <a href=\"https:\/\/saude.ufpr.br\/enfermagem\/wp-content\/uploads\/sites\/4\/2020\/10\/120884842_176706334033313_2536928478020924395_n.jpg\"><img loading=\"lazy\" decoding=\"async\" class=\"alignnone size-medium wp-image-4427\" src=\"https:\/\/saude.ufpr.br\/enfermagem\/wp-content\/uploads\/sites\/4\/2020\/10\/120884842_176706334033313_2536928478020924395_n-300x300.jpg\" alt=\"\" width=\"300\" height=\"300\" srcset=\"https:\/\/saude.ufpr.br\/enfermagem\/wp-content\/uploads\/sites\/4\/2020\/10\/120884842_176706334033313_2536928478020924395_n-300x300.jpg 300w, https:\/\/saude.ufpr.br\/enfermagem\/wp-content\/uploads\/sites\/4\/2020\/10\/120884842_176706334033313_2536928478020924395_n-1024x1024.jpg 1024w, https:\/\/saude.ufpr.br\/enfermagem\/wp-content\/uploads\/sites\/4\/2020\/10\/120884842_176706334033313_2536928478020924395_n-150x150.jpg 150w, https:\/\/saude.ufpr.br\/enfermagem\/wp-content\/uploads\/sites\/4\/2020\/10\/120884842_176706334033313_2536928478020924395_n-768x768.jpg 768w, https:\/\/saude.ufpr.br\/enfermagem\/wp-content\/uploads\/sites\/4\/2020\/10\/120884842_176706334033313_2536928478020924395_n.jpg 1080w\" sizes=\"(max-width: 300px) 100vw, 300px\" \/><\/a><\/p>\n<p><a href=\"https:\/\/saude.ufpr.br\/enfermagem\/wp-content\/uploads\/sites\/4\/2020\/10\/121063705_135188808305799_1222797089623358711_n.jpg\"><img loading=\"lazy\" decoding=\"async\" class=\"alignnone size-medium wp-image-4426\" src=\"https:\/\/saude.ufpr.br\/enfermagem\/wp-content\/uploads\/sites\/4\/2020\/10\/121063705_135188808305799_1222797089623358711_n-300x300.jpg\" alt=\"\" width=\"300\" height=\"300\" srcset=\"https:\/\/saude.ufpr.br\/enfermagem\/wp-content\/uploads\/sites\/4\/2020\/10\/121063705_135188808305799_1222797089623358711_n-300x300.jpg 300w, https:\/\/saude.ufpr.br\/enfermagem\/wp-content\/uploads\/sites\/4\/2020\/10\/121063705_135188808305799_1222797089623358711_n-1024x1024.jpg 1024w, https:\/\/saude.ufpr.br\/enfermagem\/wp-content\/uploads\/sites\/4\/2020\/10\/121063705_135188808305799_1222797089623358711_n-150x150.jpg 150w, https:\/\/saude.ufpr.br\/enfermagem\/wp-content\/uploads\/sites\/4\/2020\/10\/121063705_135188808305799_1222797089623358711_n-768x768.jpg 768w, https:\/\/saude.ufpr.br\/enfermagem\/wp-content\/uploads\/sites\/4\/2020\/10\/121063705_135188808305799_1222797089623358711_n.jpg 1080w\" sizes=\"(max-width: 300px) 100vw, 300px\" \/><\/a> <a href=\"https:\/\/saude.ufpr.br\/enfermagem\/wp-content\/uploads\/sites\/4\/2020\/10\/120905690_2771914709763577_291005435952896724_n.jpg\"><img loading=\"lazy\" decoding=\"async\" class=\"alignnone size-medium wp-image-4425\" src=\"https:\/\/saude.ufpr.br\/enfermagem\/wp-content\/uploads\/sites\/4\/2020\/10\/120905690_2771914709763577_291005435952896724_n-300x300.jpg\" alt=\"\" width=\"300\" height=\"300\" srcset=\"https:\/\/saude.ufpr.br\/enfermagem\/wp-content\/uploads\/sites\/4\/2020\/10\/120905690_2771914709763577_291005435952896724_n-300x300.jpg 300w, https:\/\/saude.ufpr.br\/enfermagem\/wp-content\/uploads\/sites\/4\/2020\/10\/120905690_2771914709763577_291005435952896724_n-1024x1024.jpg 1024w, https:\/\/saude.ufpr.br\/enfermagem\/wp-content\/uploads\/sites\/4\/2020\/10\/120905690_2771914709763577_291005435952896724_n-150x150.jpg 150w, https:\/\/saude.ufpr.br\/enfermagem\/wp-content\/uploads\/sites\/4\/2020\/10\/120905690_2771914709763577_291005435952896724_n-768x768.jpg 768w, https:\/\/saude.ufpr.br\/enfermagem\/wp-content\/uploads\/sites\/4\/2020\/10\/120905690_2771914709763577_291005435952896724_n.jpg 1080w\" sizes=\"(max-width: 300px) 100vw, 300px\" \/><\/a><\/p>\n<p>Cr\u00e9ditos: Rayane Jeronimo Pontes Camargo, bolsista de extens\u00e3o.<\/p>\n<hr \/>\n<h2><span style=\"color: #ff00ff\">Como lavar as m\u00e3os corretamente?<\/span><\/h2>\n<p><a href=\"https:\/\/saude.ufpr.br\/enfermagem\/wp-content\/uploads\/sites\/4\/2020\/10\/1.png\"><img loading=\"lazy\" decoding=\"async\" class=\"alignnone size-medium wp-image-4449\" src=\"https:\/\/saude.ufpr.br\/enfermagem\/wp-content\/uploads\/sites\/4\/2020\/10\/1-300x300.png\" alt=\"\" width=\"300\" height=\"300\" srcset=\"https:\/\/saude.ufpr.br\/enfermagem\/wp-content\/uploads\/sites\/4\/2020\/10\/1-300x300.png 300w, https:\/\/saude.ufpr.br\/enfermagem\/wp-content\/uploads\/sites\/4\/2020\/10\/1-1024x1024.png 1024w, https:\/\/saude.ufpr.br\/enfermagem\/wp-content\/uploads\/sites\/4\/2020\/10\/1-150x150.png 150w, https:\/\/saude.ufpr.br\/enfermagem\/wp-content\/uploads\/sites\/4\/2020\/10\/1-768x768.png 768w, https:\/\/saude.ufpr.br\/enfermagem\/wp-content\/uploads\/sites\/4\/2020\/10\/1.png 1080w\" sizes=\"(max-width: 300px) 100vw, 300px\" \/><\/a> <a href=\"https:\/\/saude.ufpr.br\/enfermagem\/wp-content\/uploads\/sites\/4\/2020\/10\/2.png\"><img loading=\"lazy\" decoding=\"async\" class=\"alignnone size-medium wp-image-4450\" src=\"https:\/\/saude.ufpr.br\/enfermagem\/wp-content\/uploads\/sites\/4\/2020\/10\/2-300x300.png\" alt=\"\" width=\"300\" height=\"300\" srcset=\"https:\/\/saude.ufpr.br\/enfermagem\/wp-content\/uploads\/sites\/4\/2020\/10\/2-300x300.png 300w, https:\/\/saude.ufpr.br\/enfermagem\/wp-content\/uploads\/sites\/4\/2020\/10\/2-1024x1024.png 1024w, https:\/\/saude.ufpr.br\/enfermagem\/wp-content\/uploads\/sites\/4\/2020\/10\/2-150x150.png 150w, https:\/\/saude.ufpr.br\/enfermagem\/wp-content\/uploads\/sites\/4\/2020\/10\/2-768x768.png 768w, https:\/\/saude.ufpr.br\/enfermagem\/wp-content\/uploads\/sites\/4\/2020\/10\/2.png 1080w\" sizes=\"(max-width: 300px) 100vw, 300px\" \/><\/a> <a href=\"https:\/\/saude.ufpr.br\/enfermagem\/wp-content\/uploads\/sites\/4\/2020\/10\/3.png\"><img loading=\"lazy\" decoding=\"async\" class=\"alignnone size-medium wp-image-4451\" src=\"https:\/\/saude.ufpr.br\/enfermagem\/wp-content\/uploads\/sites\/4\/2020\/10\/3-300x300.png\" alt=\"\" width=\"300\" height=\"300\" srcset=\"https:\/\/saude.ufpr.br\/enfermagem\/wp-content\/uploads\/sites\/4\/2020\/10\/3-300x300.png 300w, https:\/\/saude.ufpr.br\/enfermagem\/wp-content\/uploads\/sites\/4\/2020\/10\/3-1024x1024.png 1024w, https:\/\/saude.ufpr.br\/enfermagem\/wp-content\/uploads\/sites\/4\/2020\/10\/3-150x150.png 150w, https:\/\/saude.ufpr.br\/enfermagem\/wp-content\/uploads\/sites\/4\/2020\/10\/3-768x768.png 768w, https:\/\/saude.ufpr.br\/enfermagem\/wp-content\/uploads\/sites\/4\/2020\/10\/3.png 1080w\" sizes=\"(max-width: 300px) 100vw, 300px\" \/><\/a><\/p>\n<p><a href=\"https:\/\/saude.ufpr.br\/enfermagem\/wp-content\/uploads\/sites\/4\/2020\/10\/4.png\"><img loading=\"lazy\" decoding=\"async\" class=\"alignnone size-medium wp-image-4452\" src=\"https:\/\/saude.ufpr.br\/enfermagem\/wp-content\/uploads\/sites\/4\/2020\/10\/4-300x300.png\" alt=\"\" width=\"300\" height=\"300\" srcset=\"https:\/\/saude.ufpr.br\/enfermagem\/wp-content\/uploads\/sites\/4\/2020\/10\/4-300x300.png 300w, https:\/\/saude.ufpr.br\/enfermagem\/wp-content\/uploads\/sites\/4\/2020\/10\/4-1024x1024.png 1024w, https:\/\/saude.ufpr.br\/enfermagem\/wp-content\/uploads\/sites\/4\/2020\/10\/4-150x150.png 150w, https:\/\/saude.ufpr.br\/enfermagem\/wp-content\/uploads\/sites\/4\/2020\/10\/4-768x768.png 768w, https:\/\/saude.ufpr.br\/enfermagem\/wp-content\/uploads\/sites\/4\/2020\/10\/4.png 1080w\" sizes=\"(max-width: 300px) 100vw, 300px\" \/><\/a> <a href=\"https:\/\/saude.ufpr.br\/enfermagem\/wp-content\/uploads\/sites\/4\/2020\/10\/5.png\"><img loading=\"lazy\" decoding=\"async\" class=\"alignnone size-medium wp-image-4453\" src=\"https:\/\/saude.ufpr.br\/enfermagem\/wp-content\/uploads\/sites\/4\/2020\/10\/5-300x300.png\" alt=\"\" width=\"300\" height=\"300\" srcset=\"https:\/\/saude.ufpr.br\/enfermagem\/wp-content\/uploads\/sites\/4\/2020\/10\/5-300x300.png 300w, https:\/\/saude.ufpr.br\/enfermagem\/wp-content\/uploads\/sites\/4\/2020\/10\/5-1024x1024.png 1024w, https:\/\/saude.ufpr.br\/enfermagem\/wp-content\/uploads\/sites\/4\/2020\/10\/5-150x150.png 150w, https:\/\/saude.ufpr.br\/enfermagem\/wp-content\/uploads\/sites\/4\/2020\/10\/5-768x768.png 768w, https:\/\/saude.ufpr.br\/enfermagem\/wp-content\/uploads\/sites\/4\/2020\/10\/5.png 1080w\" sizes=\"(max-width: 300px) 100vw, 300px\" \/><\/a> <a href=\"https:\/\/saude.ufpr.br\/enfermagem\/wp-content\/uploads\/sites\/4\/2020\/10\/6.png\"><img loading=\"lazy\" decoding=\"async\" class=\"alignnone size-medium wp-image-4454\" src=\"https:\/\/saude.ufpr.br\/enfermagem\/wp-content\/uploads\/sites\/4\/2020\/10\/6-300x300.png\" alt=\"\" width=\"300\" height=\"300\" srcset=\"https:\/\/saude.ufpr.br\/enfermagem\/wp-content\/uploads\/sites\/4\/2020\/10\/6-300x300.png 300w, https:\/\/saude.ufpr.br\/enfermagem\/wp-content\/uploads\/sites\/4\/2020\/10\/6-1024x1024.png 1024w, https:\/\/saude.ufpr.br\/enfermagem\/wp-content\/uploads\/sites\/4\/2020\/10\/6-150x150.png 150w, https:\/\/saude.ufpr.br\/enfermagem\/wp-content\/uploads\/sites\/4\/2020\/10\/6-768x768.png 768w, https:\/\/saude.ufpr.br\/enfermagem\/wp-content\/uploads\/sites\/4\/2020\/10\/6.png 1080w\" sizes=\"(max-width: 300px) 100vw, 300px\" \/><\/a><\/p>\n<p><a href=\"https:\/\/saude.ufpr.br\/enfermagem\/wp-content\/uploads\/sites\/4\/2020\/10\/7.png\"><img loading=\"lazy\" decoding=\"async\" class=\"alignnone size-medium wp-image-4455\" src=\"https:\/\/saude.ufpr.br\/enfermagem\/wp-content\/uploads\/sites\/4\/2020\/10\/7-300x300.png\" alt=\"\" width=\"300\" height=\"300\" srcset=\"https:\/\/saude.ufpr.br\/enfermagem\/wp-content\/uploads\/sites\/4\/2020\/10\/7-300x300.png 300w, https:\/\/saude.ufpr.br\/enfermagem\/wp-content\/uploads\/sites\/4\/2020\/10\/7-1024x1024.png 1024w, https:\/\/saude.ufpr.br\/enfermagem\/wp-content\/uploads\/sites\/4\/2020\/10\/7-150x150.png 150w, https:\/\/saude.ufpr.br\/enfermagem\/wp-content\/uploads\/sites\/4\/2020\/10\/7-768x768.png 768w, https:\/\/saude.ufpr.br\/enfermagem\/wp-content\/uploads\/sites\/4\/2020\/10\/7.png 1080w\" sizes=\"(max-width: 300px) 100vw, 300px\" \/><\/a> <a href=\"https:\/\/saude.ufpr.br\/enfermagem\/wp-content\/uploads\/sites\/4\/2020\/10\/8.png\"><img loading=\"lazy\" decoding=\"async\" class=\"alignnone size-medium wp-image-4456\" src=\"https:\/\/saude.ufpr.br\/enfermagem\/wp-content\/uploads\/sites\/4\/2020\/10\/8-300x300.png\" alt=\"\" width=\"300\" height=\"300\" srcset=\"https:\/\/saude.ufpr.br\/enfermagem\/wp-content\/uploads\/sites\/4\/2020\/10\/8-300x300.png 300w, https:\/\/saude.ufpr.br\/enfermagem\/wp-content\/uploads\/sites\/4\/2020\/10\/8-1024x1024.png 1024w, https:\/\/saude.ufpr.br\/enfermagem\/wp-content\/uploads\/sites\/4\/2020\/10\/8-150x150.png 150w, https:\/\/saude.ufpr.br\/enfermagem\/wp-content\/uploads\/sites\/4\/2020\/10\/8-768x768.png 768w, https:\/\/saude.ufpr.br\/enfermagem\/wp-content\/uploads\/sites\/4\/2020\/10\/8.png 1080w\" sizes=\"(max-width: 300px) 100vw, 300px\" \/><\/a> <a href=\"https:\/\/saude.ufpr.br\/enfermagem\/wp-content\/uploads\/sites\/4\/2020\/10\/9.png\"><img loading=\"lazy\" decoding=\"async\" class=\"alignnone size-medium wp-image-4457\" src=\"https:\/\/saude.ufpr.br\/enfermagem\/wp-content\/uploads\/sites\/4\/2020\/10\/9-300x300.png\" alt=\"\" width=\"300\" height=\"300\" srcset=\"https:\/\/saude.ufpr.br\/enfermagem\/wp-content\/uploads\/sites\/4\/2020\/10\/9-300x300.png 300w, https:\/\/saude.ufpr.br\/enfermagem\/wp-content\/uploads\/sites\/4\/2020\/10\/9-1024x1024.png 1024w, https:\/\/saude.ufpr.br\/enfermagem\/wp-content\/uploads\/sites\/4\/2020\/10\/9-150x150.png 150w, https:\/\/saude.ufpr.br\/enfermagem\/wp-content\/uploads\/sites\/4\/2020\/10\/9-768x768.png 768w, https:\/\/saude.ufpr.br\/enfermagem\/wp-content\/uploads\/sites\/4\/2020\/10\/9.png 1080w\" sizes=\"(max-width: 300px) 100vw, 300px\" \/><\/a><\/p>\n<p><a href=\"https:\/\/saude.ufpr.br\/enfermagem\/wp-content\/uploads\/sites\/4\/2020\/10\/10.png\"><img loading=\"lazy\" decoding=\"async\" class=\"alignnone size-medium wp-image-4458\" src=\"https:\/\/saude.ufpr.br\/enfermagem\/wp-content\/uploads\/sites\/4\/2020\/10\/10-300x300.png\" alt=\"\" width=\"300\" height=\"300\" srcset=\"https:\/\/saude.ufpr.br\/enfermagem\/wp-content\/uploads\/sites\/4\/2020\/10\/10-300x300.png 300w, https:\/\/saude.ufpr.br\/enfermagem\/wp-content\/uploads\/sites\/4\/2020\/10\/10-1024x1024.png 1024w, https:\/\/saude.ufpr.br\/enfermagem\/wp-content\/uploads\/sites\/4\/2020\/10\/10-150x150.png 150w, https:\/\/saude.ufpr.br\/enfermagem\/wp-content\/uploads\/sites\/4\/2020\/10\/10-768x768.png 768w, https:\/\/saude.ufpr.br\/enfermagem\/wp-content\/uploads\/sites\/4\/2020\/10\/10.png 1080w\" sizes=\"(max-width: 300px) 100vw, 300px\" \/><\/a> <a href=\"https:\/\/saude.ufpr.br\/enfermagem\/wp-content\/uploads\/sites\/4\/2020\/10\/11.png\"><img loading=\"lazy\" decoding=\"async\" class=\"alignnone size-medium wp-image-4459\" src=\"https:\/\/saude.ufpr.br\/enfermagem\/wp-content\/uploads\/sites\/4\/2020\/10\/11-300x300.png\" alt=\"\" width=\"300\" height=\"300\" srcset=\"https:\/\/saude.ufpr.br\/enfermagem\/wp-content\/uploads\/sites\/4\/2020\/10\/11-300x300.png 300w, https:\/\/saude.ufpr.br\/enfermagem\/wp-content\/uploads\/sites\/4\/2020\/10\/11-1024x1024.png 1024w, https:\/\/saude.ufpr.br\/enfermagem\/wp-content\/uploads\/sites\/4\/2020\/10\/11-150x150.png 150w, https:\/\/saude.ufpr.br\/enfermagem\/wp-content\/uploads\/sites\/4\/2020\/10\/11-768x768.png 768w, https:\/\/saude.ufpr.br\/enfermagem\/wp-content\/uploads\/sites\/4\/2020\/10\/11.png 1080w\" sizes=\"(max-width: 300px) 100vw, 300px\" \/><\/a> <a href=\"https:\/\/saude.ufpr.br\/enfermagem\/wp-content\/uploads\/sites\/4\/2020\/10\/12.png\"><img loading=\"lazy\" decoding=\"async\" class=\"alignnone size-medium wp-image-4460\" src=\"https:\/\/saude.ufpr.br\/enfermagem\/wp-content\/uploads\/sites\/4\/2020\/10\/12-300x300.png\" alt=\"\" width=\"300\" height=\"300\" srcset=\"https:\/\/saude.ufpr.br\/enfermagem\/wp-content\/uploads\/sites\/4\/2020\/10\/12-300x300.png 300w, https:\/\/saude.ufpr.br\/enfermagem\/wp-content\/uploads\/sites\/4\/2020\/10\/12-1024x1024.png 1024w, https:\/\/saude.ufpr.br\/enfermagem\/wp-content\/uploads\/sites\/4\/2020\/10\/12-150x150.png 150w, https:\/\/saude.ufpr.br\/enfermagem\/wp-content\/uploads\/sites\/4\/2020\/10\/12-768x768.png 768w, https:\/\/saude.ufpr.br\/enfermagem\/wp-content\/uploads\/sites\/4\/2020\/10\/12.png 1080w\" sizes=\"(max-width: 300px) 100vw, 300px\" \/><\/a><\/p>\n<p><a href=\"https:\/\/saude.ufpr.br\/enfermagem\/wp-content\/uploads\/sites\/4\/2020\/10\/13.png\"><img loading=\"lazy\" decoding=\"async\" class=\"alignnone size-medium wp-image-4461\" src=\"https:\/\/saude.ufpr.br\/enfermagem\/wp-content\/uploads\/sites\/4\/2020\/10\/13-300x300.png\" alt=\"\" width=\"300\" height=\"300\" srcset=\"https:\/\/saude.ufpr.br\/enfermagem\/wp-content\/uploads\/sites\/4\/2020\/10\/13-300x300.png 300w, https:\/\/saude.ufpr.br\/enfermagem\/wp-content\/uploads\/sites\/4\/2020\/10\/13-1024x1024.png 1024w, https:\/\/saude.ufpr.br\/enfermagem\/wp-content\/uploads\/sites\/4\/2020\/10\/13-150x150.png 150w, https:\/\/saude.ufpr.br\/enfermagem\/wp-content\/uploads\/sites\/4\/2020\/10\/13-768x768.png 768w, https:\/\/saude.ufpr.br\/enfermagem\/wp-content\/uploads\/sites\/4\/2020\/10\/13.png 1080w\" sizes=\"(max-width: 300px) 100vw, 300px\" \/><\/a><\/p>\n<p>Cre\u0301ditos: Alessandra Larissa de Oliveira, bolsista de extens\u00e3o.<\/p>\n<hr \/>\n<h2><span style=\"color: #ff00ff\">13 de Outubro: Dia do Terapeuta Ocupacional<\/span><\/h2>\n<p><a href=\"https:\/\/saude.ufpr.br\/enfermagem\/wp-content\/uploads\/sites\/4\/2020\/10\/122083763_1241385119575613_642493552386598022_n.jpg\"><img loading=\"lazy\" decoding=\"async\" class=\"alignnone size-medium wp-image-4463\" src=\"https:\/\/saude.ufpr.br\/enfermagem\/wp-content\/uploads\/sites\/4\/2020\/10\/122083763_1241385119575613_642493552386598022_n-300x300.jpg\" alt=\"\" width=\"300\" height=\"300\" srcset=\"https:\/\/saude.ufpr.br\/enfermagem\/wp-content\/uploads\/sites\/4\/2020\/10\/122083763_1241385119575613_642493552386598022_n-300x300.jpg 300w, https:\/\/saude.ufpr.br\/enfermagem\/wp-content\/uploads\/sites\/4\/2020\/10\/122083763_1241385119575613_642493552386598022_n-150x150.jpg 150w, https:\/\/saude.ufpr.br\/enfermagem\/wp-content\/uploads\/sites\/4\/2020\/10\/122083763_1241385119575613_642493552386598022_n.jpg 380w\" sizes=\"(max-width: 300px) 100vw, 300px\" \/><\/a><\/p>\n<p>O terapeuta ocupacional e\u0301 um profissional da a\u0301rea da sau\u0301de e da a\u0301rea social, que promove a prevenc\u0327a\u0303o, o tratamento e a reabilitac\u0327a\u0303o de pessoas atrave\u0301s da atividade humana. Sua intervenc\u0327a\u0303o e\u0301 voltada para o indivi\u0301duo e para o seu grupo social, por meio do fazer afetivo, relacional, material e produtivo. O terapeuta ocupacional amplia o campo de ac\u0327a\u0303o, aprimora o desempenho, desenvolve autonomia e melhora a participac\u0327a\u0303o social do indivi\u0301duo.<br \/>\nEsse profissional e\u0301 habilitado para avaliar e identificar alterac\u0327o\u0303es cognitivas, afetivas, perceptivas e psicomotoras, decorrentes ou na\u0303o de distu\u0301rbios gene\u0301ticos, trauma\u0301ticos ou de doenc\u0327as adquiridas. Considerando faixa eta\u0301ria, desenvolvimento da formac\u0327a\u0303o pessoal, familiar e social, o T.O. realiza um projeto terape\u0302utico favorecendo o desenvolvimento das capacidades, melhorando o estado psicolo\u0301gico, social, laborativo e de lazer, aumentando a qualidade de vida da pessoa.<br \/>\nAs atividades do terapeuta ocupacional estendem-se por va\u0301rios campos das cie\u0302ncias da sau\u0301de e sociais, tendo as seguintes especialidades reconhecidas pelo Conselho Federal de Fisioterapia e Terapia Ocupacional (COFFITO): acupuntura, contextos hospitalares, contextos sociais, contexto escolar, gerontologia, sau\u0301de da fami\u0301lia e sau\u0301de mental.<br \/>\nProcure um terapeuta ocupacional quando na\u0303o tiver motivac\u0327a\u0303o para participar ou realizar atividades cotidianas, quando a memo\u0301ria comec\u0327ar a falhar, quando o estresse dificultar o seu desempenho, quando a crianc\u0327a tiver dificuldades nos seus afazeres, quando a dor ou acidente inviabilizar seus movimentos, quando ficar impedido de realizar uma tarefa simples, quando necessitar ampliar ou aprimorar seu cotidiano, seu desempenho e sua participac\u0327a\u0303o na comunidade. Em suma, quando desejar melhorar sua qualidade de vida.<\/p>\n<p>Refer\u00eancias:<br \/>\nCOFFITO, Conselho Federal de Fisioterapia e Terapia Ocupacional. Defini\u00e7\u00e3o de Terapia Ocupacional. Bras\u00edlia, DF.\u00a0 Dispon\u00edvel em: &lt;https:\/\/www.coffito.gov.br\/nsite\/?page_id=3382&gt;<br \/>\nCOFFITO, Conselho Federal de Fisioterapia e Terapia Ocupacional. Especialidades da Terapia Ocupacional. Bras\u00edlia, DF. Dispon\u00edvel em: &lt;https:\/\/www.coffito.gov.br\/nsite\/?page_id=3390&gt;<br \/>\nCREFITO-10, Conselho Regional de Fisioterapia e Terapia Ocupacional da 10\u00aa Regi\u00e3o. Quando procurar um Terapeuta Ocupacional? Florian\u00f3polis, SC. Dispon\u00edvel em: &lt;http:\/\/www.crefito10.org.br\/conteudo.jsp?idc=1810&gt;<\/p>\n<p>Cre\u0301ditos: Alessandra Larissa de Oliveira, bolsista de extens\u00e3o.<\/p>\n<hr \/>\n<h2><span style=\"color: #ff00ff\">Homens tamb\u00e9m podem ter c\u00e2ncer de mama!<\/span><\/h2>\n<p><a href=\"https:\/\/saude.ufpr.br\/enfermagem\/wp-content\/uploads\/sites\/4\/2020\/10\/122190660_354529512318573_4173743817148006284_n.jpg\"><img loading=\"lazy\" decoding=\"async\" class=\"alignnone size-medium wp-image-4465\" src=\"https:\/\/saude.ufpr.br\/enfermagem\/wp-content\/uploads\/sites\/4\/2020\/10\/122190660_354529512318573_4173743817148006284_n-300x300.jpg\" alt=\"\" width=\"300\" height=\"300\" srcset=\"https:\/\/saude.ufpr.br\/enfermagem\/wp-content\/uploads\/sites\/4\/2020\/10\/122190660_354529512318573_4173743817148006284_n-300x300.jpg 300w, https:\/\/saude.ufpr.br\/enfermagem\/wp-content\/uploads\/sites\/4\/2020\/10\/122190660_354529512318573_4173743817148006284_n-150x150.jpg 150w, https:\/\/saude.ufpr.br\/enfermagem\/wp-content\/uploads\/sites\/4\/2020\/10\/122190660_354529512318573_4173743817148006284_n.jpg 674w\" sizes=\"(max-width: 300px) 100vw, 300px\" \/><\/a><\/p>\n<p>Homens tamb\u00e9m podem ter c\u00e2ncer de mama. Apesar de raro, representam 1% de todos os casos e 0,1% da mortalidade de c\u00e2ncer que acometem os homens. Alguns estudos demonstram um aumento na incid\u00eancia desses tumores em homens. A apresenta\u00e7\u00e3o da doen\u00e7a mais comum \u00e9 o n\u00f3dulo mam\u00e1rio, seguido do edema (aumento do volume das mamas); sendo que, quanto mais pr\u00f3ximo do mamilo, pior ser\u00e1 o progn\u00f3stico, porque na regi\u00e3o mamilar existe menos par\u00eanquima.<br \/>\nPor conta da raridade e dificuldade de discuss\u00e3o sobre o tema entre os homens, o diagn\u00f3stico e o tratamento ocorrem muitas vezes tardiamente. O tratamento \u00e9 de acordo com o est\u00e1gio da doen\u00e7a e pode ser \u00fanico ou combinado com quimioterapia, radioterapia e cirurgia. Na maioria das vezes, a mastectomia (retirada completa da mama) \u00e9 indicada para os homens.<br \/>\nOs fatores de risco para os homens s\u00e3o iguais aos das mulheres: obesidade e sobrepeso, sedentarismo, consumo de bebida alco\u00f3lica, exposi\u00e7\u00e3o ao raio-x, hist\u00f3rico familiar de c\u00e2ncer de mama e altera\u00e7\u00f5es gen\u00e9ticas. Portanto, manter o peso corporal adequado, praticar atividade f\u00edsica e evitar consumo de bebidas alco\u00f3licas e cigarro reduz o risco de c\u00e2ncer de mama.<br \/>\nAo sinal de qualquer altera\u00e7\u00e3o ou caro\u00e7o nas mamas ou na regi\u00e3o das axilas, entre em contato com o profissional de sa\u00fade para a realiza\u00e7\u00e3o dos exames. Quanto antes for realizado o diagn\u00f3stico, maiores as chances de cura.<\/p>\n<p>Refer\u00eancias:<br \/>\nDUTRA, Sara. C\u00e2ncer de mama em homens. Portal Pebmed, 2020. Dispon\u00edvel em: &lt;https:\/\/pebmed.com.br\/cancer-de-mama-em-homens\/&gt;<br \/>\nMINIST\u00c9RIO DA SA\u00daDE, Instituto Nacional de C\u00e2ncer. C\u00e2ncer de Mama: \u00e9 preciso falar disso. Bras\u00edlia, DF. 2014. Dispon\u00edvel em: &lt;http:\/\/bvsms.saude.gov.br\/bvs\/publicacoes\/cancer_mama_preciso_falar_disso.pdf&gt;<br \/>\nSALOMON, M. F. B et al. C\u00e2ncer de mama no homem. Rev. Bras. Mastologia v. 25 p. 141-145. 2015. Dispon\u00edvel em: &lt;https:\/\/www.mastology.org\/wp-content\/uploads\/2015\/12\/MAS-v25n4_141-145.pdf&gt;<\/p>\n<p>Cr\u00e9ditos: Alessandra Larissa de Oliveira, bolsista de extens\u00e3o.<\/p>\n<hr \/>\n<h2><span style=\"color: #ff00ff\">Novembro Azul<\/span><\/h2>\n<p><a href=\"https:\/\/saude.ufpr.br\/enfermagem\/wp-content\/uploads\/sites\/4\/2020\/11\/123141970_2406783159628858_7900777027676770807_n.jpg\"><img loading=\"lazy\" decoding=\"async\" class=\"alignnone size-medium wp-image-4485\" src=\"https:\/\/saude.ufpr.br\/enfermagem\/wp-content\/uploads\/sites\/4\/2020\/11\/123141970_2406783159628858_7900777027676770807_n-300x300.jpg\" alt=\"\" width=\"300\" height=\"300\" srcset=\"https:\/\/saude.ufpr.br\/enfermagem\/wp-content\/uploads\/sites\/4\/2020\/11\/123141970_2406783159628858_7900777027676770807_n-300x300.jpg 300w, https:\/\/saude.ufpr.br\/enfermagem\/wp-content\/uploads\/sites\/4\/2020\/11\/123141970_2406783159628858_7900777027676770807_n-150x150.jpg 150w, https:\/\/saude.ufpr.br\/enfermagem\/wp-content\/uploads\/sites\/4\/2020\/11\/123141970_2406783159628858_7900777027676770807_n.jpg 435w\" sizes=\"(max-width: 300px) 100vw, 300px\" \/><\/a><\/p>\n<p>O Brasil possui a Pol\u00edtica Nacional de Aten\u00e7\u00e3o Integral da Sa\u00fade do Homem, contendo cinco eixos principais: acolhimento e acesso; sa\u00fade sexual e reprodutiva; paternidade e cuidado; doen\u00e7as prevalentes na popula\u00e7\u00e3o masculina; e preven\u00e7\u00e3o de viol\u00eancia e acidentes. Essa pol\u00edtica objetiva promover a\u00e7\u00f5es que contribuam para a compreens\u00e3o da realidade masculina em contextos socioculturais e pol\u00edtico-econ\u00f4micos, ampliando e melhorando o acesso dos homens aos servi\u00e7os de sa\u00fade disponibilizados pelo Estado.<br \/>\nNovembro \u00e9 o m\u00eas de conscientiza\u00e7\u00e3o do homem em rela\u00e7\u00e3o \u00e0 sua sa\u00fade. S\u00e3o realizadas in\u00fameras a\u00e7\u00f5es para incentivar os cuidados peri\u00f3dicos, como a verifica\u00e7\u00e3o da press\u00e3o arterial, hemograma, exame de glicemia, vacina\u00e7\u00e3o, c\u00e1lculo do \u00edndice de massa corporal &#8211; IMC e, principalmente, o exame de pr\u00f3stata. A fun\u00e7\u00e3o do novembro azul \u00e9 alertar os homens sobre algumas doen\u00e7as que os acometem e que podem ser prevenidas ou tratadas para uma melhor qualidade de vida.<br \/>\nDe acordo com o Instituto Nacional de C\u00e2ncer &#8211; INCA, os dois tipos de c\u00e2ncer mais comuns em homens s\u00e3o o de pele (n\u00e3o melanoma) e o de pr\u00f3stata. Ambos acometem pessoas com mais de 40 anos e tem uma porcentagem alta de recupera\u00e7\u00e3o, quando diagnosticados precocemente. Por isso, homens com caso de c\u00e2ncer na fam\u00edlia devem se consultar com um urologista a partir dos 45 anos, pela possibilidade de ser do grupo de risco, e homens sem casos de c\u00e2ncer na fam\u00edlia devem se consultar, anualmente, a partir dos 50 anos.<br \/>\nAl\u00e9m dos exames para a preven\u00e7\u00e3o do c\u00e2ncer e outras doen\u00e7as, a equipe de sa\u00fade esclarece d\u00favidas e fornece orienta\u00e7\u00f5es para a melhoria da sa\u00fade, tanto f\u00edsica quanto mental, promovendo o bem-estar dos homens.<\/p>\n<p>Refer\u00eancias:<\/p>\n<p>MINIST\u00c9RIO DA SA\u00daDE, Biblioteca Virtual em Sa\u00fade. Novembro Azul promove conscientiza\u00e7\u00e3o sobre cuidados com a sa\u00fade masculina. Bras\u00edlia, DF, 2018. Dispon\u00edvel em: &lt;http:\/\/bvsms.saude.gov.br\/ultimas-noticias\/2842-novembro-azul-promove-conscientizacao-sobre-cuidados-com-a-saude-masculina&gt;<br \/>\nMINIST\u00c9RIO DA SA\u00daDE. Sa\u00fade do Homem: promo\u00e7\u00e3o e preven\u00e7\u00e3o \u00e0 sa\u00fade integral do homem. Bras\u00edlia, DF. Dispon\u00edvel em: &lt;http:\/\/antigo.saude.gov.br\/saude-de-a-z\/saude-do-homem&gt;<br \/>\nMINIST\u00c9RIO DA SA\u00daDE, Instituto Nacional de C\u00e2ncer. C\u00e2ncer de Pr\u00f3stata. Bras\u00edlia, DF, 2020. Dispon\u00edvel em: &lt;https:\/\/www.inca.gov.br\/tipos-de-cancer\/cancer-de-prostata&gt;<br \/>\nMINIST\u00c9RIO DA SA\u00daDE, Instituto Nacional de C\u00e2ncer. C\u00e2ncer de Pele N\u00e3o Melanoma. Bras\u00edlia, DF, 2020. Dispon\u00edvel em: &lt;https:\/\/www.inca.gov.br\/tipos-de-cancer\/cancer-de-pele-nao-melanoma&gt;<\/p>\n<p>Cr\u00e9ditos: Alessandra Larissa de Oliveira, bolsista de extens\u00e3o.<\/p>\n<hr \/>\n<h2><span style=\"color: #ff00ff\">16\/11 &#8211; Dia Nacional de Aten\u00e7\u00e3o a Dislexia<\/span><\/h2>\n<p><a href=\"https:\/\/saude.ufpr.br\/enfermagem\/wp-content\/uploads\/sites\/4\/2020\/12\/125819890_286315592724409_196364478315758982_n.jpg\"><img loading=\"lazy\" decoding=\"async\" class=\"alignnone size-medium wp-image-4524\" src=\"https:\/\/saude.ufpr.br\/enfermagem\/wp-content\/uploads\/sites\/4\/2020\/12\/125819890_286315592724409_196364478315758982_n-300x300.jpg\" alt=\"\" width=\"300\" height=\"300\" srcset=\"https:\/\/saude.ufpr.br\/enfermagem\/wp-content\/uploads\/sites\/4\/2020\/12\/125819890_286315592724409_196364478315758982_n-300x300.jpg 300w, https:\/\/saude.ufpr.br\/enfermagem\/wp-content\/uploads\/sites\/4\/2020\/12\/125819890_286315592724409_196364478315758982_n-150x150.jpg 150w, https:\/\/saude.ufpr.br\/enfermagem\/wp-content\/uploads\/sites\/4\/2020\/12\/125819890_286315592724409_196364478315758982_n.jpg 491w\" sizes=\"(max-width: 300px) 100vw, 300px\" \/><\/a><\/p>\n<p><span class=\"\">A dislexia \u00e9 uma doen\u00e7a gen\u00e9tica e neurobiol\u00f3gica, com altera\u00e7\u00f5es no sistema nervoso cerebral. Esse transtorno \u00e9 caracterizado por dificuldades no reconhecimento das letras, na decodifica\u00e7\u00e3o e soletra\u00e7\u00e3o de palavras, causando uma dificuldade na leitura e na escrita, mantendo a intelig\u00eancia e a aprendizagem preservadas. Provoca preju\u00edzos desde a alfabetiza\u00e7\u00e3o at\u00e9 a idade adulta, afetando de 3 a 10% das crian\u00e7as.<br \/>\nOs sintomas aparecem na fase da alfabetiza\u00e7\u00e3o ou nos primeiros anos do ensino fundamental, atrav\u00e9s da lentid\u00e3o na leitura de palavras, influenciando na compreens\u00e3o de grandes textos. A dislexia pode ser dividida em tr\u00eas tipos:<br \/>\n\u00b7 Predominantemente visual: na qual h\u00e1 invers\u00f5es ou omiss\u00f5es de letras, s\u00edlabas, palavras, frases, aglutina\u00e7\u00e3o de palavras na frase, dificuldade com coordena\u00e7\u00e3o e ritmo, espelhamento de n\u00fameros e letras.<br \/>\n\u00b7 Predominantemente fonol\u00f3gica: troca letras que representam sons surdos\/sonoros (p\/b, t\/, k\/g, f\/v, x\/j, s\/z), troca arquifonemas, troca vogais e nasais, dificuldades de produ\u00e7\u00e3o de texto com sequ\u00eancia l\u00f3gica, detec\u00e7\u00e3o de sons e ritmos.<br \/>\n\u00b7 Dislexia mista: jun\u00e7\u00e3o das caracter\u00edsticas j\u00e1 mencionadas nas categorias anteriores.<\/span><\/p>\n<p>N\u00e3o existem exames cl\u00ednicos que comprovem a dislexia, por isso \u00e9 necess\u00e1ria uma equipe multidisciplinar para diagn\u00f3stico e tamb\u00e9m para o tratamento. O tratamento \u00e9 longo e demanda persist\u00eancia da crian\u00e7a, dos profissionais e dos pais da crian\u00e7a para buscar e criar elementos para que o processo de aprendizagem seja saud\u00e1vel e prazeroso.<\/p>\n<p>Refer\u00eancias:<br \/>\n<span class=\"\">LEMOS, J\u00e9ssica. Dislexia: \u00e9 preciso entender e intervir neste transtorno de aprendizagem. Revista Kh\u00f3ra, vol 3, n 4. 2016. Dispon\u00edvel em: https:\/\/docplayer.com.br\/28674926-Dislexia-e-preciso-entender-e-intervir-neste-transtorno-de-aprendizagem.html<br \/>\nERP, UGB et al. DISLEXIA: Uma Maneira Diferente de Aprender. Episteme Transversalis, [S.l.], v. 8, n. 2, abr. 2018. ISSN 2236-2649. Dispon\u00edvel em: &lt;http:\/\/revista.ugb.edu.br\/ojs302\/index.php\/episteme\/article\/view\/870&gt;<\/span><\/p>\n<div class=\" Igw0E IwRSH eGOV_ _4EzTm pjcA_ aGBdT \">Cr\u00e9ditos: Alessandra Larissa de Oliveira, bolsista de extens\u00e3o.<\/div>\n<div><\/div>\n<div>\n<hr \/>\n<\/div>\n<h2><span style=\"color: #ff00ff\">Diabetes<\/span><\/h2>\n<p><a href=\"https:\/\/saude.ufpr.br\/enfermagem\/wp-content\/uploads\/sites\/4\/2020\/12\/125495125_697615364486180_4368791309365317881_n.jpg\"><img loading=\"lazy\" decoding=\"async\" class=\"alignnone size-medium wp-image-4534\" src=\"https:\/\/saude.ufpr.br\/enfermagem\/wp-content\/uploads\/sites\/4\/2020\/12\/125495125_697615364486180_4368791309365317881_n-300x300.jpg\" alt=\"\" width=\"300\" height=\"300\" srcset=\"https:\/\/saude.ufpr.br\/enfermagem\/wp-content\/uploads\/sites\/4\/2020\/12\/125495125_697615364486180_4368791309365317881_n-300x300.jpg 300w, https:\/\/saude.ufpr.br\/enfermagem\/wp-content\/uploads\/sites\/4\/2020\/12\/125495125_697615364486180_4368791309365317881_n-1024x1024.jpg 1024w, https:\/\/saude.ufpr.br\/enfermagem\/wp-content\/uploads\/sites\/4\/2020\/12\/125495125_697615364486180_4368791309365317881_n-150x150.jpg 150w, https:\/\/saude.ufpr.br\/enfermagem\/wp-content\/uploads\/sites\/4\/2020\/12\/125495125_697615364486180_4368791309365317881_n-768x768.jpg 768w, https:\/\/saude.ufpr.br\/enfermagem\/wp-content\/uploads\/sites\/4\/2020\/12\/125495125_697615364486180_4368791309365317881_n.jpg 1080w\" sizes=\"(max-width: 300px) 100vw, 300px\" \/><\/a> <a href=\"https:\/\/saude.ufpr.br\/enfermagem\/wp-content\/uploads\/sites\/4\/2020\/12\/125878281_1289724214741344_4388239922891943355_n.jpg\"><img loading=\"lazy\" decoding=\"async\" class=\"alignnone size-medium wp-image-4533\" src=\"https:\/\/saude.ufpr.br\/enfermagem\/wp-content\/uploads\/sites\/4\/2020\/12\/125878281_1289724214741344_4388239922891943355_n-300x300.jpg\" alt=\"\" width=\"300\" height=\"300\" srcset=\"https:\/\/saude.ufpr.br\/enfermagem\/wp-content\/uploads\/sites\/4\/2020\/12\/125878281_1289724214741344_4388239922891943355_n-300x300.jpg 300w, https:\/\/saude.ufpr.br\/enfermagem\/wp-content\/uploads\/sites\/4\/2020\/12\/125878281_1289724214741344_4388239922891943355_n-1024x1024.jpg 1024w, https:\/\/saude.ufpr.br\/enfermagem\/wp-content\/uploads\/sites\/4\/2020\/12\/125878281_1289724214741344_4388239922891943355_n-150x150.jpg 150w, https:\/\/saude.ufpr.br\/enfermagem\/wp-content\/uploads\/sites\/4\/2020\/12\/125878281_1289724214741344_4388239922891943355_n-768x768.jpg 768w, https:\/\/saude.ufpr.br\/enfermagem\/wp-content\/uploads\/sites\/4\/2020\/12\/125878281_1289724214741344_4388239922891943355_n.jpg 1080w\" sizes=\"(max-width: 300px) 100vw, 300px\" \/><\/a> <a href=\"https:\/\/saude.ufpr.br\/enfermagem\/wp-content\/uploads\/sites\/4\/2020\/12\/125777396_199337278430051_7712556750191150402_n.jpg\"><img loading=\"lazy\" decoding=\"async\" class=\"alignnone size-medium wp-image-4532\" src=\"https:\/\/saude.ufpr.br\/enfermagem\/wp-content\/uploads\/sites\/4\/2020\/12\/125777396_199337278430051_7712556750191150402_n-300x300.jpg\" alt=\"\" width=\"300\" height=\"300\" srcset=\"https:\/\/saude.ufpr.br\/enfermagem\/wp-content\/uploads\/sites\/4\/2020\/12\/125777396_199337278430051_7712556750191150402_n-300x300.jpg 300w, https:\/\/saude.ufpr.br\/enfermagem\/wp-content\/uploads\/sites\/4\/2020\/12\/125777396_199337278430051_7712556750191150402_n-1024x1024.jpg 1024w, https:\/\/saude.ufpr.br\/enfermagem\/wp-content\/uploads\/sites\/4\/2020\/12\/125777396_199337278430051_7712556750191150402_n-150x150.jpg 150w, https:\/\/saude.ufpr.br\/enfermagem\/wp-content\/uploads\/sites\/4\/2020\/12\/125777396_199337278430051_7712556750191150402_n-768x768.jpg 768w, https:\/\/saude.ufpr.br\/enfermagem\/wp-content\/uploads\/sites\/4\/2020\/12\/125777396_199337278430051_7712556750191150402_n.jpg 1080w\" sizes=\"(max-width: 300px) 100vw, 300px\" \/><\/a><\/p>\n<p><a href=\"https:\/\/saude.ufpr.br\/enfermagem\/wp-content\/uploads\/sites\/4\/2020\/12\/125433531_2776628452615312_8598756002902506288_n.jpg\"><img loading=\"lazy\" decoding=\"async\" class=\"alignnone size-medium wp-image-4531\" src=\"https:\/\/saude.ufpr.br\/enfermagem\/wp-content\/uploads\/sites\/4\/2020\/12\/125433531_2776628452615312_8598756002902506288_n-300x300.jpg\" alt=\"\" width=\"300\" height=\"300\" srcset=\"https:\/\/saude.ufpr.br\/enfermagem\/wp-content\/uploads\/sites\/4\/2020\/12\/125433531_2776628452615312_8598756002902506288_n-300x300.jpg 300w, https:\/\/saude.ufpr.br\/enfermagem\/wp-content\/uploads\/sites\/4\/2020\/12\/125433531_2776628452615312_8598756002902506288_n-1024x1024.jpg 1024w, https:\/\/saude.ufpr.br\/enfermagem\/wp-content\/uploads\/sites\/4\/2020\/12\/125433531_2776628452615312_8598756002902506288_n-150x150.jpg 150w, https:\/\/saude.ufpr.br\/enfermagem\/wp-content\/uploads\/sites\/4\/2020\/12\/125433531_2776628452615312_8598756002902506288_n-768x768.jpg 768w, https:\/\/saude.ufpr.br\/enfermagem\/wp-content\/uploads\/sites\/4\/2020\/12\/125433531_2776628452615312_8598756002902506288_n.jpg 1080w\" sizes=\"(max-width: 300px) 100vw, 300px\" \/><\/a> <a href=\"https:\/\/saude.ufpr.br\/enfermagem\/wp-content\/uploads\/sites\/4\/2020\/12\/126191757_132516564970680_8782989394726520871_n.jpg\"><img loading=\"lazy\" decoding=\"async\" class=\"alignnone size-medium wp-image-4530\" src=\"https:\/\/saude.ufpr.br\/enfermagem\/wp-content\/uploads\/sites\/4\/2020\/12\/126191757_132516564970680_8782989394726520871_n-300x300.jpg\" alt=\"\" width=\"300\" height=\"300\" srcset=\"https:\/\/saude.ufpr.br\/enfermagem\/wp-content\/uploads\/sites\/4\/2020\/12\/126191757_132516564970680_8782989394726520871_n-300x300.jpg 300w, https:\/\/saude.ufpr.br\/enfermagem\/wp-content\/uploads\/sites\/4\/2020\/12\/126191757_132516564970680_8782989394726520871_n-1024x1024.jpg 1024w, https:\/\/saude.ufpr.br\/enfermagem\/wp-content\/uploads\/sites\/4\/2020\/12\/126191757_132516564970680_8782989394726520871_n-150x150.jpg 150w, https:\/\/saude.ufpr.br\/enfermagem\/wp-content\/uploads\/sites\/4\/2020\/12\/126191757_132516564970680_8782989394726520871_n-768x768.jpg 768w, https:\/\/saude.ufpr.br\/enfermagem\/wp-content\/uploads\/sites\/4\/2020\/12\/126191757_132516564970680_8782989394726520871_n.jpg 1080w\" sizes=\"(max-width: 300px) 100vw, 300px\" \/><\/a> <a href=\"https:\/\/saude.ufpr.br\/enfermagem\/wp-content\/uploads\/sites\/4\/2020\/12\/125908004_2822809871375299_4349827740295226170_n.jpg\"><img loading=\"lazy\" decoding=\"async\" class=\"alignnone size-medium wp-image-4529\" src=\"https:\/\/saude.ufpr.br\/enfermagem\/wp-content\/uploads\/sites\/4\/2020\/12\/125908004_2822809871375299_4349827740295226170_n-300x300.jpg\" alt=\"\" width=\"300\" height=\"300\" srcset=\"https:\/\/saude.ufpr.br\/enfermagem\/wp-content\/uploads\/sites\/4\/2020\/12\/125908004_2822809871375299_4349827740295226170_n-300x300.jpg 300w, https:\/\/saude.ufpr.br\/enfermagem\/wp-content\/uploads\/sites\/4\/2020\/12\/125908004_2822809871375299_4349827740295226170_n-1024x1024.jpg 1024w, https:\/\/saude.ufpr.br\/enfermagem\/wp-content\/uploads\/sites\/4\/2020\/12\/125908004_2822809871375299_4349827740295226170_n-150x150.jpg 150w, https:\/\/saude.ufpr.br\/enfermagem\/wp-content\/uploads\/sites\/4\/2020\/12\/125908004_2822809871375299_4349827740295226170_n-768x768.jpg 768w, https:\/\/saude.ufpr.br\/enfermagem\/wp-content\/uploads\/sites\/4\/2020\/12\/125908004_2822809871375299_4349827740295226170_n.jpg 1080w\" sizes=\"(max-width: 300px) 100vw, 300px\" \/><\/a><\/p>\n<p><a href=\"https:\/\/saude.ufpr.br\/enfermagem\/wp-content\/uploads\/sites\/4\/2020\/12\/125876619_996801187468561_4943737735386463260_n.jpg\"><img loading=\"lazy\" decoding=\"async\" class=\"alignnone size-medium wp-image-4528\" src=\"https:\/\/saude.ufpr.br\/enfermagem\/wp-content\/uploads\/sites\/4\/2020\/12\/125876619_996801187468561_4943737735386463260_n-300x300.jpg\" alt=\"\" width=\"300\" height=\"300\" srcset=\"https:\/\/saude.ufpr.br\/enfermagem\/wp-content\/uploads\/sites\/4\/2020\/12\/125876619_996801187468561_4943737735386463260_n-300x300.jpg 300w, https:\/\/saude.ufpr.br\/enfermagem\/wp-content\/uploads\/sites\/4\/2020\/12\/125876619_996801187468561_4943737735386463260_n-1024x1024.jpg 1024w, https:\/\/saude.ufpr.br\/enfermagem\/wp-content\/uploads\/sites\/4\/2020\/12\/125876619_996801187468561_4943737735386463260_n-150x150.jpg 150w, https:\/\/saude.ufpr.br\/enfermagem\/wp-content\/uploads\/sites\/4\/2020\/12\/125876619_996801187468561_4943737735386463260_n-768x768.jpg 768w, https:\/\/saude.ufpr.br\/enfermagem\/wp-content\/uploads\/sites\/4\/2020\/12\/125876619_996801187468561_4943737735386463260_n.jpg 1080w\" sizes=\"(max-width: 300px) 100vw, 300px\" \/><\/a><\/p>\n<p>Cr\u00e9ditos: Isabella Fusculim, bolsista de extens\u00e3o<\/p>\n<hr \/>\n<h2><span style=\"color: #ff00ff\">Novembro Azul\u00a0<\/span><\/h2>\n<p><a href=\"https:\/\/saude.ufpr.br\/enfermagem\/wp-content\/uploads\/sites\/4\/2020\/12\/126520463_1008410282968746_2365709639971950558_n.jpg\"><img loading=\"lazy\" decoding=\"async\" class=\"alignnone size-medium wp-image-4538\" src=\"https:\/\/saude.ufpr.br\/enfermagem\/wp-content\/uploads\/sites\/4\/2020\/12\/126520463_1008410282968746_2365709639971950558_n-300x300.jpg\" alt=\"\" width=\"300\" height=\"300\" srcset=\"https:\/\/saude.ufpr.br\/enfermagem\/wp-content\/uploads\/sites\/4\/2020\/12\/126520463_1008410282968746_2365709639971950558_n-300x300.jpg 300w, https:\/\/saude.ufpr.br\/enfermagem\/wp-content\/uploads\/sites\/4\/2020\/12\/126520463_1008410282968746_2365709639971950558_n-150x150.jpg 150w, https:\/\/saude.ufpr.br\/enfermagem\/wp-content\/uploads\/sites\/4\/2020\/12\/126520463_1008410282968746_2365709639971950558_n.jpg 320w\" sizes=\"(max-width: 300px) 100vw, 300px\" \/><\/a><\/p>\n<p>Segundo o Instituto Nacional de C\u00e2ncer, o c\u00e2ncer de pr\u00f3stata \u00e9 o segundo mais comum entre os homens no Brasil. Trata-se de um c\u00e2ncer que cerca de 75% dos casos ocorrerem a partir dos 65 anos e desta forma \u00e9 considerado um c\u00e2ncer de terceira idade.<br \/>\nA pr\u00f3stata \u00e9 uma gl\u00e2ndula que fica na parte inferior do abd\u00f4men do homem, abaixo da bexiga, envolve a por\u00e7\u00e3o inicial da uretra e \u00e9 respons\u00e1vel por produzir parte do s\u00eamen. Alguns tumores podem crescer rapidamente e espalhar para outros \u00f3rg\u00e3os, mas a maioria cresce de forma lenta, levando cerca de 15 anos para atingir 1cm3.<br \/>\nTodos os homens a partir de 50 anos e aqueles que tenham hist\u00f3rico familiar a partir dos 45 anos devem ir ao urologista para realizar o exame diagn\u00f3stico anualmente, mesmo sem nenhum sintomas. Os principais fatores de risco da doen\u00e7a s\u00e3o a idade, familiares pr\u00f3ximos com c\u00e2ncer antes dos 60 anos (pai ou irm\u00e3o) e excesso de gordura corporal. A exposi\u00e7\u00e3o a aminas arom\u00e1ticas, ars\u00eanio, produtos de petr\u00f3leo, motor de escape de ve\u00edculos e fuligem tamb\u00e9m est\u00e3o associadas ao c\u00e2ncer de pr\u00f3stata.<br \/>\nOs sintomas principais s\u00e3o a dificuldade de urinar, a diminui\u00e7\u00e3o do jato de urina, a necessidade de urinar mais vezes durante o dia ou \u00e0 noite e sangue na urina. A detec\u00e7\u00e3o pode ser feita por meio de uma combina\u00e7\u00e3o do exame f\u00edsico e os exames laboratoriais.<br \/>\nAlguns homens possuem uma resist\u00eancia em realizar o exame de toque, por\u00e9m, ele \u00e9 r\u00e1pido e indolor. A localiza\u00e7\u00e3o da gl\u00e2ndula favorece para que o m\u00e9dico consiga palpar e perceber se h\u00e1 caro\u00e7os ou tecidos endurecidos. O exame de sangue avalia a dosagem do PSA (ant\u00edgeno prost\u00e1tico espec\u00edfico), que est\u00e1 elevado nos pacientes com c\u00e2ncer. A bi\u00f3psia \u00e9 realizada para a confirma\u00e7\u00e3o do c\u00e2ncer.<br \/>\nNa doen\u00e7a localizada somente na pr\u00f3stata, o tratamento pode ser cirurgia, radioterapia ou uma observa\u00e7\u00e3o vigilante. Se for localmente avan\u00e7ada, em regi\u00f5es pr\u00f3ximas da gl\u00e2ndula, oferece-se a possibilidade de cirurgia, radioterapia e tamb\u00e9m um tratamento hormonal. E, se for metast\u00e1tica, quando j\u00e1 espalhou para outras partes do corpo, o tratamento \u00e9 hormonal. O tratamento \u00e9 individualizado e definido, pelo paciente e o m\u00e9dico, ap\u00f3s discuss\u00e3o dos riscos e benef\u00edcios de cada um, levando-se em considera\u00e7\u00e3o v\u00e1rios aspectos do homem, como por exemplo, estado de sa\u00fade atual, est\u00e1gio da doen\u00e7a e expectativa de vida.<\/p>\n<p>Refer\u00eancias:<br \/>\nMINIST\u00c9RIO DA SA\u00daDE, Instituto Nacional de C\u00e2ncer. C\u00e2ncer de pr\u00f3stata. Brasil, 2020. Dispon\u00edvel em: &lt;https:\/\/www.inca.gov.br\/tipos-de-cancer\/cancer-de-prostata&gt;<br \/>\nMINIST\u00c9RIO DA SA\u00daDE, Biblioteca Virtual em Sa\u00fade. Novembro Azul: m\u00eas mundial de combate ao c\u00e2ncer de pr\u00f3stata. Brasil, 2017. Dispon\u00edvel em: &lt; https:\/\/bvsms.saude.gov.br\/ultimas-noticias\/2535-novembro-azul-mes-mundial-de-combate-ao-cancer-de-prostata&gt;<\/p>\n<p>Cr\u00e9ditos: Alessandra Larissa de Oliveira, bolsista de extens\u00e3o.<\/p>\n<hr \/>\n<h2><span style=\"color: #ff00ff\">1\u00b0 de Dezembro &#8211; Dia Internacional da Luta contra AIDS<\/span><\/h2>\n<p><a href=\"https:\/\/saude.ufpr.br\/enfermagem\/wp-content\/uploads\/sites\/4\/2020\/12\/128891479_436226764043864_2348974758752429145_n.jpg\"><img loading=\"lazy\" decoding=\"async\" class=\"alignnone size-medium wp-image-4547\" src=\"https:\/\/saude.ufpr.br\/enfermagem\/wp-content\/uploads\/sites\/4\/2020\/12\/128891479_436226764043864_2348974758752429145_n-300x300.jpg\" alt=\"\" width=\"300\" height=\"300\" srcset=\"https:\/\/saude.ufpr.br\/enfermagem\/wp-content\/uploads\/sites\/4\/2020\/12\/128891479_436226764043864_2348974758752429145_n-300x300.jpg 300w, https:\/\/saude.ufpr.br\/enfermagem\/wp-content\/uploads\/sites\/4\/2020\/12\/128891479_436226764043864_2348974758752429145_n-1024x1024.jpg 1024w, https:\/\/saude.ufpr.br\/enfermagem\/wp-content\/uploads\/sites\/4\/2020\/12\/128891479_436226764043864_2348974758752429145_n-150x150.jpg 150w, https:\/\/saude.ufpr.br\/enfermagem\/wp-content\/uploads\/sites\/4\/2020\/12\/128891479_436226764043864_2348974758752429145_n-768x768.jpg 768w, https:\/\/saude.ufpr.br\/enfermagem\/wp-content\/uploads\/sites\/4\/2020\/12\/128891479_436226764043864_2348974758752429145_n.jpg 1080w\" sizes=\"(max-width: 300px) 100vw, 300px\" \/><\/a> <a href=\"https:\/\/saude.ufpr.br\/enfermagem\/wp-content\/uploads\/sites\/4\/2020\/12\/129141692_297484164897752_3751442260115248209_n.jpg\"><img loading=\"lazy\" decoding=\"async\" class=\"alignnone size-medium wp-image-4546\" src=\"https:\/\/saude.ufpr.br\/enfermagem\/wp-content\/uploads\/sites\/4\/2020\/12\/129141692_297484164897752_3751442260115248209_n-300x300.jpg\" alt=\"\" width=\"300\" height=\"300\" srcset=\"https:\/\/saude.ufpr.br\/enfermagem\/wp-content\/uploads\/sites\/4\/2020\/12\/129141692_297484164897752_3751442260115248209_n-300x300.jpg 300w, https:\/\/saude.ufpr.br\/enfermagem\/wp-content\/uploads\/sites\/4\/2020\/12\/129141692_297484164897752_3751442260115248209_n-1024x1024.jpg 1024w, https:\/\/saude.ufpr.br\/enfermagem\/wp-content\/uploads\/sites\/4\/2020\/12\/129141692_297484164897752_3751442260115248209_n-150x150.jpg 150w, https:\/\/saude.ufpr.br\/enfermagem\/wp-content\/uploads\/sites\/4\/2020\/12\/129141692_297484164897752_3751442260115248209_n-768x768.jpg 768w, https:\/\/saude.ufpr.br\/enfermagem\/wp-content\/uploads\/sites\/4\/2020\/12\/129141692_297484164897752_3751442260115248209_n.jpg 1080w\" sizes=\"(max-width: 300px) 100vw, 300px\" \/><\/a> <a href=\"https:\/\/saude.ufpr.br\/enfermagem\/wp-content\/uploads\/sites\/4\/2020\/12\/129157974_379445956606832_8875679860717462419_n.jpg\"><img loading=\"lazy\" decoding=\"async\" class=\"alignnone size-medium wp-image-4545\" src=\"https:\/\/saude.ufpr.br\/enfermagem\/wp-content\/uploads\/sites\/4\/2020\/12\/129157974_379445956606832_8875679860717462419_n-300x300.jpg\" alt=\"\" width=\"300\" height=\"300\" srcset=\"https:\/\/saude.ufpr.br\/enfermagem\/wp-content\/uploads\/sites\/4\/2020\/12\/129157974_379445956606832_8875679860717462419_n-300x300.jpg 300w, https:\/\/saude.ufpr.br\/enfermagem\/wp-content\/uploads\/sites\/4\/2020\/12\/129157974_379445956606832_8875679860717462419_n-1024x1024.jpg 1024w, https:\/\/saude.ufpr.br\/enfermagem\/wp-content\/uploads\/sites\/4\/2020\/12\/129157974_379445956606832_8875679860717462419_n-150x150.jpg 150w, https:\/\/saude.ufpr.br\/enfermagem\/wp-content\/uploads\/sites\/4\/2020\/12\/129157974_379445956606832_8875679860717462419_n-768x768.jpg 768w, https:\/\/saude.ufpr.br\/enfermagem\/wp-content\/uploads\/sites\/4\/2020\/12\/129157974_379445956606832_8875679860717462419_n.jpg 1080w\" sizes=\"(max-width: 300px) 100vw, 300px\" \/><\/a><\/p>\n<p><a href=\"https:\/\/saude.ufpr.br\/enfermagem\/wp-content\/uploads\/sites\/4\/2020\/12\/129115822_748803212376362_4533727133712034481_n.jpg\"><img loading=\"lazy\" decoding=\"async\" class=\"alignnone size-medium wp-image-4544\" src=\"https:\/\/saude.ufpr.br\/enfermagem\/wp-content\/uploads\/sites\/4\/2020\/12\/129115822_748803212376362_4533727133712034481_n-300x300.jpg\" alt=\"\" width=\"300\" height=\"300\" srcset=\"https:\/\/saude.ufpr.br\/enfermagem\/wp-content\/uploads\/sites\/4\/2020\/12\/129115822_748803212376362_4533727133712034481_n-300x300.jpg 300w, https:\/\/saude.ufpr.br\/enfermagem\/wp-content\/uploads\/sites\/4\/2020\/12\/129115822_748803212376362_4533727133712034481_n-1024x1024.jpg 1024w, https:\/\/saude.ufpr.br\/enfermagem\/wp-content\/uploads\/sites\/4\/2020\/12\/129115822_748803212376362_4533727133712034481_n-150x150.jpg 150w, https:\/\/saude.ufpr.br\/enfermagem\/wp-content\/uploads\/sites\/4\/2020\/12\/129115822_748803212376362_4533727133712034481_n-768x768.jpg 768w, https:\/\/saude.ufpr.br\/enfermagem\/wp-content\/uploads\/sites\/4\/2020\/12\/129115822_748803212376362_4533727133712034481_n.jpg 1080w\" sizes=\"(max-width: 300px) 100vw, 300px\" \/><\/a> <a href=\"https:\/\/saude.ufpr.br\/enfermagem\/wp-content\/uploads\/sites\/4\/2020\/12\/129285052_411948386824586_3679338439493310083_n.jpg\"><img loading=\"lazy\" decoding=\"async\" class=\"alignnone size-medium wp-image-4543\" src=\"https:\/\/saude.ufpr.br\/enfermagem\/wp-content\/uploads\/sites\/4\/2020\/12\/129285052_411948386824586_3679338439493310083_n-300x300.jpg\" alt=\"\" width=\"300\" height=\"300\" srcset=\"https:\/\/saude.ufpr.br\/enfermagem\/wp-content\/uploads\/sites\/4\/2020\/12\/129285052_411948386824586_3679338439493310083_n-300x300.jpg 300w, https:\/\/saude.ufpr.br\/enfermagem\/wp-content\/uploads\/sites\/4\/2020\/12\/129285052_411948386824586_3679338439493310083_n-1024x1024.jpg 1024w, https:\/\/saude.ufpr.br\/enfermagem\/wp-content\/uploads\/sites\/4\/2020\/12\/129285052_411948386824586_3679338439493310083_n-150x150.jpg 150w, https:\/\/saude.ufpr.br\/enfermagem\/wp-content\/uploads\/sites\/4\/2020\/12\/129285052_411948386824586_3679338439493310083_n-768x768.jpg 768w, https:\/\/saude.ufpr.br\/enfermagem\/wp-content\/uploads\/sites\/4\/2020\/12\/129285052_411948386824586_3679338439493310083_n.jpg 1080w\" sizes=\"(max-width: 300px) 100vw, 300px\" \/><\/a> <a href=\"https:\/\/saude.ufpr.br\/enfermagem\/wp-content\/uploads\/sites\/4\/2020\/12\/129719632_383622779570075_6963226025761219177_n.jpg\"><img loading=\"lazy\" decoding=\"async\" class=\"alignnone size-medium wp-image-4542\" src=\"https:\/\/saude.ufpr.br\/enfermagem\/wp-content\/uploads\/sites\/4\/2020\/12\/129719632_383622779570075_6963226025761219177_n-300x300.jpg\" alt=\"\" width=\"300\" height=\"300\" srcset=\"https:\/\/saude.ufpr.br\/enfermagem\/wp-content\/uploads\/sites\/4\/2020\/12\/129719632_383622779570075_6963226025761219177_n-300x300.jpg 300w, https:\/\/saude.ufpr.br\/enfermagem\/wp-content\/uploads\/sites\/4\/2020\/12\/129719632_383622779570075_6963226025761219177_n-1024x1024.jpg 1024w, https:\/\/saude.ufpr.br\/enfermagem\/wp-content\/uploads\/sites\/4\/2020\/12\/129719632_383622779570075_6963226025761219177_n-150x150.jpg 150w, https:\/\/saude.ufpr.br\/enfermagem\/wp-content\/uploads\/sites\/4\/2020\/12\/129719632_383622779570075_6963226025761219177_n-768x768.jpg 768w, https:\/\/saude.ufpr.br\/enfermagem\/wp-content\/uploads\/sites\/4\/2020\/12\/129719632_383622779570075_6963226025761219177_n.jpg 1080w\" sizes=\"(max-width: 300px) 100vw, 300px\" \/><\/a><\/p>\n<p><a href=\"https:\/\/saude.ufpr.br\/enfermagem\/wp-content\/uploads\/sites\/4\/2020\/12\/128950060_682768362387136_5550271763850010976_n.jpg\"><img loading=\"lazy\" decoding=\"async\" class=\"alignnone size-medium wp-image-4541\" src=\"https:\/\/saude.ufpr.br\/enfermagem\/wp-content\/uploads\/sites\/4\/2020\/12\/128950060_682768362387136_5550271763850010976_n-300x300.jpg\" alt=\"\" width=\"300\" height=\"300\" srcset=\"https:\/\/saude.ufpr.br\/enfermagem\/wp-content\/uploads\/sites\/4\/2020\/12\/128950060_682768362387136_5550271763850010976_n-300x300.jpg 300w, https:\/\/saude.ufpr.br\/enfermagem\/wp-content\/uploads\/sites\/4\/2020\/12\/128950060_682768362387136_5550271763850010976_n-1024x1024.jpg 1024w, https:\/\/saude.ufpr.br\/enfermagem\/wp-content\/uploads\/sites\/4\/2020\/12\/128950060_682768362387136_5550271763850010976_n-150x150.jpg 150w, https:\/\/saude.ufpr.br\/enfermagem\/wp-content\/uploads\/sites\/4\/2020\/12\/128950060_682768362387136_5550271763850010976_n-768x768.jpg 768w, https:\/\/saude.ufpr.br\/enfermagem\/wp-content\/uploads\/sites\/4\/2020\/12\/128950060_682768362387136_5550271763850010976_n.jpg 1080w\" sizes=\"(max-width: 300px) 100vw, 300px\" \/><\/a> <a href=\"https:\/\/saude.ufpr.br\/enfermagem\/wp-content\/uploads\/sites\/4\/2020\/12\/128942658_383915579553980_1120495638103510374_n.jpg\"><img loading=\"lazy\" decoding=\"async\" class=\"alignnone size-medium wp-image-4540\" src=\"https:\/\/saude.ufpr.br\/enfermagem\/wp-content\/uploads\/sites\/4\/2020\/12\/128942658_383915579553980_1120495638103510374_n-300x300.jpg\" alt=\"\" width=\"300\" height=\"300\" srcset=\"https:\/\/saude.ufpr.br\/enfermagem\/wp-content\/uploads\/sites\/4\/2020\/12\/128942658_383915579553980_1120495638103510374_n-300x300.jpg 300w, https:\/\/saude.ufpr.br\/enfermagem\/wp-content\/uploads\/sites\/4\/2020\/12\/128942658_383915579553980_1120495638103510374_n-1024x1024.jpg 1024w, https:\/\/saude.ufpr.br\/enfermagem\/wp-content\/uploads\/sites\/4\/2020\/12\/128942658_383915579553980_1120495638103510374_n-150x150.jpg 150w, https:\/\/saude.ufpr.br\/enfermagem\/wp-content\/uploads\/sites\/4\/2020\/12\/128942658_383915579553980_1120495638103510374_n-768x768.jpg 768w, https:\/\/saude.ufpr.br\/enfermagem\/wp-content\/uploads\/sites\/4\/2020\/12\/128942658_383915579553980_1120495638103510374_n.jpg 1080w\" sizes=\"(max-width: 300px) 100vw, 300px\" \/><\/a><\/p>\n<p>Cr\u00e9ditos: Isabella Fusculim, bolsista de extens\u00e3o.<\/p>\n<hr \/>\n<h2><span style=\"color: #ff00ff\">Defesa contra v\u00edrus respirat\u00f3rios: A Teoria do Queijo Su\u00ed\u00e7o<\/span><\/h2>\n<p>&nbsp;<\/p>\n<p><a href=\"https:\/\/saude.ufpr.br\/enfermagem\/wp-content\/uploads\/sites\/4\/2020\/12\/130310025_227884408734171_4472990623520263729_n.jpg\"><img loading=\"lazy\" decoding=\"async\" class=\"alignnone size-medium wp-image-4550\" src=\"https:\/\/saude.ufpr.br\/enfermagem\/wp-content\/uploads\/sites\/4\/2020\/12\/130310025_227884408734171_4472990623520263729_n-300x196.jpg\" alt=\"\" width=\"300\" height=\"196\" srcset=\"https:\/\/saude.ufpr.br\/enfermagem\/wp-content\/uploads\/sites\/4\/2020\/12\/130310025_227884408734171_4472990623520263729_n-300x196.jpg 300w, https:\/\/saude.ufpr.br\/enfermagem\/wp-content\/uploads\/sites\/4\/2020\/12\/130310025_227884408734171_4472990623520263729_n.jpg 750w\" sizes=\"(max-width: 300px) 100vw, 300px\" \/><\/a><\/p>\n<p>O queijo sui\u0301c\u0327o e\u0301 conhecido por ser cheio de furos. &#x1f9c0;<br \/>\nJames Reason elaborou uma teoria baseada na imagem &#x1f9c0; desse queijo, tambe\u0301m conhecida por \u201cteoria do queijo sui\u0301c\u0327o.\u201d<br \/>\n&#x1f9c0;<br \/>\nEssa teoria analisa erros e incidentes em relac\u0327a\u0303o a\u0300 seguranc\u0327a do paciente.<br \/>\n&#x1f9c0;<br \/>\nDe acordo com a teoria de Reason, existem barreiras que impedem a ocorre\u0302ncia de danos.<br \/>\n&#x1f9c0;<br \/>\nMesmo que essas barreiras sejam consolidadas, cada uma delas possui um ponto fraco na\u0303o intencional, representado pelos buracos das fatias do queijo sui\u0301c\u0327o.<br \/>\n&#x1f9c0;<br \/>\nQuando, por acaso, todos os buracos ficam alinhados, as falhas acontecem e os danos acabam acontecendo.<br \/>\n&#x1f9c0;<br \/>\nCom a COVID-19, as fatias do queijo podem ser consideradas as intervenc\u0327o\u0303es utilizadas para prevenir a propagac\u0327a\u0303o do vi\u0301rus.<br \/>\n&#x1f9c0;<br \/>\nEntre essas intervenc\u0327o\u0303es ha\u0301: o isolamento e distanciamento social, o rastreamento dos doentes e assintoma\u0301ticos, o toque de recolher, o uso da ma\u0301scara e a higiene adequada das ma\u0303os.<br \/>\n&#x1f9c0;<br \/>\nQuanto melhor a adesa\u0303o a\u0300s intervenc\u0327o\u0303es, maior e\u0301 a possibilidade de na\u0303o propagac\u0327a\u0303o e contaminac\u0327a\u0303o com o vi\u0301rus e ause\u0302ncia de doenc\u0327a.<br \/>\n&#x1f9c0;<br \/>\nEntretanto, a quantidade de intervenc\u0327o\u0303es na\u0303o garante a na\u0303o contaminac\u0327a\u0303o, apenas aumenta a probabilidade de prevenir esse contato.<br \/>\n&#x1f9c0;<\/p>\n<p>Refere\u0302ncias:<br \/>\nImagem utilizada do site: https:\/\/www.reddit.com\/r\/coronabr\/comments\/jebnov\/a_pedido_de_algumas_pessoas_na_sub_eu_traduzi_o\/<br \/>\nCOSTA, Alexia. Instituto Brasileiro para Excele\u0302ncia Em Sau\u0301de. O que e\u0301 a Teoria do Queijo Sui\u0301c\u0327o? 2017. Disponi\u0301vel em: http:\/\/www.ibes.med.br\/o-que-e-teoria-queijo-suico-por-alexia-costa\/<br \/>\nINSTITUTO BRASILEIRO PARA SEGURANC\u0327A DO PACIENTE. A teoria do queijo sui\u0301c\u0327o na construc\u0327a\u0303o de barreiras aos erros em sau\u0301de. 2020. Disponi\u0301vel em: https:\/\/www.segurancadopaciente.com.br\/protocolo-diretrizes\/a-teoria-do-queijo-suico-na-construcao-de-barreiras-aos-erros-em-saude\/<\/p>\n<p>Cr\u00e9ditos: Alessandra Larissa de Oliveira, bolsista de extens\u00e3o.<\/p>\n<hr \/>\n<h2><span style=\"color: #000080\">Zoom Fatigue<\/span><\/h2>\n<p>Quem nunca?!?<br \/>\nPara nos ajudar no retorno do calend\u00e1rio acad\u00eamico da UFPR os extensionistas do projeto prepararam este post com dicas para evitar a Fadiga do Zoom&#8230; ou do Meets&#8230; ou do Teams&#8230;<br \/>\n&#x1f44a;&#x1f3fb;&#x1f91c;&#x1f3fc;&#x1f91b;&#x1f3fb;&#x1f4aa;&#x1f3fb;<\/p>\n<p>Cr\u00e9ditos:\u00a0<a class=\"notranslate\" href=\"https:\/\/www.instagram.com\/educadu93\/\">@educadu93<\/a>\u00a0<a class=\"notranslate\" href=\"https:\/\/www.instagram.com\/barbarasballardin\/\">@barbarasballardin<\/a>\u00a0<a class=\"notranslate\" href=\"https:\/\/www.instagram.com\/nicole.alvxs\/\">@nicole.alvxs<\/a>\u00a0<a class=\"notranslate\" href=\"https:\/\/www.instagram.com\/aline_saemi\/\">@aline_saemi<\/a><\/p>\n<p><a href=\"https:\/\/saude.ufpr.br\/enfermagem\/wp-content\/uploads\/sites\/4\/2021\/04\/1.png\"><img loading=\"lazy\" decoding=\"async\" class=\"alignnone size-medium wp-image-4713\" src=\"https:\/\/saude.ufpr.br\/enfermagem\/wp-content\/uploads\/sites\/4\/2021\/04\/1-300x297.png\" alt=\"\" width=\"300\" height=\"297\" srcset=\"https:\/\/saude.ufpr.br\/enfermagem\/wp-content\/uploads\/sites\/4\/2021\/04\/1-300x297.png 300w, https:\/\/saude.ufpr.br\/enfermagem\/wp-content\/uploads\/sites\/4\/2021\/04\/1-150x150.png 150w, https:\/\/saude.ufpr.br\/enfermagem\/wp-content\/uploads\/sites\/4\/2021\/04\/1.png 450w\" sizes=\"(max-width: 300px) 100vw, 300px\" \/><\/a> <a href=\"https:\/\/saude.ufpr.br\/enfermagem\/wp-content\/uploads\/sites\/4\/2021\/04\/2.png\"><img loading=\"lazy\" decoding=\"async\" class=\"alignnone size-medium wp-image-4714\" src=\"https:\/\/saude.ufpr.br\/enfermagem\/wp-content\/uploads\/sites\/4\/2021\/04\/2-300x296.png\" alt=\"\" width=\"300\" height=\"296\" srcset=\"https:\/\/saude.ufpr.br\/enfermagem\/wp-content\/uploads\/sites\/4\/2021\/04\/2-300x296.png 300w, https:\/\/saude.ufpr.br\/enfermagem\/wp-content\/uploads\/sites\/4\/2021\/04\/2.png 449w\" sizes=\"(max-width: 300px) 100vw, 300px\" \/><\/a> <a href=\"https:\/\/saude.ufpr.br\/enfermagem\/wp-content\/uploads\/sites\/4\/2021\/04\/3.png\"><img loading=\"lazy\" decoding=\"async\" class=\"alignnone size-medium wp-image-4715\" src=\"https:\/\/saude.ufpr.br\/enfermagem\/wp-content\/uploads\/sites\/4\/2021\/04\/3-298x300.png\" alt=\"\" width=\"298\" height=\"300\" srcset=\"https:\/\/saude.ufpr.br\/enfermagem\/wp-content\/uploads\/sites\/4\/2021\/04\/3-298x300.png 298w, https:\/\/saude.ufpr.br\/enfermagem\/wp-content\/uploads\/sites\/4\/2021\/04\/3-150x150.png 150w, https:\/\/saude.ufpr.br\/enfermagem\/wp-content\/uploads\/sites\/4\/2021\/04\/3.png 443w\" sizes=\"(max-width: 298px) 100vw, 298px\" \/><\/a> <a href=\"https:\/\/saude.ufpr.br\/enfermagem\/wp-content\/uploads\/sites\/4\/2021\/04\/4.png\"><img loading=\"lazy\" decoding=\"async\" class=\"alignnone size-medium wp-image-4716\" src=\"https:\/\/saude.ufpr.br\/enfermagem\/wp-content\/uploads\/sites\/4\/2021\/04\/4-290x300.png\" alt=\"\" width=\"290\" height=\"300\" srcset=\"https:\/\/saude.ufpr.br\/enfermagem\/wp-content\/uploads\/sites\/4\/2021\/04\/4-290x300.png 290w, https:\/\/saude.ufpr.br\/enfermagem\/wp-content\/uploads\/sites\/4\/2021\/04\/4.png 441w\" sizes=\"(max-width: 290px) 100vw, 290px\" \/><\/a> <a href=\"https:\/\/saude.ufpr.br\/enfermagem\/wp-content\/uploads\/sites\/4\/2021\/04\/5.png\"><img loading=\"lazy\" decoding=\"async\" class=\"alignnone wp-image-4717\" src=\"https:\/\/saude.ufpr.br\/enfermagem\/wp-content\/uploads\/sites\/4\/2021\/04\/5-300x291.png\" alt=\"\" width=\"304\" height=\"295\" srcset=\"https:\/\/saude.ufpr.br\/enfermagem\/wp-content\/uploads\/sites\/4\/2021\/04\/5-300x291.png 300w, https:\/\/saude.ufpr.br\/enfermagem\/wp-content\/uploads\/sites\/4\/2021\/04\/5.png 456w\" sizes=\"(max-width: 304px) 100vw, 304px\" \/><\/a><\/p>\n<hr \/>\n<h2><span style=\"color: #ff6600\">Dica do dia<\/span><\/h2>\n<p>Olha QUE bacana!<\/p>\n<p>Akili Interactive, criadora do EndeavorRx terap\u00eautico digital autorizado pela FDA De Novo, testar\u00e1 seu tratamento de TDAH em videogame como um tratamento potencial para defici\u00eancias cognitivas em sobreviventes de COVID-19.<\/p>\n<p>&#x1f3ae;&#x1f47e; https:\/\/bit.ly\/3dWXEOl<\/p>\n<p><a href=\"https:\/\/saude.ufpr.br\/enfermagem\/wp-content\/uploads\/sites\/4\/2021\/04\/unnamed-file.png\"><img loading=\"lazy\" decoding=\"async\" class=\"alignnone size-medium wp-image-4718\" src=\"https:\/\/saude.ufpr.br\/enfermagem\/wp-content\/uploads\/sites\/4\/2021\/04\/unnamed-file-300x155.png\" alt=\"\" width=\"300\" height=\"155\" srcset=\"https:\/\/saude.ufpr.br\/enfermagem\/wp-content\/uploads\/sites\/4\/2021\/04\/unnamed-file-300x155.png 300w, https:\/\/saude.ufpr.br\/enfermagem\/wp-content\/uploads\/sites\/4\/2021\/04\/unnamed-file.png 473w\" sizes=\"(max-width: 300px) 100vw, 300px\" \/><\/a><\/p>\n<hr \/>\n<h2><span style=\"color: #993366\">Sa\u00fade Baseada em Evid\u00eancias<\/span><\/h2>\n<p>&nbsp;<\/p>\n<p><a href=\"https:\/\/saude.ufpr.br\/enfermagem\/wp-content\/uploads\/sites\/4\/2021\/10\/WhatsApp-Image-2021-10-14-at-10.35.03-5.jpeg\"><img loading=\"lazy\" decoding=\"async\" class=\"alignnone size-medium wp-image-4988\" src=\"https:\/\/saude.ufpr.br\/enfermagem\/wp-content\/uploads\/sites\/4\/2021\/10\/WhatsApp-Image-2021-10-14-at-10.35.03-5-300x296.jpeg\" alt=\"\" width=\"300\" height=\"296\" srcset=\"https:\/\/saude.ufpr.br\/enfermagem\/wp-content\/uploads\/sites\/4\/2021\/10\/WhatsApp-Image-2021-10-14-at-10.35.03-5-300x296.jpeg 300w, https:\/\/saude.ufpr.br\/enfermagem\/wp-content\/uploads\/sites\/4\/2021\/10\/WhatsApp-Image-2021-10-14-at-10.35.03-5-1024x1009.jpeg 1024w, https:\/\/saude.ufpr.br\/enfermagem\/wp-content\/uploads\/sites\/4\/2021\/10\/WhatsApp-Image-2021-10-14-at-10.35.03-5-768x757.jpeg 768w, https:\/\/saude.ufpr.br\/enfermagem\/wp-content\/uploads\/sites\/4\/2021\/10\/WhatsApp-Image-2021-10-14-at-10.35.03-5.jpeg 1080w\" sizes=\"(max-width: 300px) 100vw, 300px\" \/><\/a> \u00a0<a href=\"https:\/\/saude.ufpr.br\/enfermagem\/wp-content\/uploads\/sites\/4\/2021\/10\/WhatsApp-Image-2021-10-14-at-10.55.27-1.jpeg\"><img loading=\"lazy\" decoding=\"async\" class=\"alignnone size-medium wp-image-4989\" src=\"https:\/\/saude.ufpr.br\/enfermagem\/wp-content\/uploads\/sites\/4\/2021\/10\/WhatsApp-Image-2021-10-14-at-10.55.27-1-300x297.jpeg\" alt=\"\" width=\"300\" height=\"297\" srcset=\"https:\/\/saude.ufpr.br\/enfermagem\/wp-content\/uploads\/sites\/4\/2021\/10\/WhatsApp-Image-2021-10-14-at-10.55.27-1-300x297.jpeg 300w, https:\/\/saude.ufpr.br\/enfermagem\/wp-content\/uploads\/sites\/4\/2021\/10\/WhatsApp-Image-2021-10-14-at-10.55.27-1-1024x1013.jpeg 1024w, https:\/\/saude.ufpr.br\/enfermagem\/wp-content\/uploads\/sites\/4\/2021\/10\/WhatsApp-Image-2021-10-14-at-10.55.27-1-150x150.jpeg 150w, https:\/\/saude.ufpr.br\/enfermagem\/wp-content\/uploads\/sites\/4\/2021\/10\/WhatsApp-Image-2021-10-14-at-10.55.27-1-768x759.jpeg 768w, https:\/\/saude.ufpr.br\/enfermagem\/wp-content\/uploads\/sites\/4\/2021\/10\/WhatsApp-Image-2021-10-14-at-10.55.27-1.jpeg 1080w\" sizes=\"(max-width: 300px) 100vw, 300px\" \/> \u00a0<\/a><a href=\"https:\/\/saude.ufpr.br\/enfermagem\/wp-content\/uploads\/sites\/4\/2021\/10\/WhatsApp-Image-2021-10-14-at-10.55.27-2.jpeg\"><img loading=\"lazy\" decoding=\"async\" class=\"alignnone size-medium wp-image-4990\" src=\"https:\/\/saude.ufpr.br\/enfermagem\/wp-content\/uploads\/sites\/4\/2021\/10\/WhatsApp-Image-2021-10-14-at-10.55.27-2-300x295.jpeg\" alt=\"\" width=\"300\" height=\"295\" srcset=\"https:\/\/saude.ufpr.br\/enfermagem\/wp-content\/uploads\/sites\/4\/2021\/10\/WhatsApp-Image-2021-10-14-at-10.55.27-2-300x295.jpeg 300w, https:\/\/saude.ufpr.br\/enfermagem\/wp-content\/uploads\/sites\/4\/2021\/10\/WhatsApp-Image-2021-10-14-at-10.55.27-2-1024x1008.jpeg 1024w, https:\/\/saude.ufpr.br\/enfermagem\/wp-content\/uploads\/sites\/4\/2021\/10\/WhatsApp-Image-2021-10-14-at-10.55.27-2-768x756.jpeg 768w, https:\/\/saude.ufpr.br\/enfermagem\/wp-content\/uploads\/sites\/4\/2021\/10\/WhatsApp-Image-2021-10-14-at-10.55.27-2.jpeg 1080w\" sizes=\"(max-width: 300px) 100vw, 300px\" \/><\/a><\/p>\n<p><a href=\"https:\/\/saude.ufpr.br\/enfermagem\/wp-content\/uploads\/sites\/4\/2021\/10\/WhatsApp-Image-2021-10-14-at-10.55.27.jpeg\"><img loading=\"lazy\" decoding=\"async\" class=\"alignnone size-medium wp-image-4994\" src=\"https:\/\/saude.ufpr.br\/enfermagem\/wp-content\/uploads\/sites\/4\/2021\/10\/WhatsApp-Image-2021-10-14-at-10.55.27-300x300.jpeg\" alt=\"\" width=\"300\" height=\"300\" srcset=\"https:\/\/saude.ufpr.br\/enfermagem\/wp-content\/uploads\/sites\/4\/2021\/10\/WhatsApp-Image-2021-10-14-at-10.55.27-300x300.jpeg 300w, https:\/\/saude.ufpr.br\/enfermagem\/wp-content\/uploads\/sites\/4\/2021\/10\/WhatsApp-Image-2021-10-14-at-10.55.27-1024x1024.jpeg 1024w, https:\/\/saude.ufpr.br\/enfermagem\/wp-content\/uploads\/sites\/4\/2021\/10\/WhatsApp-Image-2021-10-14-at-10.55.27-150x150.jpeg 150w, https:\/\/saude.ufpr.br\/enfermagem\/wp-content\/uploads\/sites\/4\/2021\/10\/WhatsApp-Image-2021-10-14-at-10.55.27-768x768.jpeg 768w, https:\/\/saude.ufpr.br\/enfermagem\/wp-content\/uploads\/sites\/4\/2021\/10\/WhatsApp-Image-2021-10-14-at-10.55.27.jpeg 1076w\" sizes=\"(max-width: 300px) 100vw, 300px\" \/>\u00a0<\/a> <a href=\"https:\/\/saude.ufpr.br\/enfermagem\/wp-content\/uploads\/sites\/4\/2021\/10\/WhatsApp-Image-2021-10-14-at-10.55.27-4-1.jpeg\"><img loading=\"lazy\" decoding=\"async\" class=\"alignnone size-medium wp-image-4995\" src=\"https:\/\/saude.ufpr.br\/enfermagem\/wp-content\/uploads\/sites\/4\/2021\/10\/WhatsApp-Image-2021-10-14-at-10.55.27-4-1-300x296.jpeg\" alt=\"\" width=\"300\" height=\"296\" srcset=\"https:\/\/saude.ufpr.br\/enfermagem\/wp-content\/uploads\/sites\/4\/2021\/10\/WhatsApp-Image-2021-10-14-at-10.55.27-4-1-300x296.jpeg 300w, https:\/\/saude.ufpr.br\/enfermagem\/wp-content\/uploads\/sites\/4\/2021\/10\/WhatsApp-Image-2021-10-14-at-10.55.27-4-1-1024x1009.jpeg 1024w, https:\/\/saude.ufpr.br\/enfermagem\/wp-content\/uploads\/sites\/4\/2021\/10\/WhatsApp-Image-2021-10-14-at-10.55.27-4-1-768x757.jpeg 768w, https:\/\/saude.ufpr.br\/enfermagem\/wp-content\/uploads\/sites\/4\/2021\/10\/WhatsApp-Image-2021-10-14-at-10.55.27-4-1.jpeg 1080w\" sizes=\"(max-width: 300px) 100vw, 300px\" \/>\u00a0<\/a> <a href=\"https:\/\/saude.ufpr.br\/enfermagem\/wp-content\/uploads\/sites\/4\/2021\/10\/WhatsApp-Image-2021-10-14-at-10.55.27-3-1.jpeg\"><img loading=\"lazy\" decoding=\"async\" class=\"alignnone size-medium wp-image-4996\" src=\"https:\/\/saude.ufpr.br\/enfermagem\/wp-content\/uploads\/sites\/4\/2021\/10\/WhatsApp-Image-2021-10-14-at-10.55.27-3-1-300x298.jpeg\" alt=\"\" width=\"300\" height=\"298\" srcset=\"https:\/\/saude.ufpr.br\/enfermagem\/wp-content\/uploads\/sites\/4\/2021\/10\/WhatsApp-Image-2021-10-14-at-10.55.27-3-1-300x298.jpeg 300w, https:\/\/saude.ufpr.br\/enfermagem\/wp-content\/uploads\/sites\/4\/2021\/10\/WhatsApp-Image-2021-10-14-at-10.55.27-3-1-1024x1016.jpeg 1024w, https:\/\/saude.ufpr.br\/enfermagem\/wp-content\/uploads\/sites\/4\/2021\/10\/WhatsApp-Image-2021-10-14-at-10.55.27-3-1-150x150.jpeg 150w, https:\/\/saude.ufpr.br\/enfermagem\/wp-content\/uploads\/sites\/4\/2021\/10\/WhatsApp-Image-2021-10-14-at-10.55.27-3-1-768x762.jpeg 768w, https:\/\/saude.ufpr.br\/enfermagem\/wp-content\/uploads\/sites\/4\/2021\/10\/WhatsApp-Image-2021-10-14-at-10.55.27-3-1.jpeg 1080w\" sizes=\"(max-width: 300px) 100vw, 300px\" \/><\/a><\/p>\n<p>Nas pr\u00f3ximas semanas iremos trazer informa\u00e7\u00f5es e curiosidades sobre a literatura cient\u00edfica na tomada de decis\u00f5es dentro da sa\u00fade.<\/p>\n<ul>\n<li>Este tratamento \u00e9 melhor do que aquele?<\/li>\n<li>A evid\u00eancia \u00e9 suficiente para mudar o tratamento?<\/li>\n<li>Posso confiar nesse artigo?<\/li>\n<\/ul>\n<p>Esses e outros assuntos ser\u00e3o abordados no instragam do projeto!!! Siga-nos nas redes sociais!<\/p>\n<p>Quais passos devemos seguir para ter Medicina e Sa\u00fade Baseada em evid\u00eancias?<\/p>\n<p>Segue as dicas:<\/p>\n<p><a href=\"https:\/\/saude.ufpr.br\/enfermagem\/wp-content\/uploads\/sites\/4\/2021\/10\/WhatsApp-Image-2021-10-14-at-10.55.27-5.jpeg\"><img loading=\"lazy\" decoding=\"async\" class=\"alignnone size-medium wp-image-4997\" src=\"https:\/\/saude.ufpr.br\/enfermagem\/wp-content\/uploads\/sites\/4\/2021\/10\/WhatsApp-Image-2021-10-14-at-10.55.27-5-300x297.jpeg\" alt=\"\" width=\"300\" height=\"297\" srcset=\"https:\/\/saude.ufpr.br\/enfermagem\/wp-content\/uploads\/sites\/4\/2021\/10\/WhatsApp-Image-2021-10-14-at-10.55.27-5-300x297.jpeg 300w, https:\/\/saude.ufpr.br\/enfermagem\/wp-content\/uploads\/sites\/4\/2021\/10\/WhatsApp-Image-2021-10-14-at-10.55.27-5-1024x1013.jpeg 1024w, https:\/\/saude.ufpr.br\/enfermagem\/wp-content\/uploads\/sites\/4\/2021\/10\/WhatsApp-Image-2021-10-14-at-10.55.27-5-150x150.jpeg 150w, https:\/\/saude.ufpr.br\/enfermagem\/wp-content\/uploads\/sites\/4\/2021\/10\/WhatsApp-Image-2021-10-14-at-10.55.27-5-768x759.jpeg 768w, https:\/\/saude.ufpr.br\/enfermagem\/wp-content\/uploads\/sites\/4\/2021\/10\/WhatsApp-Image-2021-10-14-at-10.55.27-5.jpeg 1080w\" sizes=\"(max-width: 300px) 100vw, 300px\" \/><\/a> <a href=\"https:\/\/saude.ufpr.br\/enfermagem\/wp-content\/uploads\/sites\/4\/2021\/10\/WhatsApp-Image-2021-10-14-at-10.55.27-6.jpeg\">\u00a0<img loading=\"lazy\" decoding=\"async\" class=\"alignnone size-medium wp-image-4998\" src=\"https:\/\/saude.ufpr.br\/enfermagem\/wp-content\/uploads\/sites\/4\/2021\/10\/WhatsApp-Image-2021-10-14-at-10.55.27-6-300x298.jpeg\" alt=\"\" width=\"300\" height=\"298\" srcset=\"https:\/\/saude.ufpr.br\/enfermagem\/wp-content\/uploads\/sites\/4\/2021\/10\/WhatsApp-Image-2021-10-14-at-10.55.27-6-300x298.jpeg 300w, https:\/\/saude.ufpr.br\/enfermagem\/wp-content\/uploads\/sites\/4\/2021\/10\/WhatsApp-Image-2021-10-14-at-10.55.27-6-1024x1015.jpeg 1024w, https:\/\/saude.ufpr.br\/enfermagem\/wp-content\/uploads\/sites\/4\/2021\/10\/WhatsApp-Image-2021-10-14-at-10.55.27-6-150x150.jpeg 150w, https:\/\/saude.ufpr.br\/enfermagem\/wp-content\/uploads\/sites\/4\/2021\/10\/WhatsApp-Image-2021-10-14-at-10.55.27-6-768x762.jpeg 768w, https:\/\/saude.ufpr.br\/enfermagem\/wp-content\/uploads\/sites\/4\/2021\/10\/WhatsApp-Image-2021-10-14-at-10.55.27-6.jpeg 1080w\" sizes=\"(max-width: 300px) 100vw, 300px\" \/> <\/a><a href=\"https:\/\/saude.ufpr.br\/enfermagem\/wp-content\/uploads\/sites\/4\/2021\/10\/WhatsApp-Image-2021-10-14-at-10.55.28.jpeg\">\u00a0<img loading=\"lazy\" decoding=\"async\" class=\"alignnone size-medium wp-image-4999\" src=\"https:\/\/saude.ufpr.br\/enfermagem\/wp-content\/uploads\/sites\/4\/2021\/10\/WhatsApp-Image-2021-10-14-at-10.55.28-300x293.jpeg\" alt=\"\" width=\"300\" height=\"293\" srcset=\"https:\/\/saude.ufpr.br\/enfermagem\/wp-content\/uploads\/sites\/4\/2021\/10\/WhatsApp-Image-2021-10-14-at-10.55.28-300x293.jpeg 300w, https:\/\/saude.ufpr.br\/enfermagem\/wp-content\/uploads\/sites\/4\/2021\/10\/WhatsApp-Image-2021-10-14-at-10.55.28-1024x1001.jpeg 1024w, https:\/\/saude.ufpr.br\/enfermagem\/wp-content\/uploads\/sites\/4\/2021\/10\/WhatsApp-Image-2021-10-14-at-10.55.28-768x751.jpeg 768w, https:\/\/saude.ufpr.br\/enfermagem\/wp-content\/uploads\/sites\/4\/2021\/10\/WhatsApp-Image-2021-10-14-at-10.55.28.jpeg 1080w\" sizes=\"(max-width: 300px) 100vw, 300px\" \/><\/a><\/p>\n<p><a href=\"https:\/\/saude.ufpr.br\/enfermagem\/wp-content\/uploads\/sites\/4\/2021\/10\/WhatsApp-Image-2021-10-14-at-11.16.47.jpeg\"><img loading=\"lazy\" decoding=\"async\" class=\"alignnone size-medium wp-image-5000\" src=\"https:\/\/saude.ufpr.br\/enfermagem\/wp-content\/uploads\/sites\/4\/2021\/10\/WhatsApp-Image-2021-10-14-at-11.16.47-300x300.jpeg\" alt=\"\" width=\"300\" height=\"300\" srcset=\"https:\/\/saude.ufpr.br\/enfermagem\/wp-content\/uploads\/sites\/4\/2021\/10\/WhatsApp-Image-2021-10-14-at-11.16.47-300x300.jpeg 300w, https:\/\/saude.ufpr.br\/enfermagem\/wp-content\/uploads\/sites\/4\/2021\/10\/WhatsApp-Image-2021-10-14-at-11.16.47-1024x1024.jpeg 1024w, https:\/\/saude.ufpr.br\/enfermagem\/wp-content\/uploads\/sites\/4\/2021\/10\/WhatsApp-Image-2021-10-14-at-11.16.47-150x150.jpeg 150w, https:\/\/saude.ufpr.br\/enfermagem\/wp-content\/uploads\/sites\/4\/2021\/10\/WhatsApp-Image-2021-10-14-at-11.16.47-768x768.jpeg 768w, https:\/\/saude.ufpr.br\/enfermagem\/wp-content\/uploads\/sites\/4\/2021\/10\/WhatsApp-Image-2021-10-14-at-11.16.47.jpeg 1077w\" sizes=\"(max-width: 300px) 100vw, 300px\" \/><\/a><a href=\"https:\/\/saude.ufpr.br\/enfermagem\/wp-content\/uploads\/sites\/4\/2021\/10\/WhatsApp-Image-2021-10-14-at-10.55.27-7.jpeg\"> \u00a0<img loading=\"lazy\" decoding=\"async\" class=\"alignnone size-medium wp-image-5001\" src=\"https:\/\/saude.ufpr.br\/enfermagem\/wp-content\/uploads\/sites\/4\/2021\/10\/WhatsApp-Image-2021-10-14-at-10.55.27-7-300x295.jpeg\" alt=\"\" width=\"300\" height=\"295\" srcset=\"https:\/\/saude.ufpr.br\/enfermagem\/wp-content\/uploads\/sites\/4\/2021\/10\/WhatsApp-Image-2021-10-14-at-10.55.27-7-300x295.jpeg 300w, https:\/\/saude.ufpr.br\/enfermagem\/wp-content\/uploads\/sites\/4\/2021\/10\/WhatsApp-Image-2021-10-14-at-10.55.27-7-1024x1008.jpeg 1024w, https:\/\/saude.ufpr.br\/enfermagem\/wp-content\/uploads\/sites\/4\/2021\/10\/WhatsApp-Image-2021-10-14-at-10.55.27-7-768x756.jpeg 768w, https:\/\/saude.ufpr.br\/enfermagem\/wp-content\/uploads\/sites\/4\/2021\/10\/WhatsApp-Image-2021-10-14-at-10.55.27-7.jpeg 1080w\" sizes=\"(max-width: 300px) 100vw, 300px\" \/><\/a> <a href=\"https:\/\/saude.ufpr.br\/enfermagem\/wp-content\/uploads\/sites\/4\/2021\/10\/WhatsApp-Image-2021-10-14-at-10.55.28-1.jpeg\">\u00a0<img loading=\"lazy\" decoding=\"async\" class=\"alignnone size-medium wp-image-5002\" src=\"https:\/\/saude.ufpr.br\/enfermagem\/wp-content\/uploads\/sites\/4\/2021\/10\/WhatsApp-Image-2021-10-14-at-10.55.28-1-300x296.jpeg\" alt=\"\" width=\"300\" height=\"296\" srcset=\"https:\/\/saude.ufpr.br\/enfermagem\/wp-content\/uploads\/sites\/4\/2021\/10\/WhatsApp-Image-2021-10-14-at-10.55.28-1-300x296.jpeg 300w, https:\/\/saude.ufpr.br\/enfermagem\/wp-content\/uploads\/sites\/4\/2021\/10\/WhatsApp-Image-2021-10-14-at-10.55.28-1-1024x1011.jpeg 1024w, https:\/\/saude.ufpr.br\/enfermagem\/wp-content\/uploads\/sites\/4\/2021\/10\/WhatsApp-Image-2021-10-14-at-10.55.28-1-768x758.jpeg 768w, https:\/\/saude.ufpr.br\/enfermagem\/wp-content\/uploads\/sites\/4\/2021\/10\/WhatsApp-Image-2021-10-14-at-10.55.28-1.jpeg 1080w\" sizes=\"(max-width: 300px) 100vw, 300px\" \/>\u00a0<\/a><\/p>\n<hr \/>\n<p>&nbsp;<\/p>\n<p>&nbsp;<\/p>\n","protected":false},"excerpt":{"rendered":"<p>Em constru\u00e7\u00e3o &nbsp; &nbsp; Telessa\u00fade Cr\u00e9ditos: Isabella Fusculim, acad\u00eamica de enfermagem e bolsista de extens\u00e3o Cuidado Baseado em For\u00e7as Cr\u00e9ditos: Isabella Fusculim, acad\u00eamica de enfermagem e bolsista de extens\u00e3o Cuidados aos Idosos em tempos de Isolamento Social . \u00a0 \u00a0 \u00a0 \u00a0 \u00a0 \u00a0 \u00a0 \u00a0 \u00a0 \u00a0 Domingo\u00a0 (26-07) foi dia dos av\u00f3s, voc\u00ea<br \/> <a href=\"https:\/\/saude.ufpr.br\/enfermagem\/saude-nas-midias-producao-de-conteudo\/\" class=\"button success small readmore\">Leia mais<\/a><\/p>\n","protected":false},"author":6,"featured_media":0,"parent":0,"menu_order":0,"comment_status":"closed","ping_status":"closed","template":"","meta":{"_acf_changed":false,"_uag_custom_page_level_css":"","footnotes":""},"class_list":["post-5109","page","type-page","status-publish","hentry"],"acf":[],"featured_image_src":null,"uagb_featured_image_src":{"full":false,"thumbnail":false,"medium":false,"medium_large":false,"large":false,"1536x1536":false,"2048x2048":false,"noticias-thumb":false,"banners-thumb":false,"maisnoticias-thumb":false,"post-thumbnail":false},"uagb_author_info":{"display_name":"Josi Dourado","author_link":"https:\/\/saude.ufpr.br\/enfermagem\/author\/josidourados\/"},"uagb_comment_info":0,"uagb_excerpt":"Em constru\u00e7\u00e3o &nbsp; &nbsp; Telessa\u00fade Cr\u00e9ditos: Isabella Fusculim, acad\u00eamica de enfermagem e bolsista de extens\u00e3o Cuidado Baseado em For\u00e7as Cr\u00e9ditos: Isabella Fusculim, acad\u00eamica de enfermagem e bolsista de extens\u00e3o Cuidados aos Idosos em tempos de Isolamento Social . \u00a0 \u00a0 \u00a0 \u00a0 \u00a0 \u00a0 \u00a0 \u00a0 \u00a0 \u00a0 Domingo\u00a0 (26-07) foi dia dos av\u00f3s, voc\u00ea&hellip;","publishpress_future_action":{"enabled":false,"date":"2026-05-02 05:05:46","action":"change-status","newStatus":"draft","terms":[],"taxonomy":"","extraData":[]},"publishpress_future_workflow_manual_trigger":{"enabledWorkflows":[]},"_links":{"self":[{"href":"https:\/\/saude.ufpr.br\/enfermagem\/wp-json\/wp\/v2\/pages\/5109","targetHints":{"allow":["GET"]}}],"collection":[{"href":"https:\/\/saude.ufpr.br\/enfermagem\/wp-json\/wp\/v2\/pages"}],"about":[{"href":"https:\/\/saude.ufpr.br\/enfermagem\/wp-json\/wp\/v2\/types\/page"}],"author":[{"embeddable":true,"href":"https:\/\/saude.ufpr.br\/enfermagem\/wp-json\/wp\/v2\/users\/6"}],"replies":[{"embeddable":true,"href":"https:\/\/saude.ufpr.br\/enfermagem\/wp-json\/wp\/v2\/comments?post=5109"}],"version-history":[{"count":23,"href":"https:\/\/saude.ufpr.br\/enfermagem\/wp-json\/wp\/v2\/pages\/5109\/revisions"}],"predecessor-version":[{"id":7440,"href":"https:\/\/saude.ufpr.br\/enfermagem\/wp-json\/wp\/v2\/pages\/5109\/revisions\/7440"}],"wp:attachment":[{"href":"https:\/\/saude.ufpr.br\/enfermagem\/wp-json\/wp\/v2\/media?parent=5109"}],"curies":[{"name":"wp","href":"https:\/\/api.w.org\/{rel}","templated":true}]}}