{"id":4,"date":"2016-08-22T19:22:56","date_gmt":"2016-08-22T19:22:56","guid":{"rendered":"https:\/\/saude.ufpr.br\/ensinomedico\/?page_id=4"},"modified":"2019-01-29T13:50:29","modified_gmt":"2019-01-29T13:50:29","slug":"sobre-o-curso","status":"publish","type":"page","link":"https:\/\/saude.ufpr.br\/ensinomedico\/sobre-o-curso\/","title":{"rendered":"Sobre o Curso"},"content":{"rendered":"<p>Este curso tem como objetivo ampliar conhecimentos e aperfei\u00e7oamento dos docentes com rela\u00e7\u00e3o \u00e0 pr\u00e1tica de ensino, atrav\u00e9s de novas t\u00e9cnicas, estrat\u00e9gias de ensino, disponibiliza\u00e7\u00e3o de ferramentas para uma pr\u00e1tica docente eficaz e avan\u00e7o na pesquisa na \u00e1rea da transmiss\u00e3o do conhecimento.<\/p>\n<p><strong>P\u00daBLICO ALVO:\u00a0<\/strong>Professores da \u00e1rea da Sa\u00fade da UFPR, T\u00e9cnicos em educa\u00e7\u00e3o da \u00e1rea da Sa\u00fade da UFPR, T\u00e9cnicos Administrativos da \u00e1rea da Sa\u00fade da UFPR, Professores de Curso de Medicina Externo a UFPR e Alunos de P\u00f3s-Gradua\u00e7\u00e3o da \u00e1rea da Sa\u00fade da UFPR.<\/p>\n<p><strong>CARGA HOR\u00c1RIA TOTAL: <\/strong>400 horas<\/p>\n<p><strong>TURNO:<\/strong> Aulas noturnas<\/p>\n<p><strong>DIAS:<\/strong> Segundas e Ter\u00e7as-feiras<\/p>\n<p><strong>LOCAL:<\/strong> Setor de Ci\u00eancias da Sa\u00fade, na Rua Padre Camargo n\u00ba 280, Alto da Gl\u00f3ria.<\/p>\n<p><strong>COORDENADORA:<\/strong>\u00a0Prof.\u00aa Dr.\u00aa Claudete Reggiani<\/p>\n<p><strong>VICE-COORDENADOR: <\/strong>Prof. Dr. Jos\u00e9 Luiz de Godoy<\/p>\n<p><strong>DEFESA DAS MONOGRAFIAS:<\/strong> Maio de 2018<\/p>\n<p><a href=\"https:\/\/saude.ufpr.br\/ensinomedico\/wp-content\/uploads\/sites\/26\/2016\/08\/Projeto-Pedag\u00f3gico-Especializa\u00e7\u00e3o-em-Ensino-M\u00e9dico-2016.pdf\">Projeto Pol\u00edtico Pedag\u00f3gico do Curso<\/a><\/p>\n","protected":false},"excerpt":{"rendered":"<p>Este curso tem como objetivo ampliar conhecimentos e aperfei\u00e7oamento dos docentes com rela\u00e7\u00e3o \u00e0 pr\u00e1tica de ensino, atrav\u00e9s de novas t\u00e9cnicas, estrat\u00e9gias de ensino, disponibiliza\u00e7\u00e3o de ferramentas para uma pr\u00e1tica docente eficaz e avan\u00e7o na pesquisa na \u00e1rea da transmiss\u00e3o [&hellip;]<\/p>\n","protected":false},"author":15,"featured_media":0,"parent":0,"menu_order":0,"comment_status":"closed","ping_status":"closed","template":"","meta":{"_acf_changed":false,"_uag_custom_page_level_css":"","footnotes":""},"class_list":["post-4","page","type-page","status-publish","hentry"],"acf":[],"featured_image_src":null,"uagb_featured_image_src":{"full":false,"thumbnail":false,"medium":false,"medium_large":false,"large":false,"1536x1536":false,"2048x2048":false},"uagb_author_info":{"display_name":"Andrea Jankoski","author_link":"https:\/\/saude.ufpr.br\/ensinomedico\/author\/andrea\/"},"uagb_comment_info":0,"uagb_excerpt":"Este curso tem como objetivo ampliar conhecimentos e aperfei\u00e7oamento dos docentes com rela\u00e7\u00e3o \u00e0 pr\u00e1tica de ensino, atrav\u00e9s de novas t\u00e9cnicas, estrat\u00e9gias de ensino, disponibiliza\u00e7\u00e3o de ferramentas para uma pr\u00e1tica docente eficaz e avan\u00e7o na pesquisa na \u00e1rea da transmiss\u00e3o [&hellip;]","publishpress_future_action":{"enabled":false,"date":"2026-05-07 06:56:38","action":"change-status","newStatus":"draft","terms":[],"taxonomy":"","extraData":[]},"publishpress_future_workflow_manual_trigger":{"enabledWorkflows":[]},"_links":{"self":[{"href":"https:\/\/saude.ufpr.br\/ensinomedico\/wp-json\/wp\/v2\/pages\/4","targetHints":{"allow":["GET"]}}],"collection":[{"href":"https:\/\/saude.ufpr.br\/ensinomedico\/wp-json\/wp\/v2\/pages"}],"about":[{"href":"https:\/\/saude.ufpr.br\/ensinomedico\/wp-json\/wp\/v2\/types\/page"}],"author":[{"embeddable":true,"href":"https:\/\/saude.ufpr.br\/ensinomedico\/wp-json\/wp\/v2\/users\/15"}],"replies":[{"embeddable":true,"href":"https:\/\/saude.ufpr.br\/ensinomedico\/wp-json\/wp\/v2\/comments?post=4"}],"version-history":[{"count":11,"href":"https:\/\/saude.ufpr.br\/ensinomedico\/wp-json\/wp\/v2\/pages\/4\/revisions"}],"predecessor-version":[{"id":189,"href":"https:\/\/saude.ufpr.br\/ensinomedico\/wp-json\/wp\/v2\/pages\/4\/revisions\/189"}],"wp:attachment":[{"href":"https:\/\/saude.ufpr.br\/ensinomedico\/wp-json\/wp\/v2\/media?parent=4"}],"curies":[{"name":"wp","href":"https:\/\/api.w.org\/{rel}","templated":true}]}}