{"id":8,"date":"2016-08-22T19:23:16","date_gmt":"2016-08-22T19:23:16","guid":{"rendered":"https:\/\/saude.ufpr.br\/ensinomedico\/?page_id=8"},"modified":"2017-10-19T12:28:28","modified_gmt":"2017-10-19T12:28:28","slug":"calendario","status":"publish","type":"page","link":"https:\/\/saude.ufpr.br\/ensinomedico\/calendario\/","title":{"rendered":"Calend\u00e1rio"},"content":{"rendered":"<p>O\u00a0Calend\u00e1rio das aulas pode sofrer altera\u00e7\u00f5es no decorrer do curso.<\/p>\n<p>Para aprova\u00e7\u00e3o, o aluno deve ter, no m\u00ednimo, 75% de frequ\u00eancia em cada m\u00f3dulo.<\/p>\n<table width=\"0\">\n<tbody>\n<tr>\n<td width=\"120\"><strong>Data<\/strong><\/td>\n<td width=\"426\"><strong>Disciplina<\/strong><\/td>\n<td width=\"220\"><strong>Professor<\/strong><\/td>\n<\/tr>\n<tr>\n<td width=\"120\">07\/08<\/td>\n<td width=\"426\">Pr\u00e1tica de Ensino<\/td>\n<td width=\"220\">Claudete<\/td>\n<\/tr>\n<tr>\n<td width=\"120\">08\/08<\/td>\n<td width=\"426\">Pr\u00e1tica de Ensino<\/td>\n<td width=\"220\">Claudete<\/td>\n<\/tr>\n<tr>\n<td width=\"120\">14\/08<\/td>\n<td width=\"426\">Uso dos Recursos Tecnol\u00f3gicos na Educa\u00e7\u00e3o<\/td>\n<td width=\"220\">Sandramara<\/td>\n<\/tr>\n<tr>\n<td width=\"120\">15\/08<\/td>\n<td width=\"426\">Uso dos Recursos Tecnol\u00f3gicos na Educa\u00e7\u00e3o<\/td>\n<td width=\"220\">Sandramara<\/td>\n<\/tr>\n<tr>\n<td width=\"120\">21\/08<\/td>\n<td width=\"426\">Uso dos Recursos Tecnol\u00f3gicos na Educa\u00e7\u00e3o<\/td>\n<td width=\"220\">Sandramara<\/td>\n<\/tr>\n<tr>\n<td width=\"120\">22\/08<\/td>\n<td width=\"426\">Uso dos Recursos Tecnol\u00f3gicos na Educa\u00e7\u00e3o<\/td>\n<td width=\"220\">Sandramara<\/td>\n<\/tr>\n<tr>\n<td width=\"120\">28\/08<\/td>\n<td width=\"426\">Uso dos Recursos Tecnol\u00f3gicos na Educa\u00e7\u00e3o<\/td>\n<td width=\"220\">Sandramara<\/td>\n<\/tr>\n<tr>\n<td width=\"120\">29\/08<\/td>\n<td width=\"426\">Uso dos Recursos Tecnol\u00f3gicos na Educa\u00e7\u00e3o<\/td>\n<td width=\"220\">Sandramara<\/td>\n<\/tr>\n<tr>\n<td width=\"120\">05\/09<\/td>\n<td width=\"426\">Metodologia e Did\u00e1tica do Ensino Superior<\/td>\n<td width=\"220\">Maria Val\u00e9ria<\/td>\n<\/tr>\n<tr>\n<td width=\"120\">12\/09<\/td>\n<td width=\"426\">Metodologia e Did\u00e1tica do Ensino Superior<\/td>\n<td width=\"220\">Maria Val\u00e9ria<\/td>\n<\/tr>\n<tr>\n<td width=\"120\">19\/09<\/td>\n<td width=\"426\">Metodologia e Did\u00e1tica do Ensino Superior<\/td>\n<td width=\"220\">Maria Val\u00e9ria<\/td>\n<\/tr>\n<tr>\n<td width=\"120\">03\/10<\/td>\n<td width=\"426\">Metodologia e Did\u00e1tica do Ensino Superior<\/td>\n<td width=\"220\">Maria Val\u00e9ria<\/td>\n<\/tr>\n<tr>\n<td width=\"120\">09\/10<\/td>\n<td width=\"426\">Pr\u00e1tica de Ensino<\/td>\n<td width=\"220\">Lenira<\/td>\n<\/tr>\n<tr>\n<td width=\"120\">10\/10<\/td>\n<td width=\"426\">Metodologia e Did\u00e1tica do Ensino Superior<\/td>\n<td width=\"220\">Maria Val\u00e9ria<\/td>\n<\/tr>\n<tr>\n<td width=\"120\">16\/10<\/td>\n<td width=\"426\">Pr\u00e1tica de Ensino<\/td>\n<td width=\"220\">Lenira<\/td>\n<\/tr>\n<tr>\n<td width=\"120\">17\/10<\/td>\n<td width=\"426\">Ensino a Dist\u00e2ncia na \u00e1rea da Sa\u00fade<\/td>\n<td width=\"220\">Silvana<\/td>\n<\/tr>\n<tr>\n<td width=\"120\">23\/10<\/td>\n<td width=\"426\">Pr\u00e1tica de Ensino<\/td>\n<td width=\"220\">Dina<\/td>\n<\/tr>\n<tr>\n<td width=\"120\">24\/10<\/td>\n<td width=\"426\">Ensino a Dist\u00e2ncia na \u00e1rea da Sa\u00fade<\/td>\n<td width=\"220\">Silvana<\/td>\n<\/tr>\n<tr>\n<td width=\"120\">13\/11<\/td>\n<td width=\"426\">Pr\u00e1tica de Ensino<\/td>\n<td width=\"220\">Dina<\/td>\n<\/tr>\n<tr>\n<td width=\"120\">14\/11<\/td>\n<td width=\"426\">Ensino a Dist\u00e2ncia na \u00e1rea da Sa\u00fade<\/td>\n<td width=\"220\">Silvana<\/td>\n<\/tr>\n<tr>\n<td width=\"120\">04\/12<\/td>\n<td width=\"426\">Reda\u00e7\u00e3o M\u00e9dica<\/td>\n<td width=\"220\">Godoy<\/td>\n<\/tr>\n<tr>\n<td width=\"120\">05\/12<\/td>\n<td width=\"426\">Reda\u00e7\u00e3o M\u00e9dica<\/td>\n<td width=\"220\">Godoy<\/td>\n<\/tr>\n<tr>\n<td width=\"120\">11\/12<\/td>\n<td width=\"426\">Reda\u00e7\u00e3o M\u00e9dica<\/td>\n<td width=\"220\">Godoy<\/td>\n<\/tr>\n<tr>\n<td width=\"120\">12\/12<\/td>\n<td width=\"426\">Reda\u00e7\u00e3o M\u00e9dica<\/td>\n<td width=\"220\">Godoy<\/td>\n<\/tr>\n<\/tbody>\n<\/table>\n","protected":false},"excerpt":{"rendered":"<p>O\u00a0Calend\u00e1rio das aulas pode sofrer altera\u00e7\u00f5es no decorrer do curso. Para aprova\u00e7\u00e3o, o aluno deve ter, no m\u00ednimo, 75% de frequ\u00eancia em cada m\u00f3dulo. Data Disciplina Professor 07\/08 Pr\u00e1tica de Ensino Claudete 08\/08 Pr\u00e1tica de Ensino Claudete 14\/08 Uso dos [&hellip;]<\/p>\n","protected":false},"author":15,"featured_media":0,"parent":0,"menu_order":0,"comment_status":"closed","ping_status":"closed","template":"","meta":{"_acf_changed":false,"_uag_custom_page_level_css":"","footnotes":""},"class_list":["post-8","page","type-page","status-publish","hentry"],"acf":[],"featured_image_src":null,"uagb_featured_image_src":{"full":false,"thumbnail":false,"medium":false,"medium_large":false,"large":false,"1536x1536":false,"2048x2048":false},"uagb_author_info":{"display_name":"Andrea Jankoski","author_link":"https:\/\/saude.ufpr.br\/ensinomedico\/author\/andrea\/"},"uagb_comment_info":0,"uagb_excerpt":"O\u00a0Calend\u00e1rio das aulas pode sofrer altera\u00e7\u00f5es no decorrer do curso. Para aprova\u00e7\u00e3o, o aluno deve ter, no m\u00ednimo, 75% de frequ\u00eancia em cada m\u00f3dulo. Data Disciplina Professor 07\/08 Pr\u00e1tica de Ensino Claudete 08\/08 Pr\u00e1tica de Ensino Claudete 14\/08 Uso dos [&hellip;]","publishpress_future_action":{"enabled":false,"date":"2026-05-09 08:00:39","action":"change-status","newStatus":"draft","terms":[],"taxonomy":"","extraData":[]},"publishpress_future_workflow_manual_trigger":{"enabledWorkflows":[]},"_links":{"self":[{"href":"https:\/\/saude.ufpr.br\/ensinomedico\/wp-json\/wp\/v2\/pages\/8","targetHints":{"allow":["GET"]}}],"collection":[{"href":"https:\/\/saude.ufpr.br\/ensinomedico\/wp-json\/wp\/v2\/pages"}],"about":[{"href":"https:\/\/saude.ufpr.br\/ensinomedico\/wp-json\/wp\/v2\/types\/page"}],"author":[{"embeddable":true,"href":"https:\/\/saude.ufpr.br\/ensinomedico\/wp-json\/wp\/v2\/users\/15"}],"replies":[{"embeddable":true,"href":"https:\/\/saude.ufpr.br\/ensinomedico\/wp-json\/wp\/v2\/comments?post=8"}],"version-history":[{"count":16,"href":"https:\/\/saude.ufpr.br\/ensinomedico\/wp-json\/wp\/v2\/pages\/8\/revisions"}],"predecessor-version":[{"id":173,"href":"https:\/\/saude.ufpr.br\/ensinomedico\/wp-json\/wp\/v2\/pages\/8\/revisions\/173"}],"wp:attachment":[{"href":"https:\/\/saude.ufpr.br\/ensinomedico\/wp-json\/wp\/v2\/media?parent=8"}],"curies":[{"name":"wp","href":"https:\/\/api.w.org\/{rel}","templated":true}]}}