{"id":2916,"date":"2024-08-09T10:38:21","date_gmt":"2024-08-09T13:38:21","guid":{"rendered":"https:\/\/saude.ufpr.br\/epmufpr\/?page_id=2916"},"modified":"2024-10-24T10:11:46","modified_gmt":"2024-10-24T13:11:46","slug":"2025-2026","status":"publish","type":"page","link":"https:\/\/saude.ufpr.br\/epmufpr\/2025-2026\/","title":{"rendered":"2025-2026"},"content":{"rendered":"<h4 style=\"text-align: center;\"><span style=\"color: #000080;\"><strong>Aulas presenciais <\/strong>na sexta da 19h \u00e1s 22h e s\u00e1bado das 08h \u00e0s 18h, na rua Padre Camargo, 280 \u2013 Alto da Gl\u00f3ria \u2013 Curitiba\/PR.<\/span><\/h4>\n<h5><\/h5>\n<h4><span style=\"color: #ff6600;\"><strong>M\u00d3DULO I<\/strong><\/span><\/h4>\n<p><span style=\"color: #000080;\"><strong>14\/03\/2025 das 19h \u00e0s 22h <\/strong><\/span><\/p>\n<ul>\n<li><strong>Abertura do Curso<\/strong><\/li>\n<\/ul>\n<p style=\"padding-left: 40px;\">Prof. Edevar Daniel<\/p>\n<ul>\n<li><strong>Palestra Campo de Atua\u00e7\u00e3o M\u00e9dico Pericial<\/strong><\/li>\n<\/ul>\n<p style=\"padding-left: 40px;\">Prof. Geraldo Celso Rocha<\/p>\n<p><strong><span style=\"color: #000080;\">15\/03\/2025 das 08h \u00e0s 12h<\/span><\/strong><\/p>\n<ul>\n<li><strong>Ambienta\u00e7\u00e3o &#8211; UFPR Virtual \u2013 Atividade Pr\u00e1tica no Moodle.<\/strong><\/li>\n<\/ul>\n<p style=\"padding-left: 40px;\">Profa. Nath\u00e1lia Savione Machado<\/p>\n<p><strong><span style=\"color: #000080;\">15\/03\/2025 das 14h \u00e0s 18h<\/span><\/strong><\/p>\n<ul>\n<li><strong>Exerc\u00edcio Profissional da Especialidade, Prova Pericial e Honor\u00e1rios M\u00e9dicos.<\/strong><\/li>\n<\/ul>\n<p style=\"padding-left: 40px;\">Prof. Geraldo Celso Rocha<\/p>\n<p>&nbsp;<\/p>\n<h4><strong><span style=\"color: #ff6600;\">M\u00d3DULO II<\/span><\/strong><\/h4>\n<p><strong><span style=\"color: #000080;\">11\/04\/2025 das 19h \u00e0s 22h<\/span><\/strong><\/p>\n<ul>\n<li><strong>Per\u00edcia M\u00e9dica &#8211; Legisla\u00e7\u00e3o e Fundamentos<\/strong><\/li>\n<\/ul>\n<p style=\"padding-left: 40px;\">Prof. Geraldo Celso Rocha<\/p>\n<p><strong><span style=\"color: #000080;\">12\/04\/2025 das 08h \u00e0s 18h <\/span><\/strong><\/p>\n<ul>\n<li><strong>Per\u00edcia M\u00e9dica Trabalhista <\/strong><\/li>\n<\/ul>\n<p style=\"padding-left: 40px;\">Prof. Geraldo Celso Rocha<\/p>\n<p>&nbsp;<\/p>\n<h4><strong><span style=\"color: #ff6600;\">M\u00d3DULO III<\/span><\/strong><\/h4>\n<p><strong><span style=\"color: #000080;\">09\/05\/2025 das 19h \u00e0s 22h<\/span><\/strong><\/p>\n<ul>\n<li><strong>Legisla\u00e7\u00e3o e Considera\u00e7\u00f5es \u00c9ticas em Pericias M\u00e9dicas, Erro M\u00e9dico<\/strong><\/li>\n<\/ul>\n<p style=\"padding-left: 40px;\">Prof. Mario Martins<\/p>\n<p><strong><span style=\"color: #000080;\">10\/05\/2025 das 08h \u00e0s 18h<\/span><\/strong><\/p>\n<ul>\n<li><strong>Responsabilidade Civil, Penal e Administrativa do M\u00e9dico Perito<\/strong><\/li>\n<\/ul>\n<p style=\"padding-left: 40px;\">Prof. Jorge Rufino Ribas Timi<\/p>\n<p>&nbsp;<\/p>\n<h4><strong><span style=\"color: #ff6600;\">M\u00d3DULO IV<\/span><\/strong><\/h4>\n<p><strong><span style=\"color: #000080;\">13\/06\/2025 das 19h \u00e0s 22h<\/span><\/strong><\/p>\n<ul>\n<li><strong>Per\u00edcia Judicial &#8211; Interface da Justi\u00e7a com a Per\u00edcia M\u00e9dica<\/strong><\/li>\n<\/ul>\n<p style=\"padding-left: 40px;\">Prof. Luiz Henrique Miranda<\/p>\n<p><strong><span style=\"color: #000080;\">14\/06\/2025 das 08h \u00e0s 18h <\/span><\/strong><\/p>\n<ul>\n<li><strong>Per\u00edcia M\u00e9dica Judicial<\/strong><\/li>\n<\/ul>\n<p style=\"padding-left: 40px;\">Prof. Geraldo Celso Rocha<\/p>\n<p>&nbsp;<\/p>\n<h4><span style=\"color: #ff6600;\"><strong>M\u00d3DULO V<\/strong><\/span><\/h4>\n<p><span style=\"color: #000080;\"><strong>04\/07\/2025 das 19h \u00e0s 22h <\/strong><\/span><\/p>\n<ul>\n<li><strong>Per\u00edcia M\u00e9dica Administrativa <\/strong><\/li>\n<\/ul>\n<p style=\"padding-left: 40px;\">Prof. Rafael Garcia de Paula<\/p>\n<p><span style=\"color: #000080;\"><strong>05\/07\/2025 das 08h \u00e0s 18h <\/strong><\/span><\/p>\n<ul>\n<li><strong>Per\u00edcia M\u00e9dica Previdenci\u00e1ria <\/strong><\/li>\n<\/ul>\n<p style=\"padding-left: 40px;\">Prof. Cl\u00e1udio Jos\u00e9 Trezub<\/p>\n<p>&nbsp;<\/p>\n<h4><strong><span style=\"color: #ff6600;\">M\u00d3DULO VI<\/span><\/strong><\/h4>\n<p><strong><span style=\"color: #000080;\">08\/08\/2025 das 19h \u00e0s 22h<\/span><\/strong><\/p>\n<ul>\n<li><strong>Medicina do Tr\u00e1fego para a Per\u00edcia M\u00e9dica<\/strong><\/li>\n<\/ul>\n<p style=\"padding-left: 40px;\">Profa. Fl\u00e1via Regina Guimar\u00e3es Carneiro Almeida<\/p>\n<p><span style=\"color: #000080;\"><strong>09\/08\/2025 das 08h \u00e0s 18h <\/strong><\/span><\/p>\n<ul>\n<li><strong>Per\u00edcia M\u00e9dica Securit\u00e1ria <\/strong><\/li>\n<\/ul>\n<p style=\"padding-left: 40px;\">Prof. Geraldo Celso Rocha<\/p>\n<p>&nbsp;<\/p>\n<h4><span style=\"color: #ff6600;\"><strong>M\u00d3DULO VII<\/strong><\/span><\/h4>\n<p><strong><span style=\"color: #000080;\">12\/09\/2025 das 19h \u00e0s 22h<\/span><\/strong><\/p>\n<ul>\n<li><strong>Metodologia da Pesquisa e da Produ\u00e7\u00e3o Cient\u00edfica<\/strong><\/li>\n<\/ul>\n<p style=\"padding-left: 40px;\">Profa. Solena Ziemer Kusma Fidalski<\/p>\n<p><strong><span style=\"color: #000080;\">13\/09\/2025 das 08h \u00e0s 18h<\/span><\/strong><\/p>\n<ul>\n<li><strong>Metodologia da Pesquisa e da Produ\u00e7\u00e3o Cient\u00edfica<\/strong><\/li>\n<\/ul>\n<p style=\"padding-left: 40px;\">Profa. Solena Ziemer Kusma Fidalski<\/p>\n<p>&nbsp;<\/p>\n<p><span style=\"color: #ff6600;\"><strong>M\u00d3DULO VIII<\/strong><\/span><\/p>\n<p><span style=\"color: #000080;\"><strong>10\/10\/2025 das 19h \u00e0s 22h <\/strong><\/span><\/p>\n<ul>\n<li><span style=\"color: #333333;\"><strong>Per\u00edcia M\u00e9dico Legal<\/strong><\/span><\/li>\n<\/ul>\n<p style=\"padding-left: 40px;\">Prof. Carlos Alberto Peixoto Baptista<\/p>\n<p><strong><span style=\"color: #000080;\">11\/10\/2025 das 08h \u00e0s 18h <\/span><\/strong><\/p>\n<ul>\n<li><strong>Per\u00edcia M\u00e9dico Legal<\/strong><\/li>\n<\/ul>\n<p style=\"padding-left: 40px;\">Prof. Carlos Alberto Peixoto Baptista<\/p>\n<p>&nbsp;<\/p>\n<h4><strong><span style=\"color: #ff6600;\">M\u00d3DULO IX<\/span><\/strong><\/h4>\n<p><strong><span style=\"color: #000080;\">07\/11\/2025 das 19h \u00e0s 22h<\/span><\/strong><\/p>\n<ul>\n<li><strong>Assist\u00eancia T\u00e9cnica: Atribui\u00e7\u00f5es, Fundamento Jur\u00eddico, Formula\u00e7\u00e3o dos Quesitos<\/strong><\/li>\n<\/ul>\n<p style=\"padding-left: 40px;\">Prof. Diogo Rafael Polanski<\/p>\n<p><strong><span style=\"color: #000080;\">08\/11\/2025 das 08h \u00e0s 18h<\/span><\/strong><\/p>\n<ul>\n<li><strong>Assist\u00eancia T\u00e9cnica: Atribui\u00e7\u00f5es, Fundamento Jur\u00eddico, Formula\u00e7\u00e3o dos Quesitos<\/strong><\/li>\n<\/ul>\n<p style=\"padding-left: 40px;\">Prof. Diogo Rafael Polanski<\/p>\n<p>&nbsp;<\/p>\n<h4><strong><span style=\"color: #ff6600;\">M\u00d3DULO X<\/span><\/strong><\/h4>\n<p><strong><span style=\"color: #000080;\">05\/12\/2025 das 19h \u00e0s 22h<\/span><\/strong><\/p>\n<ul>\n<li><strong>Atividade Pr\u00e1tica: Elabora\u00e7\u00e3o de Laudos Periciais, Formula\u00e7\u00e3o dos Quesitos, Manifesta\u00e7\u00e3o Pericial<\/strong><\/li>\n<\/ul>\n<p style=\"padding-left: 40px;\">Prof. Cl\u00e1udio Jos\u00e9 Trezub<\/p>\n<p><strong><span style=\"color: #000080;\">06\/12\/2025 das 08h \u00e0s 18h<\/span><\/strong><\/p>\n<ul>\n<li><strong>Atividade Pr\u00e1tica: Elabora\u00e7\u00e3o de Laudos Periciais, Formula\u00e7\u00e3o dos Quesitos, Manifesta\u00e7\u00e3o Pericial<\/strong><\/li>\n<\/ul>\n<p style=\"padding-left: 40px;\">Prof. Cl\u00e1udio Jos\u00e9 Trezub<\/p>\n<p>&nbsp;<\/p>\n<h4><strong><span style=\"color: #ff6600;\">M\u00d3DULO XI<\/span><\/strong><\/h4>\n<p><strong><span style=\"color: #000080;\">27\/02\/2026 das 19h \u00e0s 22h<\/span><\/strong><\/p>\n<ul>\n<li><strong>Higiene do Trabalho: Conceitos, T\u00e9cnicas, Metodologias. Riscos Ocupacionais, Toxicologia e Ergonomia<\/strong><\/li>\n<\/ul>\n<p style=\"padding-left: 40px;\">Prof. Joa\u0303o Carlos do Amaral Lozovey<\/p>\n<p><strong><span style=\"color: #000080;\">28\/02\/2026 das 08h \u00e0s 18h<\/span><\/strong><\/p>\n<ul>\n<li><strong>Higiene do Trabalho: Conceitos, T\u00e9cnicas, Metodologias. Riscos Ocupacionais, Toxicologia e Ergonomia<\/strong><\/li>\n<\/ul>\n<p style=\"padding-left: 40px;\">Prof. Joa\u0303o Carlos do Amaral Lozovey<\/p>\n<p>&nbsp;<\/p>\n<h4><strong><span style=\"color: #ff6600;\">M\u00d3DULO XII<\/span><\/strong><\/h4>\n<p><strong><span style=\"color: #000080;\">27\/03\/2026 das 19h \u00e0s 22h<\/span><\/strong><\/p>\n<ul>\n<li><strong>Normas Regulamentadoras, Legisla\u00e7\u00e3o e Seguran\u00e7a do Trabalho nas Per\u00edcias Trabalhistas<\/strong><\/li>\n<\/ul>\n<p style=\"padding-left: 40px;\">Prof. Rodrigo Meister de Almeida<\/p>\n<p><strong><span style=\"color: #000080;\">28\/03\/2026 das 08h \u00e0s 18h<\/span><\/strong><\/p>\n<ul>\n<li><strong>Normas Regulamentadoras, Legisla\u00e7\u00e3o e Seguran\u00e7a do Trabalho nas Per\u00edcias Trabalhistas<\/strong><\/li>\n<\/ul>\n<p style=\"padding-left: 40px;\">Prof. Rodrigo Meister de Almeida<\/p>\n<p>&nbsp;<\/p>\n<h4><strong><span style=\"color: #ff6600;\">M\u00d3DULO XIII<\/span><\/strong><\/h4>\n<p><strong><span style=\"color: #000080;\">24\/04\/2026 das 19h \u00e0s 22h<\/span><\/strong><\/p>\n<ul>\n<li><strong>Acidente de Trabalho, Doen\u00e7as Ocupacionais: Conceitos, Classifica\u00e7\u00e3o de Schilling, Nexo Causal<\/strong><\/li>\n<\/ul>\n<p style=\"padding-left: 40px;\">Prof. Raffaello Popa Di Bernardi<\/p>\n<p><strong><span style=\"color: #000080;\">25\/04\/2026 das 08h \u00e0s 18h<\/span><\/strong><\/p>\n<ul>\n<li><strong>Acidente de Trabalho, Doen\u00e7as Ocupacionais: Conceitos, Classifica\u00e7\u00e3o de Schilling, Nexo Causal<\/strong><\/li>\n<\/ul>\n<p style=\"padding-left: 40px;\">Prof. Raffaello Popa Di Bernardi<\/p>\n<p>&nbsp;<\/p>\n<h4><span style=\"color: #ff6600;\"><strong>M\u00d3DULO XIV<\/strong><\/span><\/h4>\n<p><strong><span style=\"color: #000080;\">22\/05\/2026 das 19h \u00e0s 22h<\/span><\/strong><\/p>\n<ul>\n<li><strong>Per\u00edcia em Psiquiatria: Principais S\u00edndromes Cl\u00ednicas, Semiologia Psiqui\u00e1trica, Simula\u00e7\u00e3o e Aliena\u00e7\u00e3o Mental<\/strong><\/li>\n<\/ul>\n<p style=\"padding-left: 40px;\">Prof. Carlos Augusto Maranha\u0303o de Loyola<\/p>\n<p><span style=\"color: #000080;\"><strong>23\/05\/2026 das 08h \u00e0s 18h<\/strong><\/span><\/p>\n<ul>\n<li><strong>Per\u00edcia em Psiquiatria: Principais S\u00edndromes Cl\u00ednicas, Semiologia Psiqui\u00e1trica, Simula\u00e7\u00e3o e Aliena\u00e7\u00e3o Mental<\/strong><\/li>\n<\/ul>\n<p style=\"padding-left: 40px;\">Prof. Carlos Augusto Maranha\u0303o de Loyola<\/p>\n<p>&nbsp;<\/p>\n<h4><strong><span style=\"color: #ff6600;\">M\u00d3DULO XV<\/span><\/strong><\/h4>\n<p><strong><span style=\"color: #0000ff;\">26\/06\/2026 das 19h \u00e0s 22h<\/span><\/strong><\/p>\n<ul>\n<li><strong>Per\u00edcia em Ortopedia: Principais Patologias de Ordem Pericial LER\/DORT, Semiologia Ortop\u00e9dica, Exames de Imagem<\/strong><\/li>\n<\/ul>\n<p style=\"padding-left: 40px;\">Prof. Eduardo Tosta Garschagen<\/p>\n<p><strong><span style=\"color: #0000ff;\">27\/06\/2026 das 08h \u00e0s 18h<\/span><\/strong><\/p>\n<ul>\n<li><strong>Per\u00edcia em Ortopedia: Principais Patologias de Ordem Pericial LER\/DORT, Semiologia Ortop\u00e9dica, Exames de Imagem<\/strong><\/li>\n<\/ul>\n<p style=\"padding-left: 40px;\">Prof. Eduardo Tosta Garschagen<\/p>\n<p>&nbsp;<\/p>\n<h4><span style=\"color: #ff6600;\"><strong>M\u00d3DULO XVI<\/strong><\/span><\/h4>\n<p><strong><span style=\"color: #0000ff;\">31\/07\/2026 das 19h \u00e0s 22h<\/span><\/strong><\/p>\n<ul>\n<li><strong>Per\u00edcia em Cardiologia: Patologias Cardiovasculares, Cardiopatia Grave<\/strong><\/li>\n<\/ul>\n<p style=\"padding-left: 40px;\">Prof. Edevar Daniel<\/p>\n<p><strong><span style=\"color: #0000ff;\">01\/08\/2026 das 08h \u00e0s 18h<\/span><\/strong><\/p>\n<ul>\n<li><strong>Per\u00edcia em Otorrinolaringologia: Patologias Auditivas, Audiometria, Surdez, Voz Profissional<\/strong><\/li>\n<\/ul>\n<p style=\"padding-left: 40px;\">Profa. Fl\u00e1via Regina Guimara\u0303es Carneiro Almeida<\/p>\n<p>&nbsp;<\/p>\n<h4><strong><span style=\"color: #ff6600;\">M\u00d3DULO XVII<\/span><\/strong><\/h4>\n<p><strong><span style=\"color: #000080;\">28\/08\/2026 das 19h \u00e0s 22h<\/span><\/strong><\/p>\n<ul>\n<li><strong>Per\u00edcia M\u00e9dica em Cirurgia Pl\u00e1stica <\/strong><\/li>\n<\/ul>\n<p style=\"padding-left: 40px;\">Profa. Maria Cecilia Closs Ono<\/p>\n<p><span style=\"color: #000080;\"><strong>28\/08\/2026 das 08h \u00e0s 18h<\/strong><\/span><\/p>\n<ul>\n<li><strong>Per\u00edcia M\u00e9dica em Dermatologia<\/strong><\/li>\n<\/ul>\n<p style=\"padding-left: 40px;\">Profa. K\u00e1tia Sheylla Malta Purim<\/p>\n<p><strong><span style=\"color: #000080;\">29\/08\/2026 das 14h \u00e0s 18h<\/span><\/strong><\/p>\n<ul>\n<li><strong>Per\u00edcia M\u00e9dica em Doen\u00e7as Infecciosas<\/strong><\/li>\n<\/ul>\n<p style=\"padding-left: 40px;\">Profa. Sonia Mara Raboni<\/p>\n<p>&nbsp;<\/p>\n<p><strong><span style=\"color: #ff6600;\">M\u00d3DULO XVIII<\/span><\/strong><\/p>\n<p><strong><span style=\"color: #000080;\">25\/09\/2026 das 19h \u00e0s 22h<\/span><\/strong><\/p>\n<ul>\n<li><strong>Atividade Pr\u00e1tica: Elabora\u00e7\u00e3o de Laudos Periciais, Formula\u00e7\u00e3o dos Quesitos, Manifesta\u00e7\u00e3o Pericial<\/strong><\/li>\n<\/ul>\n<p style=\"padding-left: 40px;\">Prof. Edevar Daniel<\/p>\n<p><strong><span style=\"color: #000080;\">26\/09\/2026 das 08h \u00e0s 18h<\/span><\/strong><\/p>\n<ul>\n<li><strong>Atividade Pr\u00e1tica: Elabora\u00e7\u00e3o de Laudos Periciais, Formula\u00e7\u00e3o dos Quesitos, Manifesta\u00e7\u00e3o Pericial<\/strong><\/li>\n<\/ul>\n<p style=\"padding-left: 40px;\">Prof. Edevar Daniel<\/p>\n<h4><span style=\"color: #ff6600;\"><strong>Encerramento do Curso <\/strong><\/span><\/h4>\n<p><span style=\"color: #000080;\"><strong>07\/11\/2026 das 19h \u00e0s 22h <\/strong><\/span><\/p>\n<ul>\n<li><span style=\"color: #333333;\"><strong>Apresenta\u00e7\u00e3o do TCC<\/strong><\/span><\/li>\n<\/ul>\n<p style=\"padding-left: 40px;\">Prof. Edevar Daniel<\/p>\n<p><span style=\"color: #000080;\"><strong>08\/11\/2026 das 08h \u00e0s 12h <\/strong><\/span><\/p>\n<ul>\n<li><strong>Apresenta\u00e7\u00e3o do TCC<\/strong><\/li>\n<\/ul>\n<p style=\"padding-left: 40px;\">Prof. Edevar Daniel<\/p>\n<p><span style=\"color: #000080;\"><strong>08\/11\/2026 as 12h<\/strong><\/span><\/p>\n<p><span style=\"color: #ff0000;\"><strong>Almo\u00e7o de encerramento do Curso em Santa Felicidade.<\/strong><\/span><\/p>\n<p>&nbsp;<\/p>\n","protected":false},"excerpt":{"rendered":"<p>Aulas presenciais na sexta da 19h \u00e1s 22h e s\u00e1bado das 08h \u00e0s 18h, na rua Padre Camargo, 280 \u2013 Alto da Gl\u00f3ria \u2013 Curitiba\/PR. M\u00d3DULO I 14\/03\/2025 das 19h \u00e0s 22h Abertura do Curso Prof. Edevar Daniel Palestra Campo de Atua\u00e7\u00e3o M\u00e9dico Pericial Prof. Geraldo Celso Rocha 15\/03\/2025 das 08h \u00e0s 12h Ambienta\u00e7\u00e3o &#8211;<br \/> <a href=\"https:\/\/saude.ufpr.br\/epmufpr\/2025-2026\/\" class=\"button success small readmore\">Leia mais<\/a><\/p>\n","protected":false},"author":15,"featured_media":0,"parent":0,"menu_order":0,"comment_status":"closed","ping_status":"closed","template":"","meta":{"_acf_changed":false,"_uag_custom_page_level_css":"","footnotes":""},"class_list":["post-2916","page","type-page","status-publish","hentry"],"acf":[],"featured_image_src":null,"uagb_featured_image_src":{"full":false,"thumbnail":false,"medium":false,"medium_large":false,"large":false,"1536x1536":false,"2048x2048":false,"noticias-thumb":false,"banners-thumb":false,"maisnoticias-thumb":false,"post-thumbnail":false},"uagb_author_info":{"display_name":"Andrea Jankoski","author_link":"https:\/\/saude.ufpr.br\/epmufpr\/author\/andrea\/"},"uagb_comment_info":0,"uagb_excerpt":"Aulas presenciais na sexta da 19h \u00e1s 22h e s\u00e1bado das 08h \u00e0s 18h, na rua Padre Camargo, 280 \u2013 Alto da Gl\u00f3ria \u2013 Curitiba\/PR. M\u00d3DULO I 14\/03\/2025 das 19h \u00e0s 22h Abertura do Curso Prof. Edevar Daniel Palestra Campo de Atua\u00e7\u00e3o M\u00e9dico Pericial Prof. Geraldo Celso Rocha 15\/03\/2025 das 08h \u00e0s 12h Ambienta\u00e7\u00e3o &#8211;&hellip;","publishpress_future_action":{"enabled":false,"date":"2026-05-10 08:55:30","action":"change-status","newStatus":"draft","terms":[],"taxonomy":"","extraData":[]},"publishpress_future_workflow_manual_trigger":{"enabledWorkflows":[]},"_links":{"self":[{"href":"https:\/\/saude.ufpr.br\/epmufpr\/wp-json\/wp\/v2\/pages\/2916","targetHints":{"allow":["GET"]}}],"collection":[{"href":"https:\/\/saude.ufpr.br\/epmufpr\/wp-json\/wp\/v2\/pages"}],"about":[{"href":"https:\/\/saude.ufpr.br\/epmufpr\/wp-json\/wp\/v2\/types\/page"}],"author":[{"embeddable":true,"href":"https:\/\/saude.ufpr.br\/epmufpr\/wp-json\/wp\/v2\/users\/15"}],"replies":[{"embeddable":true,"href":"https:\/\/saude.ufpr.br\/epmufpr\/wp-json\/wp\/v2\/comments?post=2916"}],"version-history":[{"count":15,"href":"https:\/\/saude.ufpr.br\/epmufpr\/wp-json\/wp\/v2\/pages\/2916\/revisions"}],"predecessor-version":[{"id":2976,"href":"https:\/\/saude.ufpr.br\/epmufpr\/wp-json\/wp\/v2\/pages\/2916\/revisions\/2976"}],"wp:attachment":[{"href":"https:\/\/saude.ufpr.br\/epmufpr\/wp-json\/wp\/v2\/media?parent=2916"}],"curies":[{"name":"wp","href":"https:\/\/api.w.org\/{rel}","templated":true}]}}