{"id":447,"date":"2018-11-29T17:03:27","date_gmt":"2018-11-29T17:03:27","guid":{"rendered":"https:\/\/saude.ufpr.br\/farmacia\/?page_id=447"},"modified":"2025-10-23T18:48:02","modified_gmt":"2025-10-23T21:48:02","slug":"ementas","status":"publish","type":"page","link":"https:\/\/saude.ufpr.br\/farmacia\/ementas\/","title":{"rendered":"Ementas"},"content":{"rendered":"<h2><strong>Curr\u00edculo: 33A &#8211; Curso de Farm\u00e1cia (vers\u00e3o 2021)<\/strong><\/h2>\n<p><a href=\"https:\/\/saude.ufpr.br\/farmacia\/wp-content\/uploads\/sites\/24\/2021\/10\/BA075.pdf\" target=\"_blank\" rel=\"noopener\">BA075 &#8211; ANATOMIA GERAL<\/a><\/p>\n<p><a href=\"https:\/\/saude.ufpr.br\/farmacia\/wp-content\/uploads\/sites\/24\/2021\/10\/BB105-1.pdf\" target=\"_blank\" rel=\"noopener\">BB105 &#8211; BOT\u00c2NICA PARA FARM\u00c1CIA<\/a><\/p>\n<p><a href=\"https:\/\/saude.ufpr.br\/farmacia\/wp-content\/uploads\/sites\/24\/2021\/10\/BC085.pdf\" target=\"_blank\" rel=\"noopener\">BC085 &#8211; CITOLOGIA HUMANA<\/a><\/p>\n<p><a href=\"https:\/\/saude.ufpr.br\/farmacia\/wp-content\/uploads\/sites\/24\/2021\/10\/BC086.pdf\" target=\"_blank\" rel=\"noopener\">BC086 &#8211; HISTOLOGIA HUMANA<\/a><\/p>\n<p><a href=\"https:\/\/saude.ufpr.br\/farmacia\/wp-content\/uploads\/sites\/24\/2021\/10\/BF119.pdf\" target=\"_blank\" rel=\"noopener\">BF119 &#8211; FISIOLOGIA HUMANA PARA FARM\u00c1CIA<\/a><\/p>\n<p><a href=\"https:\/\/saude.ufpr.br\/farmacia\/wp-content\/uploads\/sites\/24\/2022\/05\/BG055-CITOGENETICA-HUMANA.pdf\" target=\"_blank\" rel=\"noopener\">BG055 &#8211; CITOGEN\u00c9TICA HUMANA<\/a><\/p>\n<p><a href=\"https:\/\/saude.ufpr.br\/farmacia\/wp-content\/uploads\/sites\/24\/2021\/10\/BG066.pdf\" target=\"_blank\" rel=\"noopener\">BG066 &#8211; EPIGEN\u00c9TICA<\/a><\/p>\n<p><a href=\"https:\/\/saude.ufpr.br\/farmacia\/wp-content\/uploads\/sites\/24\/2021\/10\/BG085.pdf\" target=\"_blank\" rel=\"noopener\">BG085 &#8211; GEN\u00c9TICA GERAL PARA O CURSO DE FARM\u00c1CIA<\/a><\/p>\n<p><a href=\"https:\/\/saude.ufpr.br\/farmacia\/wp-content\/uploads\/sites\/24\/2025\/02\/BG089-IMUNOGENETICA-1.pdf\" target=\"_blank\" rel=\"noopener\">BG089 &#8211; IMUNOGEN\u00c9TICA<\/a><\/p>\n<p><a href=\"https:\/\/saude.ufpr.br\/farmacia\/wp-content\/uploads\/sites\/24\/2025\/08\/BG213.pdf\" target=\"_blank\" rel=\"noopener\">BG213 &#8211; GENOMA N\u00c3O CODIFICADOR<\/a><\/p>\n<p><a href=\"https:\/\/saude.ufpr.br\/farmacia\/wp-content\/uploads\/sites\/24\/2021\/10\/BP228.pdf\" target=\"_blank\" rel=\"noopener\">BP228 &#8211; MICROBIOLOGIA APLICADA A FARM\u00c1CIA<\/a><\/p>\n<p><a href=\"https:\/\/saude.ufpr.br\/farmacia\/wp-content\/uploads\/sites\/24\/2021\/10\/BP229.pdf\" target=\"_blank\" rel=\"noopener\">BP229 &#8211; PARASITOLOGIA APLICADA \u00c0 FARM\u00c1CIA<\/a><\/p>\n<p><a href=\"https:\/\/saude.ufpr.br\/farmacia\/wp-content\/uploads\/sites\/24\/2021\/10\/BP230.pdf\" target=\"_blank\" rel=\"noopener\">BP230 &#8211; IMUNOLOGIA APLICADA \u00c0 FARM\u00c1CIA<\/a><\/p>\n<p><a href=\"https:\/\/saude.ufpr.br\/farmacia\/wp-content\/uploads\/sites\/24\/2021\/10\/BP240.pdf\" target=\"_blank\" rel=\"noopener\">BP240 &#8211; PATOLOGIA APLICADA \u00c0 FARM\u00c1CIA<\/a><\/p>\n<p><a href=\"https:\/\/saude.ufpr.br\/farmacia\/wp-content\/uploads\/sites\/24\/2021\/10\/BQ093.pdf\" target=\"_blank\" rel=\"noopener\">BQ093 &#8211; REGULA\u00c7\u00c3O DA EXPRESS\u00c3O G\u00caNICA<\/a><\/p>\n<p><a href=\"https:\/\/saude.ufpr.br\/farmacia\/wp-content\/uploads\/sites\/24\/2021\/10\/BQ095.pdf\" target=\"_blank\" rel=\"noopener\">BQ095 &#8211; BIOTECNOLOGIA APLICADA A SA\u00daDE<\/a><\/p>\n<p><a href=\"https:\/\/saude.ufpr.br\/farmacia\/wp-content\/uploads\/sites\/24\/2021\/10\/BQ096.pdf\" target=\"_blank\" rel=\"noopener\">BQ096 &#8211; BIOQU\u00cdMICA ESTRUTURAL<\/a><\/p>\n<p><a href=\"https:\/\/saude.ufpr.br\/farmacia\/wp-content\/uploads\/sites\/24\/2021\/10\/BQ097.pdf\" target=\"_blank\" rel=\"noopener\">BQ097 &#8211; BIOQU\u00cdMICA METAB\u00d3LICA<\/a><\/p>\n<p><a href=\"https:\/\/saude.ufpr.br\/farmacia\/wp-content\/uploads\/sites\/24\/2021\/10\/BQ098.pdf\" target=\"_blank\" rel=\"noopener\">BQ098 &#8211; METABOLISMO DAS CELULAS TUMORAIS<\/a><\/p>\n<p><a href=\"https:\/\/saude.ufpr.br\/farmacia\/wp-content\/uploads\/sites\/24\/2021\/10\/BT058.pdf\" target=\"_blank\" rel=\"noopener\">BT058 &#8211; FISIOPATOLOGIA E FARMACOLOGIA DA DOR <\/a><\/p>\n<p><a href=\"https:\/\/saude.ufpr.br\/farmacia\/wp-content\/uploads\/sites\/24\/2021\/10\/BT078.pdf\" target=\"_blank\" rel=\"noopener\">BT078 &#8211; FARMACOLOGIA I<\/a><\/p>\n<p><a href=\"https:\/\/saude.ufpr.br\/farmacia\/wp-content\/uploads\/sites\/24\/2021\/10\/BT079.pdf\" target=\"_blank\" rel=\"noopener\">BT079 &#8211; FARMACOLOGIA II<\/a><\/p>\n<p><a href=\"https:\/\/saude.ufpr.br\/farmacia\/wp-content\/uploads\/sites\/24\/2021\/10\/BT083.pdf\" target=\"_blank\" rel=\"noopener\">BT083 &#8211; NEUROBIOLOGIA E FARMACOLOGIA DAS DEPEND\u00caNCIAS<\/a><\/p>\n<p><a href=\"https:\/\/saude.ufpr.br\/farmacia\/wp-content\/uploads\/sites\/24\/2024\/02\/BT090-NEUROBIOLOGIA-E-FARMACOLOGIA-DA-ANSIEDADE.pdf\" target=\"_blank\" rel=\"noopener\">BT090 &#8211; NEUROBIOLOGIA E FARMACOLOGIA DA ANSIEDADE<\/a><\/p>\n<p><a href=\"https:\/\/saude.ufpr.br\/farmacia\/wp-content\/uploads\/sites\/24\/2025\/02\/BT095-FARMACOLOGIA-DOS-MEDICAMENTO-ISENTOS-DE-PRESCRICAO-1.pdf\" target=\"_blank\" rel=\"noopener\">BT095 &#8211; FARMACOLOGIA DOS MEDICAMENTOS ISENTOS DE PRESCRI\u00c7\u00c3O<\/a><\/p>\n<p><a href=\"https:\/\/saude.ufpr.br\/farmacia\/wp-content\/uploads\/sites\/24\/2021\/10\/CQ308.pdf\" target=\"_blank\" rel=\"noopener\">CQ308 &#8211; QU\u00cdMICA GERAL<\/a><\/p>\n<p><a href=\"https:\/\/saude.ufpr.br\/farmacia\/wp-content\/uploads\/sites\/24\/2021\/10\/CQ309.pdf\" target=\"_blank\" rel=\"noopener\">CQ309 &#8211; QU\u00cdMICA GERAL EXPERIMENTAL<\/a><\/p>\n<p><a href=\"https:\/\/saude.ufpr.br\/farmacia\/wp-content\/uploads\/sites\/24\/2021\/10\/CQ310.pdf\" target=\"_blank\" rel=\"noopener\">CQ310 &#8211; QU\u00cdMICA ORG\u00c2NICA I<\/a><\/p>\n<p><a href=\"https:\/\/saude.ufpr.br\/farmacia\/wp-content\/uploads\/sites\/24\/2021\/10\/CQ311.pdf\" target=\"_blank\" rel=\"noopener\">CQ311 &#8211; QU\u00cdMICA ORG\u00c2NICA EXPERIMENTAL I<\/a><\/p>\n<p><a href=\"https:\/\/saude.ufpr.br\/farmacia\/wp-content\/uploads\/sites\/24\/2021\/10\/CQ312.pdf\" target=\"_blank\" rel=\"noopener\">CQ312 &#8211; QU\u00cdMICA ORG\u00c2NICA II<\/a><\/p>\n<p><a href=\"https:\/\/saude.ufpr.br\/farmacia\/wp-content\/uploads\/sites\/24\/2021\/10\/CQ313.pdf\" target=\"_blank\" rel=\"noopener\">CQ313 &#8211; M\u00c9TODOS ESPECTROSC\u00d3PICOS DE AN\u00c1LISE ORG\u00c2NICA<\/a><\/p>\n<p><a href=\"https:\/\/saude.ufpr.br\/farmacia\/wp-content\/uploads\/sites\/24\/2021\/10\/CQ314.pdf\" target=\"_blank\" rel=\"noopener\">CQ314 &#8211; QU\u00cdMICA INORG\u00c2NICA PARA AS CI\u00caNCIAS FARMAC\u00caUTICAS<\/a><\/p>\n<p><a href=\"https:\/\/saude.ufpr.br\/farmacia\/wp-content\/uploads\/sites\/24\/2021\/10\/CQ315.pdf\" target=\"_blank\" rel=\"noopener\">CQ315 &#8211; F\u00cdSICO-QU\u00cdMICA FUNDAMENTAL<\/a><\/p>\n<p><a href=\"https:\/\/saude.ufpr.br\/farmacia\/wp-content\/uploads\/sites\/24\/2021\/10\/CQ316.pdf\" target=\"_blank\" rel=\"noopener\">CQ316 &#8211; QU\u00cdMICA ANAL\u00cdTICA FUNDAMENTAL<\/a><\/p>\n<p><a href=\"https:\/\/saude.ufpr.br\/farmacia\/wp-content\/uploads\/sites\/24\/2021\/10\/FAR005.pdf\" target=\"_blank\" rel=\"noopener\">FAR005 &#8211; EST\u00c1GIO PROFISSIONALIZANTE I &#8211; PESQUISA<\/a><\/p>\n<p><a href=\"https:\/\/saude.ufpr.br\/farmacia\/wp-content\/uploads\/sites\/24\/2021\/10\/FAR006.pdf\" target=\"_blank\" rel=\"noopener\">FAR006 &#8211; EST\u00c1GIO PROFISSIONALIZANTE II &#8211; PESQUISA<\/a><\/p>\n<p><a href=\"https:\/\/saude.ufpr.br\/farmacia\/wp-content\/uploads\/sites\/24\/2021\/10\/FAR007.pdf\" target=\"_blank\" rel=\"noopener\">FAR007 &#8211; TRABALHO DE CONCLUS\u00c3O DE CURSO EM FARM\u00c1CIA<\/a><\/p>\n<p><a href=\"https:\/\/saude.ufpr.br\/farmacia\/wp-content\/uploads\/sites\/24\/2021\/10\/LIB038.pdf\" target=\"_blank\" rel=\"noopener\">LIB038 &#8211; COMUNICA\u00c7\u00c3O EM L\u00cdNGUA BRASILEIRA DE SINAIS &#8211; LIBRAS\/FUNDAMENTOS DA EDUCA\u00c7\u00c3O BIL\u00cdNGUE PARA SURDOS<\/a><\/p>\n<p><a href=\"https:\/\/saude.ufpr.br\/farmacia\/wp-content\/uploads\/sites\/24\/2021\/10\/MAC030.pdf\" target=\"_blank\" rel=\"noopener\">MAC030 &#8211; NOVAS TECNOLOGIAS E AUTOMA\u00c7\u00c3O PARA O DIAGN\u00d3STICO LABORATORIAL<\/a><\/p>\n<p><a href=\"https:\/\/saude.ufpr.br\/farmacia\/wp-content\/uploads\/sites\/24\/2021\/10\/MAC035.pdf\" target=\"_blank\" rel=\"noopener\">MAC035 &#8211; MICOLOGIA CL\u00cdNICA<\/a><\/p>\n<p><a href=\"https:\/\/saude.ufpr.br\/farmacia\/wp-content\/uploads\/sites\/24\/2021\/10\/MAC036.pdf\" target=\"_blank\" rel=\"noopener\">MAC036 &#8211; BIOQU\u00cdMICA CL\u00cdNICA I<\/a><\/p>\n<p><a href=\"https:\/\/saude.ufpr.br\/farmacia\/wp-content\/uploads\/sites\/24\/2021\/10\/MAC037.pdf\" target=\"_blank\" rel=\"noopener\">MAC037 &#8211; BIOQU\u00cdMICA CL\u00cdNICA II<\/a><\/p>\n<p><a href=\"https:\/\/saude.ufpr.br\/farmacia\/wp-content\/uploads\/sites\/24\/2021\/10\/MAC038.pdf\" target=\"_blank\" rel=\"noopener\">MAC038 &#8211; BACTERIOLOGIA CL\u00cdNICA<\/a><\/p>\n<p><a href=\"https:\/\/saude.ufpr.br\/farmacia\/wp-content\/uploads\/sites\/24\/2021\/10\/MAC039.pdf\" target=\"_blank\" rel=\"noopener\">MAC039 &#8211; PARASITOLOGIA CL\u00cdNICA<\/a><\/p>\n<p><a href=\"https:\/\/saude.ufpr.br\/farmacia\/wp-content\/uploads\/sites\/24\/2021\/10\/MAC040.pdf\" target=\"_blank\" rel=\"noopener\">MAC040 &#8211; CITOLOGIA CL\u00cdNICA E L\u00cdQUIDOS BIOL\u00d3GICOS<\/a><\/p>\n<p><a href=\"https:\/\/saude.ufpr.br\/farmacia\/wp-content\/uploads\/sites\/24\/2021\/10\/MAC041.pdf\" target=\"_blank\" rel=\"noopener\">MAC041 &#8211; CONTROLE E GEST\u00c3O DA QUALIDADE EM LABORAT\u00d3RIOS DE AN\u00c1LISES CL\u00cdNICAS<\/a><\/p>\n<p><a href=\"https:\/\/saude.ufpr.br\/farmacia\/wp-content\/uploads\/sites\/24\/2021\/10\/MAC043.pdf\" target=\"_blank\" rel=\"noopener\">MAC043 &#8211; TOXICOLOGIA<\/a><\/p>\n<p><a href=\"https:\/\/saude.ufpr.br\/farmacia\/wp-content\/uploads\/sites\/24\/2021\/10\/MAC044.pdf\" target=\"_blank\" rel=\"noopener\">MAC044 &#8211; VIROLOGIA CL\u00cdNICA<\/a><\/p>\n<p><a href=\"https:\/\/saude.ufpr.br\/farmacia\/wp-content\/uploads\/sites\/24\/2021\/10\/MAC045.pdf\" target=\"_blank\" rel=\"noopener\">MAC045 &#8211; TOXICOLOGIA CL\u00cdNICA<\/a><\/p>\n<p><a href=\"https:\/\/saude.ufpr.br\/farmacia\/wp-content\/uploads\/sites\/24\/2021\/10\/MAC046.pdf\" target=\"_blank\" rel=\"noopener\">MAC046 &#8211; IMUNOLOGIA CL\u00cdNICA<\/a><\/p>\n<p><a href=\"https:\/\/saude.ufpr.br\/farmacia\/wp-content\/uploads\/sites\/24\/2021\/10\/MAC047.pdf\" target=\"_blank\" rel=\"noopener\">MAC047 &#8211; URIN\u00c1LISE<\/a><\/p>\n<p><a href=\"https:\/\/saude.ufpr.br\/farmacia\/wp-content\/uploads\/sites\/24\/2021\/10\/MAC048.pdf\" target=\"_blank\" rel=\"noopener\">MAC048 &#8211; PR\u00c1TICAS ESPEC\u00cdFICAS EM AN\u00c1LISES CL\u00cdNICAS<\/a><\/p>\n<p><a href=\"https:\/\/saude.ufpr.br\/farmacia\/wp-content\/uploads\/sites\/24\/2021\/10\/MAC049.pdf\" target=\"_blank\" rel=\"noopener\">MAC049 &#8211; PR\u00c1TICAS LABORATORIAIS PARA PROMO\u00c7\u00c3O \u00c0 SA\u00daDE<\/a><\/p>\n<p><a href=\"https:\/\/saude.ufpr.br\/farmacia\/wp-content\/uploads\/sites\/24\/2021\/10\/MAC050.pdf\" target=\"_blank\" rel=\"noopener\">MAC050 &#8211; BIOLOGIA MOLECULAR: M\u00c9TODOS E APLICA\u00c7\u00d5ES<\/a><\/p>\n<p><a href=\"https:\/\/saude.ufpr.br\/farmacia\/wp-content\/uploads\/sites\/24\/2021\/10\/MAC051.pdf\" target=\"_blank\" rel=\"noopener\">MAC051 &#8211; HEMATOLOGIA CL\u00cdNICA<\/a><\/p>\n<p><a href=\"https:\/\/saude.ufpr.br\/farmacia\/wp-content\/uploads\/sites\/24\/2021\/10\/MAC052.pdf\" target=\"_blank\" rel=\"noopener\">MAC052 &#8211; EST\u00c1GIO PROFISSIONALIZANTE I &#8211; AN\u00c1LISES CL\u00cdNICAS<\/a><\/p>\n<p><a href=\"https:\/\/saude.ufpr.br\/farmacia\/wp-content\/uploads\/sites\/24\/2021\/10\/MAC053.pdf\" target=\"_blank\" rel=\"noopener\">MAC053 &#8211; EST\u00c1GIO PROFISSIONALIZANTE II &#8211; AN\u00c1LISES CL\u00cdNICAS<\/a><\/p>\n<p><a href=\"https:\/\/saude.ufpr.br\/farmacia\/wp-content\/uploads\/sites\/24\/2021\/10\/MAC054.pdf\" target=\"_blank\" rel=\"noopener\">MAC054\u00a0 &#8211; MECANISMOS DE RESIST\u00caNCIA EM C\u00c2NCER<\/a><\/p>\n<p><a href=\"https:\/\/saude.ufpr.br\/farmacia\/wp-content\/uploads\/sites\/24\/2021\/10\/MAC055.pdf\" target=\"_blank\" rel=\"noopener\">MAC055 &#8211; FERRAMENTAS DIAGN\u00d3STICAS BASEADAS EM PROTE\u00cdNA<\/a><\/p>\n<p><a href=\"https:\/\/saude.ufpr.br\/farmacia\/wp-content\/uploads\/sites\/24\/2021\/10\/MAC056.pdf\" target=\"_blank\" rel=\"noopener\">MAC056 &#8211; VIROLOGIA AVAN\u00c7ADA<\/a><\/p>\n<p><a href=\"https:\/\/saude.ufpr.br\/farmacia\/wp-content\/uploads\/sites\/24\/2021\/10\/MAC057.pdf\" target=\"_blank\" rel=\"noopener\">MAC057 &#8211; TOXICOLOGIA DE ALIMENTOS<\/a><\/p>\n<p><a href=\"https:\/\/saude.ufpr.br\/farmacia\/wp-content\/uploads\/sites\/24\/2025\/08\/MAC062-1.pdf\" target=\"_blank\" rel=\"noopener\">MAC062 &#8211; VIV\u00caNCIAS PROFISSIONAIS NO \u00c2MBITO DAS AN\u00c1LISES CL\u00cdNICAS\u00a0<\/a><\/p>\n<p><a href=\"https:\/\/saude.ufpr.br\/farmacia\/wp-content\/uploads\/sites\/24\/2021\/10\/MB079.pdf\" target=\"_blank\" rel=\"noopener\">MB079 &#8211; INTRODU\u00c7\u00c3O \u00c0 PROFISS\u00c3O FARMAC\u00caUTICA<\/a><\/p>\n<p><a href=\"https:\/\/saude.ufpr.br\/farmacia\/wp-content\/uploads\/sites\/24\/2021\/10\/MB080.pdf\" target=\"_blank\" rel=\"noopener\">MB080 &#8211; METODOLOGIA CIENT\u00cdFICA<\/a><\/p>\n<p><a href=\"https:\/\/saude.ufpr.br\/farmacia\/wp-content\/uploads\/sites\/24\/2021\/10\/MB081.pdf\" target=\"_blank\" rel=\"noopener\">MB081 &#8211; M\u00c9TODOS F\u00cdSICOS APLICADOS \u00c0 FARM\u00c1CIA<\/a><\/p>\n<p><a href=\"https:\/\/saude.ufpr.br\/farmacia\/wp-content\/uploads\/sites\/24\/2021\/10\/MB082.pdf\" target=\"_blank\" rel=\"noopener\">MB082 &#8211; PRODUTOS E PROCEDIMENTOS FARMAC\u00caUTICOS<\/a><\/p>\n<p><a href=\"https:\/\/saude.ufpr.br\/farmacia\/wp-content\/uploads\/sites\/24\/2021\/10\/MB083.pdf\" target=\"_blank\" rel=\"noopener\">MB083 &#8211; S\u00cdNTESE DE F\u00c1RMACOS<\/a><\/p>\n<p><a href=\"https:\/\/saude.ufpr.br\/farmacia\/wp-content\/uploads\/sites\/24\/2021\/10\/MB084.pdf\" target=\"_blank\" rel=\"noopener\">MB084 &#8211; FARMACOT\u00c9CNICA I<\/a><\/p>\n<p><a href=\"https:\/\/saude.ufpr.br\/farmacia\/wp-content\/uploads\/sites\/24\/2021\/10\/MB085.pdf\" target=\"_blank\" rel=\"noopener\">MB085 &#8211; FARMACOGNOSIA<\/a><\/p>\n<p><a href=\"https:\/\/saude.ufpr.br\/farmacia\/wp-content\/uploads\/sites\/24\/2021\/10\/MB086.pdf\" target=\"_blank\" rel=\"noopener\">MB086 &#8211; FARMACOT\u00c9CNICA II<\/a><\/p>\n<p><a href=\"https:\/\/saude.ufpr.br\/farmacia\/wp-content\/uploads\/sites\/24\/2021\/10\/MB087.pdf\" target=\"_blank\" rel=\"noopener\">MB087 &#8211; GEST\u00c3O DA ASSIST\u00caNCIA FARMAC\u00caUTICA<\/a><\/p>\n<p><a href=\"https:\/\/saude.ufpr.br\/farmacia\/wp-content\/uploads\/sites\/24\/2021\/10\/MB088.pdf\" target=\"_blank\" rel=\"noopener\">MB088 &#8211; CUIDADO FARMAC\u00caUTICO I<\/a><\/p>\n<p><a href=\"https:\/\/saude.ufpr.br\/farmacia\/wp-content\/uploads\/sites\/24\/2021\/10\/MB089.pdf\" target=\"_blank\" rel=\"noopener\">MB089 &#8211; DEONTOLOGIA FARMAC\u00caUTICA E LEGISLA\u00c7\u00c3O APLICADA \u00c0 FARM\u00c1CIA<\/a><\/p>\n<p><a href=\"https:\/\/saude.ufpr.br\/farmacia\/wp-content\/uploads\/sites\/24\/2021\/10\/MB090.pdf\" target=\"_blank\" rel=\"noopener\">MB090 &#8211; FARMACOT\u00c9CNICA HOMEOP\u00c1TICA<\/a><\/p>\n<p><a href=\"https:\/\/saude.ufpr.br\/farmacia\/wp-content\/uploads\/sites\/24\/2021\/10\/MB091.pdf\" target=\"_blank\" rel=\"noopener\">MB091 &#8211; FARMACOTERAPIA I <\/a><\/p>\n<p><a href=\"https:\/\/saude.ufpr.br\/farmacia\/wp-content\/uploads\/sites\/24\/2021\/10\/MB092-1.pdf\" target=\"_blank\" rel=\"noopener\">MB092 &#8211; PR\u00c1TICAS EM FARM\u00c1CIA<\/a><\/p>\n<p><a href=\"https:\/\/saude.ufpr.br\/farmacia\/wp-content\/uploads\/sites\/24\/2021\/10\/MB093.pdf\" target=\"_blank\" rel=\"noopener\">MB093 &#8211; QU\u00cdMICA MEDICINAL E FARMAC\u00caUTICA<\/a><\/p>\n<p><a href=\"https:\/\/saude.ufpr.br\/farmacia\/wp-content\/uploads\/sites\/24\/2021\/10\/MB095.pdf\" target=\"_blank\" rel=\"noopener\">MB095 &#8211; FARM\u00c1CIA HOSPITALAR<\/a><\/p>\n<p><a href=\"https:\/\/saude.ufpr.br\/farmacia\/wp-content\/uploads\/sites\/24\/2021\/10\/MB096.pdf\" target=\"_blank\" rel=\"noopener\">MB096 &#8211; FARMACOTERAPIA II<\/a><\/p>\n<p><a href=\"https:\/\/saude.ufpr.br\/farmacia\/wp-content\/uploads\/sites\/24\/2021\/10\/MB097.pdf\" target=\"_blank\" rel=\"noopener\">MB097 &#8211; F\u00cdSICA INDUSTRIAL<\/a><\/p>\n<p><a href=\"https:\/\/saude.ufpr.br\/farmacia\/wp-content\/uploads\/sites\/24\/2021\/10\/MB098.pdf\" target=\"_blank\" rel=\"noopener\">MB098 &#8211; CUIDADO FARMAC\u00caUTICO II<\/a><\/p>\n<p><a href=\"https:\/\/saude.ufpr.br\/farmacia\/wp-content\/uploads\/sites\/24\/2021\/10\/MB099.pdf\" target=\"_blank\" rel=\"noopener\">MB099 &#8211; BIOTECNOLOGIA FARMAC\u00caUTICA<\/a><\/p>\n<p><a href=\"https:\/\/saude.ufpr.br\/farmacia\/wp-content\/uploads\/sites\/24\/2021\/10\/MB100.pdf\" target=\"_blank\" rel=\"noopener\">MB100 &#8211; BROMATOLOGIA<\/a><\/p>\n<p><a href=\"https:\/\/saude.ufpr.br\/farmacia\/wp-content\/uploads\/sites\/24\/2021\/10\/MB101.pdf\" target=\"_blank\" rel=\"noopener\">MB101 &#8211; FITOQU\u00cdMICA<\/a><\/p>\n<p><a href=\"https:\/\/saude.ufpr.br\/farmacia\/wp-content\/uploads\/sites\/24\/2021\/10\/MB102.pdf\" target=\"_blank\" rel=\"noopener\">MB102 &#8211; M\u00c9TODOS INSTRUMENTAIS DE AN\u00c1LISE FARMAC\u00caUTICA<\/a><\/p>\n<p><a href=\"https:\/\/saude.ufpr.br\/farmacia\/wp-content\/uploads\/sites\/24\/2021\/10\/MB103.pdf\" target=\"_blank\" rel=\"noopener\">MB103 &#8211; SISTEMAS DA QUALIDADE<\/a><\/p>\n<p><a href=\"https:\/\/saude.ufpr.br\/farmacia\/wp-content\/uploads\/sites\/24\/2021\/10\/MB104.pdf\" target=\"_blank\" rel=\"noopener\">MB104 &#8211; TECNOLOGIA FARMAC\u00caUTICA<\/a><\/p>\n<p><a href=\"https:\/\/saude.ufpr.br\/farmacia\/wp-content\/uploads\/sites\/24\/2021\/10\/MB105.pdf\" target=\"_blank\" rel=\"noopener\">MB105 &#8211; CONTROLE DE QUALIDADE BIOL\u00d3GICO<\/a><\/p>\n<p><a href=\"https:\/\/saude.ufpr.br\/farmacia\/wp-content\/uploads\/sites\/24\/2021\/10\/MB106.pdf\" target=\"_blank\" rel=\"noopener\">MB106 &#8211; CONTROLE DE QUALIDADE F\u00cdSICO-QU\u00cdMICO<\/a><\/p>\n<p><a href=\"https:\/\/saude.ufpr.br\/farmacia\/wp-content\/uploads\/sites\/24\/2021\/10\/MB107.pdf\" target=\"_blank\" rel=\"noopener\">MB107 &#8211; RADIOF\u00c1RMACOS<\/a><\/p>\n<p><a href=\"https:\/\/saude.ufpr.br\/farmacia\/wp-content\/uploads\/sites\/24\/2021\/10\/MB108.pdf\" target=\"_blank\" rel=\"noopener\">MB108 &#8211; ALIMENTOS E SUPLEMENTOS ALIMENTARES<\/a><\/p>\n<p><a href=\"https:\/\/saude.ufpr.br\/farmacia\/wp-content\/uploads\/sites\/24\/2021\/10\/MB109.pdf\" target=\"_blank\" rel=\"noopener\">MB109 &#8211; TECNOLOGIA DE COSM\u00c9TICOS<\/a><\/p>\n<p><a href=\"https:\/\/saude.ufpr.br\/farmacia\/wp-content\/uploads\/sites\/24\/2021\/10\/MB110.pdf\" target=\"_blank\" rel=\"noopener\">MB110 &#8211; EST\u00c1GIO PROFISSIONALIZANTE I &#8211; FARM\u00c1CIA<\/a><\/p>\n<p><a href=\"https:\/\/saude.ufpr.br\/farmacia\/wp-content\/uploads\/sites\/24\/2021\/10\/MB111.pdf\" target=\"_blank\" rel=\"noopener\">MB111 &#8211; EST\u00c1GIO PROFISSIONALIZANTE II &#8211; FARM\u00c1CIA<\/a><\/p>\n<p><a href=\"https:\/\/saude.ufpr.br\/farmacia\/wp-content\/uploads\/sites\/24\/2021\/10\/MB112.pdf\" target=\"_blank\" rel=\"noopener\">MB112 &#8211; EST\u00c1GIO PROFISSIONALIZANTE I &#8211; IND\u00daSTRIA<\/a><\/p>\n<p><a href=\"https:\/\/saude.ufpr.br\/farmacia\/wp-content\/uploads\/sites\/24\/2021\/10\/MB113.pdf\" target=\"_blank\" rel=\"noopener\">MB113 &#8211; EST\u00c1GIO PROFISSIONALIZANTE II &#8211; IND\u00daSTRIA<\/a><\/p>\n<p><a href=\"https:\/\/saude.ufpr.br\/farmacia\/wp-content\/uploads\/sites\/24\/2023\/07\/MB114-ESTAGIO-EM-FARMACIA-DE-MANIPULACAO.pdf\" target=\"_blank\" rel=\"noopener\">MB114 &#8211; EST\u00c1GIO EM FARM\u00c1CIA DE MANIPULA\u00c7\u00c3O<\/a><\/p>\n<p><a href=\"https:\/\/saude.ufpr.br\/farmacia\/wp-content\/uploads\/sites\/24\/2021\/10\/MB115.pdf\" target=\"_blank\" rel=\"noopener\">MB115 &#8211; EST\u00c1GIO SUPERVISIONADO EM FARM\u00c1CIA HOSPITALAR<\/a><\/p>\n<p><a href=\"https:\/\/saude.ufpr.br\/farmacia\/wp-content\/uploads\/sites\/24\/2021\/10\/MB116.pdf\" target=\"_blank\" rel=\"noopener\">MB116 &#8211; VIV\u00caNCIAS DO FARMAC\u00caUTICO NA IND\u00daSTRIA<\/a><\/p>\n<p><a href=\"https:\/\/saude.ufpr.br\/farmacia\/wp-content\/uploads\/sites\/24\/2021\/10\/MB117.pdf\" target=\"_blank\" rel=\"noopener\">MB117 &#8211; SA\u00daDE BASEADA EM EVID\u00caNCIAS<\/a><\/p>\n<p><a href=\"https:\/\/saude.ufpr.br\/farmacia\/wp-content\/uploads\/sites\/24\/2021\/10\/MB118.pdf\" target=\"_blank\" rel=\"noopener\">MB118 &#8211; MISTURAS INTRAVENOSAS<\/a><\/p>\n<p><a href=\"https:\/\/saude.ufpr.br\/farmacia\/wp-content\/uploads\/sites\/24\/2021\/10\/MB119.pdf\" target=\"_blank\" rel=\"noopener\">MB119 &#8211; SEMIOLOGIA FARMAC\u00caUTICA<\/a><\/p>\n<p><a href=\"https:\/\/saude.ufpr.br\/farmacia\/wp-content\/uploads\/sites\/24\/2021\/10\/MB120.pdf\" target=\"_blank\" rel=\"noopener\">MB120 &#8211; C\u00c1LCULOS FARMAC\u00caUTICOS<\/a><\/p>\n<p><a href=\"https:\/\/saude.ufpr.br\/farmacia\/wp-content\/uploads\/sites\/24\/2021\/10\/MB121.pdf\" target=\"_blank\" rel=\"noopener\">MB121 &#8211; CONTROLE DE QUALIDADE MICROBIOL\u00d3GICO DE ALIMENTOS<\/a><\/p>\n<p><a href=\"https:\/\/saude.ufpr.br\/farmacia\/wp-content\/uploads\/sites\/24\/2021\/10\/MB122.pdf\" target=\"_blank\" rel=\"noopener\">MB122 &#8211; FARMACOT\u00c9CNICA DE FITOTER\u00c1PICOS<\/a><\/p>\n<p><a href=\"https:\/\/saude.ufpr.br\/farmacia\/wp-content\/uploads\/sites\/24\/2021\/10\/MB123.pdf\" target=\"_blank\" rel=\"noopener\">MB123 &#8211; INTRODU\u00c7\u00c3O \u00c0 QU\u00cdMICA APLICADA \u00c0S CI\u00caNCIAS FARMAC\u00caUTICAS<\/a><\/p>\n<p><a href=\"https:\/\/saude.ufpr.br\/farmacia\/wp-content\/uploads\/sites\/24\/2021\/10\/MB124.pdf\" target=\"_blank\" rel=\"noopener\">MB124 &#8211; MICRO E NANOTECNOLOGIA FARMAC\u00caUTICA<\/a><\/p>\n<p><a href=\"https:\/\/saude.ufpr.br\/farmacia\/wp-content\/uploads\/sites\/24\/2021\/10\/MB125.pdf\" target=\"_blank\" rel=\"noopener\">MB125 &#8211; BIO\u00c9TICA<\/a><\/p>\n<p><a href=\"https:\/\/saude.ufpr.br\/farmacia\/wp-content\/uploads\/sites\/24\/2021\/10\/MB126.pdf\" target=\"_blank\" rel=\"noopener\">MB126 &#8211; DESENVOLVIMENTO DE PRODUTOS ALIMENT\u00cdCIOS<\/a><\/p>\n<p><a href=\"https:\/\/saude.ufpr.br\/farmacia\/wp-content\/uploads\/sites\/24\/2021\/10\/MB127.pdf\" target=\"_blank\" rel=\"noopener\">MB127 &#8211; EST\u00c1GIO SUPERVISIONADO EM FARM\u00c1CIA HOMEOP\u00c1TICA<\/a><\/p>\n<p><a href=\"https:\/\/saude.ufpr.br\/farmacia\/wp-content\/uploads\/sites\/24\/2021\/10\/MB128.pdf\" target=\"_blank\" rel=\"noopener\">MB128 &#8211; COSMETOLOGIA EST\u00c9TICA AVAN\u00c7ADA<\/a><\/p>\n<p><a href=\"https:\/\/saude.ufpr.br\/farmacia\/wp-content\/uploads\/sites\/24\/2021\/10\/MB129.pdf\" target=\"_blank\" rel=\"noopener\">MB129 &#8211; FUNDAMENTOS DE FARMACOCIN\u00c9TICA CL\u00cdNICA<\/a><\/p>\n<p><a href=\"https:\/\/saude.ufpr.br\/farmacia\/wp-content\/uploads\/sites\/24\/2021\/10\/MB130.pdf\" target=\"_blank\" rel=\"noopener\">MB130 &#8211; FARMACOT\u00c9CNICA VETERIN\u00c1RIA<\/a><\/p>\n<p><a href=\"https:\/\/saude.ufpr.br\/farmacia\/wp-content\/uploads\/sites\/24\/2022\/10\/MB131-INTRODUCAO-A-FITOQUIMICA.pdf\" target=\"_blank\" rel=\"noopener\">MB131 &#8211; INTRODU\u00c7\u00c3O \u00c0 FITOQU\u00cdMICA<\/a><\/p>\n<p><a href=\"https:\/\/saude.ufpr.br\/farmacia\/wp-content\/uploads\/sites\/24\/2023\/07\/MB132-ESTAGIO-EM-FARMACIA-DE-DISPENSACAO.pdf\" target=\"_blank\" rel=\"noopener\">MB132 &#8211; EST\u00c1GIO EM FARM\u00c1CIA DE DISPENSA\u00c7\u00c3O<\/a><\/p>\n<p><a href=\"https:\/\/saude.ufpr.br\/farmacia\/wp-content\/uploads\/sites\/24\/2021\/10\/MS132.pdf\" target=\"_blank\" rel=\"noopener\">MS132 &#8211; EPIDEMIOLOGIA<\/a><\/p>\n<p><a href=\"https:\/\/saude.ufpr.br\/farmacia\/wp-content\/uploads\/sites\/24\/2021\/10\/MS133.pdf\" target=\"_blank\" rel=\"noopener\">MS133 &#8211; POL\u00cdTICAS P\u00daBLICAS DE SA\u00daDE<\/a><\/p>\n<p><a href=\"https:\/\/saude.ufpr.br\/farmacia\/wp-content\/uploads\/sites\/24\/2021\/10\/MS134.pdf\" target=\"_blank\" rel=\"noopener\">MS134 &#8211; VIGIL\u00c2NCIA EM SA\u00daDE<\/a><\/p>\n<p><a href=\"https:\/\/saude.ufpr.br\/farmacia\/wp-content\/uploads\/sites\/24\/2021\/10\/MS135.pdf\" target=\"_blank\" rel=\"noopener\">MS135 &#8211; EST\u00c1GIO NO SUS<\/a><\/p>\n<p><a href=\"https:\/\/saude.ufpr.br\/farmacia\/wp-content\/uploads\/sites\/24\/2021\/10\/MS136.pdf\" target=\"_blank\" rel=\"noopener\">MS136 &#8211; EST\u00c1GIO PROFISSIONALIZANTE I &#8211; SUS<\/a><\/p>\n<p><a href=\"https:\/\/saude.ufpr.br\/farmacia\/wp-content\/uploads\/sites\/24\/2021\/10\/MS137.pdf\" target=\"_blank\" rel=\"noopener\">MS137 &#8211; EST\u00c1GIO PROFISSIONALIZANTE II &#8211; SUS<\/a><\/p>\n<p><a href=\"https:\/\/saude.ufpr.br\/farmacia\/wp-content\/uploads\/sites\/24\/2021\/10\/MS138.pdf\" target=\"_blank\" rel=\"noopener\">MS138 &#8211; SA\u00daDE COLETIVA<\/a><\/p>\n<p><a href=\"https:\/\/saude.ufpr.br\/farmacia\/wp-content\/uploads\/sites\/24\/2021\/10\/SA112.pdf\" target=\"_blank\" rel=\"noopener\">SA112 &#8211; ADMINISTRA\u00c7\u00c3O FARMAC\u00caUTICA<\/a><\/p>\n<p>&nbsp;<\/p>\n<h2><strong>Curr\u00edculo: 33A &#8211; Curso de Farm\u00e1cia (vers\u00e3o 2013)<\/strong><\/h2>\n<p><a href=\"https:\/\/saude.ufpr.br\/farmacia\/wp-content\/uploads\/sites\/24\/2025\/03\/BA011-ANATOMIA-GERAL-FARMACIA.pdf\" target=\"_blank\" rel=\"noopener\">BA011 &#8211; ANATOMIA GERAL &#8211; FARM\u00c1CIA<\/a><\/p>\n<p><a href=\"https:\/\/saude.ufpr.br\/farmacia\/wp-content\/uploads\/sites\/24\/2025\/03\/BB062-BOTANICA-PARA-FARMACIA.pdf\" target=\"_blank\" rel=\"noopener\">BB062 &#8211; BOT\u00c2NICA PARA FARM\u00c1CIA<\/a><\/p>\n<p><a href=\"https:\/\/saude.ufpr.br\/farmacia\/wp-content\/uploads\/sites\/24\/2025\/03\/BC034-BIOLOGIA-CELULAR-FUNDAMENTAL-DOS-SERES-VIVOS.pdf\" target=\"_blank\" rel=\"noopener\">BC034 &#8211; BIOLOGIA CELULAR FUNDAMENTAL DOS SERES VIVOS<\/a><\/p>\n<p><a href=\"https:\/\/saude.ufpr.br\/farmacia\/wp-content\/uploads\/sites\/24\/2025\/03\/BC035-BIOLOGIA-CELULAR-E-TECIDUAL-DO-ORGANISMO-HUMANO.pdf\" target=\"_blank\" rel=\"noopener\">BC035 &#8211; BIOLOGIA CELULAR E TECIDUAL DO ORGANISMO HUMANO<\/a><\/p>\n<p><a href=\"https:\/\/saude.ufpr.br\/farmacia\/wp-content\/uploads\/sites\/24\/2025\/03\/BF028-FISIOLOGIA-HUMANA-FARMACIA.pdf\" target=\"_blank\" rel=\"noopener\">BF028 &#8211; FISIOLOGIA HUMANA-FARM\u00c1CIA<\/a><\/p>\n<p><a href=\"https:\/\/saude.ufpr.br\/farmacia\/wp-content\/uploads\/sites\/24\/2025\/03\/BG035-GENETICA-PARA-O-CURSO-DE-FARMACIA.pdf\" target=\"_blank\" rel=\"noopener\">BG035 &#8211; GEN\u00c9TICA PARA O CURSO DE FARM\u00c1CIA<\/a><\/p>\n<p><a href=\"https:\/\/saude.ufpr.br\/farmacia\/wp-content\/uploads\/sites\/24\/2025\/03\/BP321-MICROBIOLOGIA-APLICADA-A-FARMACIA.pdf\" target=\"_blank\" rel=\"noopener\">BP321 &#8211; MICROBIOLOGIA APLICADA \u00c0 FARM\u00c1CIA<\/a><\/p>\n<p><a href=\"https:\/\/saude.ufpr.br\/farmacia\/wp-content\/uploads\/sites\/24\/2025\/03\/BP322-PARASITOLOGIA-APLICADA-A-FARMACIA.pdf\" target=\"_blank\" rel=\"noopener\">BP322 &#8211; PARASITOLOGIA APLICADA \u00c0 FARM\u00c1CIA<\/a><\/p>\n<p><a href=\"https:\/\/saude.ufpr.br\/farmacia\/wp-content\/uploads\/sites\/24\/2025\/03\/BP323-PATOLOGIA-APLICADA-A-FARMACIA.pdf\" target=\"_blank\" rel=\"noopener\">BP323 &#8211; PATOLOGIA APLICADA \u00c0 FARM\u00c1CIA<\/a><\/p>\n<p><a href=\"https:\/\/saude.ufpr.br\/farmacia\/wp-content\/uploads\/sites\/24\/2025\/03\/BP324-IMUNOLOGIA-APLICADA-A-FARMACIA.pdf\" target=\"_blank\" rel=\"noopener\">BP324 &#8211; IMUNOLOGIA APLICADA \u00c0 FARM\u00c1CIA<\/a><\/p>\n<p><a href=\"https:\/\/saude.ufpr.br\/farmacia\/wp-content\/uploads\/sites\/24\/2025\/03\/BQ013-BIOQUIMICA-DA-CELULA.pdf\" target=\"_blank\" rel=\"noopener\">BQ013 &#8211; BIOQU\u00cdMICA DA C\u00c9LULA<\/a><\/p>\n<p><a href=\"https:\/\/saude.ufpr.br\/farmacia\/wp-content\/uploads\/sites\/24\/2025\/03\/BQ027-BIOQUIMICA-ANIMAL-I.pdf\" target=\"_blank\" rel=\"noopener\">BQ027 &#8211; BIOQU\u00cdMICA ANIMAL I<\/a><\/p>\n<p><a href=\"https:\/\/saude.ufpr.br\/farmacia\/wp-content\/uploads\/sites\/24\/2025\/03\/BT013-FARMACOLOGIA-I.pdf\" target=\"_blank\" rel=\"noopener\">BT013 &#8211; FARMACOLOGIA I<\/a><\/p>\n<p><a href=\"https:\/\/saude.ufpr.br\/farmacia\/wp-content\/uploads\/sites\/24\/2025\/03\/BT014-FARMACOLOGIA-II.pdf\" target=\"_blank\" rel=\"noopener\">BT014 &#8211; FARMACOLOGIA II<\/a><\/p>\n<p><a href=\"https:\/\/saude.ufpr.br\/farmacia\/wp-content\/uploads\/sites\/24\/2025\/03\/CE003-ESTATISTICA-II.pdf\" target=\"_blank\" rel=\"noopener\">CE003 &#8211; ESTAT\u00cdSTICA II<\/a><\/p>\n<p><a href=\"https:\/\/saude.ufpr.br\/farmacia\/wp-content\/uploads\/sites\/24\/2025\/03\/CQ040-CROMATOGRAFIA-E-ESPECTROMETRIA.pdf\" target=\"_blank\" rel=\"noopener\">CQ040 &#8211; CROMATOGRAFIA E ESPECTROMETRIA<\/a><\/p>\n<p><a href=\"https:\/\/saude.ufpr.br\/farmacia\/wp-content\/uploads\/sites\/24\/2025\/03\/CQ094-QUIMICA-ORGANICA-FUNDAMENTAL.pdf\" target=\"_blank\" rel=\"noopener\">CQ094 &#8211; QU\u00cdMICA ORG\u00c2NICA FUNDAMENTAL<\/a><\/p>\n<p><a href=\"https:\/\/saude.ufpr.br\/farmacia\/wp-content\/uploads\/sites\/24\/2025\/03\/CQ095-QUIMICA-ORGANICA-EXPERIMENTAL.pdf\" target=\"_blank\" rel=\"noopener\">CQ095 &#8211; QUIMICA ORGANICA EXPERIMENTAL<\/a><\/p>\n<p><a href=\"https:\/\/saude.ufpr.br\/farmacia\/wp-content\/uploads\/sites\/24\/2025\/03\/CQ096-QUIMICA-ANALITICA-FUNDAMENTAL.pdf\" target=\"_blank\" rel=\"noopener\">CQ096 &#8211; QU\u00cdMICA ANAL\u00cdTICA FUNDAMENTAL<\/a><\/p>\n<p><a href=\"https:\/\/saude.ufpr.br\/farmacia\/wp-content\/uploads\/sites\/24\/2025\/03\/CQ106-QUIMICA-INORGANICA.pdf\" target=\"_blank\" rel=\"noopener\">CQ106 &#8211; QU\u00cdMICA INORG\u00c2NICA<\/a><\/p>\n<p><a href=\"https:\/\/saude.ufpr.br\/farmacia\/wp-content\/uploads\/sites\/24\/2025\/03\/CQ107-QUIMICA-ORGANICA-II.pdf\" target=\"_blank\" rel=\"noopener\">CQ107 &#8211; QU\u00cdMICA ORG\u00c2NICA II<\/a><\/p>\n<p><a href=\"https:\/\/saude.ufpr.br\/farmacia\/wp-content\/uploads\/sites\/24\/2025\/03\/CQ108-QUIMICA-GERAL.pdf\" target=\"_blank\" rel=\"noopener\">CQ108 &#8211; QU\u00cdMICA GERAL<\/a><\/p>\n<p><a href=\"https:\/\/saude.ufpr.br\/farmacia\/wp-content\/uploads\/sites\/24\/2025\/03\/CQ109-QUIMICA-GERAL-EXPERIMENTAL.pdf\" target=\"_blank\" rel=\"noopener\">CQ109 &#8211; QU\u00cdMICA GERAL EXPERIMENTAL<\/a><\/p>\n<p><a href=\"https:\/\/saude.ufpr.br\/farmacia\/wp-content\/uploads\/sites\/24\/2025\/03\/CQ110-PRINCIPIOS-DE-FISICO-QUIMICA.pdf\" target=\"_blank\" rel=\"noopener\">CQ110 &#8211; PRINC\u00cdPIOS DE F\u00cdSICO-QU\u00cdMICA<\/a><\/p>\n<p><a href=\"https:\/\/saude.ufpr.br\/farmacia\/wp-content\/uploads\/sites\/24\/2025\/03\/CQ111-FISICO-QUIMICA-EXPERIMENTAL-IV.pdf\" target=\"_blank\" rel=\"noopener\">CQ111 &#8211; F\u00cdSICO-QU\u00cdMICA EXPERIMENTAL IV<\/a><\/p>\n<p><a href=\"https:\/\/saude.ufpr.br\/farmacia\/wp-content\/uploads\/sites\/24\/2025\/03\/FAR004-MONOGRAFIA.pdf\" target=\"_blank\" rel=\"noopener\">FAR004 &#8211; MONOGRAFIA<\/a><\/p>\n<p><a href=\"https:\/\/saude.ufpr.br\/farmacia\/wp-content\/uploads\/sites\/24\/2025\/03\/MAC008-BIOQUIMICA-CLINICA-I.pdf\" target=\"_blank\" rel=\"noopener\">MAC008 &#8211; BIOQU\u00cdMICA CL\u00cdNICA I<\/a><\/p>\n<p><a href=\"https:\/\/saude.ufpr.br\/farmacia\/wp-content\/uploads\/sites\/24\/2025\/03\/MAC009-BIOQUIMICA-CLINICA-II.pdf\" target=\"_blank\" rel=\"noopener\">MAC009 &#8211; BIOQU\u00cdMICA CL\u00cdNICA II<\/a><\/p>\n<p><a href=\"https:\/\/saude.ufpr.br\/farmacia\/wp-content\/uploads\/sites\/24\/2025\/03\/MAC011-CITOLOGIA-CLINICA-A.pdf\" target=\"_blank\" rel=\"noopener\">MAC011 &#8211; CITOLOGIA CL\u00cdNICA A<\/a><\/p>\n<p><a href=\"https:\/\/saude.ufpr.br\/farmacia\/wp-content\/uploads\/sites\/24\/2025\/03\/MAC012-HEMATOLOGIA-I.pdf\" target=\"_blank\" rel=\"noopener\">MAC012 &#8211; HEMATOLOGIA I<\/a><\/p>\n<p><a href=\"https:\/\/saude.ufpr.br\/farmacia\/wp-content\/uploads\/sites\/24\/2025\/03\/MAC013-HEMATOLOGIA-II.pdf\" target=\"_blank\" rel=\"noopener\">MAC013 &#8211; HEMATOLOGIA II<\/a><\/p>\n<p><a href=\"https:\/\/saude.ufpr.br\/farmacia\/wp-content\/uploads\/sites\/24\/2025\/03\/MAC014-BACTERIOLOGIA-CLINICA.pdf\" target=\"_blank\" rel=\"noopener\">MAC014 &#8211; BACTERIOLOGIA CL\u00cdNICA<\/a><\/p>\n<p><a href=\"https:\/\/saude.ufpr.br\/farmacia\/wp-content\/uploads\/sites\/24\/2025\/03\/MAC015-MICOLOGIA-CLINICA.pdf\" target=\"_blank\" rel=\"noopener\">MAC015 &#8211; MICOLOGIA CL\u00cdNICA<\/a><\/p>\n<p><a href=\"https:\/\/saude.ufpr.br\/farmacia\/wp-content\/uploads\/sites\/24\/2025\/03\/MAC017-VIROLOGIA.pdf\" target=\"_blank\" rel=\"noopener\">MAC017 &#8211; VIROLOGIA<\/a><\/p>\n<p><a href=\"https:\/\/saude.ufpr.br\/farmacia\/wp-content\/uploads\/sites\/24\/2025\/03\/MAC019-BIOLOGIA-MOLECULAR-PRINCIPIOS-E-APLICACOES-NO-LABORATORIO-CLINICO.pdf\" target=\"_blank\" rel=\"noopener\">MAC019 &#8211; BIOLOGIA MOLECULAR &#8211; PRINC\u00cdPIOS E APLICA\u00c7\u00d5ES NO LABORAT\u00d3RIO CL\u00cdNICO<\/a><\/p>\n<p><a href=\"https:\/\/saude.ufpr.br\/farmacia\/wp-content\/uploads\/sites\/24\/2025\/03\/MAC020-CONTROLE-E-GERENCIAMENTO-DE-QUALIDADE-ANALITICA.pdf\" target=\"_blank\" rel=\"noopener\">MAC020 &#8211; CONTROLE E GERENCIAMENTO DE QUALIDADE ANAL\u00cdTICA<\/a><\/p>\n<p><a href=\"https:\/\/saude.ufpr.br\/farmacia\/wp-content\/uploads\/sites\/24\/2025\/03\/MAC021-IMUNOLOGIA-CLINICA.pdf\" target=\"_blank\" rel=\"noopener\">MAC021 &#8211; IMUNOLOGIA CL\u00cdNICA<\/a><\/p>\n<p><a href=\"https:\/\/saude.ufpr.br\/farmacia\/wp-content\/uploads\/sites\/24\/2025\/03\/MAC022-PARASITOLOGIA-CLINICA.pdf\" target=\"_blank\" rel=\"noopener\">MAC022 &#8211; PARASITOLOGIA CL\u00cdNICA<\/a><\/p>\n<p><a href=\"https:\/\/saude.ufpr.br\/farmacia\/wp-content\/uploads\/sites\/24\/2025\/03\/MAC023-ESTAGIO-OBRIGATORIO-DE-OBSERVACAO-A.pdf\" target=\"_blank\" rel=\"noopener\">MAC023 &#8211; EST\u00c1GIO OBRIGAT\u00d3RIO DE OBSERVA\u00c7\u00c3O A<\/a><\/p>\n<p><a href=\"https:\/\/saude.ufpr.br\/farmacia\/wp-content\/uploads\/sites\/24\/2025\/03\/MAC024-ESTAGIO-OBRIGATORIO-DE-VIVENCIA-PROFISSIONAL-A.pdf\" target=\"_blank\" rel=\"noopener\">MAC024 &#8211; EST\u00c1GIO OBRIGAT\u00d3RIO DE VIV\u00caNCIA PROFISSIONAL A<\/a><\/p>\n<p><a href=\"https:\/\/saude.ufpr.br\/farmacia\/wp-content\/uploads\/sites\/24\/2025\/03\/MAC025-ESTAGIO-PROFISSIONALIZANTE-A.pdf\" target=\"_blank\" rel=\"noopener\">MAC025 &#8211; EST\u00c1GIO PROFISSIONALIZANTE A<\/a><\/p>\n<p><a href=\"https:\/\/saude.ufpr.br\/farmacia\/wp-content\/uploads\/sites\/24\/2025\/03\/MAC026-ESTAGIO-OPTATIVO-DE-APERFEICOAMENTO-A.pdf\" target=\"_blank\" rel=\"noopener\">MAC026 &#8211; EST\u00c1GIO OPTATIVO DE APERFEI\u00c7OAMENTO A<\/a><\/p>\n<p><a href=\"https:\/\/saude.ufpr.br\/farmacia\/wp-content\/uploads\/sites\/24\/2025\/03\/MAC027-TOXICOLOGIA-GERAL.pdf\" target=\"_blank\" rel=\"noopener\">MAC027 &#8211; TOXICOLOGIA GERAL<\/a><\/p>\n<p><a href=\"https:\/\/saude.ufpr.br\/farmacia\/wp-content\/uploads\/sites\/24\/2025\/03\/MAC028-TOXICOLOGIA-CLINICA.pdf\" target=\"_blank\" rel=\"noopener\">MAC028 &#8211; TOXICOLOGIA CL\u00cdNICA<\/a><\/p>\n<p><a href=\"https:\/\/saude.ufpr.br\/farmacia\/wp-content\/uploads\/sites\/24\/2025\/03\/MB004-FARMACOGNOSIA-I.pdf\" target=\"_blank\" rel=\"noopener\">MB004 &#8211; FARMACOGNOSIA I<\/a><\/p>\n<p><a href=\"https:\/\/saude.ufpr.br\/farmacia\/wp-content\/uploads\/sites\/24\/2025\/03\/MB014-TECNOLOGIA-DE-COSMETICOS.pdf\" target=\"_blank\" rel=\"noopener\">MB014 &#8211; TECNOLOGIA DE COSM\u00c9TICOS<\/a><\/p>\n<p><a href=\"https:\/\/saude.ufpr.br\/farmacia\/wp-content\/uploads\/sites\/24\/2025\/03\/MB015-BROMATOLOGIA.pdf\" target=\"_blank\" rel=\"noopener\">MB015 &#8211; BROMATOLOGIA<\/a><\/p>\n<p><a href=\"https:\/\/saude.ufpr.br\/farmacia\/wp-content\/uploads\/sites\/24\/2025\/03\/MB023-METODOLOGIA-FARMACEUTICA.pdf\" target=\"_blank\" rel=\"noopener\">MB023 &#8211; METODOLOGIA FARMAC\u00caUTICA<\/a><\/p>\n<p><a href=\"https:\/\/saude.ufpr.br\/farmacia\/wp-content\/uploads\/sites\/24\/2025\/03\/MB033-FARMACIA-HOSPITALAR.pdf\" target=\"_blank\" rel=\"noopener\">MB033 &#8211; FARM\u00c1CIA HOSPITALAR<\/a><\/p>\n<p><a href=\"https:\/\/saude.ufpr.br\/farmacia\/wp-content\/uploads\/sites\/24\/2025\/03\/MB035-FARMACOTECNICA-HOMEOPATICA-II.pdf\" target=\"_blank\" rel=\"noopener\">MB035 &#8211; FARMACOT\u00c9CNICA HOMEOP\u00c1TICA II<\/a><\/p>\n<p><a href=\"https:\/\/saude.ufpr.br\/farmacia\/wp-content\/uploads\/sites\/24\/2025\/03\/MB038-ATENCAO-FARMACEUTICA-I.pdf\" target=\"_blank\" rel=\"noopener\">MB038 &#8211; ATEN\u00c7\u00c3O FARMAC\u00caUTICA I<\/a><\/p>\n<p><a href=\"https:\/\/saude.ufpr.br\/farmacia\/wp-content\/uploads\/sites\/24\/2025\/03\/MB039-ATENCAO-FARMACEUTICA-II.pdf\" target=\"_blank\" rel=\"noopener\">MB039 &#8211; ATEN\u00c7\u00c3O FARMAC\u00caUTICA II<\/a><\/p>\n<p><a href=\"https:\/\/saude.ufpr.br\/farmacia\/wp-content\/uploads\/sites\/24\/2025\/03\/MB040-ATUACAO-PROFISSIONAL-EM-FARMACIA.pdf\" target=\"_blank\" rel=\"noopener\">MB040 &#8211; ATUA\u00c7\u00c3O PROFISSIONAL EM FARM\u00c1CIA<\/a><\/p>\n<p><a href=\"https:\/\/saude.ufpr.br\/farmacia\/wp-content\/uploads\/sites\/24\/2025\/03\/MB041-SINTESE-DE-FARMACOS.pdf\" target=\"_blank\" rel=\"noopener\">MB041 &#8211; S\u00cdNTESE DE F\u00c1RMACOS<\/a><\/p>\n<p><a href=\"https:\/\/saude.ufpr.br\/farmacia\/wp-content\/uploads\/sites\/24\/2025\/03\/MB042-FARMACOTECNICA-III.pdf\" target=\"_blank\" rel=\"noopener\">MB042 &#8211; FARMACOT\u00c9CNICA III<\/a><\/p>\n<p><a href=\"https:\/\/saude.ufpr.br\/farmacia\/wp-content\/uploads\/sites\/24\/2025\/03\/MB043-FARMACOTECNICA-IV.pdf\" target=\"_blank\" rel=\"noopener\">MB043 &#8211; FARMACOT\u00c9CNICA IV<\/a><\/p>\n<p><a href=\"https:\/\/saude.ufpr.br\/farmacia\/wp-content\/uploads\/sites\/24\/2025\/03\/MB044-TECNOLOGIA-FARMACEUTICA-I.pdf\" target=\"_blank\" rel=\"noopener\">MB044 &#8211; TECNOLOGIA FARMAC\u00caUTICA I<\/a><\/p>\n<p><a href=\"https:\/\/saude.ufpr.br\/farmacia\/wp-content\/uploads\/sites\/24\/2025\/03\/MB045-FITOQUIMICA-III.pdf\" target=\"_blank\" rel=\"noopener\">MB045 &#8211; FITOQU\u00cdMICA III<\/a><\/p>\n<p><a href=\"https:\/\/saude.ufpr.br\/farmacia\/wp-content\/uploads\/sites\/24\/2025\/03\/MB046-ENZIMOLOGIA-E-TECNOLOGIA-DAS-FERMENTACOES-III.pdf\" target=\"_blank\" rel=\"noopener\">MB046 &#8211; ENZIMOLOGIA E TECNOLOGIA DAS FERMENTA\u00c7\u00d5ES III<\/a><\/p>\n<p><a href=\"https:\/\/saude.ufpr.br\/farmacia\/wp-content\/uploads\/sites\/24\/2025\/03\/MB047-ENZIMOLOGIA-E-TECNOLOGIA-DAS-FERMENTACOES-IV.pdf\" target=\"_blank\" rel=\"noopener\">MB047 &#8211; ENZIMOLOGIA E TECNOLOGIA DAS FERMENTA\u00c7\u00d5ES IV<\/a><\/p>\n<p><a href=\"https:\/\/saude.ufpr.br\/farmacia\/wp-content\/uploads\/sites\/24\/2025\/03\/MB048-CIENCIA-DE-ALIMENTOS.pdf\" target=\"_blank\" rel=\"noopener\">MB048 &#8211; CI\u00caNCIA DE ALIMENTOS<\/a><\/p>\n<p><a href=\"https:\/\/saude.ufpr.br\/farmacia\/wp-content\/uploads\/sites\/24\/2025\/03\/MB049-PROCESSAMENTO-E-CONSERVACAO-DE-ALIMENTOS.pdf\" target=\"_blank\" rel=\"noopener\">MB049 &#8211; PROCESSAMENTO E CONSERVA\u00c7\u00c3O DE ALIMENTOS<\/a><\/p>\n<p><a href=\"https:\/\/saude.ufpr.br\/farmacia\/wp-content\/uploads\/sites\/24\/2025\/03\/MB050-TECNOLOGIA-DE-ALIMENTOS-DIETETICOS-E-FUNCIONAIS.pdf\" target=\"_blank\" rel=\"noopener\">MB050 &#8211; TECNOLOGIA DE ALIMENTOS DIET\u00c9TICOS E FUNCIONAIS<\/a><\/p>\n<p><a href=\"https:\/\/saude.ufpr.br\/farmacia\/wp-content\/uploads\/sites\/24\/2025\/03\/MB051-RADIOISOTOPOS-APLICADOS-A-FARMACIA.pdf\" target=\"_blank\" rel=\"noopener\">MB051 &#8211; RADIOIS\u00d3TOPOS APLICADOS \u00c0 FARM\u00c1CIA<\/a><\/p>\n<p><a href=\"https:\/\/saude.ufpr.br\/farmacia\/wp-content\/uploads\/sites\/24\/2025\/03\/MB052-SISTEMAS-DA-QUALIDADE.pdf\" target=\"_blank\" rel=\"noopener\">MB052 &#8211; SISTEMAS DA QUALIDADE<\/a><\/p>\n<p><a href=\"https:\/\/saude.ufpr.br\/farmacia\/wp-content\/uploads\/sites\/24\/2025\/03\/MB053-CONTROLE-DE-QUALIDADE-FISICO-QUIMICO.pdf\" target=\"_blank\" rel=\"noopener\">MB053 &#8211; CONTROLE DE QUALIDADE F\u00cdSICO-QU\u00cdMICO<\/a><\/p>\n<p><a href=\"https:\/\/saude.ufpr.br\/farmacia\/wp-content\/uploads\/sites\/24\/2025\/03\/MB054-CONTROLE-BIOLOGICO-DE-QUALIDADE.pdf\" target=\"_blank\" rel=\"noopener\">MB054 &#8211; CONTROLE BIOL\u00d3GICO DE QUALIDADE<\/a><\/p>\n<p><a href=\"https:\/\/saude.ufpr.br\/farmacia\/wp-content\/uploads\/sites\/24\/2025\/03\/MB055-CONTROLE-MICROBIOLOGICO-DE-QUALIDADE-DE-ALIMENTOS.pdf\" target=\"_blank\" rel=\"noopener\">MB055 &#8211; CONTROLE MICROBIOL\u00d3GICO DE QUALIDADE DE ALIMENTOS<\/a><\/p>\n<p><a href=\"https:\/\/saude.ufpr.br\/farmacia\/wp-content\/uploads\/sites\/24\/2025\/03\/MB056-ESTAGIO-OBRIGATORIO-DE-OBSERVACAO-B.pdf\" target=\"_blank\" rel=\"noopener\">MB056 &#8211; EST\u00c1GIO OBRIGAT\u00d3RIO DE OBSERVA\u00c7\u00c3O B<\/a><\/p>\n<p><a href=\"https:\/\/saude.ufpr.br\/farmacia\/wp-content\/uploads\/sites\/24\/2025\/03\/MB057-ESTAGIO-OBRIGATORIO-DE-OBSERVACAO-C.pdf\" target=\"_blank\" rel=\"noopener\">MB057 &#8211; EST\u00c1GIO OBRIGAT\u00d3RIO DE OBSERVA\u00c7\u00c3O C<\/a><\/p>\n<p><a href=\"https:\/\/saude.ufpr.br\/farmacia\/wp-content\/uploads\/sites\/24\/2025\/03\/MB058-ESTAGIO-OBRIGATORIO-DE-VIVENCIA-PROFISSIONAL.pdf\" target=\"_blank\" rel=\"noopener\">MB058 &#8211; EST\u00c1GIO OBRIGAT\u00d3RIO DE VIV\u00caNCIA PROFISSIONAL<\/a><\/p>\n<p><a href=\"https:\/\/saude.ufpr.br\/farmacia\/wp-content\/uploads\/sites\/24\/2025\/03\/MB059-ESTAGIO-OBRIGATORIO-DE-VIVENCIA-PROFISSIONAL-C.pdf\" target=\"_blank\" rel=\"noopener\">MB059 &#8211; EST\u00c1GIO OBRIGAT\u00d3RIO DE VIV\u00caNCIA PROFISSIONAL C<\/a><\/p>\n<p><a href=\"https:\/\/saude.ufpr.br\/farmacia\/wp-content\/uploads\/sites\/24\/2025\/03\/MB060-ESTAGIO-OBRIGATORIO-PROFISSIONALIZANTE-B.pdf\" target=\"_blank\" rel=\"noopener\">MB060 &#8211; EST\u00c1GIO OBRIGAT\u00d3RIO PROFISSIONALIZANTE B<\/a><\/p>\n<p><a href=\"https:\/\/saude.ufpr.br\/farmacia\/wp-content\/uploads\/sites\/24\/2025\/03\/MB061-ESTAGIO-OBRIGATORIO-PROFISSIONALIZANTE-C.pdf\" target=\"_blank\" rel=\"noopener\">MB061 &#8211; EST\u00c1GIO OBRIGAT\u00d3RIO PROFISSIONALIZANTE C<\/a><\/p>\n<p><a href=\"https:\/\/saude.ufpr.br\/farmacia\/wp-content\/uploads\/sites\/24\/2025\/03\/MB062-ESTAGIO-OPTATIVO-DE-APERFEICOAMENTO-B.pdf\" target=\"_blank\" rel=\"noopener\">MB062 &#8211; EST\u00c1GIO OPTATIVO DE APERFEI\u00c7OAMENTO B<\/a><\/p>\n<p><a href=\"https:\/\/saude.ufpr.br\/farmacia\/wp-content\/uploads\/sites\/24\/2025\/03\/MB063-ESTAGIO-OPTATIVO-DE-APERFEICOAMENTO-C.pdf\" target=\"_blank\" rel=\"noopener\">MB063 &#8211; EST\u00c1GIO OPTATIVO DE APERFEI\u00c7OAMENTO C<\/a><\/p>\n<p><a href=\"https:\/\/saude.ufpr.br\/farmacia\/wp-content\/uploads\/sites\/24\/2025\/03\/MB064-QUIMICA-MEDICINAL-FARMACEUTICA.pdf\" target=\"_blank\" rel=\"noopener\">MB064 &#8211; QU\u00cdMICA MEDICINAL FARMAC\u00caUTICA<\/a><\/p>\n<p><a href=\"https:\/\/saude.ufpr.br\/farmacia\/wp-content\/uploads\/sites\/24\/2025\/03\/MB065-ESTAGIO-SUPERVISIONADO-EM-FARMACIA-HOSPITALAR.pdf\" target=\"_blank\" rel=\"noopener\">MB065 &#8211; EST\u00c1GIO SUPERVISIONADO EM FARM\u00c1CIA HOSPITALAR<\/a><\/p>\n<p><a href=\"https:\/\/saude.ufpr.br\/farmacia\/wp-content\/uploads\/sites\/24\/2025\/03\/MB070-ESTAGIO-SUPERVISIONADO-EM-FARMACIA-HOMEOPATICA-III.pdf\" target=\"_blank\" rel=\"noopener\">MB070 &#8211; EST\u00c1GIO SUPERVISIONADO EM FARM\u00c1CIA HOMEOP\u00c1TICA III<\/a><\/p>\n<p><a href=\"https:\/\/saude.ufpr.br\/farmacia\/wp-content\/uploads\/sites\/24\/2025\/03\/MB071-DEONTOLOGIA-FARMACEUTICA-E-LEGISLACAO-APLICADA-A-FARMACIA.pdf\" target=\"_blank\" rel=\"noopener\">MB071 &#8211; DEONTOLOGIA FARMAC\u00caUTICA E LEGISLA\u00c7\u00c3O APLICADA \u00c0 FARM\u00c1CIA<\/a><\/p>\n<p><a href=\"https:\/\/saude.ufpr.br\/farmacia\/wp-content\/uploads\/sites\/24\/2025\/03\/MB072-BIOETICA.pdf\" target=\"_blank\" rel=\"noopener\">MB072 &#8211; BIO\u00c9TICA<\/a><\/p>\n<p><a href=\"https:\/\/saude.ufpr.br\/farmacia\/wp-content\/uploads\/sites\/24\/2025\/03\/MB073-NANOTECNOLOGIA-FARMACEUTICA.pdf\" target=\"_blank\" rel=\"noopener\">MB073 &#8211; NANOTECNOLOGIA FARMAC\u00caUTICA<\/a><\/p>\n<p><a href=\"https:\/\/saude.ufpr.br\/farmacia\/wp-content\/uploads\/sites\/24\/2025\/03\/MB205-FARMACOGNOSIA-II.pdf\" target=\"_blank\" rel=\"noopener\">MB205 &#8211; FARMACOGNOSIA II<\/a><\/p>\n<p><a href=\"https:\/\/saude.ufpr.br\/farmacia\/wp-content\/uploads\/sites\/24\/2025\/03\/MB212-FISICA-INDUSTRIAL.pdf\" target=\"_blank\" rel=\"noopener\">MB212 &#8211; F\u00cdSICA INDUSTRIAL<\/a><\/p>\n<p><a href=\"https:\/\/saude.ufpr.br\/farmacia\/wp-content\/uploads\/sites\/24\/2025\/03\/MF026-DEONTOLOGIA-FARMACEUTICA-E-LEGISLACAO-APLICADA-A-FARMACIA.pdf\" target=\"_blank\" rel=\"noopener\">MF026 &#8211; DEONTOLOGIA FARMAC\u00caUTICA E LEGISLA\u00c7\u00c3O APLICADA \u00c0 FARM\u00c1CIA<\/a><\/p>\n<p><a href=\"https:\/\/saude.ufpr.br\/farmacia\/wp-content\/uploads\/sites\/24\/2025\/03\/MF027-TOXICOLOGIA-GERAL.pdf\" target=\"_blank\" rel=\"noopener\">MF027 &#8211; TOXICOLOGIA GERAL<\/a><\/p>\n<p><a href=\"https:\/\/saude.ufpr.br\/farmacia\/wp-content\/uploads\/sites\/24\/2025\/03\/MF028-TOXICOLOGIA-CLINICA.pdf\" target=\"_blank\" rel=\"noopener\">MF028 &#8211; TOXICOLOGIA CL\u00cdNICA<\/a><\/p>\n<p><a href=\"https:\/\/saude.ufpr.br\/farmacia\/wp-content\/uploads\/sites\/24\/2025\/03\/MF029-TOXICOLOGIA-DE-ALIMENTOS.pdf\" target=\"_blank\" rel=\"noopener\">MF029 &#8211; TOXICOLOGIA DE ALIMENTOS<\/a><\/p>\n<p><a href=\"https:\/\/saude.ufpr.br\/farmacia\/wp-content\/uploads\/sites\/24\/2025\/03\/MF030-BIOETICA.pdf\" target=\"_blank\" rel=\"noopener\">MF030 &#8211; BIO\u00c9TICA<\/a><\/p>\n<p><a href=\"https:\/\/saude.ufpr.br\/farmacia\/wp-content\/uploads\/sites\/24\/2025\/03\/MP008-BIOQUIMICA-CLINICA-I.pdf\" target=\"_blank\" rel=\"noopener\">MP008 &#8211; BIOQU\u00cdMICA CL\u00cdNICA I<\/a><\/p>\n<p><a href=\"https:\/\/saude.ufpr.br\/farmacia\/wp-content\/uploads\/sites\/24\/2025\/03\/MP009-BIOQUIMICA-CLINICA-II.pdf\" target=\"_blank\" rel=\"noopener\">MP009 &#8211; BIOQUIMICA CLINICA II<\/a><\/p>\n<p><a href=\"https:\/\/saude.ufpr.br\/farmacia\/wp-content\/uploads\/sites\/24\/2025\/03\/MP011-CITOLOGIA-CLINICA-A.pdf\" target=\"_blank\" rel=\"noopener\">MP011 &#8211; CITOLOGIA CL\u00cdNICA A<\/a><\/p>\n<p><a href=\"https:\/\/saude.ufpr.br\/farmacia\/wp-content\/uploads\/sites\/24\/2025\/03\/MP012-HEMATOLOGIA-I.pdf\" target=\"_blank\" rel=\"noopener\">MP012 &#8211; HEMATOLOGIA I<\/a><\/p>\n<p><a href=\"https:\/\/saude.ufpr.br\/farmacia\/wp-content\/uploads\/sites\/24\/2025\/03\/MP013-HEMATOLOGIA-II.pdf\" target=\"_blank\" rel=\"noopener\">MP013 &#8211; HEMATOLOGIA II<\/a><\/p>\n<p><a href=\"https:\/\/saude.ufpr.br\/farmacia\/wp-content\/uploads\/sites\/24\/2025\/03\/MP014-BACTERIOLOGIA-CLINICA.pdf\" target=\"_blank\" rel=\"noopener\">MP014 &#8211; BACTERIOLOGIA CL\u00cdNICA<\/a><\/p>\n<p><a href=\"https:\/\/saude.ufpr.br\/farmacia\/wp-content\/uploads\/sites\/24\/2025\/03\/MP015-MICOLOGIA-CLINICA.pdf\" target=\"_blank\" rel=\"noopener\">MP015 &#8211; MICOLOGIA CL\u00cdNICA<\/a><\/p>\n<p><a href=\"https:\/\/saude.ufpr.br\/farmacia\/wp-content\/uploads\/sites\/24\/2025\/03\/MP017-VIROLOGIA.pdf\" target=\"_blank\" rel=\"noopener\">MP017 &#8211; VIROLOGIA<\/a><\/p>\n<p><a href=\"https:\/\/saude.ufpr.br\/farmacia\/wp-content\/uploads\/sites\/24\/2025\/03\/MP019-BIOLOGIA-MOLECULAR-PRINP.APLIC_.NO-LAB.CLINICO.pdf\" target=\"_blank\" rel=\"noopener\">MP019 &#8211; BIOLOGIA MOLECULAR-PRINP.APLIC.NO LAB.CL\u00cdNICO<\/a><\/p>\n<p><a href=\"https:\/\/saude.ufpr.br\/farmacia\/wp-content\/uploads\/sites\/24\/2025\/03\/MP020-CONTROLE-E-GERENCIAMENTO-DE-QUALIDADE-ANALITICA.pdf\" target=\"_blank\" rel=\"noopener\">MP020 &#8211; CONTROLE E GERENCIAMENTO DE QUALIDADE ANAL\u00cdTICA<\/a><\/p>\n<p><a href=\"https:\/\/saude.ufpr.br\/farmacia\/wp-content\/uploads\/sites\/24\/2025\/03\/MP021-IMUNOLOGIA-CLINICA.pdf\" target=\"_blank\" rel=\"noopener\">MP021 &#8211; IMUNOLOGIA CL\u00cdNICA<\/a><\/p>\n<p><a href=\"https:\/\/saude.ufpr.br\/farmacia\/wp-content\/uploads\/sites\/24\/2025\/03\/MP022-PARASITOLOGIA-CLINICA.pdf\" target=\"_blank\" rel=\"noopener\">MP022 &#8211; PARASITOLOGIA CL\u00cdNICA<\/a><\/p>\n<p><a href=\"https:\/\/saude.ufpr.br\/farmacia\/wp-content\/uploads\/sites\/24\/2025\/03\/MP023-ESTAGIO-OBRIGATORIO-DE-OBSERVACAO-A.pdf\" target=\"_blank\" rel=\"noopener\">MP023 &#8211; EST\u00c1GIO OBRIGAT\u00d3RIO DE OBSERVA\u00c7\u00c3O A<\/a><\/p>\n<p><a href=\"https:\/\/saude.ufpr.br\/farmacia\/wp-content\/uploads\/sites\/24\/2025\/03\/MP024-ESTAGIO-OBRIGATORIO-DE-VIVENCIA-PROFISSIONAL-A.pdf\" target=\"_blank\" rel=\"noopener\">MP024 &#8211; EST\u00c1GIO OBRIGAT\u00d3RIO DE VIV\u00caNCIA PROFISSIONAL A<\/a><\/p>\n<p><a href=\"https:\/\/saude.ufpr.br\/farmacia\/wp-content\/uploads\/sites\/24\/2025\/03\/MP025-ESTAGIO-OBRIGATORIO-PROFISSIONALIZANTE-A.pdf\" target=\"_blank\" rel=\"noopener\">MP025 &#8211; EST\u00c1GIO OBRIGAT\u00d3RIO PROFISSIONALIZANTE A<\/a><\/p>\n<p><a href=\"https:\/\/saude.ufpr.br\/farmacia\/wp-content\/uploads\/sites\/24\/2025\/03\/MP026-ESTAGIO-OPTATIVO-DE-APERFEICOAMENTO-A.pdf\" target=\"_blank\" rel=\"noopener\">MP026 &#8211; EST\u00c1GIO OPTATIVO DE APERFEI\u00c7OAMENTO A<\/a><\/p>\n<p><a href=\"https:\/\/saude.ufpr.br\/farmacia\/wp-content\/uploads\/sites\/24\/2025\/03\/MS048-SAUDE-E-SOCIEDADE.pdf\" target=\"_blank\" rel=\"noopener\">MS048 &#8211; SA\u00daDE E SOCIEDADE<\/a><\/p>\n<p><a href=\"https:\/\/saude.ufpr.br\/farmacia\/wp-content\/uploads\/sites\/24\/2025\/03\/MS049-EPIDEMIOLOGIA.pdf\" target=\"_blank\" rel=\"noopener\">MS049 &#8211; EPIDEMIOLOGIA<\/a><\/p>\n<p><a href=\"https:\/\/saude.ufpr.br\/farmacia\/wp-content\/uploads\/sites\/24\/2025\/03\/MS050-SAUDE-AMBIENTAL.pdf\" target=\"_blank\" rel=\"noopener\">MS050 &#8211; SA\u00daDE AMBIENTAL<\/a><\/p>\n<p><a href=\"https:\/\/saude.ufpr.br\/farmacia\/wp-content\/uploads\/sites\/24\/2025\/03\/MS051-VIGILANCIA-SANITARIA.pdf\" target=\"_blank\" rel=\"noopener\">MS051 &#8211; VIGIL\u00c2NCIA SANIT\u00c1RIA<\/a><\/p>\n<p><a href=\"https:\/\/saude.ufpr.br\/farmacia\/wp-content\/uploads\/sites\/24\/2025\/03\/MS052-SAUDE-PUBLICA.pdf\" target=\"_blank\" rel=\"noopener\">MS052 &#8211; SA\u00daDE P\u00daBLICA<\/a><\/p>\n<p><a href=\"https:\/\/saude.ufpr.br\/farmacia\/wp-content\/uploads\/sites\/24\/2025\/03\/SA093-ADMINISTRACAO-FARMACEUTICA.pdf\" target=\"_blank\" rel=\"noopener\">SA093 &#8211; ADMINISTRA\u00c7\u00c3O FARMAC\u00caUTICA<\/a><\/p>\n<p>&nbsp;<\/p>\n<h2><strong>Curr\u00edculo: 33A, 33B e 33C &#8211; Curso de Farm\u00e1cia (vers\u00e3o 1991)<\/strong><\/h2>\n<p><a href=\"https:\/\/saude.ufpr.br\/farmacia\/wp-content\/uploads\/sites\/24\/2025\/03\/BA011-ANATOMIA-GERAL-FARMACIA.pdf\" target=\"_blank\" rel=\"noopener\">BA011 &#8211; ANATOMIA GERAL &#8211; FARM\u00c1CIA<\/a><\/p>\n<p><a href=\"https:\/\/saude.ufpr.br\/farmacia\/wp-content\/uploads\/sites\/24\/2025\/04\/BB026-BOTANICA-APLICADA-A-FARMACIA.pdf\" target=\"_blank\" rel=\"noopener\">BB026 &#8211; BOT\u00c2NICA APLICADA \u00c0 FARM\u00c1CIA<\/a><\/p>\n<p><a href=\"https:\/\/saude.ufpr.br\/farmacia\/wp-content\/uploads\/sites\/24\/2025\/04\/BC006-CITOLOGIA-II.pdf\" target=\"_blank\" rel=\"noopener\">BC006 &#8211; CITOLOGIA II<\/a><\/p>\n<p><a href=\"https:\/\/saude.ufpr.br\/farmacia\/wp-content\/uploads\/sites\/24\/2025\/04\/BC007-HISTOLOGIA-E-EMBRIOLOGIA-GERAL.pdf\" target=\"_blank\" rel=\"noopener\">BC007 &#8211; HISTOLOGIA E EMBRIOLOGIA GERAL<\/a><\/p>\n<p><a href=\"https:\/\/saude.ufpr.br\/farmacia\/wp-content\/uploads\/sites\/24\/2025\/03\/BF028-FISIOLOGIA-HUMANA-FARMACIA.pdf\" target=\"_blank\" rel=\"noopener\">BF028 &#8211; FISIOLOGIA HUMANA-FARM\u00c1CIA<\/a><\/p>\n<p><a href=\"https:\/\/saude.ufpr.br\/farmacia\/wp-content\/uploads\/sites\/24\/2025\/04\/BG004-GENETICA-HUMANA.pdf\" target=\"_blank\" rel=\"noopener\">BG004 &#8211; GEN\u00c9TICA HUMANA<\/a><\/p>\n<p><a href=\"https:\/\/saude.ufpr.br\/farmacia\/wp-content\/uploads\/sites\/24\/2025\/04\/BP201-IMUNOLOGIA-BASICA-APLICADA-A-FARMACIA.pdf\" target=\"_blank\" rel=\"noopener\">BP201 &#8211; IMUNOLOGIA B\u00c1SICA APLICADA \u00c0 FARM\u00c1CIA<\/a><\/p>\n<p><a href=\"https:\/\/saude.ufpr.br\/farmacia\/wp-content\/uploads\/sites\/24\/2025\/04\/BP311-MICROBIOLOGIA-APLICADA-A-FARMACIA.pdf\" target=\"_blank\" rel=\"noopener\">BP311 &#8211; MICROBIOLOGIA APLICADA A FARMACIA<\/a><\/p>\n<p><a href=\"https:\/\/saude.ufpr.br\/farmacia\/wp-content\/uploads\/sites\/24\/2025\/04\/BP312-PARASITOLOGIA-APLICADA-A-FARMACIA.pdf\" target=\"_blank\" rel=\"noopener\">BP312 &#8211; PARASITOLOGIA APLICADA \u00c0 FARM\u00c1CIA<\/a><\/p>\n<p><a href=\"https:\/\/saude.ufpr.br\/farmacia\/wp-content\/uploads\/sites\/24\/2025\/04\/BP313-PATOLOGIA-APLICADA-A-FARMACIA.pdf\" target=\"_blank\" rel=\"noopener\">BP313 &#8211; PATOLOGIA APLICADA \u00c0 FARM\u00c1CIA<\/a><\/p>\n<p><a href=\"https:\/\/saude.ufpr.br\/farmacia\/wp-content\/uploads\/sites\/24\/2025\/04\/BQ006-BIOQUIMICA-ANIMAL.pdf\" target=\"_blank\" rel=\"noopener\">BQ006 &#8211; BIOQU\u00cdMICA ANIMAL<\/a><\/p>\n<p><a href=\"https:\/\/saude.ufpr.br\/farmacia\/wp-content\/uploads\/sites\/24\/2025\/03\/BQ013-BIOQUIMICA-DA-CELULA.pdf\" target=\"_blank\" rel=\"noopener\">BQ013 &#8211; BIOQU\u00cdMICA DA C\u00c9LULA<\/a><\/p>\n<p><a href=\"https:\/\/saude.ufpr.br\/farmacia\/wp-content\/uploads\/sites\/24\/2025\/04\/CE001-BIOESTATISTICA.pdf\" target=\"_blank\" rel=\"noopener\">CE001 &#8211; BIOESTAT\u00cdSTICA<\/a><\/p>\n<p><a href=\"https:\/\/saude.ufpr.br\/farmacia\/wp-content\/uploads\/sites\/24\/2025\/04\/CI228-LABORATORIO-DE-INFORMATICA-I.pdf\" target=\"_blank\" rel=\"noopener\">CI228 &#8211; LABORAT\u00d3RIO DE INFORM\u00c1TICA I<\/a><\/p>\n<p><a href=\"https:\/\/saude.ufpr.br\/farmacia\/wp-content\/uploads\/sites\/24\/2025\/04\/CQ015-ANALISE-ORGANICA.pdf\" target=\"_blank\" rel=\"noopener\">CQ015 &#8211; AN\u00c1LISE ORG\u00c2NICA<\/a><\/p>\n<p><a href=\"https:\/\/saude.ufpr.br\/farmacia\/wp-content\/uploads\/sites\/24\/2025\/04\/CQ031-QUIIMICA-GERAL-B.pdf\" target=\"_blank\" rel=\"noopener\">CQ031 &#8211; QUI\u00cdMICA GERAL B<\/a><\/p>\n<p><a href=\"https:\/\/saude.ufpr.br\/farmacia\/wp-content\/uploads\/sites\/24\/2025\/04\/CQ032-QUIMICA-INORGANICA-I.pdf\" target=\"_blank\" rel=\"noopener\">CQ032 &#8211; QU\u00cdMICA INORG\u00c2NICA I<\/a><\/p>\n<p><a href=\"https:\/\/saude.ufpr.br\/farmacia\/wp-content\/uploads\/sites\/24\/2025\/04\/CQ033-FISICO-QUIMICA-D.pdf\" target=\"_blank\" rel=\"noopener\">CQ033 &#8211; F\u00cdSICO-QU\u00cdMICA D<\/a><\/p>\n<p><a href=\"https:\/\/saude.ufpr.br\/farmacia\/wp-content\/uploads\/sites\/24\/2025\/04\/CQ034-QUIMICA-ANALITICA-I.pdf\" target=\"_blank\" rel=\"noopener\">CQ034 &#8211; QU\u00cdMICA ANAL\u00cdTICA I<\/a><\/p>\n<p><a href=\"https:\/\/saude.ufpr.br\/farmacia\/wp-content\/uploads\/sites\/24\/2025\/04\/CQ035-QUIMICA-ANALITICA-II.pdf\" target=\"_blank\" rel=\"noopener\">CQ035 &#8211; QU\u00cdMICA ANAL\u00cdTICA II<\/a><\/p>\n<p><a href=\"https:\/\/saude.ufpr.br\/farmacia\/wp-content\/uploads\/sites\/24\/2025\/04\/CQ038-PRINCIPIOS-DE-QUIMICA-ORGANICA.pdf\" target=\"_blank\" rel=\"noopener\">CQ038 &#8211; PRINC\u00cdPIOS DE QU\u00cdMICA ORG\u00c2NICA<\/a><\/p>\n<p><a href=\"https:\/\/saude.ufpr.br\/farmacia\/wp-content\/uploads\/sites\/24\/2025\/04\/CQ039-MECANISMOS-DE-REACOES-ORGANICAS.pdf\" target=\"_blank\" rel=\"noopener\">CQ039 &#8211; MECANISMOS DE REA\u00c7\u00d5ES ORG\u00c2NICAS<\/a><\/p>\n<p><a href=\"https:\/\/saude.ufpr.br\/farmacia\/wp-content\/uploads\/sites\/24\/2025\/04\/MB001-ENZIMOLOGIA-E-TECNOLOGIA-DAS-FERMENTACOES-I.pdf\" target=\"_blank\" rel=\"noopener\">MB001 &#8211; ENZIMOLOGIA E TECNOLOGIA DAS FERMENTA\u00c7\u00d5ES I<\/a><\/p>\n<p><a href=\"https:\/\/saude.ufpr.br\/farmacia\/wp-content\/uploads\/sites\/24\/2025\/04\/MB002-ENZIMOLOGIA-E-TECNOLOGIA-DAS-FERMENTACOES-II.pdf\" target=\"_blank\" rel=\"noopener\">MB002 &#8211; ENZIMOLOGIA E TECNOLOGIA DAS FERMENTA\u00c7\u00d5ES II<\/a><\/p>\n<p><a href=\"https:\/\/saude.ufpr.br\/farmacia\/wp-content\/uploads\/sites\/24\/2025\/03\/MB004-FARMACOGNOSIA-I.pdf\" target=\"_blank\" rel=\"noopener\">MB004 &#8211; FARMACOGNOSIA I<\/a><\/p>\n<p><a href=\"https:\/\/saude.ufpr.br\/farmacia\/wp-content\/uploads\/sites\/24\/2025\/04\/MB006-FARMACOTECNICA-I-1.pdf\" target=\"_blank\" rel=\"noopener\">MB006 &#8211; FARMACOT\u00c9CNICA I<\/a><\/p>\n<p><a href=\"https:\/\/saude.ufpr.br\/farmacia\/wp-content\/uploads\/sites\/24\/2025\/04\/MB007-FARMACOTECNICA-II.pdf\" target=\"_blank\" rel=\"noopener\">MB007 &#8211; FARMACOT\u00c9CNICA II<\/a><\/p>\n<p><a href=\"https:\/\/saude.ufpr.br\/farmacia\/wp-content\/uploads\/sites\/24\/2025\/04\/MB009-SINTESE-DE-MEDICAMENTOS-ORGANICOS.pdf\" target=\"_blank\" rel=\"noopener\">MB009 &#8211; S\u00cdNTESE DE MEDICAMENTOS ORG\u00c2NICOS<\/a><\/p>\n<p><a href=\"https:\/\/saude.ufpr.br\/farmacia\/wp-content\/uploads\/sites\/24\/2025\/04\/MB011-CONTROLE-DE-QUALIDADE-II.pdf\" target=\"_blank\" rel=\"noopener\">MB011 &#8211; CONTROLE DE QUALIDADE II<\/a><\/p>\n<p><a href=\"https:\/\/saude.ufpr.br\/farmacia\/wp-content\/uploads\/sites\/24\/2025\/04\/MB013-TECNOLOGIA-FARMACEUTICA.pdf\" target=\"_blank\" rel=\"noopener\">MB013 &#8211; TECNOLOGIA FARMAC\u00caUTICA<\/a><\/p>\n<p><a href=\"https:\/\/saude.ufpr.br\/farmacia\/wp-content\/uploads\/sites\/24\/2025\/03\/MB015-BROMATOLOGIA.pdf\" target=\"_blank\" rel=\"noopener\">MB015 &#8211; BROMATOLOGIA<\/a><\/p>\n<p><a href=\"https:\/\/saude.ufpr.br\/farmacia\/wp-content\/uploads\/sites\/24\/2025\/04\/MB016-TECNOLOGIA-DE-ALIMENTOS-DIETETICOS.pdf\" target=\"_blank\" rel=\"noopener\">MB016 &#8211; TECNOLOGIA DE ALIMENTOS DIET\u00c9TICOS<\/a><\/p>\n<p><a href=\"https:\/\/saude.ufpr.br\/farmacia\/wp-content\/uploads\/sites\/24\/2025\/04\/MB019-ESTAGIO-SUPERVISIONADO-EM-FARMACIA.pdf\" target=\"_blank\" rel=\"noopener\">MB019 &#8211; EST\u00c1GIO SUPERVISIONADO EM FARM\u00c1CIA<\/a><\/p>\n<p><a href=\"https:\/\/saude.ufpr.br\/farmacia\/wp-content\/uploads\/sites\/24\/2025\/03\/MB023-METODOLOGIA-FARMACEUTICA.pdf\" target=\"_blank\" rel=\"noopener\">MB023 &#8211; METODOLOGIA FARMAC\u00caUTICA<\/a><\/p>\n<p><a href=\"https:\/\/saude.ufpr.br\/farmacia\/wp-content\/uploads\/sites\/24\/2025\/04\/MB024-METODOLOGIA-DE-RADIOISOTOPOS.pdf\" target=\"_blank\" rel=\"noopener\">MB024 &#8211; METODOLOGIA DE RADIOIS\u00d3TOPOS<\/a><\/p>\n<p><a href=\"https:\/\/saude.ufpr.br\/farmacia\/wp-content\/uploads\/sites\/24\/2025\/04\/MB025-TECNOLOGIA-DE-COSMETICOS-I.pdf\" target=\"_blank\" rel=\"noopener\">MB025 &#8211; TECNOLOGIA DE COSM\u00c9TICOS I<\/a><\/p>\n<p><a href=\"https:\/\/saude.ufpr.br\/farmacia\/wp-content\/uploads\/sites\/24\/2025\/04\/MB027-CONTROLE-DE-QUALIDADE-I.pdf\" target=\"_blank\" rel=\"noopener\">MB027 &#8211; CONTROLE DE QUALIDADE I<\/a><\/p>\n<p><a href=\"https:\/\/saude.ufpr.br\/farmacia\/wp-content\/uploads\/sites\/24\/2025\/04\/MB029-QUIMICA-FARMACEUTICA.pdf\" target=\"_blank\" rel=\"noopener\">MB029 &#8211; QU\u00cdMICA FARMAC\u00caUTICA<\/a><\/p>\n<p><a href=\"https:\/\/saude.ufpr.br\/farmacia\/wp-content\/uploads\/sites\/24\/2025\/04\/MB030-ESTAGIO-SUPERVISIONADO-EM-FARMACIA-INDUSTRIAL-1.pdf\" target=\"_blank\" rel=\"noopener\">MB030 &#8211; EST\u00c1GIO SUPERVISIONADO EM FARM\u00c1CIA INDUSTRIAL<\/a><\/p>\n<p><a href=\"https:\/\/saude.ufpr.br\/farmacia\/wp-content\/uploads\/sites\/24\/2025\/04\/MB034-FITOQUIMICA.pdf\" target=\"_blank\" rel=\"noopener\">MB034 &#8211; FITOQU\u00cdMICA<\/a><\/p>\n<p><a href=\"https:\/\/saude.ufpr.br\/farmacia\/wp-content\/uploads\/sites\/24\/2025\/03\/MB203-METODOS-FISICOS-APLICADOS-A-FARMACIA.pdf\" target=\"_blank\" rel=\"noopener\">MB203 &#8211; M\u00c9TODOS F\u00cdSICOS APLICADOS \u00c0 FARM\u00c1CIA<\/a><\/p>\n<p><a href=\"https:\/\/saude.ufpr.br\/farmacia\/wp-content\/uploads\/sites\/24\/2025\/03\/MB205-FARMACOGNOSIA-II.pdf\" target=\"_blank\" rel=\"noopener\">MB205 &#8211; FARMACOGNOSIA II<\/a><\/p>\n<p><a href=\"https:\/\/saude.ufpr.br\/farmacia\/wp-content\/uploads\/sites\/24\/2025\/03\/MB212-FISICA-INDUSTRIAL.pdf\" target=\"_blank\" rel=\"noopener\">MB212 &#8211; F\u00cdSICA INDUSTRIAL<\/a><\/p>\n<p><a href=\"https:\/\/saude.ufpr.br\/farmacia\/wp-content\/uploads\/sites\/24\/2025\/04\/MF007-DEONTOLOGIA-E-LEGISLACAO-FARMACEUTICA.pdf\" target=\"_blank\" rel=\"noopener\">MF007 &#8211; DEONTOLOGIA E LEGISLA\u00c7\u00c3O FARMAC\u00caUTICA<\/a><\/p>\n<p><a href=\"https:\/\/saude.ufpr.br\/farmacia\/wp-content\/uploads\/sites\/24\/2025\/04\/MF008-TOXICOLOGIA.pdf\" target=\"_blank\" rel=\"noopener\">MF008 &#8211; TOXICOLOGIA<\/a><\/p>\n<p><a href=\"https:\/\/saude.ufpr.br\/farmacia\/wp-content\/uploads\/sites\/24\/2025\/04\/MP005-PARASITOLOGIA-CLINICA.pdf\" target=\"_blank\" rel=\"noopener\">MP005 &#8211; PARASITOLOGIA CL\u00cdNICA<\/a><\/p>\n<p><a href=\"https:\/\/saude.ufpr.br\/farmacia\/wp-content\/uploads\/sites\/24\/2025\/03\/MP008-BIOQUIMICA-CLINICA-I.pdf\" target=\"_blank\" rel=\"noopener\">MP008 &#8211; BIOQU\u00cdMICA CL\u00cdNICA I<\/a><\/p>\n<p><a href=\"https:\/\/saude.ufpr.br\/farmacia\/wp-content\/uploads\/sites\/24\/2025\/03\/MP009-BIOQUIMICA-CLINICA-II.pdf\" target=\"_blank\" rel=\"noopener\">MP009 &#8211; BIOQUIMICA CLINICA II<\/a><\/p>\n<p><a href=\"https:\/\/saude.ufpr.br\/farmacia\/wp-content\/uploads\/sites\/24\/2025\/03\/MP011-CITOLOGIA-CLINICA-A.pdf\" target=\"_blank\" rel=\"noopener\">MP011 &#8211; CITOLOGIA CL\u00cdNICA A<\/a><\/p>\n<p><a href=\"https:\/\/saude.ufpr.br\/farmacia\/wp-content\/uploads\/sites\/24\/2025\/03\/MP012-HEMATOLOGIA-I.pdf\" target=\"_blank\" rel=\"noopener\">MP012 &#8211; HEMATOLOGIA I<\/a><\/p>\n<p><a href=\"https:\/\/saude.ufpr.br\/farmacia\/wp-content\/uploads\/sites\/24\/2025\/03\/MP013-HEMATOLOGIA-II.pdf\" target=\"_blank\" rel=\"noopener\">MP013 &#8211; HEMATOLOGIA II<\/a><\/p>\n<p><a href=\"https:\/\/saude.ufpr.br\/farmacia\/wp-content\/uploads\/sites\/24\/2025\/03\/MP014-BACTERIOLOGIA-CLINICA.pdf\" target=\"_blank\" rel=\"noopener\">MP014 &#8211; BACTERIOLOGIA CL\u00cdNICA<\/a><\/p>\n<p><a href=\"https:\/\/saude.ufpr.br\/farmacia\/wp-content\/uploads\/sites\/24\/2025\/04\/MP016-IMUNOLOGIA-CLINICA.pdf\" target=\"_blank\" rel=\"noopener\">MP016 &#8211; IMUNOLOGIA CL\u00cdNICA<\/a><\/p>\n<p><a href=\"https:\/\/saude.ufpr.br\/farmacia\/wp-content\/uploads\/sites\/24\/2025\/04\/MP018-ESTAGIO-SUPERVISIONADO-FARMACEUTICO-BIOQUIMICO.pdf\" target=\"_blank\" rel=\"noopener\">MP018 &#8211; EST\u00c1GIO SUPERVISIONADO FARMAC\u00caUTICO BIOQU\u00cdMICO<\/a><\/p>\n<p><a href=\"https:\/\/saude.ufpr.br\/farmacia\/wp-content\/uploads\/sites\/24\/2025\/04\/MS032-SAUDE-PUBLICA.pdf\" target=\"_blank\" rel=\"noopener\">MS032 &#8211; SA\u00daDE P\u00daBLICA<\/a><\/p>\n<p><a href=\"https:\/\/saude.ufpr.br\/farmacia\/wp-content\/uploads\/sites\/24\/2025\/04\/SA033-ECONOMIA-E-ADMINISTRACAO.pdf\" target=\"_blank\" rel=\"noopener\">SA033 &#8211; ECONOMIA E ADMINISTRA\u00c7\u00c3O<\/a><\/p>\n<p>&nbsp;<\/p>\n<h2><strong>Curr\u00edculo: Curso de Farm\u00e1cia (vers\u00e3o 1982)<\/strong><\/h2>\n<p><a href=\"https:\/\/saude.ufpr.br\/farmacia\/wp-content\/uploads\/sites\/24\/2025\/04\/Conteudo_Programatico_Curriculo_1982.pdf\">Conte\u00fado_Program\u00e1tico_Curr\u00edculo_1982<\/a><\/p>\n","protected":false},"excerpt":{"rendered":"<p>Curr\u00edculo: 33A &#8211; Curso de Farm\u00e1cia (vers\u00e3o 2021) BA075 &#8211; ANATOMIA GERAL BB105 &#8211; BOT\u00c2NICA PARA FARM\u00c1CIA BC085 &#8211; CITOLOGIA HUMANA BC086 &#8211; HISTOLOGIA HUMANA BF119 &#8211; FISIOLOGIA HUMANA PARA FARM\u00c1CIA BG055 &#8211; CITOGEN\u00c9TICA HUMANA BG066 &#8211; EPIGEN\u00c9TICA BG085 &#8211; [&hellip;]<\/p>\n","protected":false},"author":15,"featured_media":0,"parent":0,"menu_order":0,"comment_status":"closed","ping_status":"closed","template":"","meta":{"_acf_changed":false,"_uag_custom_page_level_css":"","footnotes":""},"class_list":["post-447","page","type-page","status-publish","hentry"],"acf":[],"featured_image_src":null,"uagb_featured_image_src":{"full":false,"thumbnail":false,"medium":false,"medium_large":false,"large":false,"1536x1536":false,"2048x2048":false},"uagb_author_info":{"display_name":"Andrea Jankoski","author_link":"https:\/\/saude.ufpr.br\/farmacia\/author\/andrea\/"},"uagb_comment_info":0,"uagb_excerpt":"Curr\u00edculo: 33A &#8211; Curso de Farm\u00e1cia (vers\u00e3o 2021) BA075 &#8211; ANATOMIA GERAL BB105 &#8211; BOT\u00c2NICA PARA FARM\u00c1CIA BC085 &#8211; CITOLOGIA HUMANA BC086 &#8211; HISTOLOGIA HUMANA BF119 &#8211; FISIOLOGIA HUMANA PARA FARM\u00c1CIA BG055 &#8211; CITOGEN\u00c9TICA HUMANA BG066 &#8211; EPIGEN\u00c9TICA BG085 &#8211; [&hellip;]","publishpress_future_action":{"enabled":false,"date":"2026-05-03 05:46:48","action":"change-status","newStatus":"draft","terms":[],"taxonomy":"","extraData":[]},"publishpress_future_workflow_manual_trigger":{"enabledWorkflows":[]},"_links":{"self":[{"href":"https:\/\/saude.ufpr.br\/farmacia\/wp-json\/wp\/v2\/pages\/447","targetHints":{"allow":["GET"]}}],"collection":[{"href":"https:\/\/saude.ufpr.br\/farmacia\/wp-json\/wp\/v2\/pages"}],"about":[{"href":"https:\/\/saude.ufpr.br\/farmacia\/wp-json\/wp\/v2\/types\/page"}],"author":[{"embeddable":true,"href":"https:\/\/saude.ufpr.br\/farmacia\/wp-json\/wp\/v2\/users\/15"}],"replies":[{"embeddable":true,"href":"https:\/\/saude.ufpr.br\/farmacia\/wp-json\/wp\/v2\/comments?post=447"}],"version-history":[{"count":70,"href":"https:\/\/saude.ufpr.br\/farmacia\/wp-json\/wp\/v2\/pages\/447\/revisions"}],"predecessor-version":[{"id":2249,"href":"https:\/\/saude.ufpr.br\/farmacia\/wp-json\/wp\/v2\/pages\/447\/revisions\/2249"}],"wp:attachment":[{"href":"https:\/\/saude.ufpr.br\/farmacia\/wp-json\/wp\/v2\/media?parent=447"}],"curies":[{"name":"wp","href":"https:\/\/api.w.org\/{rel}","templated":true}]}}