{"id":104,"date":"2016-05-23T17:46:58","date_gmt":"2016-05-23T17:46:58","guid":{"rendered":"https:\/\/saude.ufpr.br\/medicina\/?page_id=104"},"modified":"2026-08-17T08:52:16","modified_gmt":"2026-08-17T11:52:16","slug":"formulario","status":"publish","type":"page","link":"https:\/\/saude.ufpr.br\/medicina\/formulario\/","title":{"rendered":"Formul\u00e1rios"},"content":{"rendered":"<ol>\n<li><a href=\"https:\/\/saude.ufpr.br\/medicina\/wp-content\/uploads\/sites\/10\/2017\/07\/Requerimento-de-Evento-para-Atividade-Formativa.pdf\" target=\"_blank\" rel=\"noopener\">Requerimento para Cadastro de Evento como Atividade Formativa<\/a><\/li>\n<li><a href=\"https:\/\/saude.ufpr.br\/medicina\/wp-content\/uploads\/sites\/10\/2018\/11\/REQUERIMENTO-PARA-2\u00aa-CHAMADA.pdf\" target=\"_blank\" rel=\"noopener\">Requerimento de 2\u00ba Chamada de Avalia\u00e7\u00e3o<\/a> (solicitar somente junto ao DEPARTAMENTO da referida DISCIPLINA)<\/li>\n<li><a href=\"https:\/\/saude.ufpr.br\/medicina\/wp-content\/uploads\/sites\/10\/2017\/07\/REQUERIMENTO-PARA-REVIS\u00c3O-DO-RESULTADO-DA-AVALIA\u00c7\u00c3O-ESCRITA.pdf\" target=\"_blank\" rel=\"noopener\">Requerimento de Revis\u00e3o do Resultado de Avalia\u00e7\u00e3o Escrita<\/a>\u00a0(solicitar somente junto ao DEPARTAMENTO da referida DISCIPLINA)<\/li>\n<li><a href=\"https:\/\/saude.ufpr.br\/medicina\/wp-content\/uploads\/sites\/10\/2017\/07\/REQUERIMENTO-PARA-SOLICITA\u00c7\u00c3O-DE-VISTA-\u00c0-PROVA-CORRGIDA.pdf\" target=\"_blank\" rel=\"noopener\">Requerimento para solicita\u00e7\u00e3o de vista de prova corrigida<\/a>\u00a0(solicitar somente junto ao DEPARTAMENTO da referida DISCIPLINA)<\/li>\n<li><a href=\"https:\/\/saude.ufpr.br\/medicina\/wp-content\/uploads\/sites\/10\/2020\/02\/Formul\u00e1rio-QUEBRA-DE-PRE-REQUISITO-15jan2020.pdf\" target=\"_blank\" rel=\"noopener\">Requerimento de quebra de pr\u00e9-requisito<\/a><\/li>\n<li><a href=\"https:\/\/saude.ufpr.br\/medicina\/wp-content\/uploads\/sites\/10\/2019\/09\/MODELO-PARA-PLANEJAMENTO-GRADE-HORARIA_29julho19.pdf\" target=\"_blank\" rel=\"noopener\">Grade hor\u00e1ria para planejamento acad\u00eamico<\/a><\/li>\n<\/ol>\n","protected":false},"excerpt":{"rendered":"<p>Requerimento para Cadastro de Evento como Atividade Formativa Requerimento de 2\u00ba Chamada de Avalia\u00e7\u00e3o (solicitar somente junto ao DEPARTAMENTO da referida DISCIPLINA) Requerimento de Revis\u00e3o do Resultado de Avalia\u00e7\u00e3o Escrita\u00a0(solicitar somente junto ao DEPARTAMENTO da referida DISCIPLINA) Requerimento para solicita\u00e7\u00e3o de vista de prova corrigida\u00a0(solicitar somente junto ao DEPARTAMENTO da referida DISCIPLINA) Requerimento de quebra<br \/> <a href=\"https:\/\/saude.ufpr.br\/medicina\/formulario\/\" class=\"button success small readmore\">Leia mais<\/a><\/p>\n","protected":false},"author":15,"featured_media":0,"parent":0,"menu_order":0,"comment_status":"closed","ping_status":"closed","template":"","meta":{"_acf_changed":false,"_uag_custom_page_level_css":"","footnotes":""},"class_list":["post-104","page","type-page","status-publish","hentry"],"acf":[],"featured_image_src":null,"uagb_featured_image_src":{"full":false,"thumbnail":false,"medium":false,"medium_large":false,"large":false,"1536x1536":false,"2048x2048":false,"noticias-thumb":false,"banners-thumb":false,"maisnoticias-thumb":false,"post-thumbnail":false},"uagb_author_info":{"display_name":"Andrea Jankoski","author_link":"https:\/\/saude.ufpr.br\/medicina\/author\/andrea\/"},"uagb_comment_info":0,"uagb_excerpt":"Requerimento para Cadastro de Evento como Atividade Formativa Requerimento de 2\u00ba Chamada de Avalia\u00e7\u00e3o (solicitar somente junto ao DEPARTAMENTO da referida DISCIPLINA) Requerimento de Revis\u00e3o do Resultado de Avalia\u00e7\u00e3o Escrita\u00a0(solicitar somente junto ao DEPARTAMENTO da referida DISCIPLINA) Requerimento para solicita\u00e7\u00e3o de vista de prova corrigida\u00a0(solicitar somente junto ao DEPARTAMENTO da referida DISCIPLINA) Requerimento de quebra&hellip;","publishpress_future_action":{"enabled":false,"date":"2026-09-09 16:35:59","action":"change-status","newStatus":"draft","terms":[],"taxonomy":"","extraData":[]},"publishpress_future_workflow_manual_trigger":{"enabledWorkflows":[]},"_links":{"self":[{"href":"https:\/\/saude.ufpr.br\/medicina\/wp-json\/wp\/v2\/pages\/104","targetHints":{"allow":["GET"]}}],"collection":[{"href":"https:\/\/saude.ufpr.br\/medicina\/wp-json\/wp\/v2\/pages"}],"about":[{"href":"https:\/\/saude.ufpr.br\/medicina\/wp-json\/wp\/v2\/types\/page"}],"author":[{"embeddable":true,"href":"https:\/\/saude.ufpr.br\/medicina\/wp-json\/wp\/v2\/users\/15"}],"replies":[{"embeddable":true,"href":"https:\/\/saude.ufpr.br\/medicina\/wp-json\/wp\/v2\/comments?post=104"}],"version-history":[{"count":41,"href":"https:\/\/saude.ufpr.br\/medicina\/wp-json\/wp\/v2\/pages\/104\/revisions"}],"predecessor-version":[{"id":4000,"href":"https:\/\/saude.ufpr.br\/medicina\/wp-json\/wp\/v2\/pages\/104\/revisions\/4000"}],"wp:attachment":[{"href":"https:\/\/saude.ufpr.br\/medicina\/wp-json\/wp\/v2\/media?parent=104"}],"curies":[{"name":"wp","href":"https:\/\/api.w.org\/{rel}","templated":true}]}}