{"id":20,"date":"2015-11-30T10:26:53","date_gmt":"2015-11-30T10:26:53","guid":{"rendered":"https:\/\/saude.ufpr.br\/odontologia\/?page_id=20"},"modified":"2023-06-16T11:22:54","modified_gmt":"2023-06-16T14:22:54","slug":"grade-curricular","status":"publish","type":"page","link":"https:\/\/saude.ufpr.br\/odontologia\/grade-curricular\/","title":{"rendered":"Matr\u00edz Curricular e Ementas (curr\u00edculo 2008)"},"content":{"rendered":"<p>O curso de Odontologia da UFPR destaca-se por oferecer aos estudantes capacita\u00e7\u00e3o pr\u00e1tica, al\u00e9m de uma forte base te\u00f3rica. \u00c9 estruturado para formar dentistas generalistas, habilitados a trabalhar com programas de sa\u00fade p\u00fablica e atuar em cl\u00ednicas ou hospitais da iniciativa privada. O profissional \u00e9 preparado para adotar n\u00e3o apenas procedimentos curativos, mas tamb\u00e9m m\u00e9todos.<\/p>\n<p>\u00c9 importante que os candidatos de Odontologia tenham consci\u00eancia de que est\u00e3o optando por uma profiss\u00e3o din\u00e2mica, que exige estudos constantes. O aluno tamb\u00e9m deve desenvolver\u00a0habilidades manuais, pois o trabalho do cirurgi\u00e3o-dentista baseia-se em suas m\u00e3os.<\/p>\n<p><strong>Dura\u00e7\u00e3o<\/strong>: 4,5 anos.<br \/>\n<strong>Turno<\/strong>: Manh\u00e3 e tarde (integral).<br \/>\n<strong>Vagas<\/strong>: 92 (46 para cada semestre).<\/p>\n\n<table id=\"tablepress-37\" class=\"tablepress tablepress-id-37\">\n<tbody class=\"row-striping row-hover\">\n<tr class=\"row-1\">\n\t<td class=\"column-1\"><strong>C\u00d3DIGO<\/strong><\/td><td class=\"column-2\"><strong>1\u00ba PER\u00cdODO<\/strong><\/td><td class=\"column-3\"><strong>C.H.<\/strong><\/td><td class=\"column-4\"><strong>DEPARTAMENTO<\/strong><\/td><td class=\"column-5\"><strong>EMENTAS<\/strong><\/td>\n<\/tr>\n<tr class=\"row-2\">\n\t<td class=\"column-1\">BA029 <br \/>\nBC036<br \/>\nBQ055 <br \/>\nME027<br \/>\nMS055<br \/>\nME028<br \/>\nHP061 <\/td><td class=\"column-2\">Anatomia Odontol\u00f3gica I<br \/>\nBiologia Celular, Tecidual e Embriologia Bucal I<br \/>\nBioqu\u00edmica Estrutural e Funcional<br \/>\nBiosseguran\u00e7a em Odontologia<br \/>\nIntrodu\u00e7\u00e3o \u00e0 Sa\u00fade Coletiva<br \/>\nMetodologia da Pesquisa em Sa\u00fade<br \/>\nPsicologia Aplicada \u00e0 Odontologia<\/td><td class=\"column-3\">90<br \/>\n120<br \/>\n60<br \/>\n60<br \/>\n60<br \/>\n30<br \/>\n30<\/td><td class=\"column-4\">Anatomia<br \/>\nBiologia Celular<br \/>\nBioqu\u00edmica E Biologia Molecular<br \/>\nEstomatologia<br \/>\nSa\u00fade Coletiva<br \/>\nEstomatologia<br \/>\nPsicologia<\/td><td class=\"column-5\"><a href=\"https:\/\/saude.ufpr.br\/odontologia\/wp-content\/uploads\/sites\/13\/2018\/08\/BA029.pdf\">BA029<\/a><br \/>\n<a href=\"https:\/\/saude.ufpr.br\/odontologia\/wp-content\/uploads\/sites\/13\/2018\/08\/BC036.pdf\">BC036<\/a><br \/>\n<a href=\"https:\/\/saude.ufpr.br\/odontologia\/wp-content\/uploads\/sites\/13\/2018\/08\/BQ055.pdf\">BQ055<\/a><br \/>\n<a href=\"https:\/\/saude.ufpr.br\/odontologia\/wp-content\/uploads\/sites\/13\/2018\/07\/ME027-Biosseguran\u00e7a-em-Odontologia.pdf\">ME027<\/a><br \/>\n<a href=\"https:\/\/saude.ufpr.br\/odontologia\/wp-content\/uploads\/sites\/13\/2018\/07\/Ficha-MS055.pdf\">MS055<\/a><br \/>\n-<br \/>\n-<\/td>\n<\/tr>\n<tr class=\"row-3\">\n\t<td class=\"column-1\"><\/td><td class=\"column-2\"><strong>2\u00ba PER\u00cdODO<\/strong><\/td><td class=\"column-3\"><\/td><td class=\"column-4\"><\/td><td class=\"column-5\"><\/td>\n<\/tr>\n<tr class=\"row-4\">\n\t<td class=\"column-1\">BA030<br \/>\nBC037<br \/>\nBQ056<br \/>\nME030<br \/>\nBG011<br \/>\nMS056<\/td><td class=\"column-2\">Anatomia Odontol\u00f3gica II<br \/>\nBiologia Celular, Tecidual e Embriologica Bucal II<br \/>\nBioqu\u00edmica Metab\u00f3lica<br \/>\nEst\u00e1gio Supervisionado I<br \/>\nGen\u00e9tica e Evolu\u00e7\u00e3o para Odontologia<br \/>\nOdontologia em Sa\u00fade Coletiva I<br \/>\n<\/td><td class=\"column-3\">90<br \/>\n90<br \/>\n60<br \/>\n60<br \/>\n75<br \/>\n90<\/td><td class=\"column-4\">Anatomia<br \/>\nBiologia Celular<br \/>\nBioqu\u00edmica E Biologia Molecular<br \/>\nEstomatologia<br \/>\nGen\u00e9tica<br \/>\nSa\u00fade Coletiva<\/td><td class=\"column-5\"><a href=\"https:\/\/saude.ufpr.br\/odontologia\/wp-content\/uploads\/sites\/13\/2018\/08\/BA030.pdf\">BA030<\/a><br \/>\n<a href=\"https:\/\/saude.ufpr.br\/odontologia\/wp-content\/uploads\/sites\/13\/2018\/08\/BC037.pdf\">BC037<\/a><br \/>\n<a href=\"https:\/\/saude.ufpr.br\/odontologia\/wp-content\/uploads\/sites\/13\/2018\/08\/BQ056.pdf\">BQ056<\/a><br \/>\n<a href=\"https:\/\/saude.ufpr.br\/odontologia\/wp-content\/uploads\/sites\/13\/2018\/07\/ME030-Est\u00e1gio-Supervisionado-I.pdf\">ME030<\/a><br \/>\n<a href=\"https:\/\/saude.ufpr.br\/odontologia\/wp-content\/uploads\/sites\/13\/2018\/08\/BG011.pdf\">BG011<\/a><br \/>\n<a href=\"https:\/\/saude.ufpr.br\/odontologia\/wp-content\/uploads\/sites\/13\/2018\/07\/Odontologia-em-sa\u00fade-coletiva-ficha-1.pdf\">MS056<\/a><\/td>\n<\/tr>\n<tr class=\"row-5\">\n\t<td class=\"column-1\"><\/td><td class=\"column-2\"><strong>3\u00ba PER\u00cdODO<\/strong><\/td><td class=\"column-3\"><\/td><td class=\"column-4\"><\/td><td class=\"column-5\"><\/td>\n<\/tr>\n<tr class=\"row-6\">\n\t<td class=\"column-1\">BQ057<br \/>\nBT054<br \/>\nBF052<br \/>\nBP012<br \/>\nMO055<br \/>\nBP212<br \/>\nBP058<br \/>\nME051<\/td><td class=\"column-2\">Bioqu\u00edmica Oral<br \/>\nFarmacologia Odontol\u00f3gica I<br \/>\nFisiologia Humana \u2013 Odontologia<br \/>\nImunologia<br \/>\nMateriais Odontol\u00f3gicos I<br \/>\nMicrobiologia Bucal<br \/>\nPatologia Geral<br \/>\nRadiologia Odontol\u00f3gica e Imaginologia I<\/td><td class=\"column-3\">30<br \/>\n45<br \/>\n90<br \/>\n45<br \/>\n60<br \/>\n105<br \/>\n30<br \/>\n75<\/td><td class=\"column-4\">Bioqu\u00edmica E Biologia Molecular<br \/>\nFarmacologia<br \/>\nFisiologia<br \/>\nPatologia B\u00e1sica<br \/>\nOdontologia Restauradora<br \/>\nPatologia B\u00e1sica<br \/>\nPatologia B\u00e1sica<br \/>\nEstomatologia<br \/>\n<\/td><td class=\"column-5\"><a href=\"https:\/\/saude.ufpr.br\/odontologia\/wp-content\/uploads\/sites\/13\/2018\/08\/BQ057.pdf\">BQ057<\/a><br \/>\n<a href=\"https:\/\/saude.ufpr.br\/odontologia\/wp-content\/uploads\/sites\/13\/2018\/08\/BT054.pdf\">BT054<\/a><br \/>\n<a href=\"https:\/\/saude.ufpr.br\/odontologia\/wp-content\/uploads\/sites\/13\/2018\/08\/BF052.pdf\">BF052<\/a><br \/>\n<a href=\"https:\/\/saude.ufpr.br\/odontologia\/wp-content\/uploads\/sites\/13\/2018\/07\/BP-012.pdf\">BP012<\/a><br \/>\n-<br \/>\n<a href=\"https:\/\/saude.ufpr.br\/odontologia\/wp-content\/uploads\/sites\/13\/2018\/07\/BP212.pdf\">BP212<\/a><br \/>\n<a href=\"https:\/\/saude.ufpr.br\/odontologia\/wp-content\/uploads\/sites\/13\/2018\/08\/BP058.pdf\">BP058<\/a><br \/>\n-<\/td>\n<\/tr>\n<tr class=\"row-7\">\n\t<td class=\"column-1\"><\/td><td class=\"column-2\"><strong>4\u00ba PER\u00cdODO<\/strong><\/td><td class=\"column-3\"><\/td><td class=\"column-4\"><\/td><td class=\"column-5\"><\/td>\n<\/tr>\n<tr class=\"row-8\">\n\t<td class=\"column-1\">ME034<br \/>\nMO044<br \/>\nME035<br \/>\nBT055<br \/>\nMO048<br \/>\nMO049<br \/>\nME047<br \/>\nME050<\/td><td class=\"column-2\">Anestesia e Emerg\u00eancias M\u00e9dicas<br \/>\nDent\u00edstica Operat\u00f3ria<br \/>\nEst\u00e1gio Supervisionado II<br \/>\nFarmacologia Odontol\u00f3gica II<br \/>\nMateriais Odontol\u00f3gicos II<br \/>\nOclus\u00e3o Dent\u00e1ria<br \/>\nPatologia Bucal<br \/>\nSemiologia Aplicada<br \/>\n<\/td><td class=\"column-3\">15<br \/>\n75<br \/>\n60<br \/>\n30<br \/>\n90<br \/>\n90<br \/>\n60<br \/>\n75<\/td><td class=\"column-4\">Estomatologia<br \/>\nOdontologia Restauradora<br \/>\nEstomatologia<br \/>\nFarmacologia<br \/>\nOdontologia Restauradora<br \/>\nOdontologia Restauradora<br \/>\nEstomatologia<br \/>\nEstomatologia<\/td><td class=\"column-5\"><a href=\"https:\/\/saude.ufpr.br\/odontologia\/wp-content\/uploads\/sites\/13\/2018\/07\/ME034-Anestesia-e-Emerg\u00eancias-M\u00e9dicas.pdf\">ME034<\/a><br \/>\n-<br \/>\n<a href=\"https:\/\/saude.ufpr.br\/odontologia\/wp-content\/uploads\/sites\/13\/2018\/07\/ME035-Est\u00e1gio-Supervisionado-II.pdf\">ME035<\/a><br \/>\n<a href=\"https:\/\/saude.ufpr.br\/odontologia\/wp-content\/uploads\/sites\/13\/2018\/08\/BT055.pdf\">BT055<\/a><br \/>\n-<br \/>\n-<br \/>\n<a href=\"https:\/\/saude.ufpr.br\/odontologia\/wp-content\/uploads\/sites\/13\/2018\/07\/ME047-Patologia-Bucal.pdf\">ME047<\/a><br \/>\n<a href=\"https:\/\/saude.ufpr.br\/odontologia\/wp-content\/uploads\/sites\/13\/2018\/07\/ME050-Semiologia-Aplicada.pdf\">ME050<\/a><\/td>\n<\/tr>\n<tr class=\"row-9\">\n\t<td class=\"column-1\"><\/td><td class=\"column-2\"><strong>5\u00ba PER\u00cdODO<\/strong><\/td><td class=\"column-3\"><\/td><td class=\"column-4\"><\/td><td class=\"column-5\"><\/td>\n<\/tr>\n<tr class=\"row-10\">\n\t<td class=\"column-1\">MO030<br \/>\nMO050<br \/>\nMO051<br \/>\nMS094<br \/>\nME048<br \/>\nMO032<br \/>\nME036<\/td><td class=\"column-2\">Dent\u00edstica Restauradora I<br \/>\nDisfun\u00e7\u00e3o Temporomandibular e Dor Orofacial<br \/>\nEndodontia I<br \/>\nOdontologia em Sa\u00fade Coletiva II<br \/>\nPeriodontia<br \/>\nPr\u00f3tese Total<br \/>\nTerap\u00eautica Aplicada<br \/>\n<\/td><td class=\"column-3\">75<br \/>\n60<br \/>\n90<br \/>\n30<br \/>\n60<br \/>\n75<br \/>\n60<\/td><td class=\"column-4\">Odontologia Restauradora<br \/>\nOdontologia Restauradora<br \/>\nOdontologia Restauradora<br \/>\nSa\u00fade Coletiva<br \/>\nEstomatologia<br \/>\nOdontologia Restauradora<br \/>\nEstomatologia<\/td><td class=\"column-5\">-<br \/>\n-<br \/>\n-<br \/>\n<a href=\"https:\/\/saude.ufpr.br\/odontologia\/wp-content\/uploads\/sites\/13\/2018\/07\/MS094-Ficha-1.pdf\">MS094<\/a><br \/>\n<a href=\"https:\/\/saude.ufpr.br\/odontologia\/wp-content\/uploads\/sites\/13\/2018\/07\/ME048-Periodontia-I.pdf\">ME048<\/a><br \/>\n-<br \/>\n-<\/td>\n<\/tr>\n<tr class=\"row-11\">\n\t<td class=\"column-1\"><\/td><td class=\"column-2\"><strong>6\u00ba PER\u00cdODO<\/strong><\/td><td class=\"column-3\"><\/td><td class=\"column-4\"><\/td><td class=\"column-5\"><\/td>\n<\/tr>\n<tr class=\"row-12\">\n\t<td class=\"column-1\">ME040<br \/>\nMO034<br \/>\nME053<br \/>\nME039<br \/>\nMO033<br \/>\nMO045<br \/>\nME052<\/td><td class=\"column-2\">Cirurgia e Traumatologia Buco-Maxilo-Faciais I<br \/>\nEndodontia II<br \/>\nEstomatologia<br \/>\nOdontopediatria I<br \/>\nPr\u00f3tese Fixa I<br \/>\nPr\u00f3tese Parcial Remov\u00edvel<br \/>\nRadiologia Odontol\u00f3gica e Imaginologia II<br \/>\n<\/td><td class=\"column-3\">75<br \/>\n90<br \/>\n90<br \/>\n60<br \/>\n60<br \/>\n75<br \/>\n30<\/td><td class=\"column-4\">Estomatologia<br \/>\nOdontologia Restauradora<br \/>\nEstomatologia<br \/>\nEstomatologia<br \/>\nOdontologia Restauradora<br \/>\nOdontologia Restauradora<br \/>\nEstomatologia<\/td><td class=\"column-5\"><a href=\"https:\/\/saude.ufpr.br\/odontologia\/wp-content\/uploads\/sites\/13\/2018\/07\/ME040-Cirurgia-e-Traumatologia-Buco-Maxilo-Faciais-I.pdf\">ME040<\/a><br \/>\n-<br \/>\n-<br \/>\n<a href=\"https:\/\/saude.ufpr.br\/odontologia\/wp-content\/uploads\/sites\/13\/2018\/07\/ME039-Odontopediatria-I.pdf\">ME039<\/a><br \/>\n-<br \/>\n<a href=\"https:\/\/saude.ufpr.br\/odontologia\/wp-content\/uploads\/sites\/13\/2024\/08\/MO045-Protese-Parcial-Removivel-2024.2.pdf\">MO045<\/a><br \/>\n<a href=\"https:\/\/saude.ufpr.br\/odontologia\/wp-content\/uploads\/sites\/13\/2018\/07\/ME052-FICHA-2-2018.pdf\">ME052<\/a><\/td>\n<\/tr>\n<tr class=\"row-13\">\n\t<td class=\"column-1\"><\/td><td class=\"column-2\"><strong>7\u00ba PER\u00cdODO<\/strong><\/td><td class=\"column-3\"><\/td><td class=\"column-4\"><\/td><td class=\"column-5\"><\/td>\n<\/tr>\n<tr class=\"row-14\">\n\t<td class=\"column-1\">ME041<br \/>\nMO039<br \/>\nMO052<br \/>\nME042<br \/>\nMO038<br \/>\nME054<br \/>\nMO053<\/td><td class=\"column-2\">Cirurgia  e Traumatologia Buco-Maxilo-Faciais II<br \/>\nDent\u00edstica Restauradora II<br \/>\nEndodontia III<br \/>\nOdontopediatria II<br \/>\nOrtodontia Preventiva<br \/>\nPeriodontia II<br \/>\nPr\u00f3tese Fixa II<br \/>\n<\/td><td class=\"column-3\">90<br \/>\n60<br \/>\n75<br \/>\n60<br \/>\n60<br \/>\n60<br \/>\n90<\/td><td class=\"column-4\">Estomatologia<br \/>\nOdontologia Restauradora<br \/>\nOdontologia Restauradora<br \/>\nEstomatologia<br \/>\nOdontologia Restauradora<br \/>\nEstomatologia<br \/>\nOdontologia Restauradora<br \/>\n<\/td><td class=\"column-5\"><a href=\"https:\/\/saude.ufpr.br\/odontologia\/wp-content\/uploads\/sites\/13\/2018\/07\/ME041-Cirurgia-e-Traumatologia-Buco-Maxilo-Faciais-II.pdf\">ME041<\/a><br \/>\n-<br \/>\n-<br \/>\n<a href=\"https:\/\/saude.ufpr.br\/odontologia\/wp-content\/uploads\/sites\/13\/2018\/07\/ME042-Odontopediatria-II.pdf\">ME042<\/a><br \/>\n-<br \/>\n<a href=\"https:\/\/saude.ufpr.br\/odontologia\/wp-content\/uploads\/sites\/13\/2018\/07\/ME054-Periodontia-II.pdf\">ME054<\/a><br \/>\n-<\/td>\n<\/tr>\n<tr class=\"row-15\">\n\t<td class=\"column-1\"><\/td><td class=\"column-2\"><strong>8\u00ba PER\u00cdODO<\/strong><\/td><td class=\"column-3\"><\/td><td class=\"column-4\"><\/td><td class=\"column-5\"><\/td>\n<\/tr>\n<tr class=\"row-16\">\n\t<td class=\"column-1\">MO042<br \/>\nME043<br \/>\nME032<br \/>\nMF015<br \/>\nMS095<br \/>\nMO054<\/td><td class=\"column-2\">Administra\u00e7\u00e3o e Planejamento Profissional<br \/>\nClinica Integrada I<br \/>\nImplantodontia<br \/>\nOdontologia Legal, Deontologia e Orienta\u00e7\u00e3o Profissional<br \/>\nOdontologia em Sa\u00fade Coletiva III (Est\u00e1gio Supervisionado III)<br \/>\nPacientes com Necessidades Especiais na Odontologia<br \/>\n<\/td><td class=\"column-3\">15<br \/>\n300<br \/>\n30<br \/>\n75<br \/>\n60<br \/>\n30<\/td><td class=\"column-4\">Odontologia Restauradora<br \/>\nEstomatologia<br \/>\nEstomatologia<br \/>\nMedicina Forense e Psiquiatria<br \/>\nSa\u00fade Coletiva<br \/>\nOdontologia Restauradora<br \/>\n<\/td><td class=\"column-5\">-<br \/>\n<a href=\"https:\/\/saude.ufpr.br\/odontologia\/wp-content\/uploads\/sites\/13\/2024\/08\/FICHA-2-Clinica-integrada-I-ME_043-2024_2.pdf\">ME043<\/a><br \/>\n<a href=\"https:\/\/saude.ufpr.br\/odontologia\/wp-content\/uploads\/sites\/13\/2018\/07\/ME032-Implantodontia.pdf\">ME032<\/a><br \/>\n-<br \/>\n<a href=\"https:\/\/saude.ufpr.br\/odontologia\/wp-content\/uploads\/sites\/13\/2018\/07\/MS095-Ficha-1.pdf\">MS095<\/a><br \/>\n<a href=\"https:\/\/saude.ufpr.br\/odontologia\/wp-content\/uploads\/sites\/13\/2024\/08\/MO054-Pacientes-com-Necessidades-Especiais-2024.2.pdf\">MO054<\/a><\/td>\n<\/tr>\n<tr class=\"row-17\">\n\t<td class=\"column-1\"><\/td><td class=\"column-2\"><strong>9\u00ba PER\u00cdODO<\/strong><\/td><td class=\"column-3\"><\/td><td class=\"column-4\"><\/td><td class=\"column-5\"><\/td>\n<\/tr>\n<tr class=\"row-18\">\n\t<td class=\"column-1\">MO043<br \/>\nMO035<\/td><td class=\"column-2\">Cl\u00ednica Integrada II<br \/>\nEst\u00e1gio Supervisionado IV<br \/>\n<\/td><td class=\"column-3\">300<br \/>\n60<\/td><td class=\"column-4\">Odontologia Restauradora<br \/>\nOdontologia Restauradora<\/td><td class=\"column-5\"><a href=\"https:\/\/saude.ufpr.br\/odontologia\/wp-content\/uploads\/sites\/13\/2024\/08\/MO043-Clinica-Integrada-II-2024.2.pdf\">MO043<\/a><br \/>\n-<\/td>\n<\/tr>\n<tr class=\"row-19\">\n\t<td class=\"column-1\"><\/td><td class=\"column-2\"><strong>OPTATIVAS<\/strong><\/td><td class=\"column-3\"><\/td><td class=\"column-4\"><\/td><td class=\"column-5\"><\/td>\n<\/tr>\n<tr class=\"row-20\">\n\t<td class=\"column-1\">ME018<br \/>\nET082<br \/>\nBT057<br \/>\nME044<br \/>\nMO056<br \/>\nMO047<br \/>\nME055<br \/>\nME056<br \/>\nMS126<br \/>\nMS130<\/td><td class=\"column-2\">Cirurgia  e Traumatologia Buco-Maxilo-Faciais III<br \/>\nComunica\u00e7\u00f5es em L\u00edngua Brasileira de Sinais (LIBRAS)<br \/>\nControle Farmacol\u00f3gico da Dor em Odontologia<br \/>\nOdontologia Hospitalar<br \/>\nOdontologia do Esporte<br \/>\nPr\u00f3tese Total Convencional e Sobre Implantes<br \/>\nRadiologia Odontol\u00f3gica e Imaginologia III<br \/>\nTerap\u00eautica Avan\u00e7ada<br \/>\nVigil\u00e2ncia em Sa\u00fade Bucal<br \/>\nPr\u00e1ticas Integrativas em Sa\u00fade<\/td><td class=\"column-3\">30<br \/>\n30<br \/>\n30<br \/>\n30<br \/>\n30<br \/>\n60<br \/>\n30<br \/>\n30<br \/>\n30<br \/>\n60<\/td><td class=\"column-4\">Estomatologia<br \/>\nTeoria e Fundamentos da Educa\u00e7\u00e3o<br \/>\nFarmacologia<br \/>\nEstomatologia<br \/>\nOdontologia Restauradora<br \/>\nOdontologia Restauradora<br \/>\nEstomatologia<br \/>\nEstomatologia<br \/>\nSa\u00fade Coletiva<br \/>\nSa\u00fade Coletiva<\/td><td class=\"column-5\"><a href=\"https:\/\/saude.ufpr.br\/odontologia\/wp-content\/uploads\/sites\/13\/2018\/07\/ME018-Cirurgia-e-Traumatologia-Buco-Maxilo-Faciais-III.pdf\">ME018<\/a><br \/>\n<a href=\"https:\/\/saude.ufpr.br\/odontologia\/wp-content\/uploads\/sites\/13\/2018\/08\/ET082.pdf\">ET082<\/a><br \/>\n-<br \/>\n<a href=\"https:\/\/saude.ufpr.br\/odontologia\/wp-content\/uploads\/sites\/13\/2018\/07\/ME044-Odontologia-Hospitalar.pdf\">ME044<\/a><br \/>\n-<br \/>\n-<br \/>\n<a href=\"https:\/\/saude.ufpr.br\/odontologia\/wp-content\/uploads\/sites\/13\/2018\/07\/ME055-Radiologia-e-Imaginologia-Odontol\u00f3gica-III.pdf\">ME055<\/a><br \/>\n-<br \/>\n-<\/td>\n<\/tr>\n<tr class=\"row-21\">\n\t<td class=\"column-1\"><\/td><td class=\"column-2\"><strong>OUTRAS ATIVIDADES<\/strong><\/td><td class=\"column-3\"><\/td><td class=\"column-4\"><\/td><td class=\"column-5\"><\/td>\n<\/tr>\n<tr class=\"row-22\">\n\t<td class=\"column-1\"><\/td><td class=\"column-2\">Atividades Formativas<br \/>\nTrabalho de Conclus\u00e3o de Curso (TCC)<\/td><td class=\"column-3\">90<br \/>\n--<\/td><td class=\"column-4\"><\/td><td class=\"column-5\"><\/td>\n<\/tr>\n<\/tbody>\n<\/table>\n<!-- #tablepress-37 from cache -->\n<p>&nbsp;<\/p>\n<p>&nbsp;<\/p>\n","protected":false},"excerpt":{"rendered":"<p>O curso de Odontologia da UFPR destaca-se por oferecer aos estudantes capacita\u00e7\u00e3o pr\u00e1tica, al\u00e9m de uma forte base te\u00f3rica. \u00c9 estruturado para formar dentistas generalistas, habilitados a trabalhar com programas de sa\u00fade p\u00fablica e atuar em cl\u00ednicas ou hospitais da [&hellip;]<\/p>\n","protected":false},"author":14,"featured_media":0,"parent":0,"menu_order":0,"comment_status":"open","ping_status":"open","template":"","meta":{"_acf_changed":false,"_uag_custom_page_level_css":"","footnotes":""},"class_list":["post-20","page","type-page","status-publish","hentry"],"acf":[],"featured_image_src":null,"uagb_featured_image_src":{"full":false,"thumbnail":false,"medium":false,"medium_large":false,"large":false,"1536x1536":false,"2048x2048":false},"uagb_author_info":{"display_name":"ullisses","author_link":"https:\/\/saude.ufpr.br\/odontologia\/author\/ullisses\/"},"uagb_comment_info":0,"uagb_excerpt":"O curso de Odontologia da UFPR destaca-se por oferecer aos estudantes capacita\u00e7\u00e3o pr\u00e1tica, al\u00e9m de uma forte base te\u00f3rica. \u00c9 estruturado para formar dentistas generalistas, habilitados a trabalhar com programas de sa\u00fade p\u00fablica e atuar em cl\u00ednicas ou hospitais da [&hellip;]","publishpress_future_action":{"enabled":false,"date":"2026-05-02 05:05:44","action":"change-status","newStatus":"draft","terms":[],"taxonomy":"","extraData":[]},"publishpress_future_workflow_manual_trigger":{"enabledWorkflows":[]},"_links":{"self":[{"href":"https:\/\/saude.ufpr.br\/odontologia\/wp-json\/wp\/v2\/pages\/20","targetHints":{"allow":["GET"]}}],"collection":[{"href":"https:\/\/saude.ufpr.br\/odontologia\/wp-json\/wp\/v2\/pages"}],"about":[{"href":"https:\/\/saude.ufpr.br\/odontologia\/wp-json\/wp\/v2\/types\/page"}],"author":[{"embeddable":true,"href":"https:\/\/saude.ufpr.br\/odontologia\/wp-json\/wp\/v2\/users\/14"}],"replies":[{"embeddable":true,"href":"https:\/\/saude.ufpr.br\/odontologia\/wp-json\/wp\/v2\/comments?post=20"}],"version-history":[{"count":14,"href":"https:\/\/saude.ufpr.br\/odontologia\/wp-json\/wp\/v2\/pages\/20\/revisions"}],"predecessor-version":[{"id":3399,"href":"https:\/\/saude.ufpr.br\/odontologia\/wp-json\/wp\/v2\/pages\/20\/revisions\/3399"}],"wp:attachment":[{"href":"https:\/\/saude.ufpr.br\/odontologia\/wp-json\/wp\/v2\/media?parent=20"}],"curies":[{"name":"wp","href":"https:\/\/api.w.org\/{rel}","templated":true}]}}