{"id":69,"date":"2018-02-07T15:27:25","date_gmt":"2018-02-07T15:27:25","guid":{"rendered":"https:\/\/saude.ufpr.br\/pags\/?page_id=69"},"modified":"2020-11-25T18:27:58","modified_gmt":"2020-11-25T18:27:58","slug":"vigifluor-pr","status":"publish","type":"page","link":"https:\/\/saude.ufpr.br\/pags\/vigifluor-pr\/","title":{"rendered":"VIGIFLUOR PR"},"content":{"rendered":"<p style=\"text-align: center\"><img fetchpriority=\"high\" decoding=\"async\" class=\"wp-image-138 aligncenter\" src=\"https:\/\/saude.ufpr.br\/pags\/wp-content\/uploads\/sites\/34\/2018\/02\/VIGIFLUOR-PR.png-300x248.jpg\" alt=\"\" width=\"590\" height=\"487\" srcset=\"https:\/\/saude.ufpr.br\/pags\/wp-content\/uploads\/sites\/34\/2018\/02\/VIGIFLUOR-PR.png-300x248.jpg 300w, https:\/\/saude.ufpr.br\/pags\/wp-content\/uploads\/sites\/34\/2018\/02\/VIGIFLUOR-PR.png-768x635.jpg 768w, https:\/\/saude.ufpr.br\/pags\/wp-content\/uploads\/sites\/34\/2018\/02\/VIGIFLUOR-PR.png-1024x846.jpg 1024w, https:\/\/saude.ufpr.br\/pags\/wp-content\/uploads\/sites\/34\/2018\/02\/VIGIFLUOR-PR.png.jpg 1313w\" sizes=\"(max-width: 590px) 100vw, 590px\" \/><\/p>\n<p style=\"text-align: left\">Em maio de 2017, o prof. Dr. Rafael Gomes Ditterich da UFPR foi convidado a coordenar as atividades da <a href=\"http:\/\/www.cecol.fsp.usp.br\/\"><b>Rede Nacional de Vigil\u00e2ncia da <\/b><b>Fluoreta\u00e7\u00e3o<\/b><b> da \u00c1gua (VIGIFLUOR) <\/b><\/a> no estado do Paran\u00e1. Desde ent\u00e3o, uma rede estadual se fez necess\u00e1rio articular, devido \u00e0 dimens\u00e3o territorial e a distribui\u00e7\u00e3o dos 35 mun\u00edcipios com mais de 50 mil habitantes. Em agosto de 2017, com a parceria dos professores: Giovana Daniela Pecharki (UFPR); Cristina Berger Fadel (UEPG); Mari\u00e2ngela Monteiro de Melo Baltazar (UNIOESTE) e Pablo Guilherme Caldarelli (UEL) e da Secretaria de Estado da Sa\u00fade do Paran\u00e1 (SESA-PR) cria-se a rede <strong><a href=\"http:\/\/www.cecol.fsp.usp.br\/dcms\/uploads\/coordenadores\/1491578856_Cartao%20coordenador%20REDE%20VIGIFLUOR%20Rafael%20Ditterich.pdf\">VIGIFLUOR PR<\/a><\/strong>.<\/p>\n<p>Em junho de 2019, o VIGIFLUOR PR foi reconfigurado e ampliado com a parceria dos professores: Giovana Daniela Pecharki e Cristiane da Silva Paula de Oliveira (UFPR); Pollyanna C\u00e1ssia de Oliveira Borges (UEPG); Mari\u00e2ngela Monteiro de Melo Baltazar e Andr\u00e9 Luiz Mar\u00e7al Terreri (UNIOESTE), Pablo Guilherme Caldarelli (UEL), Marilisa Carneiro Le\u00e3o Gabardo (UP) e Mitsue Fujimaki (UEM).<\/p>\n<h3><strong>Bo<\/strong><strong>letins Informativos<\/strong><\/h3>\n<p><strong><a href=\"https:\/\/saude.ufpr.br\/pags\/wp-content\/uploads\/sites\/34\/2018\/02\/vigifluorpr-atual.pdf\">Boletim Informativo n\u00ba 1\/2017<\/a><\/strong><\/p>\n<h3><strong>Materiais Educativos<\/strong><\/h3>\n<p><strong><a href=\"https:\/\/saude.ufpr.br\/pags\/wp-content\/uploads\/sites\/34\/2020\/09\/Coleta-de-\u00e1gua-para-an\u00e1lise-de-Fluoreto-3.pdf\" target=\"_blank\" rel=\"noopener noreferrer\">Folder &#8211; Coleta de amostras de fluoreto<\/a><\/strong><\/p>\n<p><a href=\"https:\/\/saude.ufpr.br\/pags\/wp-content\/uploads\/sites\/34\/2020\/11\/DIGITAL-Manual-VIGIFLUOR.pdf\"><strong>Manual de Amostragem, Coleta e An\u00e1lise de \u00c1gua de Abastecimento Fluoretada<\/strong><\/a><\/p>\n","protected":false},"excerpt":{"rendered":"<p>Em maio de 2017, o prof. Dr. Rafael Gomes Ditterich da UFPR foi convidado a coordenar as atividades da Rede Nacional de Vigil\u00e2ncia da Fluoreta\u00e7\u00e3o da \u00c1gua (VIGIFLUOR) no estado do Paran\u00e1. Desde ent\u00e3o, uma rede estadual se fez necess\u00e1rio [&hellip;]<\/p>\n","protected":false},"author":15,"featured_media":0,"parent":0,"menu_order":0,"comment_status":"closed","ping_status":"closed","template":"","meta":{"_acf_changed":false,"_uag_custom_page_level_css":"","footnotes":""},"class_list":["post-69","page","type-page","status-publish","hentry"],"acf":[],"featured_image_src":null,"uagb_featured_image_src":{"full":false,"thumbnail":false,"medium":false,"medium_large":false,"large":false,"1536x1536":false,"2048x2048":false},"uagb_author_info":{"display_name":"Andrea Jankoski","author_link":"https:\/\/saude.ufpr.br\/pags\/author\/andrea\/"},"uagb_comment_info":0,"uagb_excerpt":"Em maio de 2017, o prof. Dr. Rafael Gomes Ditterich da UFPR foi convidado a coordenar as atividades da Rede Nacional de Vigil\u00e2ncia da Fluoreta\u00e7\u00e3o da \u00c1gua (VIGIFLUOR) no estado do Paran\u00e1. Desde ent\u00e3o, uma rede estadual se fez necess\u00e1rio [&hellip;]","publishpress_future_action":{"enabled":false,"date":"2026-05-10 09:41:56","action":"change-status","newStatus":"draft","terms":[],"taxonomy":"","extraData":[]},"publishpress_future_workflow_manual_trigger":{"enabledWorkflows":[]},"_links":{"self":[{"href":"https:\/\/saude.ufpr.br\/pags\/wp-json\/wp\/v2\/pages\/69","targetHints":{"allow":["GET"]}}],"collection":[{"href":"https:\/\/saude.ufpr.br\/pags\/wp-json\/wp\/v2\/pages"}],"about":[{"href":"https:\/\/saude.ufpr.br\/pags\/wp-json\/wp\/v2\/types\/page"}],"author":[{"embeddable":true,"href":"https:\/\/saude.ufpr.br\/pags\/wp-json\/wp\/v2\/users\/15"}],"replies":[{"embeddable":true,"href":"https:\/\/saude.ufpr.br\/pags\/wp-json\/wp\/v2\/comments?post=69"}],"version-history":[{"count":37,"href":"https:\/\/saude.ufpr.br\/pags\/wp-json\/wp\/v2\/pages\/69\/revisions"}],"predecessor-version":[{"id":425,"href":"https:\/\/saude.ufpr.br\/pags\/wp-json\/wp\/v2\/pages\/69\/revisions\/425"}],"wp:attachment":[{"href":"https:\/\/saude.ufpr.br\/pags\/wp-json\/wp\/v2\/media?parent=69"}],"curies":[{"name":"wp","href":"https:\/\/api.w.org\/{rel}","templated":true}]}}