{"id":8,"date":"2017-04-20T19:27:41","date_gmt":"2017-04-20T19:27:41","guid":{"rendered":"https:\/\/saude.ufpr.br\/pags\/?page_id=8"},"modified":"2018-09-22T20:17:02","modified_gmt":"2018-09-22T20:17:02","slug":"pesquisadores","status":"publish","type":"page","link":"https:\/\/saude.ufpr.br\/pags\/pesquisadores\/","title":{"rendered":"Pesquisadores"},"content":{"rendered":"<p><strong>Coordena\u00e7\u00e3o do PAGS\u00a0<\/strong>\n<table id=\"tablepress-2\" class=\"tablepress tablepress-id-2\">\n<thead>\n<tr class=\"row-1\">\n\t<td class=\"column-1\"><\/td><th class=\"column-2\">Pesquisador<\/th><th class=\"column-3\">Institui\u00e7\u00e3o<\/th><th class=\"column-4\">Curr\u00edculo Lattes<\/th><th class=\"column-5\">e-mail<\/th>\n<\/tr>\n<\/thead>\n<tbody class=\"row-striping row-hover\">\n<tr class=\"row-2\">\n\t<td class=\"column-1\"><\/td><td class=\"column-2\"><strong>Rafael Gomes Ditterich (l\u00edder)<\/strong><\/td><td class=\"column-3\">UFPR\/Sa\u00fade Coletiva<\/td><td class=\"column-4\"><a href=\"http:\/\/lattes.cnpq.br\/2456997496521203\">http:\/\/lattes.cnpq.br\/2456997496521203<\/a><\/td><td class=\"column-5\">prof.rafaelgd@gmail.com<\/td>\n<\/tr>\n<tr class=\"row-3\">\n\t<td class=\"column-1\"><\/td><td class=\"column-2\">Solena Ziemer Kusma<\/td><td class=\"column-3\">UFPR\/Sa\u00fade Coletiva<\/td><td class=\"column-4\"><a href=\"http:\/\/lattes.cnpq.br\/7916274501748513\">http:\/\/lattes.cnpq.br\/7916274501748513<\/a><\/td><td class=\"column-5\">solenakusma@gmail.com <\/td>\n<\/tr>\n<\/tbody>\n<\/table>\n<!-- #tablepress-2 from cache --><\/p>\n<p><strong>Pesquisadores\u00a0<\/strong>\n<table id=\"tablepress-1\" class=\"tablepress tablepress-id-1\">\n<thead>\n<tr class=\"row-1\">\n\t<td class=\"column-1\"><\/td><th class=\"column-2\">Pesquisador<\/th><th class=\"column-3\">Institui\u00e7\u00e3o<\/th><th class=\"column-4\">Curr\u00edculo Lattes<\/th><th class=\"column-5\">e-mail<\/th>\n<\/tr>\n<\/thead>\n<tbody class=\"row-striping row-hover\">\n<tr class=\"row-2\">\n\t<td class=\"column-1\"><\/td><td class=\"column-2\">Deivisson Vianna Dantas dos Santos<\/td><td class=\"column-3\">UFPR\/Sa\u00fade Coletiva<\/td><td class=\"column-4\"><a href=\"http:\/\/lattes.cnpq.br\/2082293854099988\">http:\/\/lattes.cnpq.br\/2082293854099988<\/a><\/td><td class=\"column-5\">deivianna@gmail.com<\/td>\n<\/tr>\n<tr class=\"row-3\">\n\t<td class=\"column-1\"><\/td><td class=\"column-2\">Eliana Remor Teixeira<\/td><td class=\"column-3\">UFPR\/Sa\u00fade Coletiva<\/td><td class=\"column-4\"><a href=\"http:\/\/lattes.cnpq.br\/7966976890902556\">http:\/\/lattes.cnpq.br\/7966976890902556<\/a><\/td><td class=\"column-5\">elianart2002@yahoo.com.br<\/td>\n<\/tr>\n<tr class=\"row-4\">\n\t<td class=\"column-1\"><\/td><td class=\"column-2\">Giovana Daniela Pecharki Vianna<\/td><td class=\"column-3\">UFPR\/Sa\u00fade Coletiva<\/td><td class=\"column-4\"><a href=\"http:\/\/lattes.cnpq.br\/6077097637821980\">http:\/\/lattes.cnpq.br\/6077097637821980<\/a><\/td><td class=\"column-5\">g_pecharki@yahoo.com.br<\/td>\n<\/tr>\n<tr class=\"row-5\">\n\t<td class=\"column-1\"><\/td><td class=\"column-2\">Helvo Slomp Junior<\/td><td class=\"column-3\">UFPR\/Sa\u00fade Coletiva<\/td><td class=\"column-4\"><a href=\"http:\/\/lattes.cnpq.br\/9184503963374194\">http:\/\/lattes.cnpq.br\/9184503963374194<\/a><\/td><td class=\"column-5\">helvosj@gmail.com<\/td>\n<\/tr>\n<tr class=\"row-6\">\n\t<td class=\"column-1\"><\/td><td class=\"column-2\">Ipojucan Calixto Fraiz<\/td><td class=\"column-3\">UFPR\/Sa\u00fade Coletiva<\/td><td class=\"column-4\"><a href=\"http:\/\/lattes.cnpq.br\/7655862409317836\">http:\/\/lattes.cnpq.br\/7655862409317836<\/a><\/td><td class=\"column-5\">fraiz@uol.com.br<\/td>\n<\/tr>\n<tr class=\"row-7\">\n\t<td class=\"column-1\"><\/td><td class=\"column-2\">Karin Regina Luhm<\/td><td class=\"column-3\">UFPR\/Sa\u00fade Coletiva<\/td><td class=\"column-4\"><a href=\"http:\/\/lattes.cnpq.br\/1592876591517592\">http:\/\/lattes.cnpq.br\/1592876591517592<\/a><\/td><td class=\"column-5\">kaluhm@gmail.com<\/td>\n<\/tr>\n<tr class=\"row-8\">\n\t<td class=\"column-1\"><\/td><td class=\"column-2\">Luis Felipe Ferro<\/td><td class=\"column-3\">UFPR\/Terapia Ocupacional<\/td><td class=\"column-4\"><a href=\"http:\/\/lattes.cnpq.br\/7839809383749925\">http:\/\/lattes.cnpq.br\/7839809383749925<\/a><\/td><td class=\"column-5\">luisfelipeferro@gmail.com<\/td>\n<\/tr>\n<tr class=\"row-9\">\n\t<td class=\"column-1\"><\/td><td class=\"column-2\">Sabrina Stefanello<\/td><td class=\"column-3\">UFPR\/Medicina Forense e Psiquiatria<\/td><td class=\"column-4\"><a href=\"http:\/\/lattes.cnpq.br\/9786403635183487\">http:\/\/lattes.cnpq.br\/9786403635183487<\/a><\/td><td class=\"column-5\">binastefanello@gmail.com <\/td>\n<\/tr>\n<tr class=\"row-10\">\n\t<td class=\"column-1\"><\/td><td class=\"column-2\">Roberto Eduardo Bueno<\/td><td class=\"column-3\">UFPR\/Setor Litoral<\/td><td class=\"column-4\"><a href=\"http:\/\/lattes.cnpq.br\/5807879476536500\">http:\/\/lattes.cnpq.br\/5807879476536500<\/a><\/td><td class=\"column-5\">roberto.edu.bueno@gmail.com<\/td>\n<\/tr>\n<tr class=\"row-11\">\n\t<td class=\"column-1\"><\/td><td class=\"column-2\">Vin\u00edcio Oliveira da Silva<\/td><td class=\"column-3\">UFPR\/Setor Litoral<\/td><td class=\"column-4\"><a href=\"http:\/\/lattes.cnpq.br\/4793410169632874\">http:\/\/lattes.cnpq.br\/4793410169632874<\/a><\/td><td class=\"column-5\">vinicio_oliveira@hotmail.com <\/td>\n<\/tr>\n<tr class=\"row-12\">\n\t<td class=\"column-1\"><\/td><td class=\"column-2\">Adriana Moro<\/td><td class=\"column-3\">UnC Mafra\/Enfermagem<\/td><td class=\"column-4\"><a href=\"http:\/\/lattes.cnpq.br\/4268414756011188\">http:\/\/lattes.cnpq.br\/4268414756011188<\/a><\/td><td class=\"column-5\">adri.moro@gmail.com<\/td>\n<\/tr>\n<tr class=\"row-13\">\n\t<td class=\"column-1\"><\/td><td class=\"column-2\">Christiane Luiza Santos<\/td><td class=\"column-3\">FPP\/Medicina<\/td><td class=\"column-4\"><a href=\"http:\/\/lattes.cnpq.br\/9457920858863572\">http:\/\/lattes.cnpq.br\/9457920858863572<\/a><\/td><td class=\"column-5\">aluizachris@gmail.com<\/td>\n<\/tr>\n<tr class=\"row-14\">\n\t<td class=\"column-1\"><\/td><td class=\"column-2\">Mariele Pena de Couto<\/td><td class=\"column-3\">Tribunal de Justi\u00e7a\/PR<\/td><td class=\"column-4\"><a href=\"http:\/\/lattes.cnpq.br\/1208574635832093\">http:\/\/lattes.cnpq.br\/1208574635832093<\/a><\/td><td class=\"column-5\">marielecouto@gmail.com<\/td>\n<\/tr>\n<tr class=\"row-15\">\n\t<td class=\"column-1\"><\/td><td class=\"column-2\">Thabata Cristy Zermiani<\/td><td class=\"column-3\">PUCPR\/Odontologia<\/td><td class=\"column-4\"><a href=\"http:\/\/lattes.cnpq.br\/0914270401679493\">http:\/\/lattes.cnpq.br\/0914270401679493<\/a><\/td><td class=\"column-5\">thabata.zermiani@gmail.com<\/td>\n<\/tr>\n<tr class=\"row-16\">\n\t<td class=\"column-1\"><\/td><td class=\"column-2\">Pablo Guilherme Caldarelli<\/td><td class=\"column-3\">UEL\/Odontologia<\/td><td class=\"column-4\"><a href=\"http:\/\/lattes.cnpq.br\/7541557391096903\">http:\/\/lattes.cnpq.br\/7541557391096903<\/a><\/td><td class=\"column-5\">pablocaldarelli@hotmail.com<\/td>\n<\/tr>\n<\/tbody>\n<\/table>\n<!-- #tablepress-1 from cache --><\/p>\n<p><strong>T\u00e9cnicos Administrativos<\/strong>\u00a0\n<table id=\"tablepress-5\" class=\"tablepress tablepress-id-5\">\n<thead>\n<tr class=\"row-1\">\n\t<td class=\"column-1\"><\/td><th class=\"column-2\">T\u00e9cnico Adminstrativo<\/th><th class=\"column-3\">Institui\u00e7\u00e3o<\/th><th class=\"column-4\">Curr\u00edculo Lattes<\/th><th class=\"column-5\">e-mail<\/th>\n<\/tr>\n<\/thead>\n<tbody class=\"row-striping row-hover\">\n<tr class=\"row-2\">\n\t<td class=\"column-1\"><\/td><td class=\"column-2\">Josefina Aparecida Soares Guedes<\/td><td class=\"column-3\">UFPR\/Biblioteca Sa\u00fade (Bot\u00e2nico)<\/td><td class=\"column-4\"><a href=\"http:\/\/lattes.cnpq.br\/0127936703210087\">http:\/\/lattes.cnpq.br\/0127936703210087<\/a><\/td><td class=\"column-5\">jguedes@ufpr.br<\/td>\n<\/tr>\n<\/tbody>\n<\/table>\n<!-- #tablepress-5 from cache --><\/p>\n<p><strong>Doutorandos<\/strong>\u00a0\n<table id=\"tablepress-3\" class=\"tablepress tablepress-id-3\">\n<thead>\n<tr class=\"row-1\">\n\t<td class=\"column-1\"><\/td><th class=\"column-2\">Aluno<\/th><th class=\"column-3\">Programa de P\u00f3s-Gradua\u00e7\u00e3o<\/th><th class=\"column-4\">Curr\u00edculo Lattes<\/th>\n<\/tr>\n<\/thead>\n<tbody class=\"row-striping row-hover\">\n<tr class=\"row-2\">\n\t<td class=\"column-1\"><\/td><td class=\"column-2\">Ac\u00e1cia Maria Louren\u00e7o Francisco Nasr<\/td><td class=\"column-3\">Doutorado em Pol\u00edticas P\u00fablicas (2017-21)<\/td><td class=\"column-4\"><a href=\"http:\/\/lattes.cnpq.br\/4324315355096994\">http:\/\/lattes.cnpq.br\/4324315355096994<\/a><\/td>\n<\/tr>\n<tr class=\"row-3\">\n\t<td class=\"column-1\"><\/td><td class=\"column-2\">Rubia Daniela Thieme<\/td><td class=\"column-3\">Doutorado em Pol\u00edticas P\u00fablicas (2018-22)<\/td><td class=\"column-4\"><a href=\"http:\/\/lattes.cnpq.br\/3087521257973751\">http:\/\/lattes.cnpq.br\/3087521257973751<\/a><\/td>\n<\/tr>\n<tr class=\"row-4\">\n\t<td class=\"column-1\"><\/td><td class=\"column-2\">Rodrigo Noll Gon\u00e7alves<\/td><td class=\"column-3\">Doutorado em Pol\u00edticas P\u00fablicas (2019-23)<\/td><td class=\"column-4\"><a href=\"http:\/\/lattes.cnpq.br\/7052658521028519\">http:\/\/lattes.cnpq.br\/7052658521028519<\/a><\/td>\n<\/tr>\n<tr class=\"row-5\">\n\t<td class=\"column-1\"><\/td><td class=\"column-2\">Ruann Oswaldo Carvalho da Silva<\/td><td class=\"column-3\">Doutorado em Pol\u00edticas P\u00fablicas (2019-23)<\/td><td class=\"column-4\"><a href=\"http:\/\/lattes.cnpq.br\/8369442371287424\">http:\/\/lattes.cnpq.br\/8369442371287424<\/a><\/td>\n<\/tr>\n<tr class=\"row-6\">\n\t<td class=\"column-1\"><\/td><td class=\"column-2\">Thabata Cristy Zermiani<\/td><td class=\"column-3\">Doutorado em Pol\u00edticas P\u00fablicas (2019-23)<\/td><td class=\"column-4\"><a href=\"http:\/\/lattes.cnpq.br\/0914270401679493\">http:\/\/lattes.cnpq.br\/0914270401679493<\/a><\/td>\n<\/tr>\n<tr class=\"row-7\">\n\t<td class=\"column-1\"><\/td><td class=\"column-2\">Anielly Dalla Vecchia<\/td><td class=\"column-3\">Doutorado em Pol\u00edticas P\u00fablicas (2020-24)<\/td><td class=\"column-4\"><a href=\"http:\/\/lattes.cnpq.br\/5450463706227175\">http:\/\/lattes.cnpq.br\/5450463706227175<\/a><\/td>\n<\/tr>\n<tr class=\"row-8\">\n\t<td class=\"column-1\"><\/td><td class=\"column-2\">Luna Rezende Machado de Sousa<\/td><td class=\"column-3\">Doutorado em Pol\u00edticas P\u00fablicas (2020-24)<\/td><td class=\"column-4\"><a href=\"http:\/\/lattes.cnpq.br\/2778870338295830\">http:\/\/lattes.cnpq.br\/2778870338295830<\/a><\/td>\n<\/tr>\n<\/tbody>\n<\/table>\n<!-- #tablepress-3 from cache --><\/p>\n<p><strong>Mestrandos\u00a0<\/strong>\n<table id=\"tablepress-4\" class=\"tablepress tablepress-id-4\">\n<thead>\n<tr class=\"row-1\">\n\t<td class=\"column-1\"><\/td><th class=\"column-2\">Aluno<\/th><th class=\"column-3\">Programa de P\u00f3s-Gradua\u00e7\u00e3o<\/th><th class=\"column-4\">Curr\u00edculo Lattes<\/th>\n<\/tr>\n<\/thead>\n<tbody class=\"row-striping row-hover\">\n<tr class=\"row-2\">\n\t<td class=\"column-1\"><\/td><td class=\"column-2\">Cassiano Robert <\/td><td class=\"column-3\">Mestrado em Sa\u00fade Coletiva (2018-20)<\/td><td class=\"column-4\"><a href=\"http:\/\/lattes.cnpq.br\/2857521728775758\">http:\/\/lattes.cnpq.br\/2857521728775758<\/a><\/td>\n<\/tr>\n<tr class=\"row-3\">\n\t<td class=\"column-1\"><\/td><td class=\"column-2\">Claudia Schneck de Jesus<\/td><td class=\"column-3\">Mestrado em Sa\u00fade Coletiva (2018-20)<\/td><td class=\"column-4\"><a href=\"http:\/\/lattes.cnpq.br\/3499804297964400\">http:\/\/lattes.cnpq.br\/3499804297964400<\/a><\/td>\n<\/tr>\n<tr class=\"row-4\">\n\t<td class=\"column-1\"><\/td><td class=\"column-2\">Lara Cubis de Lima<\/td><td class=\"column-3\">Mestrado em Sa\u00fade Coletiva (2018-20)<\/td><td class=\"column-4\"><a href=\"http:\/\/lattes.cnpq.br\/2636582094088018\">http:\/\/lattes.cnpq.br\/2636582094088018<\/a><\/td>\n<\/tr>\n<tr class=\"row-5\">\n\t<td class=\"column-1\"><\/td><td class=\"column-2\">Jacqueline Aparecida Vieira<\/td><td class=\"column-3\">Mestrado em Sa\u00fade Coletiva (2018-20)<\/td><td class=\"column-4\"><a href=\"http:\/\/lattes.cnpq.br\/1908300852231813\">http:\/\/lattes.cnpq.br\/1908300852231813<\/a><\/td>\n<\/tr>\n<tr class=\"row-6\">\n\t<td class=\"column-1\"><\/td><td class=\"column-2\">Juliano Mota Volinger<\/td><td class=\"column-3\">Mestrado em Sa\u00fade Coletiva (2018-20)<\/td><td class=\"column-4\"><a href=\"http:\/\/lattes.cnpq.br\/5558931874664036\">http:\/\/lattes.cnpq.br\/5558931874664036<\/a><\/td>\n<\/tr>\n<tr class=\"row-7\">\n\t<td class=\"column-1\"><\/td><td class=\"column-2\">\u00c9rika Luiza da Silva Feller<\/td><td class=\"column-3\">Mestrado em Sa\u00fade Coletiva (2018-20)<\/td><td class=\"column-4\"><a href=\"http:\/\/lattes.cnpq.br\/1294075201894424\">http:\/\/lattes.cnpq.br\/1294075201894424<\/a><\/td>\n<\/tr>\n<tr class=\"row-8\">\n\t<td class=\"column-1\"><\/td><td class=\"column-2\">Yasmin Pereira Mansur<\/td><td class=\"column-3\">Mestrado em Sa\u00fade Coletiva (2018-20)<\/td><td class=\"column-4\"><a href=\"http:\/\/lattes.cnpq.br\/6769069527286012\">http:\/\/lattes.cnpq.br\/6769069527286012<\/a><\/td>\n<\/tr>\n<tr class=\"row-9\">\n\t<td class=\"column-1\"><\/td><td class=\"column-2\">Agla\u00e9 Martins Melga\u00e7o<\/td><td class=\"column-3\">Mestrado em Pol\u00edtica P\u00fablica (2019-21)<\/td><td class=\"column-4\"><a href=\"http:\/\/lattes.cnpq.br\/8199751924279537\">http:\/\/lattes.cnpq.br\/8199751924279537<\/a><\/td>\n<\/tr>\n<tr class=\"row-10\">\n\t<td class=\"column-1\"><\/td><td class=\"column-2\">Fernando Lucas Soares<\/td><td class=\"column-3\">Mestrado em Sa\u00fade Coletiva (2019-21)<\/td><td class=\"column-4\"><a href=\"http:\/\/lattes.cnpq.br\/0214976114577367\">http:\/\/lattes.cnpq.br\/0214976114577367<\/a><\/td>\n<\/tr>\n<tr class=\"row-11\">\n\t<td class=\"column-1\"><\/td><td class=\"column-2\">Hevelyn Xavier Luciano<\/td><td class=\"column-3\">Mestrado em Sa\u00fade Coletiva (2019-21)<\/td><td class=\"column-4\"><a href=\"http:\/\/lattes.cnpq.br\/0024252231050273\">http:\/\/lattes.cnpq.br\/0024252231050273<\/a><\/td>\n<\/tr>\n<tr class=\"row-12\">\n\t<td class=\"column-1\"><\/td><td class=\"column-2\">Ivone da Costa Rosa<\/td><td class=\"column-3\">Mestrado em Sa\u00fade Coletiva (2019-21)<\/td><td class=\"column-4\"><a href=\"http:\/\/lattes.cnpq.br\/6483845622813901\">http:\/\/lattes.cnpq.br\/6483845622813901<\/a><\/td>\n<\/tr>\n<tr class=\"row-13\">\n\t<td class=\"column-1\"><\/td><td class=\"column-2\">Larissa Leonarda Pinto<\/td><td class=\"column-3\">Mestrado em Sa\u00fade Coletiva (2019-21)<\/td><td class=\"column-4\"><a href=\"http:\/\/lattes.cnpq.br\/0130269203130185\">http:\/\/lattes.cnpq.br\/0130269203130185<\/a><\/td>\n<\/tr>\n<tr class=\"row-14\">\n\t<td class=\"column-1\"><\/td><td class=\"column-2\">Leia Regina da Silva<\/td><td class=\"column-3\">Mestrado em Sa\u00fade Coletiva (2019-21)<\/td><td class=\"column-4\"><a href=\"http:\/\/lattes.cnpq.br\/6475837938002491\"> http:\/\/lattes.cnpq.br\/6475837938002491<\/a><\/td>\n<\/tr>\n<tr class=\"row-15\">\n\t<td class=\"column-1\"><\/td><td class=\"column-2\">Pedro Henrique de Almeida<\/td><td class=\"column-3\">Mestrado em Sa\u00fade da Fam\u00edlia (2019-21)<\/td><td class=\"column-4\"><a href=\"http:\/\/lattes.cnpq.br\/9329545105820184\"> http:\/\/lattes.cnpq.br\/9329545105820184<\/a><\/td>\n<\/tr>\n<tr class=\"row-16\">\n\t<td class=\"column-1\"><\/td><td class=\"column-2\">Thais Santa Rosa Santos<\/td><td class=\"column-3\">Mestrado em Sa\u00fade da Fam\u00edlia (2019-21)<\/td><td class=\"column-4\"><a href=\"http:\/\/lattes.cnpq.br\/6505184436006590\"> http:\/\/lattes.cnpq.br\/6505184436006590<\/a><\/td>\n<\/tr>\n<tr class=\"row-17\">\n\t<td class=\"column-1\"><\/td><td class=\"column-2\">Vanir Aparecida Trombetta<\/td><td class=\"column-3\">Mestrado em Sa\u00fade da Fam\u00edlia (2019-21)<\/td><td class=\"column-4\"><a href=\"http:\/\/lattes.cnpq.br\/2689750213271913\"> http:\/\/lattes.cnpq.br\/2689750213271913<\/a><\/td>\n<\/tr>\n<\/tbody>\n<\/table>\n<!-- #tablepress-4 from cache --><\/p>\n<p><strong>Egressos\u00a0<\/strong>\n<table id=\"tablepress-10\" class=\"tablepress tablepress-id-10\">\n<thead>\n<tr class=\"row-1\">\n\t<th class=\"column-1\"><\/th><th class=\"column-2\">Aluno<\/th><th class=\"column-3\">Programa de P\u00f3s-Gradua\u00e7\u00e3o<\/th><th class=\"column-4\">Curr\u00edculo Lattes<\/th>\n<\/tr>\n<\/thead>\n<tbody class=\"row-striping row-hover\">\n<tr class=\"row-2\">\n\t<td class=\"column-1\"><\/td><td class=\"column-2\">Adriane Wollmann<\/td><td class=\"column-3\">Mestrado em Pol\u00edticas P\u00fablicas (2016-18)<\/td><td class=\"column-4\"><a href=\"http:\/\/lattes.cnpq.br\/7505465559217801\">http:\/\/lattes.cnpq.br\/7505465559217801<\/a><\/td>\n<\/tr>\n<tr class=\"row-3\">\n\t<td class=\"column-1\"><\/td><td class=\"column-2\">Amanda de Cassia Azevedo da Silva<\/td><td class=\"column-3\">Mestrado em Sa\u00fade Coletiva (2017-19)<\/td><td class=\"column-4\"><a href=\"http:\/\/lattes.cnpq.br\/4950822151298341\">http:\/\/lattes.cnpq.br\/4950822151298341<\/a><\/td>\n<\/tr>\n<tr class=\"row-4\">\n\t<td class=\"column-1\"><\/td><td class=\"column-2\">Andr\u00e9 Luis C\u00e2ndido da Silva<\/td><td class=\"column-3\">Mestrado em Sa\u00fade Coletiva  (2017-19)<\/td><td class=\"column-4\"><a href=\"http:\/\/lattes.cnpq.br\/8633004653228376\">http:\/\/lattes.cnpq.br\/8633004653228376<\/a><\/td>\n<\/tr>\n<tr class=\"row-5\">\n\t<td class=\"column-1\"><\/td><td class=\"column-2\">Daniele Basegio<\/td><td class=\"column-3\">Mestrado em Sa\u00fade Coletiva (2016-18)<\/td><td class=\"column-4\"><a href=\"http:\/\/lattes.cnpq.br\/4444279383182148\">http:\/\/lattes.cnpq.br\/4444279383182148<\/a><\/td>\n<\/tr>\n<tr class=\"row-6\">\n\t<td class=\"column-1\"><\/td><td class=\"column-2\">Ewerton Granja de Ara\u00fajo Rocha<\/td><td class=\"column-3\">Mestrado em Sa\u00fade Coletiva (2016-18)<\/td><td class=\"column-4\"><a href=\"http:\/\/lattes.cnpq.br\/1829692499070851\">http:\/\/lattes.cnpq.br\/1829692499070851<\/a><\/td>\n<\/tr>\n<tr class=\"row-7\">\n\t<td class=\"column-1\"><\/td><td class=\"column-2\">Guilherme Fernandes Graziani<\/td><td class=\"column-3\">Mestrado em Pol\u00edticas P\u00fablicas (2017-19)<\/td><td class=\"column-4\"><a href=\"http:\/\/lattes.cnpq.br\/9343642352527764\">http:\/\/lattes.cnpq.br\/9343642352527764<\/a><\/td>\n<\/tr>\n<tr class=\"row-8\">\n\t<td class=\"column-1\"><\/td><td class=\"column-2\">Hernando Alves Pereira<\/td><td class=\"column-3\">Mestrado em Sa\u00fade da Fam\u00edlia (2017-19)<\/td><td class=\"column-4\"><a href=\"http:\/\/lattes.cnpq.br\/6250931469460959\">http:\/\/lattes.cnpq.br\/6250931469460959<\/a><\/td>\n<\/tr>\n<tr class=\"row-9\">\n\t<td class=\"column-1\"><\/td><td class=\"column-2\">J\u00e9ssica Rodrigues da Silva Noll Gon\u00e7alves<\/td><td class=\"column-3\">Mestrado em Sa\u00fade Coletiva (2016-18)<\/td><td class=\"column-4\"><a href=\"http:\/\/lattes.cnpq.br\/7579243163120664\">http:\/\/lattes.cnpq.br\/7579243163120664<\/a><\/td>\n<\/tr>\n<tr class=\"row-10\">\n\t<td class=\"column-1\"><\/td><td class=\"column-2\">Karine Tha\u00eds Secchi<\/td><td class=\"column-3\">Mestrado em Sa\u00fade Coletiva (2017-19)<\/td><td class=\"column-4\"><a href=\"http:\/\/lattes.cnpq.br\/6245984697220572\">http:\/\/lattes.cnpq.br\/6245984697220572<\/a><\/td>\n<\/tr>\n<tr class=\"row-11\">\n\t<td class=\"column-1\"><\/td><td class=\"column-2\">Nat\u00e1lia Naome Oshiro<\/td><td class=\"column-3\">Mestrado em Sa\u00fade Coletiva (2015-17)<\/td><td class=\"column-4\"><a href=\"http:\/\/lattes.cnpq.br\/0342340008309525\">http:\/\/lattes.cnpq.br\/0342340008309525<\/a><\/td>\n<\/tr>\n<tr class=\"row-12\">\n\t<td class=\"column-1\"><\/td><td class=\"column-2\">Raquel Jaqueline Farion<\/td><td class=\"column-3\">Mestrado em Sa\u00fade Coletiva (2016-18)<\/td><td class=\"column-4\"><a href=\"http:\/\/lattes.cnpq.br\/8691704455791712\">http:\/\/lattes.cnpq.br\/8691704455791712<\/a><\/td>\n<\/tr>\n<tr class=\"row-13\">\n\t<td class=\"column-1\"><\/td><td class=\"column-2\">Richelliany Juli\u00e3o dos Santos Cardoso<\/td><td class=\"column-3\">Mestrado em Sa\u00fade Coletiva  (2017-19)<\/td><td class=\"column-4\"><a href=\"http:\/\/lattes.cnpq.br\/3239268016733621\">http:\/\/lattes.cnpq.br\/3239268016733621<\/a><\/td>\n<\/tr>\n<tr class=\"row-14\">\n\t<td class=\"column-1\"><\/td><td class=\"column-2\">Rosane Souza Freitas<\/td><td class=\"column-3\">Mestrado em Pol\u00edticas P\u00fablicas (2015-17)<\/td><td class=\"column-4\"><a href=\"http:\/\/lattes.cnpq.br\/8268514900649101\">http:\/\/lattes.cnpq.br\/8268514900649101<\/a><\/td>\n<\/tr>\n<tr class=\"row-15\">\n\t<td class=\"column-1\"><\/td><td class=\"column-2\">Ruann Oswaldo Carvalho da Silva<\/td><td class=\"column-3\">Mestrado em Pol\u00edticas P\u00fablicas (2017-19)<\/td><td class=\"column-4\"><a href=\"http:\/\/lattes.cnpq.br\/8369442371287424\">http:\/\/lattes.cnpq.br\/8369442371287424<\/a><\/td>\n<\/tr>\n<tr class=\"row-16\">\n\t<td class=\"column-1\"><\/td><td class=\"column-2\">Su\u00e9llyn Mattos de Arag\u00e3o<\/td><td class=\"column-3\">Mestrado em Sa\u00fade Coletiva (2017-19)<\/td><td class=\"column-4\"><a href=\"http:\/\/lattes.cnpq.br\/4136363206858083\">http:\/\/lattes.cnpq.br\/4136363206858083<\/a><\/td>\n<\/tr>\n<tr class=\"row-17\">\n\t<td class=\"column-1\"><\/td><td class=\"column-2\">T\u00e1rsia Louane Batista da Silva<\/td><td class=\"column-3\">Mestrado em Pol\u00edticas P\u00fablicas (2017-19)<\/td><td class=\"column-4\"><a href=\"http:\/\/lattes.cnpq.br\/4457778670412400\">http:\/\/lattes.cnpq.br\/4457778670412400<\/a><\/td>\n<\/tr>\n<tr class=\"row-18\">\n\t<td class=\"column-1\"><\/td><td class=\"column-2\">Thabata Cristy Zermiani<\/td><td class=\"column-3\">Mestrado em Pol\u00edticas P\u00fablicas (2015-17)<\/td><td class=\"column-4\"><a href=\"http:\/\/lattes.cnpq.br\/0914270401679493\">http:\/\/lattes.cnpq.br\/0914270401679493<\/a><\/td>\n<\/tr>\n<tr class=\"row-19\">\n\t<td class=\"column-1\"><\/td><td class=\"column-2\">Ticianne Frega<\/td><td class=\"column-3\">Mestrado em Pol\u00edticas P\u00fablicas (2017-19)<\/td><td class=\"column-4\"><a href=\"http:\/\/lattes.cnpq.br\/3699792564045533\">http:\/\/lattes.cnpq.br\/3699792564045533<\/a><\/td>\n<\/tr>\n<\/tbody>\n<\/table>\n<!-- #tablepress-10 from cache --><\/p>\n","protected":false},"excerpt":{"rendered":"<p>Coordena\u00e7\u00e3o do PAGS\u00a0 Pesquisadores\u00a0 T\u00e9cnicos Administrativos\u00a0 Doutorandos\u00a0 Mestrandos\u00a0 Egressos\u00a0<\/p>\n","protected":false},"author":15,"featured_media":0,"parent":0,"menu_order":0,"comment_status":"closed","ping_status":"closed","template":"","meta":{"_acf_changed":false,"_uag_custom_page_level_css":"","footnotes":""},"class_list":["post-8","page","type-page","status-publish","hentry"],"acf":[],"featured_image_src":null,"uagb_featured_image_src":{"full":false,"thumbnail":false,"medium":false,"medium_large":false,"large":false,"1536x1536":false,"2048x2048":false},"uagb_author_info":{"display_name":"Andrea Jankoski","author_link":"https:\/\/saude.ufpr.br\/pags\/author\/andrea\/"},"uagb_comment_info":0,"uagb_excerpt":"Coordena\u00e7\u00e3o do PAGS\u00a0 Pesquisadores\u00a0 T\u00e9cnicos Administrativos\u00a0 Doutorandos\u00a0 Mestrandos\u00a0 Egressos\u00a0","publishpress_future_action":{"enabled":false,"date":"2026-05-07 15:46:52","action":"change-status","newStatus":"draft","terms":[],"taxonomy":"","extraData":[]},"publishpress_future_workflow_manual_trigger":{"enabledWorkflows":[]},"_links":{"self":[{"href":"https:\/\/saude.ufpr.br\/pags\/wp-json\/wp\/v2\/pages\/8","targetHints":{"allow":["GET"]}}],"collection":[{"href":"https:\/\/saude.ufpr.br\/pags\/wp-json\/wp\/v2\/pages"}],"about":[{"href":"https:\/\/saude.ufpr.br\/pags\/wp-json\/wp\/v2\/types\/page"}],"author":[{"embeddable":true,"href":"https:\/\/saude.ufpr.br\/pags\/wp-json\/wp\/v2\/users\/15"}],"replies":[{"embeddable":true,"href":"https:\/\/saude.ufpr.br\/pags\/wp-json\/wp\/v2\/comments?post=8"}],"version-history":[{"count":10,"href":"https:\/\/saude.ufpr.br\/pags\/wp-json\/wp\/v2\/pages\/8\/revisions"}],"predecessor-version":[{"id":259,"href":"https:\/\/saude.ufpr.br\/pags\/wp-json\/wp\/v2\/pages\/8\/revisions\/259"}],"wp:attachment":[{"href":"https:\/\/saude.ufpr.br\/pags\/wp-json\/wp\/v2\/media?parent=8"}],"curies":[{"name":"wp","href":"https:\/\/api.w.org\/{rel}","templated":true}]}}