{"id":30,"date":"2020-08-07T14:55:20","date_gmt":"2020-08-07T17:55:20","guid":{"rendered":"https:\/\/saude.ufpr.br\/pediatria\/?page_id=30"},"modified":"2023-12-01T10:51:53","modified_gmt":"2023-12-01T13:51:53","slug":"formularios","status":"publish","type":"page","link":"https:\/\/saude.ufpr.br\/pediatria\/formularios\/","title":{"rendered":"Formul\u00e1rios"},"content":{"rendered":"<p>Gradua\u00e7\u00e3o<\/p>\n<p><a href=\"https:\/\/saude.ufpr.br\/pediatria\/requerimento-para-vista-da-prova-corrigida\/\" target=\"_blank\" rel=\"noopener\">Requerimento Vista de Prova<\/a><\/p>\n<p><a href=\"https:\/\/saude.ufpr.br\/pediatria\/requerimento-para-2a-chamada\/\" target=\"_blank\" rel=\"noopener\">Requerimento de Segunda Chamada de Prova<\/a><\/p>\n<p><a href=\"https:\/\/saude.ufpr.br\/pediatria\/requerimento-para-revisao-de-avaliacoes\/\" target=\"_blank\" rel=\"noopener\">Requerimento para Revis\u00e3o de Avalia\u00e7\u00f5es<\/a><\/p>\n<p><a href=\"https:\/\/saude.ufpr.br\/pediatria\/formulario-de-validacao-de-reposicao-de-atividade-de-estagio-curricular-obrigatorio-internato-em-pediatria\/\" target=\"_blank\" rel=\"noopener\">Formul\u00e1rio de valida\u00e7\u00e3o de reposi\u00e7\u00e3o de atividade de Est\u00e1gio Curricular Obrigat\u00f3rio (Internato) em Pediatria<\/a><\/p>\n<p>As solicita\u00e7\u00f5es de Segunda Chamada, Vista de Prova, Revis\u00e3o de Nota\u00a0 e Formul\u00e1rio de valida\u00e7\u00e3o de reposi\u00e7\u00e3o de atividade de Est\u00e1gio Curricular Obrigat\u00f3rio (Internato) em Pediatria dever\u00e3o ser feitas somente por meio dos formul\u00e1rios online dispon\u00edveis nesta p\u00e1gina.<\/p>\n<p>&nbsp;<\/p>\n<p>&nbsp;<\/p>\n","protected":false},"excerpt":{"rendered":"<p>Gradua\u00e7\u00e3o Requerimento Vista de Prova Requerimento de Segunda Chamada de Prova Requerimento para Revis\u00e3o de Avalia\u00e7\u00f5es Formul\u00e1rio de valida\u00e7\u00e3o de reposi\u00e7\u00e3o de atividade de Est\u00e1gio Curricular Obrigat\u00f3rio (Internato) em Pediatria As solicita\u00e7\u00f5es de Segunda Chamada, Vista de Prova, Revis\u00e3o de Nota\u00a0 e Formul\u00e1rio de valida\u00e7\u00e3o de reposi\u00e7\u00e3o de atividade de Est\u00e1gio Curricular Obrigat\u00f3rio (Internato) em<br \/> <a href=\"https:\/\/saude.ufpr.br\/pediatria\/formularios\/\" class=\"button success small readmore\">Leia mais<\/a><\/p>\n","protected":false},"author":15,"featured_media":0,"parent":0,"menu_order":0,"comment_status":"closed","ping_status":"closed","template":"","meta":{"_acf_changed":false,"_uag_custom_page_level_css":"","footnotes":""},"class_list":["post-30","page","type-page","status-publish","hentry"],"acf":[],"featured_image_src":null,"uagb_featured_image_src":{"full":false,"thumbnail":false,"medium":false,"medium_large":false,"large":false,"1536x1536":false,"2048x2048":false,"noticias-thumb":false,"banners-thumb":false,"maisnoticias-thumb":false,"post-thumbnail":false},"uagb_author_info":{"display_name":"Andrea Jankoski","author_link":"https:\/\/saude.ufpr.br\/pediatria\/author\/andrea\/"},"uagb_comment_info":0,"uagb_excerpt":"Gradua\u00e7\u00e3o Requerimento Vista de Prova Requerimento de Segunda Chamada de Prova Requerimento para Revis\u00e3o de Avalia\u00e7\u00f5es Formul\u00e1rio de valida\u00e7\u00e3o de reposi\u00e7\u00e3o de atividade de Est\u00e1gio Curricular Obrigat\u00f3rio (Internato) em Pediatria As solicita\u00e7\u00f5es de Segunda Chamada, Vista de Prova, Revis\u00e3o de Nota\u00a0 e Formul\u00e1rio de valida\u00e7\u00e3o de reposi\u00e7\u00e3o de atividade de Est\u00e1gio Curricular Obrigat\u00f3rio (Internato) em&hellip;","publishpress_future_action":{"enabled":false,"date":"2026-05-03 02:33:52","action":"change-status","newStatus":"draft","terms":[],"taxonomy":"","extraData":[]},"publishpress_future_workflow_manual_trigger":{"enabledWorkflows":[]},"_links":{"self":[{"href":"https:\/\/saude.ufpr.br\/pediatria\/wp-json\/wp\/v2\/pages\/30","targetHints":{"allow":["GET"]}}],"collection":[{"href":"https:\/\/saude.ufpr.br\/pediatria\/wp-json\/wp\/v2\/pages"}],"about":[{"href":"https:\/\/saude.ufpr.br\/pediatria\/wp-json\/wp\/v2\/types\/page"}],"author":[{"embeddable":true,"href":"https:\/\/saude.ufpr.br\/pediatria\/wp-json\/wp\/v2\/users\/15"}],"replies":[{"embeddable":true,"href":"https:\/\/saude.ufpr.br\/pediatria\/wp-json\/wp\/v2\/comments?post=30"}],"version-history":[{"count":23,"href":"https:\/\/saude.ufpr.br\/pediatria\/wp-json\/wp\/v2\/pages\/30\/revisions"}],"predecessor-version":[{"id":672,"href":"https:\/\/saude.ufpr.br\/pediatria\/wp-json\/wp\/v2\/pages\/30\/revisions\/672"}],"wp:attachment":[{"href":"https:\/\/saude.ufpr.br\/pediatria\/wp-json\/wp\/v2\/media?parent=30"}],"curies":[{"name":"wp","href":"https:\/\/api.w.org\/{rel}","templated":true}]}}