{"id":1278,"date":"2021-03-08T15:11:46","date_gmt":"2021-03-08T18:11:46","guid":{"rendered":"https:\/\/saude.ufpr.br\/saudecoletiva\/?page_id=1278"},"modified":"2026-01-23T18:11:59","modified_gmt":"2026-01-23T21:11:59","slug":"processos-seletivos","status":"publish","type":"page","link":"https:\/\/saude.ufpr.br\/saudecoletiva\/processos-seletivos\/","title":{"rendered":"Processos Seletivos"},"content":{"rendered":"<p style=\"text-align: center\"><strong>PROCESSO SELETIVO PARA PROFESSOR SUBSTITUTO 20 HORAS &#8211; Edital 378\/2025-PROGEPE<\/strong><\/p>\n<p style=\"text-align: center\"><strong>\u201cSA\u00daDE COLETIVA&#8221; &#8211; Territ\u00f3rio e Sa\u00fade e Aten\u00e7\u00e3o Integral \u00e0 Sa\u00fade<\/strong><\/p>\n<p>&nbsp;<\/p>\n<p class=\"Texto_Justificado\"><b>\u00c1rea de Conhecimento:\u00a0<\/b>Sa\u00fade Coletiva.<\/p>\n<p><b>Mat\u00e9rias Espec\u00edficas: <\/b>Territ\u00f3rio e Sa\u00fade e Aten\u00e7\u00e3o Integral \u00e0 Sa\u00fade.<\/p>\n<p class=\"Texto_Justificado\"><b>N\u00famero de vagas:<\/b>\u00a001 (uma vaga).<\/p>\n<p class=\"Texto_Justificado\"><b>Crit\u00e9rio de sele\u00e7\u00e3o:<\/b>\u00a0An\u00e1lise de Curr\u00edculo e Prova Did\u00e1tica. Prova Did\u00e1tica realizada de forma Presencial.<\/p>\n<p class=\"Texto_Justificado\"><b>Titula\u00e7\u00e3o m\u00ednima exigida: <\/b>Gradua\u00e7\u00e3o em Medicina, ou Odontologia, ou Enfermagem, ou Psicologia, ou Farm\u00e1cia, ou Nutri\u00e7\u00e3o, ou Terapia Ocupacional e Mestrado na \u00e1rea de concentra\u00e7\u00e3o especificamente em Sa\u00fade Coletiva, ou Tecnologia em Sa\u00fade, ou Medicina Interna e Ci\u00eancias da Sa\u00fade, ou Pol\u00edticas P\u00fablicas, ou Sa\u00fade da Fam\u00edlia, obtido na forma da lei.<\/p>\n<p class=\"Texto_Justificado\"><b>Regime de trabalho:\u00a0<\/b>20 (vinte) horas semanais.<\/p>\n<p class=\"Texto_Justificado\"><b>Per\u00edodo das inscri\u00e7\u00f5es:<\/b>\u00a0Das 00h do primeiro dia, com hor\u00e1rio limite para recebimento da solicita\u00e7\u00e3o at\u00e9 \u00e0s 17h do \u00faltimo dia de inscri\u00e7\u00e3o.<\/p>\n<p>&nbsp;<\/p>\n<p>Documentos relacionados:<\/p>\n<p><a href=\"https:\/\/saude.ufpr.br\/saudecoletiva\/wp-content\/uploads\/sites\/30\/2025\/12\/2025.12.04-Edital-378.2025-PROGEPE.pdf\" target=\"_blank\" rel=\"noopener\">Edital 378\/2025-PROGEPE<\/a><\/p>\n<p><a href=\"https:\/\/saude.ufpr.br\/saudecoletiva\/wp-content\/uploads\/sites\/30\/2025\/12\/2025.12.05-Edital-378.2025-DOU.pdf\" target=\"_blank\" rel=\"noopener\">Edital 378\/2025-PROGEPE DOU<\/a><\/p>\n<p><a href=\"https:\/\/saude.ufpr.br\/saudecoletiva\/wp-content\/uploads\/sites\/30\/2025\/12\/2025.12.16-Homologacao-das-inscricoes.pdf\" target=\"_blank\" rel=\"noopener\">2025.12.16 &#8211; Homologa\u00e7\u00e3o das inscri\u00e7\u00f5es<\/a><\/p>\n<p><a href=\"https:\/\/saude.ufpr.br\/saudecoletiva\/wp-content\/uploads\/sites\/30\/2026\/01\/2025.12.18-Ata-da-reuniao-de-analise-do-recurso.pdf\" target=\"_blank\" rel=\"noopener\">2025.12.18 &#8211; Ata da reuni\u00e3o de an\u00e1lise do recurso<\/a><\/p>\n<p><a href=\"https:\/\/saude.ufpr.br\/saudecoletiva\/wp-content\/uploads\/sites\/30\/2026\/01\/2025.12.18-Homologacao-das-inscricoes-retificado.pdf\" target=\"_blank\" rel=\"noopener\">2025.12.18 &#8211; Homologa\u00e7\u00e3o das inscri\u00e7\u00f5es (retificado)<\/a><\/p>\n<p><a href=\"https:\/\/saude.ufpr.br\/saudecoletiva\/wp-content\/uploads\/sites\/30\/2026\/01\/2025.12.18-Cronograma-de-provas.pdf\" target=\"_blank\" rel=\"noopener\">2025.12.18 &#8211; Cronograma de provas<\/a><\/p>\n<p><a href=\"https:\/\/saude.ufpr.br\/saudecoletiva\/wp-content\/uploads\/sites\/30\/2026\/01\/2026.01.19-Programa-de-provas.pdf\">2026.01.19 &#8211; Programa de provas<\/a><\/p>\n<p><a href=\"https:\/\/saude.ufpr.br\/saudecoletiva\/wp-content\/uploads\/sites\/30\/2026\/01\/SEI_8537403_Edital_011-1.pdf\" target=\"_blank\" rel=\"noopener\">2026.01.23 &#8211; Resultado e classifica\u00e7\u00e3o<\/a><\/p>\n<p>____________________________________________________________________________________________________________<\/p>\n<p style=\"text-align: center\"><strong>PROCESSO SELETIVO PARA PROFESSOR SUBSTITUTO 20 HORAS<\/strong><\/p>\n<p style=\"text-align: center\"><strong>&#8220;SA\u00daDE COLETIVA E EPIDEMIOLOGIA&#8221;<\/strong><\/p>\n<p>&nbsp;<\/p>\n<p class=\"Texto_Justificado\"><b>\u00c1rea de Conhecimento:\u00a0<\/b>Sa\u00fade Coletiva e Epidemiologia.<\/p>\n<p><b>Mat\u00e9ria Espec\u00edfica: <\/b>Epidemiologia (curso de Medicina) e Est\u00e1gio Curricular Obrigat\u00f3rio em Sa\u00fade Coletiva.<\/p>\n<p class=\"Texto_Justificado\"><b>N\u00famero de vagas:<\/b>\u00a001 (uma vaga).<\/p>\n<p class=\"Texto_Justificado\"><b>Crit\u00e9rio de sele\u00e7\u00e3o:<\/b>\u00a0An\u00e1lise de Curr\u00edculo e Prova Did\u00e1tica. Prova Did\u00e1tica realizada de forma Presencial.<\/p>\n<p class=\"Texto_Justificado\"><b>Titula\u00e7\u00e3o m\u00ednima exigida: <\/b>Gradua\u00e7\u00e3o em Medicina, ou Medicina Veterin\u00e1ria, ou Odontologia, ou Enfermagem, ou Psicologia, ou Farm\u00e1cia e Doutorado ou \u00e1rea de concentra\u00e7\u00e3o especificamente em Sa\u00fade Coletiva, ou Tecnologia em Sa\u00fade, ou Epidemiologia, ou Sa\u00fade \u00danica, ou Ci\u00eancias Veterin\u00e1rias, obtido na forma da lei.<\/p>\n<p class=\"Texto_Justificado\"><b>Regime de trabalho:\u00a0<\/b>20 (vinte) horas semanais.<\/p>\n<p class=\"Texto_Justificado\"><b>Per\u00edodo das inscri\u00e7\u00f5es:<\/b> Das 00h do primeiro dia, com hor\u00e1rio limite para recebimento da solicita\u00e7\u00e3o at\u00e9 \u00e0s 17h do \u00faltimo dia de inscri\u00e7\u00e3o.<\/p>\n<p>&nbsp;<\/p>\n<p>Documentos relacionados:<\/p>\n<p><a href=\"https:\/\/saude.ufpr.br\/saudecoletiva\/wp-content\/uploads\/sites\/30\/2025\/05\/2025.05.06-Edital-155.2025.pdf\" target=\"_blank\" rel=\"noopener\">Edital N\u00ba 155\/2025\/PROGEPE<\/a><\/p>\n<p><a href=\"https:\/\/saude.ufpr.br\/saudecoletiva\/wp-content\/uploads\/sites\/30\/2025\/05\/2025.05.09-Edital-155.2025-DOU.pdf\" target=\"_blank\" rel=\"noopener\">Edital 155\/2025\/PROGEPE vers\u00e3o DOU<\/a><\/p>\n<p><a href=\"https:\/\/saude.ufpr.br\/saudecoletiva\/wp-content\/uploads\/sites\/30\/2025\/05\/SEI_7791559_Ata_de_Reuniao-1.pdf\" target=\"_blank\" rel=\"noopener\">Ata da reuni\u00e3o de homologa\u00e7\u00e3o das inscri\u00e7\u00f5es<\/a><\/p>\n<p><a href=\"https:\/\/saude.ufpr.br\/saudecoletiva\/wp-content\/uploads\/sites\/30\/2025\/05\/SEI_7791630_Edital_001.pdf\" target=\"_blank\" rel=\"noopener\">Edital de divulga\u00e7\u00e3o de inscri\u00e7\u00f5es homologadas<\/a><\/p>\n<p><a href=\"https:\/\/saude.ufpr.br\/saudecoletiva\/wp-content\/uploads\/sites\/30\/2025\/05\/SEI_7795156_Edital_006.pdf\" target=\"_blank\" rel=\"noopener\">Lista definitiva de pontos a serem sorteados<\/a><\/p>\n<p><a href=\"https:\/\/saude.ufpr.br\/saudecoletiva\/wp-content\/uploads\/sites\/30\/2025\/05\/SEI_7795165_Edital_007.pdf\" target=\"_blank\" rel=\"noopener\">Cronograma do sorteio dos pontos e prova did\u00e1tica<\/a><\/p>\n<p><a href=\"https:\/\/saude.ufpr.br\/saudecoletiva\/wp-content\/uploads\/sites\/30\/2025\/06\/Ata-do-sorteio-dos-pontos-da-prova-didatica.pdf\" target=\"_blank\" rel=\"noopener\">Ata do sorteio dos pontos da prova did\u00e1tica<\/a><\/p>\n<p><a href=\"https:\/\/saude.ufpr.br\/saudecoletiva\/wp-content\/uploads\/sites\/30\/2025\/06\/Ata-dos-resultados-e-classificacao.pdf\" target=\"_blank\" rel=\"noopener\">Ata dos resultados e classifica\u00e7\u00e3o<\/a><\/p>\n<p>&nbsp;<\/p>\n<p>______________________________________________________________________________________________________<\/p>\n<p style=\"text-align: center\"><strong>PROCESSO SELETIVO PARA PROFESSOR SUBSTITUTO 40 HORAS<\/strong><\/p>\n<p style=\"text-align: center\"><strong>&#8220;SA\u00daDE COLETIVA E EPIDEMIOLOGIA&#8221;<\/strong><\/p>\n<p>&nbsp;<\/p>\n<p class=\"Texto_Justificado\"><b>\u00c1rea de Conhecimento:\u00a0<\/b>Sa\u00fade Coletiva e Epidemiologia.<\/p>\n<p><b>Mat\u00e9ria Espec\u00edfica: <\/b>Epidemiologia (curso de Medicina) e Est\u00e1gio Curricular Obrigat\u00f3rio em Sa\u00fade Coletiva.<\/p>\n<p class=\"Texto_Justificado\"><b>N\u00famero de vagas:<\/b>\u00a001 (uma vaga).<\/p>\n<p class=\"Texto_Justificado\"><b>Crit\u00e9rio de sele\u00e7\u00e3o:<\/b>\u00a0An\u00e1lise de Curr\u00edculo e Prova Did\u00e1tica. Prova Did\u00e1tica realizada de forma Presencial.<\/p>\n<p class=\"Texto_Justificado\"><b>Titula\u00e7\u00e3o m\u00ednima exigida: <\/b>Gradua\u00e7\u00e3o em Medicina, ou Medicina Veterin\u00e1ria, ou Odontologia, ou Enfermagem, ou Psicologia, ou Farm\u00e1cia e Doutorado ou \u00e1rea de concentra\u00e7\u00e3o especificamente em Sa\u00fade Coletiva, ou Tecnologia em Sa\u00fade, ou Epidemiologia, ou Sa\u00fade \u00danica, ou Ci\u00eancias Veterin\u00e1rias, obtido na forma da lei.<\/p>\n<p class=\"Texto_Justificado\"><b>Regime de trabalho:\u00a0<\/b>40 (quarenta) horas semanais.<\/p>\n<p class=\"Texto_Justificado\"><b>Per\u00edodo das inscri\u00e7\u00f5es:<\/b> Das 00h do primeiro dia, com hor\u00e1rio limite para recebimento da solicita\u00e7\u00e3o at\u00e9 \u00e0s 17h do \u00faltimo dia de inscri\u00e7\u00e3o.<\/p>\n<p>&nbsp;<\/p>\n<p>Documentos relacionados:<\/p>\n<p><a href=\"https:\/\/saude.ufpr.br\/saudecoletiva\/wp-content\/uploads\/sites\/30\/2025\/05\/2025.05.06-Edital-155.2025.pdf\" target=\"_blank\" rel=\"noopener\">Edital N\u00ba 155\/2025\/PROGEPE<\/a><\/p>\n<p><a href=\"https:\/\/saude.ufpr.br\/saudecoletiva\/wp-content\/uploads\/sites\/30\/2025\/05\/2025.05.09-Edital-155.2025-DOU.pdf\" target=\"_blank\" rel=\"noopener\">Edital 155\/2025\/PROGEPE vers\u00e3o DOU<\/a><\/p>\n<p><a href=\"https:\/\/saude.ufpr.br\/saudecoletiva\/wp-content\/uploads\/sites\/30\/2025\/05\/SEI_7791540_Ata_de_Reuniao.pdf\" target=\"_blank\" rel=\"noopener\">Ata da reuni\u00e3o de homologa\u00e7\u00e3o de inscri\u00e7\u00f5es<\/a><\/p>\n<p><a href=\"https:\/\/saude.ufpr.br\/saudecoletiva\/wp-content\/uploads\/sites\/30\/2025\/05\/SEI_7791704_Edital_002.pdf\" target=\"_blank\" rel=\"noopener\">Edital de divulga\u00e7\u00e3o de inscri\u00e7\u00f5es homologadas<\/a><\/p>\n<p><a href=\"https:\/\/saude.ufpr.br\/saudecoletiva\/wp-content\/uploads\/sites\/30\/2025\/05\/SEI_7795023_Edital_004.pdf\" target=\"_blank\" rel=\"noopener\">Lista definitiva de pontos a serem sorteados<\/a><\/p>\n<p><a href=\"https:\/\/saude.ufpr.br\/saudecoletiva\/wp-content\/uploads\/sites\/30\/2025\/05\/SEI_7795067_Edital_005.pdf\" target=\"_blank\" rel=\"noopener\">Cronograma de sorteio dos pontos e prova did\u00e1tica<\/a><\/p>\n<p><a href=\"https:\/\/saude.ufpr.br\/saudecoletiva\/wp-content\/uploads\/sites\/30\/2025\/06\/SEI_7820838_Ata_de_Reuniao.pdf\" target=\"_blank\" rel=\"noopener\">Ata do sorteio da prova did\u00e1tica<\/a><\/p>\n<p><a href=\"https:\/\/saude.ufpr.br\/saudecoletiva\/wp-content\/uploads\/sites\/30\/2025\/06\/SEI_7839978_Ata_de_Reuniao.pdf\" target=\"_blank\" rel=\"noopener\">Ata da prova did\u00e1tica<\/a><\/p>\n<p><a href=\"https:\/\/saude.ufpr.br\/saudecoletiva\/wp-content\/uploads\/sites\/30\/2025\/06\/SEI_7839983_Ata_de_Reuniao.pdf\" target=\"_blank\" rel=\"noopener\">Ata de divulga\u00e7\u00e3o dos resultados e classifica\u00e7\u00e3o<\/a><\/p>\n<p><a href=\"https:\/\/saude.ufpr.br\/saudecoletiva\/wp-content\/uploads\/sites\/30\/2025\/06\/SEI_7839985_Edital_007.pdf\" target=\"_blank\" rel=\"noopener\">Edital do resultado final<\/a><\/p>\n<p>_______________________________________________________________________________________________________<\/p>\n<p>&nbsp;<\/p>\n<p>PROGEPE: <a href=\"http:\/\/www.progepe.ufpr.br\/progepe\/concursos\/docente\/concursos_publicos\/testes_seletivos.html\" target=\"_blank\" rel=\"noopener\">http:\/\/www.progepe.ufpr.br\/progepe\/concursos\/docente\/concursos_publicos\/testes_seletivos.html<\/a><\/p>\n<p><a href=\"https:\/\/saude.ufpr.br\/saudecoletiva\/wp-content\/uploads\/sites\/30\/2022\/01\/Res-92-06-CEPE-contratacao-substituto-alterada-Res.-04-13-CEPE-Res.-27-19-CEPE-e-Res.-70-2020-CEPE.pdf\">Contrata\u00e7\u00e3o de professor substituto<\/a> \u2013 <strong>obrigat\u00f3ria a leitura<\/strong><\/p>\n<hr \/>\n<p><strong>PROCESSO SELETIVO &#8211; AREA DO CONHECIMENTO: SA\u00daDE COLETIVA<\/strong><\/p>\n<p><strong><b>EDITAL N\u00ba 306\/22 &#8211; PROGEPE <a href=\"http:\/\/http:\/\/progepe.ufpr.br\/progepe\/concursos\/docente\/concursos_publicos\/editais\/edital306-22.pdf\">http:\/\/http:\/\/progepe.ufpr.br\/progepe\/concursos\/docente\/concursos_publicos\/editais\/edital306-22.pdf<\/a><\/b><\/strong><\/p>\n<p><a href=\"https:\/\/saude.ufpr.br\/saudecoletiva\/wp-content\/uploads\/sites\/30\/2022\/11\/Edital-1-Homologacao-das-inscricoes-1.pdf\">Edital 1 &#8211; Homologa\u00e7\u00e3o das inscri\u00e7\u00f5es<\/a><\/p>\n<p><a href=\"https:\/\/saude.ufpr.br\/saudecoletiva\/wp-content\/uploads\/sites\/30\/2022\/12\/Edital-2-Recurso-Homologacao-das-inscricoes-.pdf\">Edital 2 &#8211; Recurso Homologa\u00e7\u00e3o das inscri\u00e7\u00f5es<\/a><\/p>\n<p><a href=\"https:\/\/saude.ufpr.br\/saudecoletiva\/wp-content\/uploads\/sites\/30\/2022\/12\/Edital-3-lista-de-pontos.pdf\">Edital 3- lista de pontos<\/a><\/p>\n<p><a href=\"https:\/\/saude.ufpr.br\/saudecoletiva\/wp-content\/uploads\/sites\/30\/2022\/12\/Edital-4-Cronograma-previo-do-processo-seletivo.pdf\">Edital 4- Cronograma pr\u00e9vio do processo seletivo<\/a><\/p>\n<p><a href=\"https:\/\/saude.ufpr.br\/saudecoletiva\/wp-content\/uploads\/sites\/30\/2022\/12\/Edital-5-Tabela-com-Pontuacao-Prova-Didatica.pdf\">Edital 5 &#8211; Tabela com Pontua\u00e7\u00e3o Prova Did\u00e1tica<\/a><\/p>\n<p><a href=\"https:\/\/saude.ufpr.br\/saudecoletiva\/wp-content\/uploads\/sites\/30\/2022\/12\/Edital-6-Analise-de-Curriculo.pdf\">Edital 6 &#8211; Analise de Curriculo<\/a><\/p>\n<p><a href=\"https:\/\/saude.ufpr.br\/saudecoletiva\/wp-content\/uploads\/sites\/30\/2022\/12\/Edital-7-Resultado-Final.pdf\">Edital 7 &#8211; Resultado Final<\/a><\/p>\n<hr \/>\n<p><strong>Inscri\u00e7\u00f5es:<\/strong> 03\/03\/2022 at\u00e9 \u00e0s 17h do dia 09\/03\/2022<br \/>\n<strong>\u00c1rea de Conhecimento:<\/strong>\u00a0Sa\u00fade Coletiva<br \/>\n<strong>Mat\u00e9ria Espec\u00edfica:<\/strong> Epidemiologia\/Vigil\u00e2ncia Epidemiol\u00f3gica<br \/>\n<strong>Regime de Trabalho<\/strong>: 20 (vinte) horas semanais<br \/>\n<strong>Requisito:<\/strong> Gradua\u00e7\u00e3o em Medicina com Especializa\u00e7\u00e3o em Epidemiologia ou Sa\u00fade Coletiva ou Sa\u00fade P\u00fablica ou Medicina Preventiva ou Medicina Interna<\/p>\n<p><a href=\"https:\/\/saude.ufpr.br\/saudecoletiva\/wp-content\/uploads\/sites\/30\/2022\/03\/edital-7.pdf\">Edital 07<\/a><\/p>\n<p><a href=\"https:\/\/saude.ufpr.br\/saudecoletiva\/wp-content\/uploads\/sites\/30\/2022\/03\/Edital-06.pdf\">Edital 06<\/a><\/p>\n<p><a href=\"https:\/\/saude.ufpr.br\/saudecoletiva\/wp-content\/uploads\/sites\/30\/2022\/03\/Edital-05.pdf\">Edital 05<\/a><\/p>\n<p><a href=\"https:\/\/saude.ufpr.br\/saudecoletiva\/wp-content\/uploads\/sites\/30\/2022\/03\/edital-4.pdf\">Edital 04<\/a><\/p>\n<p><a href=\"https:\/\/saude.ufpr.br\/saudecoletiva\/wp-content\/uploads\/sites\/30\/2022\/03\/edital-3.pdf\">Edital 03<\/a><\/p>\n<p><a href=\"https:\/\/saude.ufpr.br\/saudecoletiva\/wp-content\/uploads\/sites\/30\/2022\/03\/edital-2.pdf\">Edital 02<\/a><\/p>\n<p><a href=\"https:\/\/saude.ufpr.br\/saudecoletiva\/wp-content\/uploads\/sites\/30\/2022\/03\/edital-1.pdf\">Edital 01<\/a><\/p>\n<p><a href=\"https:\/\/saude.ufpr.br\/saudecoletiva\/wp-content\/uploads\/sites\/30\/2022\/03\/edital049-22.pdf\" target=\"_blank\" rel=\"noopener\">Edital 49\/22\/PROGEPE<\/a><\/p>\n<hr \/>\n<p><strong>Inscri\u00e7\u00f5es:<\/strong> 16\/08\/2021 a 27\/08\/2021<br \/>\n<strong>\u00c1rea de Conhecimento:<\/strong>\u00a0Sa\u00fade Coletiva<br \/>\n<strong>Mat\u00e9ria Espec\u00edfica:<\/strong> Sa\u00fade e Sociedade e Organiza\u00e7\u00e3o de Sistemas e Servi\u00e7os de Sa\u00fade<br \/>\n<strong>Regime de Trabalho<\/strong>: 20 (vinte) horas semanais<br \/>\n<strong>Requisito:<\/strong> Doutorado em Sa\u00fade Coletiva, ou Sa\u00fade P\u00fablica, ou Medicina Preventiva, ou Ci\u00eancias Sociais e Humanas em Sa\u00fade, ou Educa\u00e7\u00e3o em Sa\u00fade, obtidos na forma da lei.<\/p>\n<p><a href=\"https:\/\/saude.ufpr.br\/saudecoletiva\/wp-content\/uploads\/sites\/30\/2021\/10\/SEI_UFPR-3818787-Edital.pdf\">Edital 321\/21\/PROGEPE<\/a> \u2013 Resultado do processo seletivo<\/p>\n<p><a href=\"https:\/\/saude.ufpr.br\/saudecoletiva\/wp-content\/uploads\/sites\/30\/2021\/09\/SEI_UFPR-3774658-Edital.pdf\" target=\"_blank\" rel=\"noopener\">Edital 09\/DSC<\/a> \u2013 Resultado Final do Processo Seletivo de Professor Substituto (01\/09\/2021)<\/p>\n<p><a href=\"https:\/\/saude.ufpr.br\/saudecoletiva\/wp-content\/uploads\/sites\/30\/2021\/09\/SEI_UFPR-3774629-Edital.pdf\" target=\"_blank\" rel=\"noopener\">Edital 08\/DSC<\/a> \u2013 Rela\u00e7\u00e3o de candidatos n\u00e3o eliminados na prova did\u00e1tica (01\/09\/2021)<\/p>\n<p><a href=\"https:\/\/saude.ufpr.br\/saudecoletiva\/wp-content\/uploads\/sites\/30\/2021\/08\/SEI_UFPR-3769754-Edital.pdf\" target=\"_blank\" rel=\"noopener\">Edital 07\/DSC<\/a> \u2013 Rela\u00e7\u00e3o de candidatos presentes ao sorteio de pontos e respectivo ponto sorteado para a realiza\u00e7\u00e3o da prova did\u00e1tica (31\/08\/2021)<\/p>\n<p><a href=\"https:\/\/saude.ufpr.br\/saudecoletiva\/wp-content\/uploads\/sites\/30\/2021\/08\/SEI_UFPR-3766539-Edital.pdf\" target=\"_blank\" rel=\"noopener\">Edital 06\/DSC<\/a> \u2013 Crit\u00e9rios de avalia\u00e7\u00e3o para a prova did\u00e1tica (30\/08\/2021)<\/p>\n<p><a href=\"https:\/\/saude.ufpr.br\/saudecoletiva\/wp-content\/uploads\/sites\/30\/2021\/08\/SEI_UFPR-3765589-Edital.pdf\" target=\"_blank\" rel=\"noopener\">Edital 05\/DSC<\/a> \u2013 Data e os hor\u00e1rios de sorteio de pontos para a prova did\u00e1tica (30\/08\/2021)<\/p>\n<p><a href=\"https:\/\/saude.ufpr.br\/saudecoletiva\/wp-content\/uploads\/sites\/30\/2021\/08\/SEI_UFPR-3765563-Edital.pdf\" target=\"_blank\" rel=\"noopener\">Edital 04\/DSC<\/a> \u2013 Rela\u00e7\u00e3o de candidatos n\u00e3o eliminados na an\u00e1lise de curr\u00edculo (30\/08\/2021)<\/p>\n<p><a href=\"https:\/\/saude.ufpr.br\/saudecoletiva\/wp-content\/uploads\/sites\/30\/2021\/08\/SEI_UFPR-3762260-Edital.pdf\" target=\"_blank\" rel=\"noopener\">Edital 03\/DSC<\/a> \u2013 Cronograma das Provas (27\/08\/2021)<\/p>\n<p><a href=\"https:\/\/saude.ufpr.br\/saudecoletiva\/wp-content\/uploads\/sites\/30\/2021\/08\/SEI_UFPR-3762225-Edital.pdf\" target=\"_blank\" rel=\"noopener\">Edital 02\/DSC<\/a> \u2013 Lista de Pontos da Prova Did\u00e1tica (27\/08\/2021)<\/p>\n<p><a href=\"https:\/\/saude.ufpr.br\/saudecoletiva\/wp-content\/uploads\/sites\/30\/2021\/08\/SEI_UFPR-3761166-Edital.pdf\" target=\"_blank\" rel=\"noopener\">Edital 01\/DSC<\/a> \u2013 Resultado de deferimento e indeferimento das inscri\u00e7\u00f5es (27\/08\/2021)<\/p>\n<p><a href=\"https:\/\/saude.ufpr.br\/saudecoletiva\/wp-content\/uploads\/sites\/30\/2021\/08\/286.pdf\" target=\"_blank\" rel=\"noopener\">Edital 286\/21\/PROGEPE<\/a> \u2013 Abertura de Processo Seletivo Professor Substituto<\/p>\n<hr \/>\n<p><strong>Inscri\u00e7\u00f5es:<\/strong> 16\/08\/2021 a 27\/08\/2021<br \/>\n<strong>\u00c1rea de Conhecimento:<\/strong>\u00a0Sa\u00fade Coletiva<br \/>\n<strong>Mat\u00e9ria Espec\u00edfica:<\/strong> Sa\u00fade Coletiva, Pr\u00e1ticas Integrativas em Sa\u00fade, Sa\u00fade e Sociedade, Est\u00e1gios no SUS<br \/>\n<strong>Regime de Trabalho<\/strong>: 20 (vinte) horas semanais<br \/>\n<strong>Requisito:<\/strong> Gradua\u00e7\u00e3o em Farm\u00e1cia com Mestrado em Sa\u00fade Coletiva, ou Sa\u00fade P\u00fablica, ou Ci\u00eancias Sociais, ou Ci\u00eancias Farmac\u00eauticas, obtidos na forma da lei.<\/p>\n<p><a href=\"https:\/\/saude.ufpr.br\/saudecoletiva\/wp-content\/uploads\/sites\/30\/2021\/10\/SEI_UFPR-3878770-Edital.pdf\">Edital 338\/21\/PROGEPE<\/a> \u2013 Resultado do processo seletivo<\/p>\n<p><a href=\"https:\/\/saude.ufpr.br\/saudecoletiva\/wp-content\/uploads\/sites\/30\/2021\/09\/Edital_09_resultado_final.pdf\">Edital 09\/DSC<\/a> \u2013 Resultado Final do Processo Seletivo de Professor Substituto (21\/09\/2021)<\/p>\n<p><a href=\"https:\/\/saude.ufpr.br\/saudecoletiva\/wp-content\/uploads\/sites\/30\/2021\/09\/Edital_08_candidatos_nao_eliminados.pdf\">Edital 08\/DSC<\/a>\u00a0\u2013 Rela\u00e7\u00e3o de candidatos n\u00e3o eliminados na prova did\u00e1tica (21\/09\/2021)<\/p>\n<p><a href=\"https:\/\/saude.ufpr.br\/saudecoletiva\/wp-content\/uploads\/sites\/30\/2021\/09\/Edital_07_relacao_candidatas_presentes_sorteio_pontos.pdf\">Edital 07\/DSC<\/a> \u2013 Rela\u00e7\u00e3o das candidatas presentes no sorteio de pontos para a Prova Did\u00e1tica (20\/09\/2021)<\/p>\n<p><a href=\"https:\/\/saude.ufpr.br\/saudecoletiva\/wp-content\/uploads\/sites\/30\/2021\/09\/Edital_06_criterios_avaliacao_prova_didatica.pdf\">Edital 06\/DSC<\/a> \u2013\u00a0Crit\u00e9rios de avalia\u00e7\u00e3o da prova did\u00e1tica (20\/09\/2021)<\/p>\n<p><a href=\"https:\/\/saude.ufpr.br\/saudecoletiva\/wp-content\/uploads\/sites\/30\/2021\/09\/EDITAL_No_05-2021.pdf\">Edital 05\/DSC<\/a> \u2013 Data e os hor\u00e1rios de sorteio de pontos para a prova did\u00e1tica (17\/09\/2021)<\/p>\n<p><a href=\"https:\/\/saude.ufpr.br\/saudecoletiva\/wp-content\/uploads\/sites\/30\/2021\/09\/EDITAL_No_04-2021.pdf\">Edital 04\/DSC<\/a>\u00a0\u2013 Rela\u00e7\u00e3o de candidatos n\u00e3o eliminados na an\u00e1lise de curr\u00edculo (17\/09\/2021)<\/p>\n<p><a href=\"https:\/\/saude.ufpr.br\/saudecoletiva\/wp-content\/uploads\/sites\/30\/2021\/09\/Edital_03_DSC_Cronograma.pdf\">Edital 03\/DSC<\/a> \u2013 Cronograma das Provas (09\/09\/2021)<\/p>\n<p><a href=\"https:\/\/saude.ufpr.br\/saudecoletiva\/wp-content\/uploads\/sites\/30\/2021\/09\/Edital_02_DSC_ListaPontos.pdf\">Edital 02\/DSC<\/a> \u2013 Lista de Pontos da Prova Did\u00e1tica (09\/09\/2021)<\/p>\n<p><a href=\"https:\/\/saude.ufpr.br\/saudecoletiva\/wp-content\/uploads\/sites\/30\/2021\/08\/Edital-no-01_DSC_2021.pdf\">Edital 01\/DSC<\/a> \u2013 Resultado de deferimento e indeferimento das inscri\u00e7\u00f5es (28\/08\/2021)<\/p>\n<p><a href=\"https:\/\/saude.ufpr.br\/saudecoletiva\/wp-content\/uploads\/sites\/30\/2021\/08\/284.pdf\">Edital 284\/21\/PROGEPE<\/a> \u2013 Abertura de Processo Seletivo Professor Substituto<\/p>\n<hr \/>\n<p><strong>Inscri\u00e7\u00f5es:<\/strong> 16\/08\/2021 a 27\/08\/2021<br \/>\n<strong>\u00c1rea de Conhecimento:<\/strong>\u00a0Sa\u00fade Coletiva<br \/>\n<strong>Mat\u00e9ria Espec\u00edfica:<\/strong> Sa\u00fade da Fam\u00edlia<br \/>\n<strong>Regime de Trabalho<\/strong>: 20 (vinte) horas semanais<br \/>\n<strong>Requisito:<\/strong> Gradua\u00e7\u00e3o em Medicina, obtido na forma da lei.<\/p>\n<p><a href=\"https:\/\/saude.ufpr.br\/saudecoletiva\/wp-content\/uploads\/sites\/30\/2021\/11\/SEI_UFPR-3975340-Edital.pdf\">Edital 359\/21\/PROGEPE<\/a> \u2013 Resultado do processo seletivo<\/p>\n<p><a href=\"https:\/\/saude.ufpr.br\/saudecoletiva\/wp-content\/uploads\/sites\/30\/2021\/10\/SEI_UFPR-3949822-Edital.pdf\">Edital 10\/DSC<\/a> \u2013 Resultado Final do Processo Seletivo de Professor Substituto (20\/10\/2021)<\/p>\n<p><a href=\"https:\/\/saude.ufpr.br\/saudecoletiva\/wp-content\/uploads\/sites\/30\/2021\/10\/SEI_UFPR-3949615-Edital.pdf\">Edital 09\/DSC<\/a> \u2013 Rela\u00e7\u00e3o de candidatos n\u00e3o eliminados na prova did\u00e1tica (20\/10\/2021)<\/p>\n<p><a href=\"https:\/\/saude.ufpr.br\/saudecoletiva\/wp-content\/uploads\/sites\/30\/2021\/10\/SEI_UFPR-3949471-Edital.pdf\">Edital 08\/DSC<\/a> \u2013\u00a0Rela\u00e7\u00e3o das candidatas presentes no sorteio de pontos para a Prova Did\u00e1tica (20\/10\/2021)<\/p>\n<p><a href=\"https:\/\/saude.ufpr.br\/saudecoletiva\/wp-content\/uploads\/sites\/30\/2021\/09\/SEI_UFPR-3806608-Edital.pdf\">Edital 07\/DSC<\/a> \u2013 Crit\u00e9rios de avalia\u00e7\u00e3o para a prova did\u00e1tica (13\/09\/2021)<\/p>\n<p><a href=\"https:\/\/saude.ufpr.br\/saudecoletiva\/wp-content\/uploads\/sites\/30\/2021\/09\/SEI_UFPR-3806540-Edital.pdf\">Edital 06\/DSC<\/a> \u2013 Data e os hor\u00e1rios de sorteio de pontos para a prova did\u00e1tica (13\/09\/2021)<\/p>\n<p><a href=\"https:\/\/saude.ufpr.br\/saudecoletiva\/wp-content\/uploads\/sites\/30\/2021\/09\/SEI_UFPR-3806414-Edital.pdf\">Edital 05\/DSC<\/a> \u2013 Rela\u00e7\u00e3o de candidatos n\u00e3o eliminados na an\u00e1lise de curr\u00edculo (13\/09\/2021)<\/p>\n<p><a href=\"https:\/\/saude.ufpr.br\/saudecoletiva\/wp-content\/uploads\/sites\/30\/2021\/09\/SEI_UFPR-3785945-Edital.pdf\">Edital 04\/DSC<\/a> \u2013 Cronograma das Provas (09\/09\/2021)<\/p>\n<p><a href=\"https:\/\/saude.ufpr.br\/saudecoletiva\/wp-content\/uploads\/sites\/30\/2021\/09\/SEI_UFPR-3785927-Edital.pdf\">Edital 03\/DSC<\/a> \u2013 Lista de Pontos da Prova Did\u00e1tica (09\/09\/2021)<\/p>\n<p><a href=\"https:\/\/saude.ufpr.br\/saudecoletiva\/wp-content\/uploads\/sites\/30\/2021\/08\/SEI_UFPR-3760830-Edital.pdf\">Edital 02\/DSC<\/a> \u2013 Resultado de deferimento e indeferimento das inscri\u00e7\u00f5es (27\/08\/2021)<\/p>\n<p><a href=\"https:\/\/saude.ufpr.br\/saudecoletiva\/wp-content\/uploads\/sites\/30\/2021\/08\/SEI_UFPR-3756715-Edital.pdf\" target=\"_blank\" rel=\"noopener\">Edital 01\/DSC<\/a> \u2013 Resultado dos pedidos de isen\u00e7\u00e3o de inscri\u00e7\u00e3o (26\/08\/2021)<\/p>\n<p><a href=\"https:\/\/saude.ufpr.br\/saudecoletiva\/wp-content\/uploads\/sites\/30\/2021\/08\/282.pdf\">Edital 282\/21\/PROGEPE<\/a> \u2013 Abertura de Processo Seletivo Professor Substituto<\/p>\n<hr \/>\n<p><strong>Inscri\u00e7\u00f5es:<\/strong> 09\/07\/2021 a 22\/07\/2021<br \/>\n<strong>\u00c1rea de Conhecimento:<\/strong>\u00a0Sa\u00fade Coletiva<br \/>\n<strong>Mat\u00e9ria Espec\u00edfica:<\/strong> Sa\u00fade da Fam\u00edlia<br \/>\n<strong>Regime de Trabalho<\/strong>: 20 (vinte) horas semanais<br \/>\n<strong>Requisito:<\/strong> Gradua\u00e7\u00e3o em Medicina e Mestrado em Sa\u00fade da Fam\u00edlia ou Sa\u00fade Coletiva ou Sa\u00fade P\u00fablica, obtidos na forma da lei.<\/p>\n<p><a href=\"https:\/\/saude.ufpr.br\/saudecoletiva\/wp-content\/uploads\/sites\/30\/2021\/08\/281.pdf\">Edital 281\/21\/PROGEPE<\/a> \u2013 Resultado das inscri\u00e7\u00f5es<\/p>\n<p><a href=\"https:\/\/saude.ufpr.br\/saudecoletiva\/wp-content\/uploads\/sites\/30\/2021\/07\/SEI_UFPR-3672490-Edital.pdf\">Edital 01\/DSC<\/a> \u2013 Resultado de deferimento e indeferimento das inscri\u00e7\u00f5es<\/p>\n<p><a href=\"https:\/\/saude.ufpr.br\/saudecoletiva\/wp-content\/uploads\/sites\/30\/2021\/07\/SEI_UFPR-3635649-Edital.pdf\">Edital 217\/2021\/PROGEPE<\/a> \u2013 Abertura de Processo Seletivo Professor Substituto<\/p>\n<hr \/>\n<p><strong>Inscri\u00e7\u00f5es:<\/strong> 09\/07\/2021 a 22\/07\/2021<br \/>\n<strong>\u00c1rea de Conhecimento:<\/strong>\u00a0Sa\u00fade Coletiva<br \/>\n<strong>Mat\u00e9ria Espec\u00edfica:<\/strong> Sa\u00fade Coletiva, Pr\u00e1ticas Integrativas em Sa\u00fade, Sa\u00fade e Sociedade, Est\u00e1gios no SUS<br \/>\n<strong>Regime de Trabalho<\/strong>: 20 (vinte) horas semanais<br \/>\n<strong>Requisito:<\/strong> Gradua\u00e7\u00e3o em Farm\u00e1cia e Mestrado em Sa\u00fade Coletiva ou Sa\u00fade P\u00fablica ou Ci\u00eancias Sociais, obtidos na forma da lei.<\/p>\n<p><a href=\"https:\/\/saude.ufpr.br\/saudecoletiva\/wp-content\/uploads\/sites\/30\/2021\/08\/283.pdf\">Edital 283\/21\/PROGEPE<\/a> \u2013 Resultado das inscri\u00e7\u00f5es<\/p>\n<p><a href=\"https:\/\/saude.ufpr.br\/saudecoletiva\/wp-content\/uploads\/sites\/30\/2021\/07\/SEI_UFPR-3672495-Edital.pdf\">Edital 01\/DSC<\/a> \u2013 Resultado de deferimento e indeferimento das inscri\u00e7\u00f5es<\/p>\n<p class=\"Texto_Justificado\"><a href=\"https:\/\/saude.ufpr.br\/saudecoletiva\/wp-content\/uploads\/sites\/30\/2021\/07\/SEI_UFPR-3635640-Edital.pdf\">Edital 216\/2021\/PROGEPE<\/a> \u2013 Abertura de Processo Seletivo Professor Substituto<\/p>\n<hr \/>\n<p><strong>Inscri\u00e7\u00f5es:<\/strong> 05\/07\/2021 a 16\/07\/2021<br \/>\n<strong>\u00c1rea de Conhecimento:<\/strong>\u00a0Sa\u00fade Coletiva<br \/>\n<strong>Mat\u00e9ria Espec\u00edfica:<\/strong> Sa\u00fade e Sociedade e Organiza\u00e7\u00e3o de Sistemas e Servi\u00e7os de Sa\u00fade<br \/>\n<strong>Regime de Trabalho<\/strong>: 40 (quarenta) horas semanais<br \/>\n<strong>Requisito:<\/strong> Gradua\u00e7\u00e3o em cursos da \u00e1rea da Sa\u00fade e Doutorado em Sa\u00fade Coletiva ou Medicina Preventiva ou Sa\u00fade P\u00fablica, obtidos na forma da lei.<\/p>\n<p><a href=\"https:\/\/saude.ufpr.br\/saudecoletiva\/wp-content\/uploads\/sites\/30\/2021\/08\/285.pdf\">Edital 285\/21\/PROGEPE<\/a> \u2013 Resultado das inscri\u00e7\u00f5es<\/p>\n<p><a href=\"https:\/\/saude.ufpr.br\/saudecoletiva\/wp-content\/uploads\/sites\/30\/2021\/07\/SEI_UFPR-3660611-Informacao.pdf\">Informa\u00e7\u00e3o 10\/DSC<\/a> \u2013 N\u00e3o houve inscritos<\/p>\n<p><a href=\"https:\/\/saude.ufpr.br\/saudecoletiva\/wp-content\/uploads\/sites\/30\/2021\/07\/SEI_UFPR-3625511-Edital.pdf\" target=\"_blank\" rel=\"noopener\">Edital 211\/2021\/PROGEPE<\/a> \u2013 Abertura de Processo Seletivo Professor Substituto<\/p>\n<hr \/>\n<p><strong>Inscri\u00e7\u00f5es:<\/strong> 08\/03\/2021 a 19\/03\/2021<br \/>\n<strong>\u00c1rea de Conhecimento:<\/strong>\u00a0Sa\u00fade Coletiva<br \/>\n<strong>Mat\u00e9ria Espec\u00edfica:<\/strong>\u00a0Epidemiologia\/ Vigil\u00e2ncia Epidemiol\u00f3gica<br \/>\n<strong>Regime de Trabalho<\/strong>: 20 (vinte) horas semanais<br \/>\n<strong>Requisito:<\/strong>\u00a0Gradua\u00e7\u00e3o em Medicina com Mestrado em: Epidemiologia; ou Sa\u00fade Coletiva; ou Sa\u00fade P\u00fablica; ou Medicina Preventiva; ou\u00a0 Ci\u00eancias da Sa\u00fade com especializa\u00e7\u00e3o em Sa\u00fade Coletiva,\u00a0 Sa\u00fade P\u00fablica ou\u00a0 Medicina Preventiva; ou Medicina Interna com especializa\u00e7\u00e3o em Epidemiologia,\u00a0 Sa\u00fade Coletiva,\u00a0 Sa\u00fade P\u00fablica ou\u00a0 Medicina Preventiva, obtidos na forma da lei.<\/p>\n<p><a href=\"https:\/\/saude.ufpr.br\/saudecoletiva\/wp-content\/uploads\/sites\/30\/2021\/05\/SEI_UFPR-3474381-Edital.pdf\">Edital 119\/2021\/PROGEPE<\/a> \u2013 Resultado do processo seletivo<\/p>\n<p><a href=\"https:\/\/saude.ufpr.br\/saudecoletiva\/wp-content\/uploads\/sites\/30\/2021\/03\/Edital-09-DSC.pdf\">Edital 09\/DSC<\/a> \u2013 Resultado Final do Processo Seletivo de Professor Substituto<\/p>\n<p><a href=\"https:\/\/saude.ufpr.br\/saudecoletiva\/wp-content\/uploads\/sites\/30\/2021\/03\/Edital-08-DSC.pdf\">Edital 08\/DSC<\/a> \u2013 Aprovados na Prova Did\u00e1tica<\/p>\n<p><a href=\"https:\/\/saude.ufpr.br\/saudecoletiva\/wp-content\/uploads\/sites\/30\/2021\/03\/Edital-07-DSC.pdf\">Edital 07\/DSC<\/a> \u2013 Ponto Sorteado para a Prova Did\u00e1tica<\/p>\n<p><a href=\"https:\/\/saude.ufpr.br\/saudecoletiva\/wp-content\/uploads\/sites\/30\/2021\/03\/Edital-06-DSC.pdf\">Edital 06\/DSC<\/a> \u2013 Crit\u00e9rios de Avalia\u00e7\u00e3o e Data da Prova Did\u00e1tica<\/p>\n<p><a href=\"https:\/\/saude.ufpr.br\/saudecoletiva\/wp-content\/uploads\/sites\/30\/2021\/03\/Edital-05-DSC.pdf\">Edital 05\/DSC<\/a> \u2013 Data do Sorteio do Ponto para Prova Did\u00e1tica<\/p>\n<p><a href=\"https:\/\/saude.ufpr.br\/saudecoletiva\/wp-content\/uploads\/sites\/30\/2021\/03\/Edital-04-DSC.pdf\">Edital 04\/DSC<\/a> \u2013 Aprovados na An\u00e1lise do Curr\u00edculo<\/p>\n<p><a href=\"https:\/\/saude.ufpr.br\/saudecoletiva\/wp-content\/uploads\/sites\/30\/2021\/03\/Edital-03-DSC.pdf\">Edital 03\/DSC<\/a> \u2013 Lista de Pontos da Prova Did\u00e1tica<\/p>\n<p><a href=\"https:\/\/saude.ufpr.br\/saudecoletiva\/wp-content\/uploads\/sites\/30\/2021\/03\/Edital-02-DSC.pdf\">Edital 02\/DSC<\/a> \u2013 Cronograma das Provas<\/p>\n<p><a href=\"https:\/\/saude.ufpr.br\/saudecoletiva\/wp-content\/uploads\/sites\/30\/2021\/03\/SEI_UFPR-3392583-Edital.pdf\">Edital 01\/DSC<\/a> \u2013 Resultado de deferimento e indeferimento das inscri\u00e7\u00f5es<\/p>\n<p><a href=\"https:\/\/saude.ufpr.br\/saudecoletiva\/wp-content\/uploads\/sites\/30\/2021\/03\/ERRATA-DO-EDITAL-UFPR-01.pdf\">Informa\u00e7\u00e3o 06\/DSC<\/a> \u2013 Errata do Edital 69<\/p>\n<p><a href=\"https:\/\/saude.ufpr.br\/saudecoletiva\/wp-content\/uploads\/sites\/30\/2021\/03\/EDITAL-UFPR-01.pdf\">Edital 69\/2021\/PROGEPE <\/a>\u00a0\u2013 Abertura de Processo Seletivo Professor Substituto<\/p>\n<hr \/>\n<p><strong>Inscri\u00e7\u00f5es:<\/strong> 08\/02\/2021 a 12\/02\/2021<br \/>\n<strong>\u00c1rea de Conhecimento:<\/strong>\u00a0Sa\u00fade Coletiva<br \/>\n<strong>Mat\u00e9ria Espec\u00edfica:<\/strong>\u00a0Sa\u00fade Coletiva com \u00eanfase em Politica, Planejamento e Gest\u00e3o<br \/>\n<strong>Regime de Trabalho<\/strong>: 40 (quarenta) horas semanais<br \/>\n<strong>Requisito:<\/strong>\u00a0Gradua\u00e7\u00e3o em Medicina ou Enfermagem ou Odontologia ou Farm\u00e1cia ou Sa\u00fade Coletiva e Doutorado em Sa\u00fade Coletiva, ou Doutorado em Sa\u00fade P\u00fablica, ou Doutorado em Sa\u00fade da Fam\u00edlia, ou Doutorado em Medicina Preventiva, obtidos na forma da lei.<\/p>\n<p><a href=\"https:\/\/saude.ufpr.br\/saudecoletiva\/wp-content\/uploads\/sites\/30\/2021\/03\/SEI_UFPR-3366934-Edital.pdf\">Edital 77\/2021\/PROGEPE<\/a> \u2013 Resultado do processo seletivo<\/p>\n<p><a href=\"https:\/\/saude.ufpr.br\/saudecoletiva\/wp-content\/uploads\/sites\/30\/2021\/03\/Edital-PROFSAUDE-UFPR-11-2021.pdf\">Edital 10\/DSC<\/a>\u00a0\u2013 Resultado final do processo seletivo de Professor Substituto<\/p>\n<p><a href=\"https:\/\/saude.ufpr.br\/saudecoletiva\/wp-content\/uploads\/sites\/30\/2021\/03\/Edital-PROFSAUDE-UFPR-10-2021.pdf\">Edital 09\/DSC<\/a>\u00a0\u2013 Rela\u00e7\u00e3o de candidatos aprovados na prova did\u00e1tica<\/p>\n<p><a href=\"https:\/\/saude.ufpr.br\/saudecoletiva\/wp-content\/uploads\/sites\/30\/2021\/03\/Edital-PROFSAUDE-UFPR-9-2021.pdf\">Edital 08\/DSC<\/a>\u00a0\u2013 Ponto sorteado para a realiza\u00e7\u00e3o da prova did\u00e1tica<\/p>\n<p><a href=\"https:\/\/saude.ufpr.br\/saudecoletiva\/wp-content\/uploads\/sites\/30\/2021\/03\/Edital-PROFSAUDE-UFPR-8-2021.pdf\">Edital 07\/DSC<\/a>\u00a0\u2013 Crit\u00e9rios para avalia\u00e7\u00e3o da prova did\u00e1tica<\/p>\n<p><a href=\"https:\/\/saude.ufpr.br\/saudecoletiva\/wp-content\/uploads\/sites\/30\/2021\/03\/Edital-PROFSAUDE-UFPR-7-2021.pdf\">Edital 06\/DSC<\/a>\u00a0\u2013 Data e hor\u00e1rio de sorteio de pontos para a prova did\u00e1tica<\/p>\n<p><a href=\"https:\/\/saude.ufpr.br\/saudecoletiva\/wp-content\/uploads\/sites\/30\/2021\/03\/Edital-PROFSAUDE-UFPR-6-2021.pdf\">Edital 05\/DSC<\/a>\u00a0\u2013 Rela\u00e7\u00e3o dos candidatos aprovados na an\u00e1lise de curr\u00edculo<\/p>\n<p><a href=\"https:\/\/saude.ufpr.br\/saudecoletiva\/wp-content\/uploads\/sites\/30\/2021\/02\/Edital-PROFSAUDE-UFPR-5-2021.pdf\">Edital 04\/DSC<\/a>\u00a0\u2013 Mat\u00e9ria a ser avaliada na Prova Did\u00e1tica<\/p>\n<p><a href=\"https:\/\/saude.ufpr.br\/saudecoletiva\/wp-content\/uploads\/sites\/30\/2021\/02\/Edital-PROFSAUDE-UFPR-4-2021.pdf\">Edital 03\/DSC<\/a>\u00a0\u2013 Cronograma das Provas<\/p>\n<p><a href=\"https:\/\/saude.ufpr.br\/saudecoletiva\/wp-content\/uploads\/sites\/30\/2021\/02\/Edital-PROFSAUDE-UFPR-3-2021.pdf\">Edital 02\/DSC<\/a>\u00a0\u2013 Resultado de deferimento e indeferimento das inscri\u00e7\u00f5es p\u00f3s recursos<\/p>\n<p><a href=\"https:\/\/saude.ufpr.br\/saudecoletiva\/wp-content\/uploads\/sites\/30\/2021\/03\/SEI_UFPR-3303718-Edital.pdf\">Edital 01\/DSC<\/a>\u00a0\u2013 Resultado de deferimento e indeferimento das inscri\u00e7\u00f5es<\/p>\n<p><a href=\"https:\/\/saude.ufpr.br\/saudecoletiva\/wp-content\/uploads\/sites\/30\/2021\/03\/SEI_UFPR-3286942-Edital.pdf\">Edital 37\/2021\/PROGEPE<\/a> \u2013 Abertura de Processo Seletivo Professor Substituto<\/p>\n","protected":false},"excerpt":{"rendered":"<p>PROCESSO SELETIVO PARA PROFESSOR SUBSTITUTO 20 HORAS &#8211; Edital 378\/2025-PROGEPE \u201cSA\u00daDE COLETIVA&#8221; &#8211; Territ\u00f3rio e Sa\u00fade e Aten\u00e7\u00e3o Integral \u00e0 Sa\u00fade &nbsp; \u00c1rea de Conhecimento:\u00a0Sa\u00fade Coletiva. Mat\u00e9rias Espec\u00edficas: Territ\u00f3rio e Sa\u00fade e Aten\u00e7\u00e3o Integral \u00e0 Sa\u00fade. N\u00famero de vagas:\u00a001 (uma vaga). Crit\u00e9rio de sele\u00e7\u00e3o:\u00a0An\u00e1lise de Curr\u00edculo e Prova Did\u00e1tica. Prova Did\u00e1tica realizada de forma Presencial.<br \/> <a href=\"https:\/\/saude.ufpr.br\/saudecoletiva\/processos-seletivos\/\" class=\"button success small readmore\">Leia mais<\/a><\/p>\n","protected":false},"author":15,"featured_media":0,"parent":0,"menu_order":0,"comment_status":"closed","ping_status":"closed","template":"","meta":{"_acf_changed":false,"_uag_custom_page_level_css":"","footnotes":""},"class_list":["post-1278","page","type-page","status-publish","hentry"],"acf":[],"featured_image_src":null,"uagb_featured_image_src":{"full":false,"thumbnail":false,"medium":false,"medium_large":false,"large":false,"1536x1536":false,"2048x2048":false,"noticias-thumb":false,"banners-thumb":false,"maisnoticias-thumb":false,"post-thumbnail":false},"uagb_author_info":{"display_name":"Andrea Jankoski","author_link":"https:\/\/saude.ufpr.br\/saudecoletiva\/author\/andrea\/"},"uagb_comment_info":0,"uagb_excerpt":"PROCESSO SELETIVO PARA PROFESSOR SUBSTITUTO 20 HORAS &#8211; Edital 378\/2025-PROGEPE \u201cSA\u00daDE COLETIVA&#8221; &#8211; Territ\u00f3rio e Sa\u00fade e Aten\u00e7\u00e3o Integral \u00e0 Sa\u00fade &nbsp; \u00c1rea de Conhecimento:\u00a0Sa\u00fade Coletiva. Mat\u00e9rias Espec\u00edficas: Territ\u00f3rio e Sa\u00fade e Aten\u00e7\u00e3o Integral \u00e0 Sa\u00fade. N\u00famero de vagas:\u00a001 (uma vaga). Crit\u00e9rio de sele\u00e7\u00e3o:\u00a0An\u00e1lise de Curr\u00edculo e Prova Did\u00e1tica. Prova Did\u00e1tica realizada de forma Presencial.&hellip;","publishpress_future_action":{"enabled":false,"date":"2026-05-02 06:32:03","action":"change-status","newStatus":"draft","terms":[],"taxonomy":"","extraData":[]},"publishpress_future_workflow_manual_trigger":{"enabledWorkflows":[]},"_links":{"self":[{"href":"https:\/\/saude.ufpr.br\/saudecoletiva\/wp-json\/wp\/v2\/pages\/1278","targetHints":{"allow":["GET"]}}],"collection":[{"href":"https:\/\/saude.ufpr.br\/saudecoletiva\/wp-json\/wp\/v2\/pages"}],"about":[{"href":"https:\/\/saude.ufpr.br\/saudecoletiva\/wp-json\/wp\/v2\/types\/page"}],"author":[{"embeddable":true,"href":"https:\/\/saude.ufpr.br\/saudecoletiva\/wp-json\/wp\/v2\/users\/15"}],"replies":[{"embeddable":true,"href":"https:\/\/saude.ufpr.br\/saudecoletiva\/wp-json\/wp\/v2\/comments?post=1278"}],"version-history":[{"count":80,"href":"https:\/\/saude.ufpr.br\/saudecoletiva\/wp-json\/wp\/v2\/pages\/1278\/revisions"}],"predecessor-version":[{"id":2435,"href":"https:\/\/saude.ufpr.br\/saudecoletiva\/wp-json\/wp\/v2\/pages\/1278\/revisions\/2435"}],"wp:attachment":[{"href":"https:\/\/saude.ufpr.br\/saudecoletiva\/wp-json\/wp\/v2\/media?parent=1278"}],"curies":[{"name":"wp","href":"https:\/\/api.w.org\/{rel}","templated":true}]}}