{"id":2644,"date":"2019-11-21T18:10:26","date_gmt":"2019-11-21T20:10:26","guid":{"rendered":"https:\/\/saude.ufpr.br\/terapiaocupacional\/?page_id=2644"},"modified":"2026-02-06T16:02:17","modified_gmt":"2026-02-06T19:02:17","slug":"matriculas","status":"publish","type":"page","link":"https:\/\/saude.ufpr.br\/terapiaocupacional\/matriculas\/","title":{"rendered":"Orienta\u00e7\u00f5es para Matr\u00edcula"},"content":{"rendered":"\t\t<div data-elementor-type=\"wp-page\" data-elementor-id=\"2644\" class=\"elementor elementor-2644\">\n\t\t\t\t<div class=\"elementor-element elementor-element-aa59d74 e-flex e-con-boxed e-con e-parent\" data-id=\"aa59d74\" data-element_type=\"container\" data-e-type=\"container\">\n\t\t\t\t\t<div class=\"e-con-inner\">\n\t\t\t\t<div class=\"elementor-element elementor-element-4746030 elementor-widget elementor-widget-text-editor\" data-id=\"4746030\" data-element_type=\"widget\" data-e-type=\"widget\" data-widget_type=\"text-editor.default\">\n\t\t\t\t\t\t\t\t\t<h4>MATR\u00cdCULAS EM DISCIPLINAS &#8211; 1\u00ba SEMESTRE DE 2026<\/h4>\t\t\t\t\t\t\t\t<\/div>\n\t\t\t\t\t<\/div>\n\t\t\t\t<\/div>\n\t\t<div class=\"elementor-element elementor-element-6043140 e-flex e-con-boxed e-con e-parent\" data-id=\"6043140\" data-element_type=\"container\" data-e-type=\"container\">\n\t\t\t\t\t<div class=\"e-con-inner\">\n\t\t\t\t<div class=\"elementor-element elementor-element-83f92ff elementor-widget elementor-widget-text-editor\" data-id=\"83f92ff\" data-element_type=\"widget\" data-e-type=\"widget\" data-widget_type=\"text-editor.default\">\n\t\t\t\t\t\t\t\t\t<p data-start=\"106\" data-end=\"317\"><strong data-start=\"106\" data-end=\"151\">Per\u00edodo para solicitar matr\u00edcula no SIGA:<\/strong> <strong data-start=\"152\" data-end=\"171\">29\/01\/2026 a 02\/02\/2026 (Para Alunos\/as veteranos\/as)<\/strong><br data-start=\"171\" data-end=\"174\" \/>\u27a1\ufe0f Acesse o <strong data-start=\"186\" data-end=\"194\">SIGA<\/strong> e fa\u00e7a sua solicita\u00e7\u00e3o de matr\u00edcula nas disciplinas do semestre.<br data-start=\"259\" data-end=\"262\" \/>Precisa de ajuda? Veja o <strong data-start=\"287\" data-end=\"316\">tutorial <a href=\"https:\/\/ufpraberta.ufpr.br\/course\/view.php?id=9\" target=\"_blank\" rel=\"noopener\">\u201cConhe\u00e7a o SIGA\u201d<\/a><\/strong>.<\/p><p data-start=\"319\" data-end=\"487\"><strong data-start=\"319\" data-end=\"352\">Processamento das matr\u00edculas:<\/strong> <strong data-start=\"353\" data-end=\"372\">03 e 04\/02\/2026<\/strong><br data-start=\"372\" data-end=\"375\" \/>Depois disso, <strong data-start=\"389\" data-end=\"408\">confira no SIGA<\/strong> se a matr\u00edcula foi aceita:<br data-start=\"435\" data-end=\"438\" \/>\u2705 v\u00e1 em <strong data-start=\"446\" data-end=\"486\">Grade hor\u00e1ria<\/strong><\/p><h2 data-start=\"319\" data-end=\"487\">\u26a0\ufe0f ATEN\u00c7\u00c3O<\/h2><p data-start=\"546\" data-end=\"612\"><strong data-start=\"546\" data-end=\"566\">Hor\u00e1rios e salas<\/strong>: consulte <a href=\"https:\/\/saude.ufpr.br\/terapiaocupacional\/matriculas\/grade-horaria\/\" target=\"_blank\" rel=\"noopener\"><strong data-start=\"577\" data-end=\"610\">Grade Hor\u00e1ria \/ Ensalamento<\/strong><\/a><\/p><p data-start=\"615\" data-end=\"690\"><strong data-start=\"615\" data-end=\"646\">C\u00f3digo e nome da disciplina<\/strong>: verifique se est\u00e1 na sua grade do curso:<\/p><ul><li data-start=\"695\" data-end=\"736\"><a href=\"https:\/\/saude.ufpr.br\/terapiaocupacional\/wp-content\/uploads\/sites\/5\/2024\/03\/Matriz-curricular-2024.pdf\" target=\"_blank\" rel=\"noopener\"><strong data-start=\"695\" data-end=\"734\">Matriz Curricular (curr\u00edculo atual)<\/strong><\/a><\/li><li data-start=\"741\" data-end=\"783\"><a href=\"https:\/\/saude.ufpr.br\/terapiaocupacional\/wp-content\/uploads\/sites\/5\/2024\/03\/Grade-Curricular-2017_apos-ajuste-2022.pdf\" target=\"_blank\" rel=\"noopener\"><strong data-start=\"741\" data-end=\"761\">Curr\u00edculo antigo<\/strong> (se for o seu caso)<\/a><\/li><\/ul><p data-start=\"786\" data-end=\"883\"><strong data-start=\"786\" data-end=\"813\">Datas e prazos oficiais<\/strong>: seguem a<a href=\"https:\/\/prograp.ufpr.br\/calendario-academico\/\" target=\"_blank\" rel=\"noopener\"> <strong data-start=\"824\" data-end=\"850\">Resolu\u00e7\u00e3o 22\/24 \u2013 CEPE<\/strong> no <strong data-start=\"854\" data-end=\"883\">Calend\u00e1rio Acad\u00eamico 2026<\/strong><\/a><\/p>\t\t\t\t\t\t\t\t<\/div>\n\t\t\t\t<div class=\"elementor-element elementor-element-a8a0ba8 elementor-widget elementor-widget-text-editor\" data-id=\"a8a0ba8\" data-element_type=\"widget\" data-e-type=\"widget\" data-widget_type=\"text-editor.default\">\n\t\t\t\t\t\t\t\t\t<h4>PER\u00cdODO DE AJUSTE DE MATR\u00cdCULAS<\/h4>\t\t\t\t\t\t\t\t<\/div>\n\t\t\t\t<div class=\"elementor-element elementor-element-7121ac6 elementor-widget elementor-widget-text-editor\" data-id=\"7121ac6\" data-element_type=\"widget\" data-e-type=\"widget\" data-widget_type=\"text-editor.default\">\n\t\t\t\t\t\t\t\t\t<p data-start=\"942\" data-end=\"1084\"><strong data-start=\"942\" data-end=\"968\">Ajuste on-line no SIGA:<\/strong> <strong data-start=\"969\" data-end=\"988\">05 e 06\/02\/2026<\/strong><br data-start=\"988\" data-end=\"991\" \/>Se voc\u00ea precisar corrigir algo depois do processamento, use esse per\u00edodo para ajustes on-line.<\/p><p data-start=\"1086\" data-end=\"1268\"><strong data-start=\"1086\" data-end=\"1128\">Corre\u00e7\u00e3o via Coordena\u00e7\u00e3o (formul\u00e1rio):<\/strong> <strong data-start=\"1129\" data-end=\"1148\">10\/02 a 04\/03\/2026<\/strong><br data-start=\"1148\" data-end=\"1151\" \/>A Coordena\u00e7\u00e3o receber\u00e1 pedidos <strong data-start=\"1182\" data-end=\"1193\">somente<\/strong> pelo formul\u00e1rio:<br data-start=\"1210\" data-end=\"1213\" \/>\u27a1\ufe0f <a href=\"https:\/\/forms.office.com\/r\/Snxd8LpNLf\" target=\"_blank\" rel=\"noopener\"><strong data-start=\"1216\" data-end=\"1261\">Acessar formul\u00e1rio de ajuste de matr\u00edcula<\/strong><\/a>\u00a0<\/p><p data-start=\"1270\" data-end=\"1421\"><strong data-start=\"1270\" data-end=\"1285\">Importante:<\/strong> fa\u00e7a <strong data-start=\"1291\" data-end=\"1360\">todos os pedidos (inclus\u00e3o e\/ou remo\u00e7\u00e3o) em uma \u00fanica solicita\u00e7\u00e3o<\/strong>.<br data-start=\"1361\" data-end=\"1364\" \/>Se precisar explicar algo, use o campo <strong data-start=\"1403\" data-end=\"1420\">\u201cObserva\u00e7\u00f5es\u201d<\/strong>.<\/p><h2 data-start=\"1428\" data-end=\"1464\">\ud83d\udeab Aten\u00e7\u00e3o: o que n\u00e3o ser\u00e1 aceito<\/h2><ul data-start=\"1466\" data-end=\"1793\"><li data-start=\"1466\" data-end=\"1564\"><p data-start=\"1468\" data-end=\"1564\">Pedidos por <strong data-start=\"1480\" data-end=\"1490\">e-mail<\/strong> ou entregues <strong data-start=\"1504\" data-end=\"1523\">presencialmente<\/strong> na Secretaria <strong data-start=\"1538\" data-end=\"1561\">n\u00e3o ser\u00e3o atendidos<\/strong>.<\/p><\/li><li data-start=\"1565\" data-end=\"1676\"><p data-start=\"1567\" data-end=\"1676\">A Coordena\u00e7\u00e3o <strong data-start=\"1581\" data-end=\"1617\">n\u00e3o envia confirma\u00e7\u00e3o individual<\/strong>: ap\u00f3s o prazo, voc\u00ea deve <strong data-start=\"1643\" data-end=\"1673\">conferir sua grade no SIGA<\/strong>.<\/p><\/li><li data-start=\"1677\" data-end=\"1793\"><p data-start=\"1679\" data-end=\"1793\">Para frequentar as aulas, \u00e9 obrigat\u00f3rio estar <strong data-start=\"1725\" data-end=\"1743\">matriculado(a)<\/strong> na disciplina (Art. 52 Resolu\u00e7\u00e3o 37\/97 \u2013 CEPE).<\/p><\/li><\/ul>\t\t\t\t\t\t\t\t<\/div>\n\t\t\t\t\t<\/div>\n\t\t\t\t<\/div>\n\t\t<div class=\"elementor-element elementor-element-57efa9f e-flex e-con-boxed e-con e-parent\" data-id=\"57efa9f\" data-element_type=\"container\" data-e-type=\"container\">\n\t\t\t\t\t<div class=\"e-con-inner\">\n\t\t\t\t<div class=\"elementor-element elementor-element-6190fdf elementor-widget elementor-widget-text-editor\" data-id=\"6190fdf\" data-element_type=\"widget\" data-e-type=\"widget\" data-widget_type=\"text-editor.default\">\n\t\t\t\t\t\t\t\t\t<h4>CALOUROS: SOLICITA\u00c7\u00c3O DE EQUIVAL\u00caNCIAS DE DISCIPLINAS<\/h4>\t\t\t\t\t\t\t\t<\/div>\n\t\t\t\t\t<\/div>\n\t\t\t\t<\/div>\n\t\t<div class=\"elementor-element elementor-element-52db45c e-flex e-con-boxed e-con e-parent\" data-id=\"52db45c\" data-element_type=\"container\" data-e-type=\"container\">\n\t\t\t\t\t<div class=\"e-con-inner\">\n\t\t\t\t<div class=\"elementor-element elementor-element-3a6ddab elementor-widget elementor-widget-text-editor\" data-id=\"3a6ddab\" data-element_type=\"widget\" data-e-type=\"widget\" data-widget_type=\"text-editor.default\">\n\t\t\t\t\t\t\t\t\t<p>\ud83d\udccc <strong data-start=\"2159\" data-end=\"2167\">Per\u00edodo para os alunos ingressantes no 1\u00ba semestre de 2026, e com confirma\u00e7\u00e3o de vaga at\u00e9 o dia 25\/02, solicitarem equival\u00eancia de disciplinas e unidades curriculares (Res. 92\/13-CEPE).<\/strong><\/p><h4><em>Equival\u00eancia de disciplinas<\/em><\/h4><p data-start=\"123\" data-end=\"398\"><strong data-start=\"123\" data-end=\"135\">O que \u00e9?<\/strong><br data-start=\"135\" data-end=\"138\" \/>Equival\u00eancia \u00e9 quando a UFPR reconhece uma disciplina que voc\u00ea <strong data-start=\"201\" data-end=\"232\">j\u00e1 cursou e foi aprovado(a)<\/strong> (em outro curr\u00edculo, curso ou institui\u00e7\u00e3o) e <strong data-start=\"278\" data-end=\"317\">dispensa voc\u00ea de curs\u00e1-la novamente<\/strong>, registrando os cr\u00e9ditos no seu hist\u00f3rico.<\/p><p data-start=\"400\" data-end=\"495\"><strong data-start=\"400\" data-end=\"424\">Quem pode solicitar?<\/strong><br data-start=\"424\" data-end=\"427\" \/>Em geral, podem solicitar <strong data-start=\"453\" data-end=\"488\">estudantes de gradua\u00e7\u00e3o da UFPR<\/strong> que:<\/p><ul data-start=\"496\" data-end=\"697\"><li data-start=\"496\" data-end=\"590\"><p data-start=\"498\" data-end=\"590\"><strong data-start=\"498\" data-end=\"513\">ingressaram<\/strong> na UFPR e possuem disciplinas j\u00e1 cursadas que podem ser aproveitadas; e\/ou<\/p><\/li><li data-start=\"591\" data-end=\"697\"><p data-start=\"593\" data-end=\"697\">retornaram de <strong data-start=\"607\" data-end=\"622\">interc\u00e2mbio<\/strong>, conforme plano de estudos aprovado.<\/p><\/li><\/ul><p><strong data-start=\"699\" data-end=\"731\">Quando pedir (prazo 2026\/1)?<\/strong><br data-start=\"731\" data-end=\"734\" \/>Conforme o <strong data-start=\"745\" data-end=\"781\">Calend\u00e1rio Acad\u00eamico 2026 (UFPR)<\/strong>, o per\u00edodo para solicitar equival\u00eancia de disciplinas no <strong>1\u00ba<\/strong><strong data-start=\"839\" data-end=\"854\">\u00a0semestre<\/strong> de 2026 \u00e9: <strong data-start=\"858\" data-end=\"877\">23\/02 a 13\/03\/2026<\/strong>.<\/p><p data-start=\"1107\" data-end=\"1138\"><strong data-start=\"1107\" data-end=\"1136\">Como solicitar (via SIGA)<\/strong><\/p><ul><li data-start=\"1142\" data-end=\"1246\">Acesse o <strong data-start=\"1151\" data-end=\"1159\">SIGA<\/strong> e procure a op\u00e7\u00e3o <strong data-start=\"1178\" data-end=\"1197\">\u201cEquival\u00eancias\u201d<\/strong> no menu.<\/li><li data-start=\"1250\" data-end=\"1335\">Preencha os dados e <strong data-start=\"1270\" data-end=\"1294\">anexe a documenta\u00e7\u00e3o<\/strong>.<\/li><li data-start=\"1339\" data-end=\"1489\">Depois de enviar, acompanhe o <strong data-start=\"1369\" data-end=\"1397\">status do pedido no SIGA<\/strong> (o sistema mostra andamento e eventuais dilig\u00eancias).<\/li><\/ul><p data-start=\"1491\" data-end=\"1535\"><strong data-start=\"1491\" data-end=\"1533\">O que anexar (documentos obrigat\u00f3rios)<\/strong><\/p><ul><li data-start=\"1536\" data-end=\"1713\"><p data-start=\"1538\" data-end=\"1713\"><strong data-start=\"1538\" data-end=\"1571\">Hist\u00f3rico escolar\/certificado<\/strong> contendo nome da disciplina, carga hor\u00e1ria, nota\/conceito e frequ\u00eancia (e crit\u00e9rios m\u00ednimos de aprova\u00e7\u00e3o).<\/p><\/li><li data-start=\"1716\" data-end=\"1881\"><strong data-start=\"1716\" data-end=\"1749\">Ementa\/programa da disciplina<\/strong> (conte\u00fado, carga hor\u00e1ria, objetivos, bibliografia etc.), com autentica\u00e7\u00e3o quando aplic\u00e1vel.<\/li><\/ul><p data-start=\"1884\" data-end=\"2042\"><em>Obs.: Se a disciplina foi cursada no exterior, pode haver exig\u00eancia de legaliza\u00e7\u00e3o consular e tradu\u00e7\u00e3o (conforme a norma).<\/em><\/p><p><strong data-start=\"2044\" data-end=\"2072\">Como funciona a an\u00e1lise?<\/strong><br data-start=\"2072\" data-end=\"2075\" \/>O pedido \u00e9 analisado pelo <strong data-start=\"2101\" data-end=\"2123\">Colegiado do Curso<\/strong> (e, quando necess\u00e1rio, com parecer dos departamentos), considerando compatibilidade de conte\u00fado e carga hor\u00e1ria.<\/p><p>Quando deferida, a equival\u00eancia \u00e9 cadastrada no sistema e registrada no hist\u00f3rico.<\/p><p>\ud83d\udccc \u00c9 responsabilidade do(a) estudante <strong data-start=\"2451\" data-end=\"2511\">acompanhar o processo e conferir o registro no hist\u00f3rico<\/strong>.<\/p>\t\t\t\t\t\t\t\t<\/div>\n\t\t\t\t\t<\/div>\n\t\t\t\t<\/div>\n\t\t<div class=\"elementor-element elementor-element-6d0e5a6 e-flex e-con-boxed e-con e-parent\" data-id=\"6d0e5a6\" data-element_type=\"container\" data-e-type=\"container\">\n\t\t\t\t\t<div class=\"e-con-inner\">\n\t\t\t\t<div class=\"elementor-element elementor-element-d770f80 elementor-widget elementor-widget-heading\" data-id=\"d770f80\" data-element_type=\"widget\" data-e-type=\"widget\" data-widget_type=\"heading.default\">\n\t\t\t\t\t<h3 class=\"elementor-heading-title elementor-size-default\">Principais datas do Calend\u00e1rio Acad\u00eamico: salve os prazos e n\u00e3o deixe passar!<\/h3>\t\t\t\t<\/div>\n\t\t\t\t\t<\/div>\n\t\t\t\t<\/div>\n\t\t<div class=\"elementor-element elementor-element-d4f34a5 e-con-full e-flex e-con e-parent\" data-id=\"d4f34a5\" data-element_type=\"container\" data-e-type=\"container\">\n\t\t\t\t<div class=\"elementor-element elementor-element-4aae028 elementor-widget elementor-widget-image\" data-id=\"4aae028\" data-element_type=\"widget\" data-e-type=\"widget\" data-widget_type=\"image.default\">\n\t\t\t\t\t\t\t\t\t\t\t\t\t\t\t<img fetchpriority=\"high\" decoding=\"async\" width=\"1024\" height=\"619\" src=\"https:\/\/saude.ufpr.br\/terapiaocupacional\/wp-content\/uploads\/sites\/5\/2026\/01\/calendario-2-1024x619.png\" class=\"attachment-large size-large wp-image-5346\" alt=\"\" srcset=\"https:\/\/saude.ufpr.br\/terapiaocupacional\/wp-content\/uploads\/sites\/5\/2026\/01\/calendario-2-1024x619.png 1024w, https:\/\/saude.ufpr.br\/terapiaocupacional\/wp-content\/uploads\/sites\/5\/2026\/01\/calendario-2-300x181.png 300w, https:\/\/saude.ufpr.br\/terapiaocupacional\/wp-content\/uploads\/sites\/5\/2026\/01\/calendario-2-768x464.png 768w, https:\/\/saude.ufpr.br\/terapiaocupacional\/wp-content\/uploads\/sites\/5\/2026\/01\/calendario-2.png 1142w\" sizes=\"(max-width: 1024px) 100vw, 1024px\" \/>\t\t\t\t\t\t\t\t\t\t\t\t\t\t\t<\/div>\n\t\t\t\t<div class=\"elementor-element elementor-element-f443fd2 elementor-widget elementor-widget-text-editor\" data-id=\"f443fd2\" data-element_type=\"widget\" data-e-type=\"widget\" data-widget_type=\"text-editor.default\">\n\t\t\t\t\t\t\t\t\t<h1><a href=\"https:\/\/prograp.ufpr.br\/wp-content\/uploads\/2025\/12\/Calendario-Geral-Estudantes-2026-2.pdf\" target=\"_blank\" rel=\"noopener\">Acesse Aqui!<\/a><\/h1>\t\t\t\t\t\t\t\t<\/div>\n\t\t\t\t<\/div>\n\t\t<div class=\"elementor-element elementor-element-aa2e963 e-flex e-con-boxed e-con e-parent\" data-id=\"aa2e963\" data-element_type=\"container\" data-e-type=\"container\">\n\t\t\t\t\t<div class=\"e-con-inner\">\n\t\t\t\t\t<\/div>\n\t\t\t\t<\/div>\n\t\t<div class=\"elementor-element elementor-element-c847250 e-flex e-con-boxed e-con e-parent\" data-id=\"c847250\" data-element_type=\"container\" data-e-type=\"container\">\n\t\t\t\t\t<div class=\"e-con-inner\">\n\t\t\t\t\t<\/div>\n\t\t\t\t<\/div>\n\t\t<div class=\"elementor-element elementor-element-4bb1856 e-flex e-con-boxed e-con e-parent\" data-id=\"4bb1856\" data-element_type=\"container\" data-e-type=\"container\">\n\t\t\t\t\t<div class=\"e-con-inner\">\n\t\t\t\t\t<\/div>\n\t\t\t\t<\/div>\n\t\t<div class=\"elementor-element elementor-element-0d04d39 e-flex e-con-boxed e-con e-parent\" data-id=\"0d04d39\" data-element_type=\"container\" data-e-type=\"container\">\n\t\t\t\t\t<div class=\"e-con-inner\">\n\t\t\t\t\t<\/div>\n\t\t\t\t<\/div>\n\t\t<div class=\"elementor-element elementor-element-08a4d8c e-flex e-con-boxed e-con e-parent\" data-id=\"08a4d8c\" data-element_type=\"container\" data-e-type=\"container\">\n\t\t\t\t\t<div class=\"e-con-inner\">\n\t\t\t\t\t<\/div>\n\t\t\t\t<\/div>\n\t\t<div class=\"elementor-element elementor-element-7c3f7b8 e-flex e-con-boxed e-con e-parent\" data-id=\"7c3f7b8\" data-element_type=\"container\" data-e-type=\"container\">\n\t\t\t\t\t<div class=\"e-con-inner\">\n\t\t\t\t\t<\/div>\n\t\t\t\t<\/div>\n\t\t<div class=\"elementor-element elementor-element-2a8cec2 e-flex e-con-boxed e-con e-parent\" data-id=\"2a8cec2\" data-element_type=\"container\" data-e-type=\"container\">\n\t\t\t\t\t<div class=\"e-con-inner\">\n\t\t\t\t\t<\/div>\n\t\t\t\t<\/div>\n\t\t<div class=\"elementor-element elementor-element-fca2938 e-con-full e-flex e-con e-parent\" data-id=\"fca2938\" data-element_type=\"container\" data-e-type=\"container\">\n\t\t\t\t<\/div>\n\t\t\t\t<\/div>\n\t\t","protected":false},"excerpt":{"rendered":"<p>PER\u00cdODO DE MATR\u00cdCULAS &#8211; SEGUNDO SEMESTRE DE 2025 A solicita\u00e7\u00e3o de matr\u00edculas (alunos\/as veteranos\/as) para as disciplinas do segundo semestre de 2025 devem ser realizadas na plataforma SIGA entre 24 e 27 de julho de 2025. Para acessar a plataforma, [&hellip;]<\/p>\n","protected":false},"author":1636,"featured_media":0,"parent":0,"menu_order":0,"comment_status":"closed","ping_status":"closed","template":"elementor_theme","meta":{"_acf_changed":false,"_uag_custom_page_level_css":"","footnotes":""},"class_list":["post-2644","page","type-page","status-publish","hentry"],"acf":[],"featured_image_src":null,"uagb_featured_image_src":{"full":false,"thumbnail":false,"medium":false,"medium_large":false,"large":false,"1536x1536":false,"2048x2048":false},"uagb_author_info":{"display_name":"Matheus Oliveira K\u00fchn","author_link":"https:\/\/saude.ufpr.br\/terapiaocupacional\/author\/matheus\/"},"uagb_comment_info":0,"uagb_excerpt":"PER\u00cdODO DE MATR\u00cdCULAS &#8211; SEGUNDO SEMESTRE DE 2025 A solicita\u00e7\u00e3o de matr\u00edculas (alunos\/as veteranos\/as) para as disciplinas do segundo semestre de 2025 devem ser realizadas na plataforma SIGA entre 24 e 27 de julho de 2025. Para acessar a plataforma, [&hellip;]","publishpress_future_action":{"enabled":false,"date":"2026-05-02 02:49:22","action":"change-status","newStatus":"draft","terms":[],"taxonomy":"","extraData":[]},"publishpress_future_workflow_manual_trigger":{"enabledWorkflows":[]},"_links":{"self":[{"href":"https:\/\/saude.ufpr.br\/terapiaocupacional\/wp-json\/wp\/v2\/pages\/2644","targetHints":{"allow":["GET"]}}],"collection":[{"href":"https:\/\/saude.ufpr.br\/terapiaocupacional\/wp-json\/wp\/v2\/pages"}],"about":[{"href":"https:\/\/saude.ufpr.br\/terapiaocupacional\/wp-json\/wp\/v2\/types\/page"}],"author":[{"embeddable":true,"href":"https:\/\/saude.ufpr.br\/terapiaocupacional\/wp-json\/wp\/v2\/users\/1636"}],"replies":[{"embeddable":true,"href":"https:\/\/saude.ufpr.br\/terapiaocupacional\/wp-json\/wp\/v2\/comments?post=2644"}],"version-history":[{"count":135,"href":"https:\/\/saude.ufpr.br\/terapiaocupacional\/wp-json\/wp\/v2\/pages\/2644\/revisions"}],"predecessor-version":[{"id":5429,"href":"https:\/\/saude.ufpr.br\/terapiaocupacional\/wp-json\/wp\/v2\/pages\/2644\/revisions\/5429"}],"wp:attachment":[{"href":"https:\/\/saude.ufpr.br\/terapiaocupacional\/wp-json\/wp\/v2\/media?parent=2644"}],"curies":[{"name":"wp","href":"https:\/\/api.w.org\/{rel}","templated":true}]}}