{"id":753,"date":"2017-03-13T14:50:27","date_gmt":"2017-03-13T14:50:27","guid":{"rendered":"https:\/\/saude.ufpr.br\/terapiaocupacional\/?page_id=753"},"modified":"2026-08-27T08:37:39","modified_gmt":"2026-08-27T11:37:39","slug":"catalogo-curso","status":"publish","type":"page","link":"https:\/\/saude.ufpr.br\/terapiaocupacional\/ppc\/catalogo-curso\/","title":{"rendered":"Cat\u00e1logos do Curso de Terapia Ocupacional"},"content":{"rendered":"<h3><strong>Cat\u00e1logo do Curso de Terapia Ocupacional &#8211; 2026<\/strong><\/h3>\n<h3><a href=\"https:\/\/saude.ufpr.br\/terapiaocupacional\/wp-content\/uploads\/sites\/5\/2026\/08\/Catalogo-do-Curso-de-Terapia-Ocupacional-UFPR-versao-final-digital.pdf\">Catalogo do Curso de Terapia Ocupacional UFPR 2026 versao digital<\/a><\/h3>\n<p>Esta nova edi\u00e7\u00e3o do Cat\u00e1logo do Curso de Terapia Ocupacional da UFPR reveste-se de uma caracter\u00edstica muito especial, uma vez que vem a lume ap\u00f3s a comemora\u00e7\u00e3o dos 20 anos do curso integral e dos 10 anos do curso noturno.<\/p>\n<p>Este Cat\u00e1logo pretende ser um instrumento de informa\u00e7\u00e3o e divulga\u00e7\u00e3o de nossa gradua\u00e7\u00e3o. Assim, apresenta com detalhes sua trajet\u00f3ria e as diversas a\u00e7\u00f5es que v\u00eam desenvolvendo, priorizando aquelas realizadas a partir da nova reformula\u00e7\u00e3o curricular, realizada no ano de 2017.<\/p>\n<p>A reformula\u00e7\u00e3o curricular baseou-se, entre outros aspectos, na necessidade de alinhamento e integra\u00e7\u00e3o entre os turnos integral e noturno do curso de Terapia Ocupacional, adequa\u00e7\u00e3o de cargas hor\u00e1rias de diversas atividades do curr\u00edculo, maior integra\u00e7\u00e3o entre ensino, pesquisa e extens\u00e3o e maior conson\u00e2ncia com o perfil dos estudantes ingressos.<\/p>\n<p>Este trabalho s\u00f3 foi poss\u00edvel devido \u00e0 colabora\u00e7\u00e3o de v\u00e1rios atores envolvidos nos cursos, dentre eles docentes, discentes e t\u00e9cnicos administrativos. Assim, nesse cat\u00e1logo, \u00e9 apresentada a contextualiza\u00e7\u00e3o hist\u00f3rica dos cursos, o programa de orienta\u00e7\u00e3o acad\u00eamica, a Cl\u00ednica-Escola de Terapia Ocupacional e suas t\u00e9cnicas terapeutas ocupacionais, o processo de internacionaliza\u00e7\u00e3o do curso e os departamentos envolvidos, tanto o interno quanto os externos, al\u00e9m das atividades da comiss\u00e3o comemorativa dos 20 anos do Curso de Terapia Ocupacional da UFPR.<\/p>\n<p>Agradecemos o empenho e a dedica\u00e7\u00e3o de todos aqueles que contribu\u00edram, direta ou indiretamente, para a elabora\u00e7\u00e3o deste cat\u00e1logo, aos estudantes, aos secret\u00e1rios e aos professores do Curso de Terapia Ocupacional.<\/p>\n<p>&nbsp;<\/p>\n<h3><strong>Cat\u00e1logo do Curso de Terapia Ocupacional &#8211; 2015<\/strong><\/h3>\n<p>&nbsp;<\/p>\n<p style=\"text-align: justify\"><span style=\"color: #000000\">Este cat\u00e1logo sistematiza e organiza os dados sobre o Curso de Terapia Ocupacional, do Setor de Ci\u00eancias da Sa\u00fade da Universidade Federal do Paran\u00e1, que nesse ano completa seu 15\u00ba ano de cria\u00e7\u00e3o, tendo formado onze turmas, com amplia\u00e7\u00e3o de vagas e abertura do curso noturno.<\/span><br \/>\n<span style=\"color: #000000\"> O Curso de Terapia Ocupacional tem buscado oferecer um curr\u00edculo atualizado, dentro dos avan\u00e7os da profiss\u00e3o e das necessidades e demandas da sociedade brasileira. Sendo assim, desde sua cria\u00e7\u00e3o, foram feitos alguns ajustes no curr\u00edculo original, de modo a atender a essa meta.<\/span><br \/>\n<span style=\"color: #000000\"> Nesta edi\u00e7\u00e3o contextualizamos a universidade, a trajet\u00f3ria hist\u00f3rica do curso, a descri\u00e7\u00e3o da proposta pedag\u00f3gica atual com seus princ\u00edpios norteadores, est\u00e1gios curriculares, Trabalho de Conclus\u00e3o de Curso, atividades formativas e complementares, ement\u00e1rio das disciplinas, as a\u00e7\u00f5es de coopera\u00e7\u00e3o e interc\u00e2mbio internacional.<\/span><br \/>\n<span style=\"color: #000000\"> Apresentamos o corpo docente do Curso envolvendo v\u00e1rios Departamentos, entre eles, o Departamento de Terapia Ocupacional, os gestores do curso no per\u00edodo de 2001 a 2015 e o Grupo de Pesquisa de Terapia Ocupacional<\/span><br \/>\n<span style=\"color: #000000\"> Na sequ\u00eancia constam a descri\u00e7\u00e3o do Programa de Educa\u00e7\u00e3o pelo Trabalho para a Sa\u00fade &#8211; PET-Sa\u00fade e o Programa da Resid\u00eancia Integrada Multiprofissional em Aten\u00e7\u00e3o Hospitalar do Hospital de Cl\u00ednicas da UFPR.<\/span><br \/>\n<span style=\"color: #000000\"> Pretendemos dar continuidade com essa publica\u00e7\u00e3o \u00e0 divulga\u00e7\u00e3o dos trabalhos a toda comunidade acad\u00eamica acerca do Projeto Pedag\u00f3gico e as atividades do Curso e Departamento, assim como favorecer a integra\u00e7\u00e3o dos diversos atores nesse contexto e promover o interc\u00e2mbio entre universidades e outras institui\u00e7\u00f5es.<\/span><br \/>\n<span style=\"color: #000000\"> Agradecemos o empenho e a dedica\u00e7\u00e3o de todos aqueles que contribu\u00edram, direta ou indiretamente, na elabora\u00e7\u00e3o deste cat\u00e1logo, aos estudantes, aos secret\u00e1rios e aos professores do Curso de Terapia Ocupacional.<\/span><br \/>\n<span style=\"color: #000000\"> Expressamos nossos especiais agradecimentos as professoras Regina C\u00e9lia Titotto Castanharo e Ana Beatriz Zimmermann, ao secret\u00e1rio do Departamento de Terapia Ocupacional, Caiubi Martins Dysarz, e ao estudante Gustavo Bernardi Pereira.<\/span><\/p>\n<p style=\"text-align: justify\"><span style=\"color: #000000\">O link abaixo d\u00e1 acesso ao material em sua \u00edntegra:<\/span><\/p>\n<h3 style=\"text-align: justify\"><a href=\"https:\/\/saude.ufpr.br\/terapiaocupacional\/wp-content\/uploads\/sites\/5\/2017\/03\/Cat\u00e1logo-do-Curso-de-TO_Vers\u00e3o-E-Book.pdf\">Cat\u00e1logo do Curso de Terapia Ocupacional &#8211; UFPR<\/a><\/h3>\n","protected":false},"excerpt":{"rendered":"<p>Cat\u00e1logo do Curso de Terapia Ocupacional &#8211; 2026 Catalogo do Curso de Terapia Ocupacional UFPR 2026 versao digital Esta nova edi\u00e7\u00e3o do Cat\u00e1logo do Curso de Terapia Ocupacional da UFPR reveste-se de uma caracter\u00edstica muito especial, uma vez que vem [&hellip;]<\/p>\n","protected":false},"author":8,"featured_media":0,"parent":1214,"menu_order":0,"comment_status":"closed","ping_status":"closed","template":"","meta":{"footnotes":""},"class_list":["post-753","page","type-page","status-publish","hentry"],"_links":{"self":[{"href":"https:\/\/saude.ufpr.br\/terapiaocupacional\/wp-json\/wp\/v2\/pages\/753","targetHints":{"allow":["GET"]}}],"collection":[{"href":"https:\/\/saude.ufpr.br\/terapiaocupacional\/wp-json\/wp\/v2\/pages"}],"about":[{"href":"https:\/\/saude.ufpr.br\/terapiaocupacional\/wp-json\/wp\/v2\/types\/page"}],"author":[{"embeddable":true,"href":"https:\/\/saude.ufpr.br\/terapiaocupacional\/wp-json\/wp\/v2\/users\/8"}],"replies":[{"embeddable":true,"href":"https:\/\/saude.ufpr.br\/terapiaocupacional\/wp-json\/wp\/v2\/comments?post=753"}],"version-history":[{"count":9,"href":"https:\/\/saude.ufpr.br\/terapiaocupacional\/wp-json\/wp\/v2\/pages\/753\/revisions"}],"predecessor-version":[{"id":5878,"href":"https:\/\/saude.ufpr.br\/terapiaocupacional\/wp-json\/wp\/v2\/pages\/753\/revisions\/5878"}],"up":[{"embeddable":true,"href":"https:\/\/saude.ufpr.br\/terapiaocupacional\/wp-json\/wp\/v2\/pages\/1214"}],"wp:attachment":[{"href":"https:\/\/saude.ufpr.br\/terapiaocupacional\/wp-json\/wp\/v2\/media?parent=753"}],"curies":[{"name":"wp","href":"https:\/\/api.w.org\/{rel}","templated":true}]}}